{"id":90,"date":"2016-04-19T15:39:29","date_gmt":"2016-04-19T12:39:29","guid":{"rendered":"http:\/\/www.kuninkaantienmuusikot.fi\/uusi\/konsertit"},"modified":"2026-01-07T19:21:13","modified_gmt":"2026-01-07T17:21:13","slug":"konsertit","status":"publish","type":"page","link":"https:\/\/www.kuninkaantienmuusikot.fi\/sv\/konsertit","title":{"rendered":"Konserter"},"content":{"rendered":"[vc_row type=&#8221;in_container&#8221; full_screen_row_position=&#8221;middle&#8221; column_margin=&#8221;default&#8221; column_direction=&#8221;default&#8221; column_direction_tablet=&#8221;default&#8221; column_direction_phone=&#8221;default&#8221; scene_position=&#8221;center&#8221; top_padding=&#8221;5%&#8221; bottom_padding=&#8221;5%&#8221; text_color=&#8221;dark&#8221; text_align=&#8221;left&#8221; row_border_radius=&#8221;none&#8221; row_border_radius_applies=&#8221;bg&#8221; row_position_desktop=&#8221;default&#8221; row_position_tablet=&#8221;inherit&#8221; row_position_phone=&#8221;inherit&#8221; overflow=&#8221;visible&#8221; overlay_strength=&#8221;0.3&#8243; gradient_direction=&#8221;left_to_right&#8221; shape_divider_position=&#8221;bottom&#8221; bg_image_animation=&#8221;none&#8221; shape_type=&#8221;&#8221; gradient_type=&#8221;default&#8221;][vc_column column_padding=&#8221;no-extra-padding&#8221; column_padding_tablet=&#8221;inherit&#8221; column_padding_phone=&#8221;inherit&#8221; column_padding_position=&#8221;all&#8221; flex_gap_desktop=&#8221;10px&#8221; column_element_direction_desktop=&#8221;default&#8221; column_element_spacing=&#8221;default&#8221; desktop_text_alignment=&#8221;default&#8221; tablet_text_alignment=&#8221;default&#8221; phone_text_alignment=&#8221;default&#8221; background_color_opacity=&#8221;1&#8243; background_hover_color_opacity=&#8221;1&#8243; column_backdrop_filter=&#8221;none&#8221; column_shadow=&#8221;none&#8221; column_border_radius=&#8221;none&#8221; column_link_target=&#8221;_self&#8221; column_position=&#8221;default&#8221; gradient_direction=&#8221;left_to_right&#8221; overlay_strength=&#8221;0.3&#8243; width=&#8221;1\/1&#8243; tablet_width_inherit=&#8221;default&#8221; animation_type=&#8221;default&#8221; bg_image_animation=&#8221;none&#8221; border_type=&#8221;simple&#8221; column_border_width=&#8221;none&#8221; column_border_style=&#8221;solid&#8221;][nectar_animated_title heading_tag=&#8221;h3&#8243; style=&#8221;color-strip-reveal&#8221; color=&#8221;Accent-Color&#8221; text=&#8221;Kommande konserter och evenemang&#8221;]\n\n\n\t\t\t\t<div class=\"portfolio-wrap \">\n\n\t\t\t\t\t\n\t\t\t\t\t<span class=\"portfolio-loading  none\">   <\/span>\n\n\t\t\t\t\t\n\t\t\t\t\t<div class=\"row portfolio-items no-masonry  \" data-rcp=\"false\" data-masonry-type=\"default\" data-ps=\"8\" data-starting-filter=\"\" data-gutter=\"default\" data-categories-to-show=\"tulevat-uusi-sv\" data-bypass-cropping=\"\" data-lightbox-only=\"0\" data-col-num=\"cols-3\">\n\t\t\t\t\t\t\n\t\t\t\t\t\t\n\t\t\t\t\t\t<div class=\"col span_4  element etusivu-uusi-sv tulevat-uusi-sv \"  data-project-cat=\"etusivu-uusi-sv tulevat-uusi-sv \" data-project-color=\"#6d355e\" data-title-color=\"\" data-subtitle-color=\"\">\n\n\t\t\t\t\t\t\t<div class=\"inner-wrap animated\" data-animation=\"none\">\n\n\t\t\t\t\t\t\t\t\n\t\t\t\t\t\t\t\t\t<div class=\"work-item style-2\" data-custom-content=\"off\">\n\n\t\t\t\t\t\t\t\t\t\t<img decoding=\"async\" class=\"size- skip-lazy\" src=\"https:\/\/www.kuninkaantienmuusikot.fi\/uusi\/wp-content\/uploads\/2025\/10\/2603_Passiot_artikkeli.jpg\" alt=\"\" height=\"\" width=\"\" srcset=\"https:\/\/www.kuninkaantienmuusikot.fi\/uusi\/wp-content\/uploads\/2025\/10\/2603_Passiot_artikkeli.jpg 600w, https:\/\/www.kuninkaantienmuusikot.fi\/uusi\/wp-content\/uploads\/2025\/10\/2603_Passiot_artikkeli-400x269.jpg 400w\" sizes=\"(min-width: 1000px) 33.3vw, (min-width: 690px) 50vw, 100vw\" \/>\n\t\t\t\t\t\t\t\t\t\t<div class=\"work-info-bg\"><\/div>\n\t\t\t\t\t\t\t\t\t\t<div class=\"work-info\">\n\n\t\t\t\t\t\t\t\t\t\t\t\n\n\t\t\t\t\t\t\t\t\t\t\t\t\n\t\t\t\t\t\t\t\t\t\t\t\t\t<a href=\"https:\/\/www.kuninkaantienmuusikot.fi\/sv\/konsertit\/johannes-passio-2026\"><span class=\"screen-reader-text\">Leonhard Lechner: Johannespassionen<\/span><\/a>\n\n\t\t\t\t\t\t\t\t\t\t\t\t\n\n\t\t\t\t\t\t\t\t\t\t\t<div class=\"vert-center\">\n\t\t\t\t\t\t\t\t\t\t\t\t\t\t\t\t\t\t\t\t\t\t\t\t\t<p><span>3.4.2026 kl. 15.00 | Sagu kyrka<\/span><\/p>\t\t\t\t\t\t\t\t\t\t\t\t\t<h3>Leonhard Lechner: Johannespassionen<\/h3>\n\n\t\t\t\t\t\t\t\t\t\t\t\t\t<svg class=\"next-arrow\" xmlns=\"http:\/\/www.w3.org\/2000\/svg\" xmlns:xlink=\"http:\/\/www.w3.org\/1999\/xlink\" viewBox=\"0 0 39 12\"><line class=\"top\" x1=\"23\" y1=\"-0.5\" x2=\"29.5\" y2=\"6.5\" stroke=\"#ffffff;\"\/><line class=\"bottom\" x1=\"23\" y1=\"12.5\" x2=\"29.5\" y2=\"5.5\" stroke=\"#ffffff;\"\/><\/svg><span class=\"line\"><\/span><\/span>\n\n\t\t\t\t\t\t\t\t\t\t\t\t\t\t\t\t\t\t\t\t\t\t\t<\/div><!--\/vert-center-->\n\n\t\t\t\t\t\t\t\t\t\t<\/div>\n\t\t\t\t\t\t\t\t\t<\/div><!--work-item-->\n\n\t\t\t\t\t\t\t\t\n\n\t\t\t\t\t\t\t<\/div><!--\/inner-wrap-->\n\t\t\t\t\t\t<\/div><!--\/col-->\n\n\t\t\t\t\t\n\t\t\t\t\t\t\n\t\t\t\t\t\t<div class=\"col span_4  element etusivu-uusi-sv tulevat-uusi-sv \"  data-project-cat=\"etusivu-uusi-sv tulevat-uusi-sv \" data-project-color=\"#6d355e\" data-title-color=\"\" data-subtitle-color=\"\">\n\n\t\t\t\t\t\t\t<div class=\"inner-wrap animated\" data-animation=\"none\">\n\n\t\t\t\t\t\t\t\t\n\t\t\t\t\t\t\t\t\t<div class=\"work-item style-2\" data-custom-content=\"off\">\n\n\t\t\t\t\t\t\t\t\t\t<img loading=\"lazy\" decoding=\"async\" class=\"size- skip-lazy\" src=\"https:\/\/www.kuninkaantienmuusikot.fi\/uusi\/wp-content\/uploads\/2022\/09\/Kruunu_artikkeli_500x440-500x403.jpg\" alt=\"\" height=\"403\" width=\"500\" srcset=\"https:\/\/www.kuninkaantienmuusikot.fi\/uusi\/wp-content\/uploads\/2022\/09\/Kruunu_artikkeli_500x440-500x403.jpg 600w, https:\/\/www.kuninkaantienmuusikot.fi\/uusi\/wp-content\/uploads\/2022\/09\/Kruunu_artikkeli_500x440-400x269.jpg 400w\" sizes=\"auto, (min-width: 1000px) 33.3vw, (min-width: 690px) 50vw, 100vw\" \/>\n\t\t\t\t\t\t\t\t\t\t<div class=\"work-info-bg\"><\/div>\n\t\t\t\t\t\t\t\t\t\t<div class=\"work-info\">\n\n\t\t\t\t\t\t\t\t\t\t\t\n\n\t\t\t\t\t\t\t\t\t\t\t\t\n\t\t\t\t\t\t\t\t\t\t\t\t\t<a href=\"https:\/\/www.kuninkaantienmuusikot.fi\/sv\/konsertit\/turun-taiteiden-yo-2026\"><span class=\"screen-reader-text\">Konstens natt i \u00c5bo 2026<\/span><\/a>\n\n\t\t\t\t\t\t\t\t\t\t\t\t\n\n\t\t\t\t\t\t\t\t\t\t\t<div class=\"vert-center\">\n\t\t\t\t\t\t\t\t\t\t\t\t\t\t\t\t\t\t\t\t\t\t\t\t\t<p><span>13.8.2026 | \u00c5bo<\/span><\/p>\t\t\t\t\t\t\t\t\t\t\t\t\t<h3>Konstens natt i \u00c5bo 2026<\/h3>\n\n\t\t\t\t\t\t\t\t\t\t\t\t\t<svg class=\"next-arrow\" xmlns=\"http:\/\/www.w3.org\/2000\/svg\" xmlns:xlink=\"http:\/\/www.w3.org\/1999\/xlink\" viewBox=\"0 0 39 12\"><line class=\"top\" x1=\"23\" y1=\"-0.5\" x2=\"29.5\" y2=\"6.5\" stroke=\"#ffffff;\"\/><line class=\"bottom\" x1=\"23\" y1=\"12.5\" x2=\"29.5\" y2=\"5.5\" stroke=\"#ffffff;\"\/><\/svg><span class=\"line\"><\/span><\/span>\n\n\t\t\t\t\t\t\t\t\t\t\t\t\t\t\t\t\t\t\t\t\t\t\t<\/div><!--\/vert-center-->\n\n\t\t\t\t\t\t\t\t\t\t<\/div>\n\t\t\t\t\t\t\t\t\t<\/div><!--work-item-->\n\n\t\t\t\t\t\t\t\t\n\n\t\t\t\t\t\t\t<\/div><!--\/inner-wrap-->\n\t\t\t\t\t\t<\/div><!--\/col-->\n\n\t\t\t\t\t\n\t\t\t\t<\/div><!--\/portfolio-->\n\t\t\t<\/div><!--\/portfolio wrap-->\n\n\t\t\t[\/vc_column][\/vc_row][vc_row type=&#8221;in_container&#8221; full_screen_row_position=&#8221;middle&#8221; column_margin=&#8221;default&#8221; column_direction=&#8221;default&#8221; column_direction_tablet=&#8221;default&#8221; column_direction_phone=&#8221;default&#8221; scene_position=&#8221;center&#8221; top_padding=&#8221;5%&#8221; bottom_padding=&#8221;5%&#8221; text_color=&#8221;dark&#8221; text_align=&#8221;left&#8221; row_border_radius=&#8221;none&#8221; row_border_radius_applies=&#8221;bg&#8221; row_position_desktop=&#8221;default&#8221; row_position_tablet=&#8221;inherit&#8221; row_position_phone=&#8221;inherit&#8221; overflow=&#8221;visible&#8221; overlay_strength=&#8221;0.3&#8243; gradient_direction=&#8221;left_to_right&#8221; shape_divider_position=&#8221;bottom&#8221; bg_image_animation=&#8221;none&#8221; shape_type=&#8221;&#8221;][vc_column column_padding=&#8221;no-extra-padding&#8221; column_padding_tablet=&#8221;inherit&#8221; column_padding_phone=&#8221;inherit&#8221; column_padding_position=&#8221;all&#8221; flex_gap_desktop=&#8221;10px&#8221; column_element_direction_desktop=&#8221;default&#8221; column_element_spacing=&#8221;default&#8221; desktop_text_alignment=&#8221;default&#8221; tablet_text_alignment=&#8221;default&#8221; phone_text_alignment=&#8221;default&#8221; background_color_opacity=&#8221;1&#8243; background_hover_color_opacity=&#8221;1&#8243; column_backdrop_filter=&#8221;none&#8221; column_shadow=&#8221;none&#8221; column_border_radius=&#8221;none&#8221; column_link_target=&#8221;_self&#8221; column_position=&#8221;default&#8221; gradient_direction=&#8221;left_to_right&#8221; overlay_strength=&#8221;0.3&#8243; width=&#8221;1\/1&#8243; tablet_width_inherit=&#8221;default&#8221; animation_type=&#8221;default&#8221; bg_image_animation=&#8221;none&#8221; border_type=&#8221;simple&#8221; column_border_width=&#8221;none&#8221; column_border_style=&#8221;solid&#8221;][nectar_animated_title heading_tag=&#8221;h3&#8243; style=&#8221;color-strip-reveal&#8221; color=&#8221;Accent-Color&#8221; text=&#8221;Tidigare konserter och evenemang&#8221;]\t\t\t\t<div class=\"portfolio-filters-inline full-width-section non-fw\" data-alignment=\"center\" data-color-scheme=\"default\">\n\t\t\t\t\t<div class=\"container \">\n\t\t\t\t\t\t\t\t\t\t\t\t<ul>\n\t\t\t\t\t\t\t\t\t\t\t\t\t\t\t<li><a href=\"#\" data-filter=\"*\">Alla<\/a><\/li>\n\t\t\t\t\t\t\t\t<li><a href=\"#\" data-filter=\".2009-sv\">2009<\/a><\/li>\n<li><a href=\"#\" data-filter=\".2010-sv\">2010<\/a><\/li>\n<li><a href=\"#\" data-filter=\".2011-sv\">2011<\/a><\/li>\n<li><a href=\"#\" data-filter=\".2012-sv\">2012<\/a><\/li>\n<li><a href=\"#\" data-filter=\".2013-sv\">2013<\/a><\/li>\n<li><a href=\"#\" data-filter=\".2014-sv\">2014<\/a><\/li>\n<li><a href=\"#\" data-filter=\".2015-sv\">2015<\/a><\/li>\n<li><a href=\"#\" data-filter=\".2016-sv\">2016<\/a><\/li>\n<li><a href=\"#\" data-filter=\".2017-sv\">2017<\/a><\/li>\n<li><a href=\"#\" data-filter=\".2018-sv\">2018<\/a><\/li>\n<li><a href=\"#\" data-filter=\".2019-sv\">2019<\/a><\/li>\n<li><a href=\"#\" data-filter=\".2020-sv\">2020<\/a><\/li>\n<li><a href=\"#\" data-filter=\".2021-sv\">2021<\/a><\/li>\n<li><a href=\"#\" data-filter=\".2022-sv\">2022<\/a><\/li>\n<li><a href=\"#\" data-filter=\".2023-sv\">2023<\/a><\/li>\n<li><a href=\"#\" data-filter=\".2024-sv\">2024<\/a><\/li>\n<li><a href=\"#\" data-filter=\".2025-sv\">2025<\/a><\/li>\n<li><a href=\"#\" data-filter=\".2026-sv\">2026<\/a><\/li>\n<li><a href=\"#\" data-filter=\".etusivu-uusi-sv\">Etusivu uusi<\/a><\/li>\n<li><a href=\"#\" data-filter=\".tulevat-uusi-sv\">Tulevat uusi<\/a><\/li>\n\t\t\t\t\t\t\t<\/ul>\n\t\t\t\t\t\t\t<div class=\"clear\"><\/div>\n\t\t\t\t\t\t<\/div>\n\t\t\t\t\t<\/div>\n\t\t\t\t\n\n\n\t\t\t\t<div class=\"portfolio-wrap \">\n\n\t\t\t\t\t\n\t\t\t\t\t<span class=\"portfolio-loading  none\">   <\/span>\n\n\t\t\t\t\t\n\t\t\t\t\t<div class=\"row portfolio-items no-masonry  \" data-rcp=\"false\" data-masonry-type=\"default\" data-ps=\"8\" data-starting-filter=\"default\" data-gutter=\"default\" data-categories-to-show=\"2009-sv,2010-sv,2011-sv,2012-sv,2013-sv,2014-sv,2015-sv,2016-sv,2017-sv,2018-sv,2019-sv,2020-sv,2021-sv,2022-sv,2023-sv,2024-sv,2025-sv,2026-sv\" data-bypass-cropping=\"\" data-lightbox-only=\"0\" data-col-num=\"cols-3\">\n\t\t\t\t\t\t\n\t\t\t\t\t\t\n\t\t\t\t\t\t<div class=\"col span_4  element 2009-sv \"  data-project-cat=\"2009-sv \" data-project-color=\"#6d355e\" data-title-color=\"\" data-subtitle-color=\"\">\n\n\t\t\t\t\t\t\t<div class=\"inner-wrap animated\" data-animation=\"none\">\n\n\t\t\t\t\t\t\t\t\n\t\t\t\t\t\t\t\t\t<div class=\"work-item style-2\" data-custom-content=\"off\">\n\n\t\t\t\t\t\t\t\t\t\t<img loading=\"lazy\" decoding=\"async\" class=\"size- skip-lazy\" src=\"https:\/\/www.kuninkaantienmuusikot.fi\/uusi\/wp-content\/uploads\/2022\/09\/Kruunu_artikkeli_500x440-500x403.jpg\" alt=\"\" height=\"403\" width=\"500\" srcset=\"https:\/\/www.kuninkaantienmuusikot.fi\/uusi\/wp-content\/uploads\/2022\/09\/Kruunu_artikkeli_500x440-500x403.jpg 600w, https:\/\/www.kuninkaantienmuusikot.fi\/uusi\/wp-content\/uploads\/2022\/09\/Kruunu_artikkeli_500x440-400x269.jpg 400w\" sizes=\"auto, (min-width: 1000px) 33.3vw, (min-width: 690px) 50vw, 100vw\" \/>\n\t\t\t\t\t\t\t\t\t\t<div class=\"work-info-bg\"><\/div>\n\t\t\t\t\t\t\t\t\t\t<div class=\"work-info\">\n\n\t\t\t\t\t\t\t\t\t\t\t\n\n\t\t\t\t\t\t\t\t\t\t\t\t\n\t\t\t\t\t\t\t\t\t\t\t\t\t<a href=\"https:\/\/www.kuninkaantienmuusikot.fi\/sv\/konsertit\/jan-dismas-zelenka-missa-dei-filii\"><span class=\"screen-reader-text\">Jan Dismas Zelenka: Missa Dei Filii<\/span><\/a>\n\n\t\t\t\t\t\t\t\t\t\t\t\t\n\n\t\t\t\t\t\t\t\t\t\t\t<div class=\"vert-center\">\n\t\t\t\t\t\t\t\t\t\t\t\t\t\t\t\t\t\t\t\t\t\t\t\t\t<p><span>22.3.2009 kl. 18 | S:t Marie kyrka<\/span><\/p>\t\t\t\t\t\t\t\t\t\t\t\t\t<h3>Jan Dismas Zelenka: Missa Dei Filii<\/h3>\n\n\t\t\t\t\t\t\t\t\t\t\t\t\t<svg class=\"next-arrow\" xmlns=\"http:\/\/www.w3.org\/2000\/svg\" xmlns:xlink=\"http:\/\/www.w3.org\/1999\/xlink\" viewBox=\"0 0 39 12\"><line class=\"top\" x1=\"23\" y1=\"-0.5\" x2=\"29.5\" y2=\"6.5\" stroke=\"#ffffff;\"\/><line class=\"bottom\" x1=\"23\" y1=\"12.5\" x2=\"29.5\" y2=\"5.5\" stroke=\"#ffffff;\"\/><\/svg><span class=\"line\"><\/span><\/span>\n\n\t\t\t\t\t\t\t\t\t\t\t\t\t\t\t\t\t\t\t\t\t\t\t<\/div><!--\/vert-center-->\n\n\t\t\t\t\t\t\t\t\t\t<\/div>\n\t\t\t\t\t\t\t\t\t<\/div><!--work-item-->\n\n\t\t\t\t\t\t\t\t\n\n\t\t\t\t\t\t\t<\/div><!--\/inner-wrap-->\n\t\t\t\t\t\t<\/div><!--\/col-->\n\n\t\t\t\t\t\n\t\t\t\t\t\t\n\t\t\t\t\t\t<div class=\"col span_4  element 2009-sv \"  data-project-cat=\"2009-sv \" data-project-color=\"#6d355e\" data-title-color=\"\" data-subtitle-color=\"\">\n\n\t\t\t\t\t\t\t<div class=\"inner-wrap animated\" data-animation=\"none\">\n\n\t\t\t\t\t\t\t\t\n\t\t\t\t\t\t\t\t\t<div class=\"work-item style-2\" data-custom-content=\"off\">\n\n\t\t\t\t\t\t\t\t\t\t<img loading=\"lazy\" decoding=\"async\" class=\"size- skip-lazy\" src=\"https:\/\/www.kuninkaantienmuusikot.fi\/uusi\/wp-content\/uploads\/2018\/04\/Pyh\u00e4inp\u00e4iv\u00e4_Bach_0910_artikkeli-500x403.jpg\" alt=\"\" height=\"403\" width=\"500\" srcset=\"https:\/\/www.kuninkaantienmuusikot.fi\/uusi\/wp-content\/uploads\/2018\/04\/Pyh\u00e4inp\u00e4iv\u00e4_Bach_0910_artikkeli-500x403.jpg 600w, https:\/\/www.kuninkaantienmuusikot.fi\/uusi\/wp-content\/uploads\/2018\/04\/Pyh\u00e4inp\u00e4iv\u00e4_Bach_0910_artikkeli-400x269.jpg 400w\" sizes=\"auto, (min-width: 1000px) 33.3vw, (min-width: 690px) 50vw, 100vw\" \/>\n\t\t\t\t\t\t\t\t\t\t<div class=\"work-info-bg\"><\/div>\n\t\t\t\t\t\t\t\t\t\t<div class=\"work-info\">\n\n\t\t\t\t\t\t\t\t\t\t\t\n\n\t\t\t\t\t\t\t\t\t\t\t\t\n\t\t\t\t\t\t\t\t\t\t\t\t\t<a href=\"https:\/\/www.kuninkaantienmuusikot.fi\/sv\/konsertit\/pyhainpaivan-iltakonsertti\"><span class=\"screen-reader-text\">Kv\u00e4llskonsert p\u00e5 alla helgons dag<\/span><\/a>\n\n\t\t\t\t\t\t\t\t\t\t\t\t\n\n\t\t\t\t\t\t\t\t\t\t\t<div class=\"vert-center\">\n\t\t\t\t\t\t\t\t\t\t\t\t\t\t\t\t\t\t\t\t\t\t\t\t\t<p><span>31.10.2009 kl. 19.30 | Gamla Akademihusets solennitetssal<\/span><\/p>\t\t\t\t\t\t\t\t\t\t\t\t\t<h3>Kv\u00e4llskonsert p\u00e5 alla helgons dag<\/h3>\n\n\t\t\t\t\t\t\t\t\t\t\t\t\t<svg class=\"next-arrow\" xmlns=\"http:\/\/www.w3.org\/2000\/svg\" xmlns:xlink=\"http:\/\/www.w3.org\/1999\/xlink\" viewBox=\"0 0 39 12\"><line class=\"top\" x1=\"23\" y1=\"-0.5\" x2=\"29.5\" y2=\"6.5\" stroke=\"#ffffff;\"\/><line class=\"bottom\" x1=\"23\" y1=\"12.5\" x2=\"29.5\" y2=\"5.5\" stroke=\"#ffffff;\"\/><\/svg><span class=\"line\"><\/span><\/span>\n\n\t\t\t\t\t\t\t\t\t\t\t\t\t\t\t\t\t\t\t\t\t\t\t<\/div><!--\/vert-center-->\n\n\t\t\t\t\t\t\t\t\t\t<\/div>\n\t\t\t\t\t\t\t\t\t<\/div><!--work-item-->\n\n\t\t\t\t\t\t\t\t\n\n\t\t\t\t\t\t\t<\/div><!--\/inner-wrap-->\n\t\t\t\t\t\t<\/div><!--\/col-->\n\n\t\t\t\t\t\n\t\t\t\t\t\t\n\t\t\t\t\t\t<div class=\"col span_4  element 2010-sv \"  data-project-cat=\"2010-sv \" data-project-color=\"#6d355e\" data-title-color=\"\" data-subtitle-color=\"\">\n\n\t\t\t\t\t\t\t<div class=\"inner-wrap animated\" data-animation=\"none\">\n\n\t\t\t\t\t\t\t\t\n\t\t\t\t\t\t\t\t\t<div class=\"work-item style-2\" data-custom-content=\"off\">\n\n\t\t\t\t\t\t\t\t\t\t<img loading=\"lazy\" decoding=\"async\" class=\"size- skip-lazy\" src=\"https:\/\/www.kuninkaantienmuusikot.fi\/uusi\/wp-content\/uploads\/2018\/07\/Mariazeller_1001_artikkeli-500x403.jpg\" alt=\"\" height=\"403\" width=\"500\" srcset=\"https:\/\/www.kuninkaantienmuusikot.fi\/uusi\/wp-content\/uploads\/2018\/07\/Mariazeller_1001_artikkeli-500x403.jpg 600w, https:\/\/www.kuninkaantienmuusikot.fi\/uusi\/wp-content\/uploads\/2018\/07\/Mariazeller_1001_artikkeli-400x269.jpg 400w\" sizes=\"auto, (min-width: 1000px) 33.3vw, (min-width: 690px) 50vw, 100vw\" \/>\n\t\t\t\t\t\t\t\t\t\t<div class=\"work-info-bg\"><\/div>\n\t\t\t\t\t\t\t\t\t\t<div class=\"work-info\">\n\n\t\t\t\t\t\t\t\t\t\t\t\n\n\t\t\t\t\t\t\t\t\t\t\t\t\n\t\t\t\t\t\t\t\t\t\t\t\t\t<a href=\"https:\/\/www.kuninkaantienmuusikot.fi\/sv\/konsertit\/grose-mariazeller-messe\"><span class=\"screen-reader-text\">Gro\u00dfe Mariazeller Messe<\/span><\/a>\n\n\t\t\t\t\t\t\t\t\t\t\t\t\n\n\t\t\t\t\t\t\t\t\t\t\t<div class=\"vert-center\">\n\t\t\t\t\t\t\t\t\t\t\t\t\t\t\t\t\t\t\t\t\t\t\t\t\t<p><span>6.1.2010 kl. 19 | \u00c5bo domkyrka<\/span><\/p>\t\t\t\t\t\t\t\t\t\t\t\t\t<h3>Gro\u00dfe Mariazeller Messe<\/h3>\n\n\t\t\t\t\t\t\t\t\t\t\t\t\t<svg class=\"next-arrow\" xmlns=\"http:\/\/www.w3.org\/2000\/svg\" xmlns:xlink=\"http:\/\/www.w3.org\/1999\/xlink\" viewBox=\"0 0 39 12\"><line class=\"top\" x1=\"23\" y1=\"-0.5\" x2=\"29.5\" y2=\"6.5\" stroke=\"#ffffff;\"\/><line class=\"bottom\" x1=\"23\" y1=\"12.5\" x2=\"29.5\" y2=\"5.5\" stroke=\"#ffffff;\"\/><\/svg><span class=\"line\"><\/span><\/span>\n\n\t\t\t\t\t\t\t\t\t\t\t\t\t\t\t\t\t\t\t\t\t\t\t<\/div><!--\/vert-center-->\n\n\t\t\t\t\t\t\t\t\t\t<\/div>\n\t\t\t\t\t\t\t\t\t<\/div><!--work-item-->\n\n\t\t\t\t\t\t\t\t\n\n\t\t\t\t\t\t\t<\/div><!--\/inner-wrap-->\n\t\t\t\t\t\t<\/div><!--\/col-->\n\n\t\t\t\t\t\n\t\t\t\t\t\t\n\t\t\t\t\t\t<div class=\"col span_4  element 2010-sv \"  data-project-cat=\"2010-sv \" data-project-color=\"#6d355e\" data-title-color=\"\" data-subtitle-color=\"\">\n\n\t\t\t\t\t\t\t<div class=\"inner-wrap animated\" data-animation=\"none\">\n\n\t\t\t\t\t\t\t\t\n\t\t\t\t\t\t\t\t\t<div class=\"work-item style-2\" data-custom-content=\"off\">\n\n\t\t\t\t\t\t\t\t\t\t<img loading=\"lazy\" decoding=\"async\" class=\"size- skip-lazy\" src=\"https:\/\/www.kuninkaantienmuusikot.fi\/uusi\/wp-content\/uploads\/2018\/04\/Pyh\u00e4inp\u00e4iv\u00e4_Bach_0910_artikkeli-500x403.jpg\" alt=\"\" height=\"403\" width=\"500\" srcset=\"https:\/\/www.kuninkaantienmuusikot.fi\/uusi\/wp-content\/uploads\/2018\/04\/Pyh\u00e4inp\u00e4iv\u00e4_Bach_0910_artikkeli-500x403.jpg 600w, https:\/\/www.kuninkaantienmuusikot.fi\/uusi\/wp-content\/uploads\/2018\/04\/Pyh\u00e4inp\u00e4iv\u00e4_Bach_0910_artikkeli-400x269.jpg 400w\" sizes=\"auto, (min-width: 1000px) 33.3vw, (min-width: 690px) 50vw, 100vw\" \/>\n\t\t\t\t\t\t\t\t\t\t<div class=\"work-info-bg\"><\/div>\n\t\t\t\t\t\t\t\t\t\t<div class=\"work-info\">\n\n\t\t\t\t\t\t\t\t\t\t\t\n\n\t\t\t\t\t\t\t\t\t\t\t\t\n\t\t\t\t\t\t\t\t\t\t\t\t\t<a href=\"https:\/\/www.kuninkaantienmuusikot.fi\/sv\/konsertit\/paasiaisoratorio\"><span class=\"screen-reader-text\">J. S. Bach: P\u00e5skoratorium BWV 249<\/span><\/a>\n\n\t\t\t\t\t\t\t\t\t\t\t\t\n\n\t\t\t\t\t\t\t\t\t\t\t<div class=\"vert-center\">\n\t\t\t\t\t\t\t\t\t\t\t\t\t\t\t\t\t\t\t\t\t\t\t\t\t<p><span>4.4.2010 kl. 18 | \u00c5bo domkyrka<\/span><\/p>\t\t\t\t\t\t\t\t\t\t\t\t\t<h3>J. S. Bach: P\u00e5skoratorium BWV 249<\/h3>\n\n\t\t\t\t\t\t\t\t\t\t\t\t\t<svg class=\"next-arrow\" xmlns=\"http:\/\/www.w3.org\/2000\/svg\" xmlns:xlink=\"http:\/\/www.w3.org\/1999\/xlink\" viewBox=\"0 0 39 12\"><line class=\"top\" x1=\"23\" y1=\"-0.5\" x2=\"29.5\" y2=\"6.5\" stroke=\"#ffffff;\"\/><line class=\"bottom\" x1=\"23\" y1=\"12.5\" x2=\"29.5\" y2=\"5.5\" stroke=\"#ffffff;\"\/><\/svg><span class=\"line\"><\/span><\/span>\n\n\t\t\t\t\t\t\t\t\t\t\t\t\t\t\t\t\t\t\t\t\t\t\t<\/div><!--\/vert-center-->\n\n\t\t\t\t\t\t\t\t\t\t<\/div>\n\t\t\t\t\t\t\t\t\t<\/div><!--work-item-->\n\n\t\t\t\t\t\t\t\t\n\n\t\t\t\t\t\t\t<\/div><!--\/inner-wrap-->\n\t\t\t\t\t\t<\/div><!--\/col-->\n\n\t\t\t\t\t\n\t\t\t\t\t\t\n\t\t\t\t\t\t<div class=\"col span_4  element 2010-sv \"  data-project-cat=\"2010-sv \" data-project-color=\"#6d355e\" data-title-color=\"\" data-subtitle-color=\"\">\n\n\t\t\t\t\t\t\t<div class=\"inner-wrap animated\" data-animation=\"none\">\n\n\t\t\t\t\t\t\t\t\n\t\t\t\t\t\t\t\t\t<div class=\"work-item style-2\" data-custom-content=\"off\">\n\n\t\t\t\t\t\t\t\t\t\t<img loading=\"lazy\" decoding=\"async\" class=\"size- skip-lazy\" src=\"https:\/\/www.kuninkaantienmuusikot.fi\/uusi\/wp-content\/uploads\/2018\/04\/Pyh\u00e4inp\u00e4iv\u00e4_Bach_0910_artikkeli-500x403.jpg\" alt=\"\" height=\"403\" width=\"500\" srcset=\"https:\/\/www.kuninkaantienmuusikot.fi\/uusi\/wp-content\/uploads\/2018\/04\/Pyh\u00e4inp\u00e4iv\u00e4_Bach_0910_artikkeli-500x403.jpg 600w, https:\/\/www.kuninkaantienmuusikot.fi\/uusi\/wp-content\/uploads\/2018\/04\/Pyh\u00e4inp\u00e4iv\u00e4_Bach_0910_artikkeli-400x269.jpg 400w\" sizes=\"auto, (min-width: 1000px) 33.3vw, (min-width: 690px) 50vw, 100vw\" \/>\n\t\t\t\t\t\t\t\t\t\t<div class=\"work-info-bg\"><\/div>\n\t\t\t\t\t\t\t\t\t\t<div class=\"work-info\">\n\n\t\t\t\t\t\t\t\t\t\t\t\n\n\t\t\t\t\t\t\t\t\t\t\t\t\n\t\t\t\t\t\t\t\t\t\t\t\t\t<a href=\"https:\/\/www.kuninkaantienmuusikot.fi\/sv\/konsertit\/paasiasoratorio_kemio\"><span class=\"screen-reader-text\">J. S. Bach: P\u00e5skoratorium BWV 249<\/span><\/a>\n\n\t\t\t\t\t\t\t\t\t\t\t\t\n\n\t\t\t\t\t\t\t\t\t\t\t<div class=\"vert-center\">\n\t\t\t\t\t\t\t\t\t\t\t\t\t\t\t\t\t\t\t\t\t\t\t\t\t<p><span>5.4.2010 kl. 18 | Kimito kyrka<\/span><\/p>\t\t\t\t\t\t\t\t\t\t\t\t\t<h3>J. S. Bach: P\u00e5skoratorium BWV 249<\/h3>\n\n\t\t\t\t\t\t\t\t\t\t\t\t\t<svg class=\"next-arrow\" xmlns=\"http:\/\/www.w3.org\/2000\/svg\" xmlns:xlink=\"http:\/\/www.w3.org\/1999\/xlink\" viewBox=\"0 0 39 12\"><line class=\"top\" x1=\"23\" y1=\"-0.5\" x2=\"29.5\" y2=\"6.5\" stroke=\"#ffffff;\"\/><line class=\"bottom\" x1=\"23\" y1=\"12.5\" x2=\"29.5\" y2=\"5.5\" stroke=\"#ffffff;\"\/><\/svg><span class=\"line\"><\/span><\/span>\n\n\t\t\t\t\t\t\t\t\t\t\t\t\t\t\t\t\t\t\t\t\t\t\t<\/div><!--\/vert-center-->\n\n\t\t\t\t\t\t\t\t\t\t<\/div>\n\t\t\t\t\t\t\t\t\t<\/div><!--work-item-->\n\n\t\t\t\t\t\t\t\t\n\n\t\t\t\t\t\t\t<\/div><!--\/inner-wrap-->\n\t\t\t\t\t\t<\/div><!--\/col-->\n\n\t\t\t\t\t\n\t\t\t\t\t\t\n\t\t\t\t\t\t<div class=\"col span_4  element 2010-sv \"  data-project-cat=\"2010-sv \" data-project-color=\"#6d355e\" data-title-color=\"\" data-subtitle-color=\"\">\n\n\t\t\t\t\t\t\t<div class=\"inner-wrap animated\" data-animation=\"none\">\n\n\t\t\t\t\t\t\t\t\n\t\t\t\t\t\t\t\t\t<div class=\"work-item style-2\" data-custom-content=\"off\">\n\n\t\t\t\t\t\t\t\t\t\t<img loading=\"lazy\" decoding=\"async\" class=\"size- skip-lazy\" src=\"https:\/\/www.kuninkaantienmuusikot.fi\/uusi\/wp-content\/uploads\/2009\/03\/Zelenka_MissaDF_0903_artikkeli2-514x403.jpg\" alt=\"\" height=\"403\" width=\"514\" srcset=\"https:\/\/www.kuninkaantienmuusikot.fi\/uusi\/wp-content\/uploads\/2009\/03\/Zelenka_MissaDF_0903_artikkeli2-514x403.jpg 600w, https:\/\/www.kuninkaantienmuusikot.fi\/uusi\/wp-content\/uploads\/2009\/03\/Zelenka_MissaDF_0903_artikkeli2-400x269.jpg 400w\" sizes=\"auto, (min-width: 1000px) 33.3vw, (min-width: 690px) 50vw, 100vw\" \/>\n\t\t\t\t\t\t\t\t\t\t<div class=\"work-info-bg\"><\/div>\n\t\t\t\t\t\t\t\t\t\t<div class=\"work-info\">\n\n\t\t\t\t\t\t\t\t\t\t\t\n\n\t\t\t\t\t\t\t\t\t\t\t\t\n\t\t\t\t\t\t\t\t\t\t\t\t\t<a href=\"https:\/\/www.kuninkaantienmuusikot.fi\/sv\/konsertit\/antonio-lotti-laudate-dominum\"><span class=\"screen-reader-text\">Antonio Lotti: Laudate Dominum<\/span><\/a>\n\n\t\t\t\t\t\t\t\t\t\t\t\t\n\n\t\t\t\t\t\t\t\t\t\t\t<div class=\"vert-center\">\n\t\t\t\t\t\t\t\t\t\t\t\t\t\t\t\t\t\t\t\t\t\t\t\t\t<p><span>4.5.2010 kl. 18 | Heimolinna<\/span><\/p>\t\t\t\t\t\t\t\t\t\t\t\t\t<h3>Antonio Lotti: Laudate Dominum<\/h3>\n\n\t\t\t\t\t\t\t\t\t\t\t\t\t<svg class=\"next-arrow\" xmlns=\"http:\/\/www.w3.org\/2000\/svg\" xmlns:xlink=\"http:\/\/www.w3.org\/1999\/xlink\" viewBox=\"0 0 39 12\"><line class=\"top\" x1=\"23\" y1=\"-0.5\" x2=\"29.5\" y2=\"6.5\" stroke=\"#ffffff;\"\/><line class=\"bottom\" x1=\"23\" y1=\"12.5\" x2=\"29.5\" y2=\"5.5\" stroke=\"#ffffff;\"\/><\/svg><span class=\"line\"><\/span><\/span>\n\n\t\t\t\t\t\t\t\t\t\t\t\t\t\t\t\t\t\t\t\t\t\t\t<\/div><!--\/vert-center-->\n\n\t\t\t\t\t\t\t\t\t\t<\/div>\n\t\t\t\t\t\t\t\t\t<\/div><!--work-item-->\n\n\t\t\t\t\t\t\t\t\n\n\t\t\t\t\t\t\t<\/div><!--\/inner-wrap-->\n\t\t\t\t\t\t<\/div><!--\/col-->\n\n\t\t\t\t\t\n\t\t\t\t\t\t\n\t\t\t\t\t\t<div class=\"col span_4  element 2010-sv \"  data-project-cat=\"2010-sv \" data-project-color=\"#6d355e\" data-title-color=\"\" data-subtitle-color=\"\">\n\n\t\t\t\t\t\t\t<div class=\"inner-wrap animated\" data-animation=\"none\">\n\n\t\t\t\t\t\t\t\t\n\t\t\t\t\t\t\t\t\t<div class=\"work-item style-2\" data-custom-content=\"off\">\n\n\t\t\t\t\t\t\t\t\t\t<img loading=\"lazy\" decoding=\"async\" class=\"size- skip-lazy\" src=\"https:\/\/www.kuninkaantienmuusikot.fi\/uusi\/wp-content\/uploads\/2009\/03\/Zelenka_MissaDF_0903_artikkeli2-514x403.jpg\" alt=\"\" height=\"403\" width=\"514\" srcset=\"https:\/\/www.kuninkaantienmuusikot.fi\/uusi\/wp-content\/uploads\/2009\/03\/Zelenka_MissaDF_0903_artikkeli2-514x403.jpg 600w, https:\/\/www.kuninkaantienmuusikot.fi\/uusi\/wp-content\/uploads\/2009\/03\/Zelenka_MissaDF_0903_artikkeli2-400x269.jpg 400w\" sizes=\"auto, (min-width: 1000px) 33.3vw, (min-width: 690px) 50vw, 100vw\" \/>\n\t\t\t\t\t\t\t\t\t\t<div class=\"work-info-bg\"><\/div>\n\t\t\t\t\t\t\t\t\t\t<div class=\"work-info\">\n\n\t\t\t\t\t\t\t\t\t\t\t\n\n\t\t\t\t\t\t\t\t\t\t\t\t\n\t\t\t\t\t\t\t\t\t\t\t\t\t<a href=\"https:\/\/www.kuninkaantienmuusikot.fi\/sv\/konsertit\/viotti\"><span class=\"screen-reader-text\">G. B. Viotti: Violinkonsert nr. 16 &#038; Sinfonia Concertante<\/span><\/a>\n\n\t\t\t\t\t\t\t\t\t\t\t\t\n\n\t\t\t\t\t\t\t\t\t\t\t<div class=\"vert-center\">\n\t\t\t\t\t\t\t\t\t\t\t\t\t\t\t\t\t\t\t\t\t\t\t\t\t<p><span>16.5.2010 kl. 18 | Sigyn-salen<\/span><\/p>\t\t\t\t\t\t\t\t\t\t\t\t\t<h3>G. B. Viotti: Violinkonsert nr. 16 &#038; Sinfonia Concertante<\/h3>\n\n\t\t\t\t\t\t\t\t\t\t\t\t\t<svg class=\"next-arrow\" xmlns=\"http:\/\/www.w3.org\/2000\/svg\" xmlns:xlink=\"http:\/\/www.w3.org\/1999\/xlink\" viewBox=\"0 0 39 12\"><line class=\"top\" x1=\"23\" y1=\"-0.5\" x2=\"29.5\" y2=\"6.5\" stroke=\"#ffffff;\"\/><line class=\"bottom\" x1=\"23\" y1=\"12.5\" x2=\"29.5\" y2=\"5.5\" stroke=\"#ffffff;\"\/><\/svg><span class=\"line\"><\/span><\/span>\n\n\t\t\t\t\t\t\t\t\t\t\t\t\t\t\t\t\t\t\t\t\t\t\t<\/div><!--\/vert-center-->\n\n\t\t\t\t\t\t\t\t\t\t<\/div>\n\t\t\t\t\t\t\t\t\t<\/div><!--work-item-->\n\n\t\t\t\t\t\t\t\t\n\n\t\t\t\t\t\t\t<\/div><!--\/inner-wrap-->\n\t\t\t\t\t\t<\/div><!--\/col-->\n\n\t\t\t\t\t\n\t\t\t\t\t\t\n\t\t\t\t\t\t<div class=\"col span_4  element 2010-sv \"  data-project-cat=\"2010-sv \" data-project-color=\"#6d355e\" data-title-color=\"\" data-subtitle-color=\"\">\n\n\t\t\t\t\t\t\t<div class=\"inner-wrap animated\" data-animation=\"none\">\n\n\t\t\t\t\t\t\t\t\n\t\t\t\t\t\t\t\t\t<div class=\"work-item style-2\" data-custom-content=\"off\">\n\n\t\t\t\t\t\t\t\t\t\t<img loading=\"lazy\" decoding=\"async\" class=\"size- skip-lazy\" src=\"https:\/\/www.kuninkaantienmuusikot.fi\/uusi\/wp-content\/uploads\/2018\/07\/Combattimento_1008_artikkeli-500x403.jpg\" alt=\"\" height=\"403\" width=\"500\" srcset=\"https:\/\/www.kuninkaantienmuusikot.fi\/uusi\/wp-content\/uploads\/2018\/07\/Combattimento_1008_artikkeli-500x403.jpg 600w, https:\/\/www.kuninkaantienmuusikot.fi\/uusi\/wp-content\/uploads\/2018\/07\/Combattimento_1008_artikkeli-400x269.jpg 400w\" sizes=\"auto, (min-width: 1000px) 33.3vw, (min-width: 690px) 50vw, 100vw\" \/>\n\t\t\t\t\t\t\t\t\t\t<div class=\"work-info-bg\"><\/div>\n\t\t\t\t\t\t\t\t\t\t<div class=\"work-info\">\n\n\t\t\t\t\t\t\t\t\t\t\t\n\n\t\t\t\t\t\t\t\t\t\t\t\t\n\t\t\t\t\t\t\t\t\t\t\t\t\t<a href=\"https:\/\/www.kuninkaantienmuusikot.fi\/sv\/konsertit\/combattimento\"><span class=\"screen-reader-text\">Claudio Monteverdi: Il Combattimento di Tancredi e Clorinda<\/span><\/a>\n\n\t\t\t\t\t\t\t\t\t\t\t\t\n\n\t\t\t\t\t\t\t\t\t\t\t<div class=\"vert-center\">\n\t\t\t\t\t\t\t\t\t\t\t\t\t\t\t\t\t\t\t\t\t\t\t\t\t<p><span>12.8.2010 kl. 21 | Gamla Akademihusets solennitetssal<\/span><\/p>\t\t\t\t\t\t\t\t\t\t\t\t\t<h3>Claudio Monteverdi: Il Combattimento di Tancredi e Clorinda<\/h3>\n\n\t\t\t\t\t\t\t\t\t\t\t\t\t<svg class=\"next-arrow\" xmlns=\"http:\/\/www.w3.org\/2000\/svg\" xmlns:xlink=\"http:\/\/www.w3.org\/1999\/xlink\" viewBox=\"0 0 39 12\"><line class=\"top\" x1=\"23\" y1=\"-0.5\" x2=\"29.5\" y2=\"6.5\" stroke=\"#ffffff;\"\/><line class=\"bottom\" x1=\"23\" y1=\"12.5\" x2=\"29.5\" y2=\"5.5\" stroke=\"#ffffff;\"\/><\/svg><span class=\"line\"><\/span><\/span>\n\n\t\t\t\t\t\t\t\t\t\t\t\t\t\t\t\t\t\t\t\t\t\t\t<\/div><!--\/vert-center-->\n\n\t\t\t\t\t\t\t\t\t\t<\/div>\n\t\t\t\t\t\t\t\t\t<\/div><!--work-item-->\n\n\t\t\t\t\t\t\t\t\n\n\t\t\t\t\t\t\t<\/div><!--\/inner-wrap-->\n\t\t\t\t\t\t<\/div><!--\/col-->\n\n\t\t\t\t\t\n\t\t\t\t\t\t\n\t\t\t\t\t\t<div class=\"col span_4  element 2010-sv \"  data-project-cat=\"2010-sv \" data-project-color=\"#6d355e\" data-title-color=\"\" data-subtitle-color=\"\">\n\n\t\t\t\t\t\t\t<div class=\"inner-wrap animated\" data-animation=\"none\">\n\n\t\t\t\t\t\t\t\t\n\t\t\t\t\t\t\t\t\t<div class=\"work-item style-2\" data-custom-content=\"off\">\n\n\t\t\t\t\t\t\t\t\t\t<img loading=\"lazy\" decoding=\"async\" class=\"size- skip-lazy\" src=\"https:\/\/www.kuninkaantienmuusikot.fi\/uusi\/wp-content\/uploads\/2018\/07\/1011_MarcelloRequiem_artikkeli-500x403.jpg\" alt=\"\" height=\"403\" width=\"500\" srcset=\"https:\/\/www.kuninkaantienmuusikot.fi\/uusi\/wp-content\/uploads\/2018\/07\/1011_MarcelloRequiem_artikkeli-500x403.jpg 600w, https:\/\/www.kuninkaantienmuusikot.fi\/uusi\/wp-content\/uploads\/2018\/07\/1011_MarcelloRequiem_artikkeli-400x269.jpg 400w\" sizes=\"auto, (min-width: 1000px) 33.3vw, (min-width: 690px) 50vw, 100vw\" \/>\n\t\t\t\t\t\t\t\t\t\t<div class=\"work-info-bg\"><\/div>\n\t\t\t\t\t\t\t\t\t\t<div class=\"work-info\">\n\n\t\t\t\t\t\t\t\t\t\t\t\n\n\t\t\t\t\t\t\t\t\t\t\t\t\n\t\t\t\t\t\t\t\t\t\t\t\t\t<a href=\"https:\/\/www.kuninkaantienmuusikot.fi\/sv\/konsertit\/marcello\"><span class=\"screen-reader-text\">Benedetto Marcello: Requiem<\/span><\/a>\n\n\t\t\t\t\t\t\t\t\t\t\t\t\n\n\t\t\t\t\t\t\t\t\t\t\t<div class=\"vert-center\">\n\t\t\t\t\t\t\t\t\t\t\t\t\t\t\t\t\t\t\t\t\t\t\t\t\t<p><span>6.11.2010 kl. 21 | \u00c5bo domkyrka<\/span><\/p>\t\t\t\t\t\t\t\t\t\t\t\t\t<h3>Benedetto Marcello: Requiem<\/h3>\n\n\t\t\t\t\t\t\t\t\t\t\t\t\t<svg class=\"next-arrow\" xmlns=\"http:\/\/www.w3.org\/2000\/svg\" xmlns:xlink=\"http:\/\/www.w3.org\/1999\/xlink\" viewBox=\"0 0 39 12\"><line class=\"top\" x1=\"23\" y1=\"-0.5\" x2=\"29.5\" y2=\"6.5\" stroke=\"#ffffff;\"\/><line class=\"bottom\" x1=\"23\" y1=\"12.5\" x2=\"29.5\" y2=\"5.5\" stroke=\"#ffffff;\"\/><\/svg><span class=\"line\"><\/span><\/span>\n\n\t\t\t\t\t\t\t\t\t\t\t\t\t\t\t\t\t\t\t\t\t\t\t<\/div><!--\/vert-center-->\n\n\t\t\t\t\t\t\t\t\t\t<\/div>\n\t\t\t\t\t\t\t\t\t<\/div><!--work-item-->\n\n\t\t\t\t\t\t\t\t\n\n\t\t\t\t\t\t\t<\/div><!--\/inner-wrap-->\n\t\t\t\t\t\t<\/div><!--\/col-->\n\n\t\t\t\t\t\n\t\t\t\t\t\t\n\t\t\t\t\t\t<div class=\"col span_4  element 2010-sv \"  data-project-cat=\"2010-sv \" data-project-color=\"#6d355e\" data-title-color=\"\" data-subtitle-color=\"\">\n\n\t\t\t\t\t\t\t<div class=\"inner-wrap animated\" data-animation=\"none\">\n\n\t\t\t\t\t\t\t\t\n\t\t\t\t\t\t\t\t\t<div class=\"work-item style-2\" data-custom-content=\"off\">\n\n\t\t\t\t\t\t\t\t\t\t<img decoding=\"async\" class=\"size- skip-lazy\" src=\"https:\/\/www.kuninkaantienmuusikot.fi\/uusi\/wp-content\/uploads\/2018\/07\/1012_Dixit_artikkeli.jpg\" alt=\"\" height=\"\" width=\"\" srcset=\"https:\/\/www.kuninkaantienmuusikot.fi\/uusi\/wp-content\/uploads\/2018\/07\/1012_Dixit_artikkeli.jpg 600w, https:\/\/www.kuninkaantienmuusikot.fi\/uusi\/wp-content\/uploads\/2018\/07\/1012_Dixit_artikkeli-400x269.jpg 400w\" sizes=\"(min-width: 1000px) 33.3vw, (min-width: 690px) 50vw, 100vw\" \/>\n\t\t\t\t\t\t\t\t\t\t<div class=\"work-info-bg\"><\/div>\n\t\t\t\t\t\t\t\t\t\t<div class=\"work-info\">\n\n\t\t\t\t\t\t\t\t\t\t\t\n\n\t\t\t\t\t\t\t\t\t\t\t\t\n\t\t\t\t\t\t\t\t\t\t\t\t\t<a href=\"https:\/\/www.kuninkaantienmuusikot.fi\/sv\/konsertit\/dixitdominus\"><span class=\"screen-reader-text\">Georg Friedrich H\u00e4ndel: Dixit Dominus<\/span><\/a>\n\n\t\t\t\t\t\t\t\t\t\t\t\t\n\n\t\t\t\t\t\t\t\t\t\t\t<div class=\"vert-center\">\n\t\t\t\t\t\t\t\t\t\t\t\t\t\t\t\t\t\t\t\t\t\t\t\t\t<p><span>18.12.2010 kl. 19 | \u00c5bo domkyrka<\/span><\/p>\t\t\t\t\t\t\t\t\t\t\t\t\t<h3>Georg Friedrich H\u00e4ndel: Dixit Dominus<\/h3>\n\n\t\t\t\t\t\t\t\t\t\t\t\t\t<svg class=\"next-arrow\" xmlns=\"http:\/\/www.w3.org\/2000\/svg\" xmlns:xlink=\"http:\/\/www.w3.org\/1999\/xlink\" viewBox=\"0 0 39 12\"><line class=\"top\" x1=\"23\" y1=\"-0.5\" x2=\"29.5\" y2=\"6.5\" stroke=\"#ffffff;\"\/><line class=\"bottom\" x1=\"23\" y1=\"12.5\" x2=\"29.5\" y2=\"5.5\" stroke=\"#ffffff;\"\/><\/svg><span class=\"line\"><\/span><\/span>\n\n\t\t\t\t\t\t\t\t\t\t\t\t\t\t\t\t\t\t\t\t\t\t\t<\/div><!--\/vert-center-->\n\n\t\t\t\t\t\t\t\t\t\t<\/div>\n\t\t\t\t\t\t\t\t\t<\/div><!--work-item-->\n\n\t\t\t\t\t\t\t\t\n\n\t\t\t\t\t\t\t<\/div><!--\/inner-wrap-->\n\t\t\t\t\t\t<\/div><!--\/col-->\n\n\t\t\t\t\t\n\t\t\t\t\t\t\n\t\t\t\t\t\t<div class=\"col span_4  element 2010-sv \"  data-project-cat=\"2010-sv \" data-project-color=\"#6d355e\" data-title-color=\"\" data-subtitle-color=\"\">\n\n\t\t\t\t\t\t\t<div class=\"inner-wrap animated\" data-animation=\"none\">\n\n\t\t\t\t\t\t\t\t\n\t\t\t\t\t\t\t\t\t<div class=\"work-item style-2\" data-custom-content=\"off\">\n\n\t\t\t\t\t\t\t\t\t\t<img decoding=\"async\" class=\"size- skip-lazy\" src=\"https:\/\/www.kuninkaantienmuusikot.fi\/uusi\/wp-content\/uploads\/2018\/07\/1012_Dixit_artikkeli.jpg\" alt=\"\" height=\"\" width=\"\" srcset=\"https:\/\/www.kuninkaantienmuusikot.fi\/uusi\/wp-content\/uploads\/2018\/07\/1012_Dixit_artikkeli.jpg 600w, https:\/\/www.kuninkaantienmuusikot.fi\/uusi\/wp-content\/uploads\/2018\/07\/1012_Dixit_artikkeli-400x269.jpg 400w\" sizes=\"(min-width: 1000px) 33.3vw, (min-width: 690px) 50vw, 100vw\" \/>\n\t\t\t\t\t\t\t\t\t\t<div class=\"work-info-bg\"><\/div>\n\t\t\t\t\t\t\t\t\t\t<div class=\"work-info\">\n\n\t\t\t\t\t\t\t\t\t\t\t\n\n\t\t\t\t\t\t\t\t\t\t\t\t\n\t\t\t\t\t\t\t\t\t\t\t\t\t<a href=\"https:\/\/www.kuninkaantienmuusikot.fi\/sv\/konsertit\/dixitdominus_espoo\"><span class=\"screen-reader-text\">Georg Friedrich H\u00e4ndel: Dixit Dominus<\/span><\/a>\n\n\t\t\t\t\t\t\t\t\t\t\t\t\n\n\t\t\t\t\t\t\t\t\t\t\t<div class=\"vert-center\">\n\t\t\t\t\t\t\t\t\t\t\t\t\t\t\t\t\t\t\t\t\t\t\t\t\t<p><span>19.12.2010 kl. 18 | Esbovikens kyrka<\/span><\/p>\t\t\t\t\t\t\t\t\t\t\t\t\t<h3>Georg Friedrich H\u00e4ndel: Dixit Dominus<\/h3>\n\n\t\t\t\t\t\t\t\t\t\t\t\t\t<svg class=\"next-arrow\" xmlns=\"http:\/\/www.w3.org\/2000\/svg\" xmlns:xlink=\"http:\/\/www.w3.org\/1999\/xlink\" viewBox=\"0 0 39 12\"><line class=\"top\" x1=\"23\" y1=\"-0.5\" x2=\"29.5\" y2=\"6.5\" stroke=\"#ffffff;\"\/><line class=\"bottom\" x1=\"23\" y1=\"12.5\" x2=\"29.5\" y2=\"5.5\" stroke=\"#ffffff;\"\/><\/svg><span class=\"line\"><\/span><\/span>\n\n\t\t\t\t\t\t\t\t\t\t\t\t\t\t\t\t\t\t\t\t\t\t\t<\/div><!--\/vert-center-->\n\n\t\t\t\t\t\t\t\t\t\t<\/div>\n\t\t\t\t\t\t\t\t\t<\/div><!--work-item-->\n\n\t\t\t\t\t\t\t\t\n\n\t\t\t\t\t\t\t<\/div><!--\/inner-wrap-->\n\t\t\t\t\t\t<\/div><!--\/col-->\n\n\t\t\t\t\t\n\t\t\t\t\t\t\n\t\t\t\t\t\t<div class=\"col span_4  element 2011-sv \"  data-project-cat=\"2011-sv \" data-project-color=\"#6d355e\" data-title-color=\"\" data-subtitle-color=\"\">\n\n\t\t\t\t\t\t\t<div class=\"inner-wrap animated\" data-animation=\"none\">\n\n\t\t\t\t\t\t\t\t\n\t\t\t\t\t\t\t\t\t<div class=\"work-item style-2\" data-custom-content=\"off\">\n\n\t\t\t\t\t\t\t\t\t\t<img loading=\"lazy\" decoding=\"async\" class=\"size- skip-lazy\" src=\"https:\/\/www.kuninkaantienmuusikot.fi\/uusi\/wp-content\/uploads\/2019\/11\/1103_Tartini_artikkeli-500x403.jpg\" alt=\"\" height=\"403\" width=\"500\" srcset=\"https:\/\/www.kuninkaantienmuusikot.fi\/uusi\/wp-content\/uploads\/2019\/11\/1103_Tartini_artikkeli-500x403.jpg 600w, https:\/\/www.kuninkaantienmuusikot.fi\/uusi\/wp-content\/uploads\/2019\/11\/1103_Tartini_artikkeli-400x269.jpg 400w\" sizes=\"auto, (min-width: 1000px) 33.3vw, (min-width: 690px) 50vw, 100vw\" \/>\n\t\t\t\t\t\t\t\t\t\t<div class=\"work-info-bg\"><\/div>\n\t\t\t\t\t\t\t\t\t\t<div class=\"work-info\">\n\n\t\t\t\t\t\t\t\t\t\t\t\n\n\t\t\t\t\t\t\t\t\t\t\t\t\n\t\t\t\t\t\t\t\t\t\t\t\t\t<a href=\"https:\/\/www.kuninkaantienmuusikot.fi\/sv\/konsertit\/giuseppe-tartini-viulukonsertot\"><span class=\"screen-reader-text\">Giuseppe Tartini: Violinkonserter<\/span><\/a>\n\n\t\t\t\t\t\t\t\t\t\t\t\t\n\n\t\t\t\t\t\t\t\t\t\t\t<div class=\"vert-center\">\n\t\t\t\t\t\t\t\t\t\t\t\t\t\t\t\t\t\t\t\t\t\t\t\t\t<p><span>26.3.2011 kl. 18 | Kimito kyrka<\/span><\/p>\t\t\t\t\t\t\t\t\t\t\t\t\t<h3>Giuseppe Tartini: Violinkonserter<\/h3>\n\n\t\t\t\t\t\t\t\t\t\t\t\t\t<svg class=\"next-arrow\" xmlns=\"http:\/\/www.w3.org\/2000\/svg\" xmlns:xlink=\"http:\/\/www.w3.org\/1999\/xlink\" viewBox=\"0 0 39 12\"><line class=\"top\" x1=\"23\" y1=\"-0.5\" x2=\"29.5\" y2=\"6.5\" stroke=\"#ffffff;\"\/><line class=\"bottom\" x1=\"23\" y1=\"12.5\" x2=\"29.5\" y2=\"5.5\" stroke=\"#ffffff;\"\/><\/svg><span class=\"line\"><\/span><\/span>\n\n\t\t\t\t\t\t\t\t\t\t\t\t\t\t\t\t\t\t\t\t\t\t\t<\/div><!--\/vert-center-->\n\n\t\t\t\t\t\t\t\t\t\t<\/div>\n\t\t\t\t\t\t\t\t\t<\/div><!--work-item-->\n\n\t\t\t\t\t\t\t\t\n\n\t\t\t\t\t\t\t<\/div><!--\/inner-wrap-->\n\t\t\t\t\t\t<\/div><!--\/col-->\n\n\t\t\t\t\t\n\t\t\t\t\t\t\n\t\t\t\t\t\t<div class=\"col span_4  element 2011-sv \"  data-project-cat=\"2011-sv \" data-project-color=\"#6d355e\" data-title-color=\"\" data-subtitle-color=\"\">\n\n\t\t\t\t\t\t\t<div class=\"inner-wrap animated\" data-animation=\"none\">\n\n\t\t\t\t\t\t\t\t\n\t\t\t\t\t\t\t\t\t<div class=\"work-item style-2\" data-custom-content=\"off\">\n\n\t\t\t\t\t\t\t\t\t\t<img loading=\"lazy\" decoding=\"async\" class=\"size- skip-lazy\" src=\"https:\/\/www.kuninkaantienmuusikot.fi\/uusi\/wp-content\/uploads\/2019\/11\/1103_Tartini_artikkeli-500x403.jpg\" alt=\"\" height=\"403\" width=\"500\" srcset=\"https:\/\/www.kuninkaantienmuusikot.fi\/uusi\/wp-content\/uploads\/2019\/11\/1103_Tartini_artikkeli-500x403.jpg 600w, https:\/\/www.kuninkaantienmuusikot.fi\/uusi\/wp-content\/uploads\/2019\/11\/1103_Tartini_artikkeli-400x269.jpg 400w\" sizes=\"auto, (min-width: 1000px) 33.3vw, (min-width: 690px) 50vw, 100vw\" \/>\n\t\t\t\t\t\t\t\t\t\t<div class=\"work-info-bg\"><\/div>\n\t\t\t\t\t\t\t\t\t\t<div class=\"work-info\">\n\n\t\t\t\t\t\t\t\t\t\t\t\n\n\t\t\t\t\t\t\t\t\t\t\t\t\n\t\t\t\t\t\t\t\t\t\t\t\t\t<a href=\"https:\/\/www.kuninkaantienmuusikot.fi\/sv\/konsertit\/giuseppe-tartini-viulukonsertot-betel\"><span class=\"screen-reader-text\">Giuseppe Tartini: Violinkonserter<\/span><\/a>\n\n\t\t\t\t\t\t\t\t\t\t\t\t\n\n\t\t\t\t\t\t\t\t\t\t\t<div class=\"vert-center\">\n\t\t\t\t\t\t\t\t\t\t\t\t\t\t\t\t\t\t\t\t\t\t\t\t\t<p><span>27.3.2011 kl. 18 | Betelkyrkan, \u00c5bo<\/span><\/p>\t\t\t\t\t\t\t\t\t\t\t\t\t<h3>Giuseppe Tartini: Violinkonserter<\/h3>\n\n\t\t\t\t\t\t\t\t\t\t\t\t\t<svg class=\"next-arrow\" xmlns=\"http:\/\/www.w3.org\/2000\/svg\" xmlns:xlink=\"http:\/\/www.w3.org\/1999\/xlink\" viewBox=\"0 0 39 12\"><line class=\"top\" x1=\"23\" y1=\"-0.5\" x2=\"29.5\" y2=\"6.5\" stroke=\"#ffffff;\"\/><line class=\"bottom\" x1=\"23\" y1=\"12.5\" x2=\"29.5\" y2=\"5.5\" stroke=\"#ffffff;\"\/><\/svg><span class=\"line\"><\/span><\/span>\n\n\t\t\t\t\t\t\t\t\t\t\t\t\t\t\t\t\t\t\t\t\t\t\t<\/div><!--\/vert-center-->\n\n\t\t\t\t\t\t\t\t\t\t<\/div>\n\t\t\t\t\t\t\t\t\t<\/div><!--work-item-->\n\n\t\t\t\t\t\t\t\t\n\n\t\t\t\t\t\t\t<\/div><!--\/inner-wrap-->\n\t\t\t\t\t\t<\/div><!--\/col-->\n\n\t\t\t\t\t\n\t\t\t\t\t\t\n\t\t\t\t\t\t<div class=\"col span_4  element 2011-sv \"  data-project-cat=\"2011-sv \" data-project-color=\"#6d355e\" data-title-color=\"\" data-subtitle-color=\"\">\n\n\t\t\t\t\t\t\t<div class=\"inner-wrap animated\" data-animation=\"none\">\n\n\t\t\t\t\t\t\t\t\n\t\t\t\t\t\t\t\t\t<div class=\"work-item style-2\" data-custom-content=\"off\">\n\n\t\t\t\t\t\t\t\t\t\t<img loading=\"lazy\" decoding=\"async\" class=\"size- skip-lazy\" src=\"https:\/\/www.kuninkaantienmuusikot.fi\/uusi\/wp-content\/uploads\/2018\/04\/Pyh\u00e4inp\u00e4iv\u00e4_Bach_0910_artikkeli-500x403.jpg\" alt=\"\" height=\"403\" width=\"500\" srcset=\"https:\/\/www.kuninkaantienmuusikot.fi\/uusi\/wp-content\/uploads\/2018\/04\/Pyh\u00e4inp\u00e4iv\u00e4_Bach_0910_artikkeli-500x403.jpg 600w, https:\/\/www.kuninkaantienmuusikot.fi\/uusi\/wp-content\/uploads\/2018\/04\/Pyh\u00e4inp\u00e4iv\u00e4_Bach_0910_artikkeli-400x269.jpg 400w\" sizes=\"auto, (min-width: 1000px) 33.3vw, (min-width: 690px) 50vw, 100vw\" \/>\n\t\t\t\t\t\t\t\t\t\t<div class=\"work-info-bg\"><\/div>\n\t\t\t\t\t\t\t\t\t\t<div class=\"work-info\">\n\n\t\t\t\t\t\t\t\t\t\t\t\n\n\t\t\t\t\t\t\t\t\t\t\t\t\n\t\t\t\t\t\t\t\t\t\t\t\t\t<a href=\"https:\/\/www.kuninkaantienmuusikot.fi\/sv\/konsertit\/bach-johannespassio-loimaa\"><span class=\"screen-reader-text\">J. S. Bach: Johannespassionen<\/span><\/a>\n\n\t\t\t\t\t\t\t\t\t\t\t\t\n\n\t\t\t\t\t\t\t\t\t\t\t<div class=\"vert-center\">\n\t\t\t\t\t\t\t\t\t\t\t\t\t\t\t\t\t\t\t\t\t\t\t\t\t<p><span>16.4.2011 kl. 19 |  Kanta-Loimaa kyrka<\/span><\/p>\t\t\t\t\t\t\t\t\t\t\t\t\t<h3>J. S. Bach: Johannespassionen<\/h3>\n\n\t\t\t\t\t\t\t\t\t\t\t\t\t<svg class=\"next-arrow\" xmlns=\"http:\/\/www.w3.org\/2000\/svg\" xmlns:xlink=\"http:\/\/www.w3.org\/1999\/xlink\" viewBox=\"0 0 39 12\"><line class=\"top\" x1=\"23\" y1=\"-0.5\" x2=\"29.5\" y2=\"6.5\" stroke=\"#ffffff;\"\/><line class=\"bottom\" x1=\"23\" y1=\"12.5\" x2=\"29.5\" y2=\"5.5\" stroke=\"#ffffff;\"\/><\/svg><span class=\"line\"><\/span><\/span>\n\n\t\t\t\t\t\t\t\t\t\t\t\t\t\t\t\t\t\t\t\t\t\t\t<\/div><!--\/vert-center-->\n\n\t\t\t\t\t\t\t\t\t\t<\/div>\n\t\t\t\t\t\t\t\t\t<\/div><!--work-item-->\n\n\t\t\t\t\t\t\t\t\n\n\t\t\t\t\t\t\t<\/div><!--\/inner-wrap-->\n\t\t\t\t\t\t<\/div><!--\/col-->\n\n\t\t\t\t\t\n\t\t\t\t\t\t\n\t\t\t\t\t\t<div class=\"col span_4  element 2011-sv \"  data-project-cat=\"2011-sv \" data-project-color=\"#6d355e\" data-title-color=\"\" data-subtitle-color=\"\">\n\n\t\t\t\t\t\t\t<div class=\"inner-wrap animated\" data-animation=\"none\">\n\n\t\t\t\t\t\t\t\t\n\t\t\t\t\t\t\t\t\t<div class=\"work-item style-2\" data-custom-content=\"off\">\n\n\t\t\t\t\t\t\t\t\t\t<img loading=\"lazy\" decoding=\"async\" class=\"size- skip-lazy\" src=\"https:\/\/www.kuninkaantienmuusikot.fi\/uusi\/wp-content\/uploads\/2018\/04\/Pyh\u00e4inp\u00e4iv\u00e4_Bach_0910_artikkeli-500x403.jpg\" alt=\"\" height=\"403\" width=\"500\" srcset=\"https:\/\/www.kuninkaantienmuusikot.fi\/uusi\/wp-content\/uploads\/2018\/04\/Pyh\u00e4inp\u00e4iv\u00e4_Bach_0910_artikkeli-500x403.jpg 600w, https:\/\/www.kuninkaantienmuusikot.fi\/uusi\/wp-content\/uploads\/2018\/04\/Pyh\u00e4inp\u00e4iv\u00e4_Bach_0910_artikkeli-400x269.jpg 400w\" sizes=\"auto, (min-width: 1000px) 33.3vw, (min-width: 690px) 50vw, 100vw\" \/>\n\t\t\t\t\t\t\t\t\t\t<div class=\"work-info-bg\"><\/div>\n\t\t\t\t\t\t\t\t\t\t<div class=\"work-info\">\n\n\t\t\t\t\t\t\t\t\t\t\t\n\n\t\t\t\t\t\t\t\t\t\t\t\t\n\t\t\t\t\t\t\t\t\t\t\t\t\t<a href=\"https:\/\/www.kuninkaantienmuusikot.fi\/sv\/konsertit\/bach-johannes-passio-turku\"><span class=\"screen-reader-text\">J. S. Bach: Johannespassionen<\/span><\/a>\n\n\t\t\t\t\t\t\t\t\t\t\t\t\n\n\t\t\t\t\t\t\t\t\t\t\t<div class=\"vert-center\">\n\t\t\t\t\t\t\t\t\t\t\t\t\t\t\t\t\t\t\t\t\t\t\t\t\t<p><span>17.4.2011 kl. 19 | Mikaelskyrkan, \u00c5bo<\/span><\/p>\t\t\t\t\t\t\t\t\t\t\t\t\t<h3>J. S. Bach: Johannespassionen<\/h3>\n\n\t\t\t\t\t\t\t\t\t\t\t\t\t<svg class=\"next-arrow\" xmlns=\"http:\/\/www.w3.org\/2000\/svg\" xmlns:xlink=\"http:\/\/www.w3.org\/1999\/xlink\" viewBox=\"0 0 39 12\"><line class=\"top\" x1=\"23\" y1=\"-0.5\" x2=\"29.5\" y2=\"6.5\" stroke=\"#ffffff;\"\/><line class=\"bottom\" x1=\"23\" y1=\"12.5\" x2=\"29.5\" y2=\"5.5\" stroke=\"#ffffff;\"\/><\/svg><span class=\"line\"><\/span><\/span>\n\n\t\t\t\t\t\t\t\t\t\t\t\t\t\t\t\t\t\t\t\t\t\t\t<\/div><!--\/vert-center-->\n\n\t\t\t\t\t\t\t\t\t\t<\/div>\n\t\t\t\t\t\t\t\t\t<\/div><!--work-item-->\n\n\t\t\t\t\t\t\t\t\n\n\t\t\t\t\t\t\t<\/div><!--\/inner-wrap-->\n\t\t\t\t\t\t<\/div><!--\/col-->\n\n\t\t\t\t\t\n\t\t\t\t\t\t\n\t\t\t\t\t\t<div class=\"col span_4  element 2011-sv \"  data-project-cat=\"2011-sv \" data-project-color=\"#6d355e\" data-title-color=\"\" data-subtitle-color=\"\">\n\n\t\t\t\t\t\t\t<div class=\"inner-wrap animated\" data-animation=\"none\">\n\n\t\t\t\t\t\t\t\t\n\t\t\t\t\t\t\t\t\t<div class=\"work-item style-2\" data-custom-content=\"off\">\n\n\t\t\t\t\t\t\t\t\t\t<img loading=\"lazy\" decoding=\"async\" class=\"size- skip-lazy\" src=\"https:\/\/www.kuninkaantienmuusikot.fi\/uusi\/wp-content\/uploads\/2009\/03\/Zelenka_MissaDF_0903_artikkeli2-514x403.jpg\" alt=\"\" height=\"403\" width=\"514\" srcset=\"https:\/\/www.kuninkaantienmuusikot.fi\/uusi\/wp-content\/uploads\/2009\/03\/Zelenka_MissaDF_0903_artikkeli2-514x403.jpg 600w, https:\/\/www.kuninkaantienmuusikot.fi\/uusi\/wp-content\/uploads\/2009\/03\/Zelenka_MissaDF_0903_artikkeli2-400x269.jpg 400w\" sizes=\"auto, (min-width: 1000px) 33.3vw, (min-width: 690px) 50vw, 100vw\" \/>\n\t\t\t\t\t\t\t\t\t\t<div class=\"work-info-bg\"><\/div>\n\t\t\t\t\t\t\t\t\t\t<div class=\"work-info\">\n\n\t\t\t\t\t\t\t\t\t\t\t\n\n\t\t\t\t\t\t\t\t\t\t\t\t\n\t\t\t\t\t\t\t\t\t\t\t\t\t<a href=\"https:\/\/www.kuninkaantienmuusikot.fi\/sv\/konsertit\/akatemiatalo_2011_1\"><span class=\"screen-reader-text\">Sk\u00f6nhet, \u00e4ndam\u00e5lsenlighet, h\u00e5llbarhet &#8211; historiskt konsertprogram fr\u00e5n 1800-talets \u00c5bo<\/span><\/a>\n\n\t\t\t\t\t\t\t\t\t\t\t\t\n\n\t\t\t\t\t\t\t\t\t\t\t<div class=\"vert-center\">\n\t\t\t\t\t\t\t\t\t\t\t\t\t\t\t\t\t\t\t\t\t\t\t\t\t<p><span>5.5.2011 kl. 18 | Gamla Akademihusets solennitetssal<\/span><\/p>\t\t\t\t\t\t\t\t\t\t\t\t\t<h3>Sk\u00f6nhet, \u00e4ndam\u00e5lsenlighet, h\u00e5llbarhet &#8211; historiskt konsertprogram fr\u00e5n 1800-talets \u00c5bo<\/h3>\n\n\t\t\t\t\t\t\t\t\t\t\t\t\t<svg class=\"next-arrow\" xmlns=\"http:\/\/www.w3.org\/2000\/svg\" xmlns:xlink=\"http:\/\/www.w3.org\/1999\/xlink\" viewBox=\"0 0 39 12\"><line class=\"top\" x1=\"23\" y1=\"-0.5\" x2=\"29.5\" y2=\"6.5\" stroke=\"#ffffff;\"\/><line class=\"bottom\" x1=\"23\" y1=\"12.5\" x2=\"29.5\" y2=\"5.5\" stroke=\"#ffffff;\"\/><\/svg><span class=\"line\"><\/span><\/span>\n\n\t\t\t\t\t\t\t\t\t\t\t\t\t\t\t\t\t\t\t\t\t\t\t<\/div><!--\/vert-center-->\n\n\t\t\t\t\t\t\t\t\t\t<\/div>\n\t\t\t\t\t\t\t\t\t<\/div><!--work-item-->\n\n\t\t\t\t\t\t\t\t\n\n\t\t\t\t\t\t\t<\/div><!--\/inner-wrap-->\n\t\t\t\t\t\t<\/div><!--\/col-->\n\n\t\t\t\t\t\n\t\t\t\t\t\t\n\t\t\t\t\t\t<div class=\"col span_4  element 2011-sv \"  data-project-cat=\"2011-sv \" data-project-color=\"#6d355e\" data-title-color=\"\" data-subtitle-color=\"\">\n\n\t\t\t\t\t\t\t<div class=\"inner-wrap animated\" data-animation=\"none\">\n\n\t\t\t\t\t\t\t\t\n\t\t\t\t\t\t\t\t\t<div class=\"work-item style-2\" data-custom-content=\"off\">\n\n\t\t\t\t\t\t\t\t\t\t<img loading=\"lazy\" decoding=\"async\" class=\"size- skip-lazy\" src=\"https:\/\/www.kuninkaantienmuusikot.fi\/uusi\/wp-content\/uploads\/2009\/03\/Zelenka_MissaDF_0903_artikkeli2-514x403.jpg\" alt=\"\" height=\"403\" width=\"514\" srcset=\"https:\/\/www.kuninkaantienmuusikot.fi\/uusi\/wp-content\/uploads\/2009\/03\/Zelenka_MissaDF_0903_artikkeli2-514x403.jpg 600w, https:\/\/www.kuninkaantienmuusikot.fi\/uusi\/wp-content\/uploads\/2009\/03\/Zelenka_MissaDF_0903_artikkeli2-400x269.jpg 400w\" sizes=\"auto, (min-width: 1000px) 33.3vw, (min-width: 690px) 50vw, 100vw\" \/>\n\t\t\t\t\t\t\t\t\t\t<div class=\"work-info-bg\"><\/div>\n\t\t\t\t\t\t\t\t\t\t<div class=\"work-info\">\n\n\t\t\t\t\t\t\t\t\t\t\t\n\n\t\t\t\t\t\t\t\t\t\t\t\t\n\t\t\t\t\t\t\t\t\t\t\t\t\t<a href=\"https:\/\/www.kuninkaantienmuusikot.fi\/sv\/konsertit\/akatemiatalo-2011-2\"><span class=\"screen-reader-text\">Sk\u00f6nhet, \u00e4ndam\u00e5lsenlighet, h\u00e5llbarhet &#8211; historiskt konsertprogram fr\u00e5n 1800-talets \u00c5bo II<\/span><\/a>\n\n\t\t\t\t\t\t\t\t\t\t\t\t\n\n\t\t\t\t\t\t\t\t\t\t\t<div class=\"vert-center\">\n\t\t\t\t\t\t\t\t\t\t\t\t\t\t\t\t\t\t\t\t\t\t\t\t\t<p><span>12.5.2011 kl. 18 | Gamla Akademihusets solennitetssal<\/span><\/p>\t\t\t\t\t\t\t\t\t\t\t\t\t<h3>Sk\u00f6nhet, \u00e4ndam\u00e5lsenlighet, h\u00e5llbarhet &#8211; historiskt konsertprogram fr\u00e5n 1800-talets \u00c5bo II<\/h3>\n\n\t\t\t\t\t\t\t\t\t\t\t\t\t<svg class=\"next-arrow\" xmlns=\"http:\/\/www.w3.org\/2000\/svg\" xmlns:xlink=\"http:\/\/www.w3.org\/1999\/xlink\" viewBox=\"0 0 39 12\"><line class=\"top\" x1=\"23\" y1=\"-0.5\" x2=\"29.5\" y2=\"6.5\" stroke=\"#ffffff;\"\/><line class=\"bottom\" x1=\"23\" y1=\"12.5\" x2=\"29.5\" y2=\"5.5\" stroke=\"#ffffff;\"\/><\/svg><span class=\"line\"><\/span><\/span>\n\n\t\t\t\t\t\t\t\t\t\t\t\t\t\t\t\t\t\t\t\t\t\t\t<\/div><!--\/vert-center-->\n\n\t\t\t\t\t\t\t\t\t\t<\/div>\n\t\t\t\t\t\t\t\t\t<\/div><!--work-item-->\n\n\t\t\t\t\t\t\t\t\n\n\t\t\t\t\t\t\t<\/div><!--\/inner-wrap-->\n\t\t\t\t\t\t<\/div><!--\/col-->\n\n\t\t\t\t\t\n\t\t\t\t\t\t\n\t\t\t\t\t\t<div class=\"col span_4  element 2011-sv \"  data-project-cat=\"2011-sv \" data-project-color=\"#6d355e\" data-title-color=\"\" data-subtitle-color=\"\">\n\n\t\t\t\t\t\t\t<div class=\"inner-wrap animated\" data-animation=\"none\">\n\n\t\t\t\t\t\t\t\t\n\t\t\t\t\t\t\t\t\t<div class=\"work-item style-2\" data-custom-content=\"off\">\n\n\t\t\t\t\t\t\t\t\t\t<img loading=\"lazy\" decoding=\"async\" class=\"size- skip-lazy\" src=\"https:\/\/www.kuninkaantienmuusikot.fi\/uusi\/wp-content\/uploads\/2009\/03\/Zelenka_MissaDF_0903_artikkeli2-514x403.jpg\" alt=\"\" height=\"403\" width=\"514\" srcset=\"https:\/\/www.kuninkaantienmuusikot.fi\/uusi\/wp-content\/uploads\/2009\/03\/Zelenka_MissaDF_0903_artikkeli2-514x403.jpg 600w, https:\/\/www.kuninkaantienmuusikot.fi\/uusi\/wp-content\/uploads\/2009\/03\/Zelenka_MissaDF_0903_artikkeli2-400x269.jpg 400w\" sizes=\"auto, (min-width: 1000px) 33.3vw, (min-width: 690px) 50vw, 100vw\" \/>\n\t\t\t\t\t\t\t\t\t\t<div class=\"work-info-bg\"><\/div>\n\t\t\t\t\t\t\t\t\t\t<div class=\"work-info\">\n\n\t\t\t\t\t\t\t\t\t\t\t\n\n\t\t\t\t\t\t\t\t\t\t\t\t\n\t\t\t\t\t\t\t\t\t\t\t\t\t<a href=\"https:\/\/www.kuninkaantienmuusikot.fi\/sv\/konsertit\/akatemiatalo-2011-3\"><span class=\"screen-reader-text\">Sk\u00f6nhet, \u00e4ndam\u00e5lsenlighet, h\u00e5llbarhet &#8211; historiskt konsertprogram fr\u00e5n 1800-talets \u00c5bo III<\/span><\/a>\n\n\t\t\t\t\t\t\t\t\t\t\t\t\n\n\t\t\t\t\t\t\t\t\t\t\t<div class=\"vert-center\">\n\t\t\t\t\t\t\t\t\t\t\t\t\t\t\t\t\t\t\t\t\t\t\t\t\t<p><span>19.5.2011 kl. 15 | Gamla Akademihusets solennitetssal<\/span><\/p>\t\t\t\t\t\t\t\t\t\t\t\t\t<h3>Sk\u00f6nhet, \u00e4ndam\u00e5lsenlighet, h\u00e5llbarhet &#8211; historiskt konsertprogram fr\u00e5n 1800-talets \u00c5bo III<\/h3>\n\n\t\t\t\t\t\t\t\t\t\t\t\t\t<svg class=\"next-arrow\" xmlns=\"http:\/\/www.w3.org\/2000\/svg\" xmlns:xlink=\"http:\/\/www.w3.org\/1999\/xlink\" viewBox=\"0 0 39 12\"><line class=\"top\" x1=\"23\" y1=\"-0.5\" x2=\"29.5\" y2=\"6.5\" stroke=\"#ffffff;\"\/><line class=\"bottom\" x1=\"23\" y1=\"12.5\" x2=\"29.5\" y2=\"5.5\" stroke=\"#ffffff;\"\/><\/svg><span class=\"line\"><\/span><\/span>\n\n\t\t\t\t\t\t\t\t\t\t\t\t\t\t\t\t\t\t\t\t\t\t\t<\/div><!--\/vert-center-->\n\n\t\t\t\t\t\t\t\t\t\t<\/div>\n\t\t\t\t\t\t\t\t\t<\/div><!--work-item-->\n\n\t\t\t\t\t\t\t\t\n\n\t\t\t\t\t\t\t<\/div><!--\/inner-wrap-->\n\t\t\t\t\t\t<\/div><!--\/col-->\n\n\t\t\t\t\t\n\t\t\t\t\t\t\n\t\t\t\t\t\t<div class=\"col span_4  element 2011-sv \"  data-project-cat=\"2011-sv \" data-project-color=\"#6d355e\" data-title-color=\"\" data-subtitle-color=\"\">\n\n\t\t\t\t\t\t\t<div class=\"inner-wrap animated\" data-animation=\"none\">\n\n\t\t\t\t\t\t\t\t\n\t\t\t\t\t\t\t\t\t<div class=\"work-item style-2\" data-custom-content=\"off\">\n\n\t\t\t\t\t\t\t\t\t\t<img loading=\"lazy\" decoding=\"async\" class=\"size- skip-lazy\" src=\"https:\/\/www.kuninkaantienmuusikot.fi\/uusi\/wp-content\/uploads\/2018\/11\/1108_Fortepiano_artikkeli-500x403.jpg\" alt=\"\" height=\"403\" width=\"500\" srcset=\"https:\/\/www.kuninkaantienmuusikot.fi\/uusi\/wp-content\/uploads\/2018\/11\/1108_Fortepiano_artikkeli-500x403.jpg 600w, https:\/\/www.kuninkaantienmuusikot.fi\/uusi\/wp-content\/uploads\/2018\/11\/1108_Fortepiano_artikkeli-400x269.jpg 400w\" sizes=\"auto, (min-width: 1000px) 33.3vw, (min-width: 690px) 50vw, 100vw\" \/>\n\t\t\t\t\t\t\t\t\t\t<div class=\"work-info-bg\"><\/div>\n\t\t\t\t\t\t\t\t\t\t<div class=\"work-info\">\n\n\t\t\t\t\t\t\t\t\t\t\t\n\n\t\t\t\t\t\t\t\t\t\t\t\t\n\t\t\t\t\t\t\t\t\t\t\t\t\t<a href=\"https:\/\/www.kuninkaantienmuusikot.fi\/sv\/konsertit\/fortepianot\"><span class=\"screen-reader-text\">Tre konserter p\u00e5 historiska fortepianon<\/span><\/a>\n\n\t\t\t\t\t\t\t\t\t\t\t\t\n\n\t\t\t\t\t\t\t\t\t\t\t<div class=\"vert-center\">\n\t\t\t\t\t\t\t\t\t\t\t\t\t\t\t\t\t\t\t\t\t\t\t\t\t<p><span>18.8.2011 kl. 20 | FBK-huset i \u00c5bo<\/span><\/p>\t\t\t\t\t\t\t\t\t\t\t\t\t<h3>Tre konserter p\u00e5 historiska fortepianon<\/h3>\n\n\t\t\t\t\t\t\t\t\t\t\t\t\t<svg class=\"next-arrow\" xmlns=\"http:\/\/www.w3.org\/2000\/svg\" xmlns:xlink=\"http:\/\/www.w3.org\/1999\/xlink\" viewBox=\"0 0 39 12\"><line class=\"top\" x1=\"23\" y1=\"-0.5\" x2=\"29.5\" y2=\"6.5\" stroke=\"#ffffff;\"\/><line class=\"bottom\" x1=\"23\" y1=\"12.5\" x2=\"29.5\" y2=\"5.5\" stroke=\"#ffffff;\"\/><\/svg><span class=\"line\"><\/span><\/span>\n\n\t\t\t\t\t\t\t\t\t\t\t\t\t\t\t\t\t\t\t\t\t\t\t<\/div><!--\/vert-center-->\n\n\t\t\t\t\t\t\t\t\t\t<\/div>\n\t\t\t\t\t\t\t\t\t<\/div><!--work-item-->\n\n\t\t\t\t\t\t\t\t\n\n\t\t\t\t\t\t\t<\/div><!--\/inner-wrap-->\n\t\t\t\t\t\t<\/div><!--\/col-->\n\n\t\t\t\t\t\n\t\t\t\t\t\t\n\t\t\t\t\t\t<div class=\"col span_4  element 2011-sv \"  data-project-cat=\"2011-sv \" data-project-color=\"#6d355e\" data-title-color=\"\" data-subtitle-color=\"\">\n\n\t\t\t\t\t\t\t<div class=\"inner-wrap animated\" data-animation=\"none\">\n\n\t\t\t\t\t\t\t\t\n\t\t\t\t\t\t\t\t\t<div class=\"work-item style-2\" data-custom-content=\"off\">\n\n\t\t\t\t\t\t\t\t\t\t<img loading=\"lazy\" decoding=\"async\" class=\"size- skip-lazy\" src=\"https:\/\/www.kuninkaantienmuusikot.fi\/uusi\/wp-content\/uploads\/2009\/03\/Zelenka_MissaDF_0903_artikkeli2-514x403.jpg\" alt=\"\" height=\"403\" width=\"514\" srcset=\"https:\/\/www.kuninkaantienmuusikot.fi\/uusi\/wp-content\/uploads\/2009\/03\/Zelenka_MissaDF_0903_artikkeli2-514x403.jpg 600w, https:\/\/www.kuninkaantienmuusikot.fi\/uusi\/wp-content\/uploads\/2009\/03\/Zelenka_MissaDF_0903_artikkeli2-400x269.jpg 400w\" sizes=\"auto, (min-width: 1000px) 33.3vw, (min-width: 690px) 50vw, 100vw\" \/>\n\t\t\t\t\t\t\t\t\t\t<div class=\"work-info-bg\"><\/div>\n\t\t\t\t\t\t\t\t\t\t<div class=\"work-info\">\n\n\t\t\t\t\t\t\t\t\t\t\t\n\n\t\t\t\t\t\t\t\t\t\t\t\t\n\t\t\t\t\t\t\t\t\t\t\t\t\t<a href=\"https:\/\/www.kuninkaantienmuusikot.fi\/sv\/konsertit\/turun-linna-2011\"><span class=\"screen-reader-text\">Bernhard Romberg: Divertimento sopra un tema finlandico<\/span><\/a>\n\n\t\t\t\t\t\t\t\t\t\t\t\t\n\n\t\t\t\t\t\t\t\t\t\t\t<div class=\"vert-center\">\n\t\t\t\t\t\t\t\t\t\t\t\t\t\t\t\t\t\t\t\t\t\t\t\t\t<p><span>19.8.2011 kl. 12 | \u00c5bo slott<\/span><\/p>\t\t\t\t\t\t\t\t\t\t\t\t\t<h3>Bernhard Romberg: Divertimento sopra un tema finlandico<\/h3>\n\n\t\t\t\t\t\t\t\t\t\t\t\t\t<svg class=\"next-arrow\" xmlns=\"http:\/\/www.w3.org\/2000\/svg\" xmlns:xlink=\"http:\/\/www.w3.org\/1999\/xlink\" viewBox=\"0 0 39 12\"><line class=\"top\" x1=\"23\" y1=\"-0.5\" x2=\"29.5\" y2=\"6.5\" stroke=\"#ffffff;\"\/><line class=\"bottom\" x1=\"23\" y1=\"12.5\" x2=\"29.5\" y2=\"5.5\" stroke=\"#ffffff;\"\/><\/svg><span class=\"line\"><\/span><\/span>\n\n\t\t\t\t\t\t\t\t\t\t\t\t\t\t\t\t\t\t\t\t\t\t\t<\/div><!--\/vert-center-->\n\n\t\t\t\t\t\t\t\t\t\t<\/div>\n\t\t\t\t\t\t\t\t\t<\/div><!--work-item-->\n\n\t\t\t\t\t\t\t\t\n\n\t\t\t\t\t\t\t<\/div><!--\/inner-wrap-->\n\t\t\t\t\t\t<\/div><!--\/col-->\n\n\t\t\t\t\t\n\t\t\t\t\t\t\n\t\t\t\t\t\t<div class=\"col span_4  element 2011-sv \"  data-project-cat=\"2011-sv \" data-project-color=\"#6d355e\" data-title-color=\"\" data-subtitle-color=\"\">\n\n\t\t\t\t\t\t\t<div class=\"inner-wrap animated\" data-animation=\"none\">\n\n\t\t\t\t\t\t\t\t\n\t\t\t\t\t\t\t\t\t<div class=\"work-item style-2\" data-custom-content=\"off\">\n\n\t\t\t\t\t\t\t\t\t\t<img decoding=\"async\" class=\"size- skip-lazy\" src=\"https:\/\/www.kuninkaantienmuusikot.fi\/uusi\/wp-content\/uploads\/2018\/07\/1012_Dixit_artikkeli.jpg\" alt=\"\" height=\"\" width=\"\" srcset=\"https:\/\/www.kuninkaantienmuusikot.fi\/uusi\/wp-content\/uploads\/2018\/07\/1012_Dixit_artikkeli.jpg 600w, https:\/\/www.kuninkaantienmuusikot.fi\/uusi\/wp-content\/uploads\/2018\/07\/1012_Dixit_artikkeli-400x269.jpg 400w\" sizes=\"(min-width: 1000px) 33.3vw, (min-width: 690px) 50vw, 100vw\" \/>\n\t\t\t\t\t\t\t\t\t\t<div class=\"work-info-bg\"><\/div>\n\t\t\t\t\t\t\t\t\t\t<div class=\"work-info\">\n\n\t\t\t\t\t\t\t\t\t\t\t\n\n\t\t\t\t\t\t\t\t\t\t\t\t\n\t\t\t\t\t\t\t\t\t\t\t\t\t<a href=\"https:\/\/www.kuninkaantienmuusikot.fi\/sv\/konsertit\/dixit-viipuri\"><span class=\"screen-reader-text\">\u0413\u0435\u043e\u0440\u0433 \u0424\u0440\u0438\u0434\u0440\u0438\u0445 \u0413\u0435\u043d\u0434\u0435\u043b\u044c: \u0414\u0438\u043a\u0441\u0438\u0442 \u0414\u043e\u043c\u0438\u043d\u0443\u0441 HWV 232<\/span><\/a>\n\n\t\t\t\t\t\t\t\t\t\t\t\t\n\n\t\t\t\t\t\t\t\t\t\t\t<div class=\"vert-center\">\n\t\t\t\t\t\t\t\t\t\t\t\t\t\t\t\t\t\t\t\t\t\t\t\t\t<p><span>28.10.2011 kl. 19 | \u0421\u043e\u0431\u043e\u0440 \u0421\u0432\u044f\u0442\u044b\u0445 \u041f\u0435\u0442\u0440\u0430 \u0438 \u041f\u0430\u0432\u043b\u0430, \u0412\u044b\u0431\u043e\u0440\u0433<\/span><\/p>\t\t\t\t\t\t\t\t\t\t\t\t\t<h3>\u0413\u0435\u043e\u0440\u0433 \u0424\u0440\u0438\u0434\u0440\u0438\u0445 \u0413\u0435\u043d\u0434\u0435\u043b\u044c: \u0414\u0438\u043a\u0441\u0438\u0442 \u0414\u043e\u043c\u0438\u043d\u0443\u0441 HWV 232<\/h3>\n\n\t\t\t\t\t\t\t\t\t\t\t\t\t<svg class=\"next-arrow\" xmlns=\"http:\/\/www.w3.org\/2000\/svg\" xmlns:xlink=\"http:\/\/www.w3.org\/1999\/xlink\" viewBox=\"0 0 39 12\"><line class=\"top\" x1=\"23\" y1=\"-0.5\" x2=\"29.5\" y2=\"6.5\" stroke=\"#ffffff;\"\/><line class=\"bottom\" x1=\"23\" y1=\"12.5\" x2=\"29.5\" y2=\"5.5\" stroke=\"#ffffff;\"\/><\/svg><span class=\"line\"><\/span><\/span>\n\n\t\t\t\t\t\t\t\t\t\t\t\t\t\t\t\t\t\t\t\t\t\t\t<\/div><!--\/vert-center-->\n\n\t\t\t\t\t\t\t\t\t\t<\/div>\n\t\t\t\t\t\t\t\t\t<\/div><!--work-item-->\n\n\t\t\t\t\t\t\t\t\n\n\t\t\t\t\t\t\t<\/div><!--\/inner-wrap-->\n\t\t\t\t\t\t<\/div><!--\/col-->\n\n\t\t\t\t\t\n\t\t\t\t\t\t\n\t\t\t\t\t\t<div class=\"col span_4  element 2011-sv \"  data-project-cat=\"2011-sv \" data-project-color=\"#6d355e\" data-title-color=\"\" data-subtitle-color=\"\">\n\n\t\t\t\t\t\t\t<div class=\"inner-wrap animated\" data-animation=\"none\">\n\n\t\t\t\t\t\t\t\t\n\t\t\t\t\t\t\t\t\t<div class=\"work-item style-2\" data-custom-content=\"off\">\n\n\t\t\t\t\t\t\t\t\t\t<img decoding=\"async\" class=\"size- skip-lazy\" src=\"https:\/\/www.kuninkaantienmuusikot.fi\/uusi\/wp-content\/uploads\/2018\/07\/1012_Dixit_artikkeli.jpg\" alt=\"\" height=\"\" width=\"\" srcset=\"https:\/\/www.kuninkaantienmuusikot.fi\/uusi\/wp-content\/uploads\/2018\/07\/1012_Dixit_artikkeli.jpg 600w, https:\/\/www.kuninkaantienmuusikot.fi\/uusi\/wp-content\/uploads\/2018\/07\/1012_Dixit_artikkeli-400x269.jpg 400w\" sizes=\"(min-width: 1000px) 33.3vw, (min-width: 690px) 50vw, 100vw\" \/>\n\t\t\t\t\t\t\t\t\t\t<div class=\"work-info-bg\"><\/div>\n\t\t\t\t\t\t\t\t\t\t<div class=\"work-info\">\n\n\t\t\t\t\t\t\t\t\t\t\t\n\n\t\t\t\t\t\t\t\t\t\t\t\t\n\t\t\t\t\t\t\t\t\t\t\t\t\t<a href=\"https:\/\/www.kuninkaantienmuusikot.fi\/sv\/konsertit\/dixit-pietari\"><span class=\"screen-reader-text\">\u0413\u0435\u043e\u0440\u0433 \u0424\u0440\u0438\u0434\u0440\u0438\u0445 \u0413\u0435\u043d\u0434\u0435\u043b\u044c: \u0414\u0438\u043a\u0441\u0438\u0442 \u0414\u043e\u043c\u0438\u043d\u0443\u0441 HWV 232<\/span><\/a>\n\n\t\t\t\t\t\t\t\t\t\t\t\t\n\n\t\t\t\t\t\t\t\t\t\t\t<div class=\"vert-center\">\n\t\t\t\t\t\t\t\t\t\t\t\t\t\t\t\t\t\t\t\t\t\t\t\t\t<p><span>29.10.2011 kl. 19 | \u0413\u043e\u0441\u0443\u0434\u0430\u0440\u0441\u0442\u0432\u0435\u043d\u043d\u0430\u044f \u0430\u043a\u0430\u0434\u0435\u043c\u0438\u0447\u0435\u0441\u043a\u0430\u044f \u041a\u0430\u043f\u0435\u043b\u043b\u0430 \u0421\u0430\u043d\u043a\u0442-\u041f\u0435\u0442\u0435\u0440\u0431\u0443\u0440\u0433\u0430<\/span><\/p>\t\t\t\t\t\t\t\t\t\t\t\t\t<h3>\u0413\u0435\u043e\u0440\u0433 \u0424\u0440\u0438\u0434\u0440\u0438\u0445 \u0413\u0435\u043d\u0434\u0435\u043b\u044c: \u0414\u0438\u043a\u0441\u0438\u0442 \u0414\u043e\u043c\u0438\u043d\u0443\u0441 HWV 232<\/h3>\n\n\t\t\t\t\t\t\t\t\t\t\t\t\t<svg class=\"next-arrow\" xmlns=\"http:\/\/www.w3.org\/2000\/svg\" xmlns:xlink=\"http:\/\/www.w3.org\/1999\/xlink\" viewBox=\"0 0 39 12\"><line class=\"top\" x1=\"23\" y1=\"-0.5\" x2=\"29.5\" y2=\"6.5\" stroke=\"#ffffff;\"\/><line class=\"bottom\" x1=\"23\" y1=\"12.5\" x2=\"29.5\" y2=\"5.5\" stroke=\"#ffffff;\"\/><\/svg><span class=\"line\"><\/span><\/span>\n\n\t\t\t\t\t\t\t\t\t\t\t\t\t\t\t\t\t\t\t\t\t\t\t<\/div><!--\/vert-center-->\n\n\t\t\t\t\t\t\t\t\t\t<\/div>\n\t\t\t\t\t\t\t\t\t<\/div><!--work-item-->\n\n\t\t\t\t\t\t\t\t\n\n\t\t\t\t\t\t\t<\/div><!--\/inner-wrap-->\n\t\t\t\t\t\t<\/div><!--\/col-->\n\n\t\t\t\t\t\n\t\t\t\t\t\t\n\t\t\t\t\t\t<div class=\"col span_4  element 2011-sv \"  data-project-cat=\"2011-sv \" data-project-color=\"#6d355e\" data-title-color=\"\" data-subtitle-color=\"\">\n\n\t\t\t\t\t\t\t<div class=\"inner-wrap animated\" data-animation=\"none\">\n\n\t\t\t\t\t\t\t\t\n\t\t\t\t\t\t\t\t\t<div class=\"work-item style-2\" data-custom-content=\"off\">\n\n\t\t\t\t\t\t\t\t\t\t<img loading=\"lazy\" decoding=\"async\" class=\"size- skip-lazy\" src=\"https:\/\/www.kuninkaantienmuusikot.fi\/uusi\/wp-content\/uploads\/2011\/11\/1111_Tamburini_artikkeli2b-499x403.jpg\" alt=\"\" height=\"403\" width=\"499\" srcset=\"https:\/\/www.kuninkaantienmuusikot.fi\/uusi\/wp-content\/uploads\/2011\/11\/1111_Tamburini_artikkeli2b-499x403.jpg 600w, https:\/\/www.kuninkaantienmuusikot.fi\/uusi\/wp-content\/uploads\/2011\/11\/1111_Tamburini_artikkeli2b-400x269.jpg 400w\" sizes=\"auto, (min-width: 1000px) 33.3vw, (min-width: 690px) 50vw, 100vw\" \/>\n\t\t\t\t\t\t\t\t\t\t<div class=\"work-info-bg\"><\/div>\n\t\t\t\t\t\t\t\t\t\t<div class=\"work-info\">\n\n\t\t\t\t\t\t\t\t\t\t\t\n\n\t\t\t\t\t\t\t\t\t\t\t\t\n\t\t\t\t\t\t\t\t\t\t\t\t\t<a href=\"https:\/\/www.kuninkaantienmuusikot.fi\/sv\/konsertit\/vannelli-urkuresitaali\"><span class=\"screen-reader-text\">Michele Vannelli: Orgelrecital<\/span><\/a>\n\n\t\t\t\t\t\t\t\t\t\t\t\t\n\n\t\t\t\t\t\t\t\t\t\t\t<div class=\"vert-center\">\n\t\t\t\t\t\t\t\t\t\t\t\t\t\t\t\t\t\t\t\t\t\t\t\t\t<p><span>4.11.2011 kl. 19 | Tempelplatsens kyrka<\/span><\/p>\t\t\t\t\t\t\t\t\t\t\t\t\t<h3>Michele Vannelli: Orgelrecital<\/h3>\n\n\t\t\t\t\t\t\t\t\t\t\t\t\t<svg class=\"next-arrow\" xmlns=\"http:\/\/www.w3.org\/2000\/svg\" xmlns:xlink=\"http:\/\/www.w3.org\/1999\/xlink\" viewBox=\"0 0 39 12\"><line class=\"top\" x1=\"23\" y1=\"-0.5\" x2=\"29.5\" y2=\"6.5\" stroke=\"#ffffff;\"\/><line class=\"bottom\" x1=\"23\" y1=\"12.5\" x2=\"29.5\" y2=\"5.5\" stroke=\"#ffffff;\"\/><\/svg><span class=\"line\"><\/span><\/span>\n\n\t\t\t\t\t\t\t\t\t\t\t\t\t\t\t\t\t\t\t\t\t\t\t<\/div><!--\/vert-center-->\n\n\t\t\t\t\t\t\t\t\t\t<\/div>\n\t\t\t\t\t\t\t\t\t<\/div><!--work-item-->\n\n\t\t\t\t\t\t\t\t\n\n\t\t\t\t\t\t\t<\/div><!--\/inner-wrap-->\n\t\t\t\t\t\t<\/div><!--\/col-->\n\n\t\t\t\t\t\n\t\t\t\t\t\t\n\t\t\t\t\t\t<div class=\"col span_4  element 2011-sv \"  data-project-cat=\"2011-sv \" data-project-color=\"#6d355e\" data-title-color=\"\" data-subtitle-color=\"\">\n\n\t\t\t\t\t\t\t<div class=\"inner-wrap animated\" data-animation=\"none\">\n\n\t\t\t\t\t\t\t\t\n\t\t\t\t\t\t\t\t\t<div class=\"work-item style-2\" data-custom-content=\"off\">\n\n\t\t\t\t\t\t\t\t\t\t<img loading=\"lazy\" decoding=\"async\" class=\"size- skip-lazy\" src=\"https:\/\/www.kuninkaantienmuusikot.fi\/uusi\/wp-content\/uploads\/2011\/11\/1111_Tamburini_artikkeli2b-499x403.jpg\" alt=\"\" height=\"403\" width=\"499\" srcset=\"https:\/\/www.kuninkaantienmuusikot.fi\/uusi\/wp-content\/uploads\/2011\/11\/1111_Tamburini_artikkeli2b-499x403.jpg 600w, https:\/\/www.kuninkaantienmuusikot.fi\/uusi\/wp-content\/uploads\/2011\/11\/1111_Tamburini_artikkeli2b-400x269.jpg 400w\" sizes=\"auto, (min-width: 1000px) 33.3vw, (min-width: 690px) 50vw, 100vw\" \/>\n\t\t\t\t\t\t\t\t\t\t<div class=\"work-info-bg\"><\/div>\n\t\t\t\t\t\t\t\t\t\t<div class=\"work-info\">\n\n\t\t\t\t\t\t\t\t\t\t\t\n\n\t\t\t\t\t\t\t\t\t\t\t\t\n\t\t\t\t\t\t\t\t\t\t\t\t\t<a href=\"https:\/\/www.kuninkaantienmuusikot.fi\/sv\/konsertit\/tamburini\"><span class=\"screen-reader-text\">Pietro Antonio Tamburini: Requiem<\/span><\/a>\n\n\t\t\t\t\t\t\t\t\t\t\t\t\n\n\t\t\t\t\t\t\t\t\t\t\t<div class=\"vert-center\">\n\t\t\t\t\t\t\t\t\t\t\t\t\t\t\t\t\t\t\t\t\t\t\t\t\t<p><span>5.11.2011 kl. 19 | S:t Marie kyrka, \u00c5bo<\/span><\/p>\t\t\t\t\t\t\t\t\t\t\t\t\t<h3>Pietro Antonio Tamburini: Requiem<\/h3>\n\n\t\t\t\t\t\t\t\t\t\t\t\t\t<svg class=\"next-arrow\" xmlns=\"http:\/\/www.w3.org\/2000\/svg\" xmlns:xlink=\"http:\/\/www.w3.org\/1999\/xlink\" viewBox=\"0 0 39 12\"><line class=\"top\" x1=\"23\" y1=\"-0.5\" x2=\"29.5\" y2=\"6.5\" stroke=\"#ffffff;\"\/><line class=\"bottom\" x1=\"23\" y1=\"12.5\" x2=\"29.5\" y2=\"5.5\" stroke=\"#ffffff;\"\/><\/svg><span class=\"line\"><\/span><\/span>\n\n\t\t\t\t\t\t\t\t\t\t\t\t\t\t\t\t\t\t\t\t\t\t\t<\/div><!--\/vert-center-->\n\n\t\t\t\t\t\t\t\t\t\t<\/div>\n\t\t\t\t\t\t\t\t\t<\/div><!--work-item-->\n\n\t\t\t\t\t\t\t\t\n\n\t\t\t\t\t\t\t<\/div><!--\/inner-wrap-->\n\t\t\t\t\t\t<\/div><!--\/col-->\n\n\t\t\t\t\t\n\t\t\t\t\t\t\n\t\t\t\t\t\t<div class=\"col span_4  element 2011-sv \"  data-project-cat=\"2011-sv \" data-project-color=\"#6d355e\" data-title-color=\"\" data-subtitle-color=\"\">\n\n\t\t\t\t\t\t\t<div class=\"inner-wrap animated\" data-animation=\"none\">\n\n\t\t\t\t\t\t\t\t\n\t\t\t\t\t\t\t\t\t<div class=\"work-item style-2\" data-custom-content=\"off\">\n\n\t\t\t\t\t\t\t\t\t\t<img loading=\"lazy\" decoding=\"async\" class=\"size- skip-lazy\" src=\"https:\/\/www.kuninkaantienmuusikot.fi\/uusi\/wp-content\/uploads\/2018\/07\/Mariazeller_1001_artikkeli-500x403.jpg\" alt=\"\" height=\"403\" width=\"500\" srcset=\"https:\/\/www.kuninkaantienmuusikot.fi\/uusi\/wp-content\/uploads\/2018\/07\/Mariazeller_1001_artikkeli-500x403.jpg 600w, https:\/\/www.kuninkaantienmuusikot.fi\/uusi\/wp-content\/uploads\/2018\/07\/Mariazeller_1001_artikkeli-400x269.jpg 400w\" sizes=\"auto, (min-width: 1000px) 33.3vw, (min-width: 690px) 50vw, 100vw\" \/>\n\t\t\t\t\t\t\t\t\t\t<div class=\"work-info-bg\"><\/div>\n\t\t\t\t\t\t\t\t\t\t<div class=\"work-info\">\n\n\t\t\t\t\t\t\t\t\t\t\t\n\n\t\t\t\t\t\t\t\t\t\t\t\t\n\t\t\t\t\t\t\t\t\t\t\t\t\t<a href=\"https:\/\/www.kuninkaantienmuusikot.fi\/sv\/konsertit\/nelson-messu\"><span class=\"screen-reader-text\">Joseph Haydn: Nelsonm\u00e4ssan<\/span><\/a>\n\n\t\t\t\t\t\t\t\t\t\t\t\t\n\n\t\t\t\t\t\t\t\t\t\t\t<div class=\"vert-center\">\n\t\t\t\t\t\t\t\t\t\t\t\t\t\t\t\t\t\t\t\t\t\t\t\t\t<p><span>4.12.2011 kl. 19 | \u00c5bo domkyrka<\/span><\/p>\t\t\t\t\t\t\t\t\t\t\t\t\t<h3>Joseph Haydn: Nelsonm\u00e4ssan<\/h3>\n\n\t\t\t\t\t\t\t\t\t\t\t\t\t<svg class=\"next-arrow\" xmlns=\"http:\/\/www.w3.org\/2000\/svg\" xmlns:xlink=\"http:\/\/www.w3.org\/1999\/xlink\" viewBox=\"0 0 39 12\"><line class=\"top\" x1=\"23\" y1=\"-0.5\" x2=\"29.5\" y2=\"6.5\" stroke=\"#ffffff;\"\/><line class=\"bottom\" x1=\"23\" y1=\"12.5\" x2=\"29.5\" y2=\"5.5\" stroke=\"#ffffff;\"\/><\/svg><span class=\"line\"><\/span><\/span>\n\n\t\t\t\t\t\t\t\t\t\t\t\t\t\t\t\t\t\t\t\t\t\t\t<\/div><!--\/vert-center-->\n\n\t\t\t\t\t\t\t\t\t\t<\/div>\n\t\t\t\t\t\t\t\t\t<\/div><!--work-item-->\n\n\t\t\t\t\t\t\t\t\n\n\t\t\t\t\t\t\t<\/div><!--\/inner-wrap-->\n\t\t\t\t\t\t<\/div><!--\/col-->\n\n\t\t\t\t\t\n\t\t\t\t\t\t\n\t\t\t\t\t\t<div class=\"col span_4  element 2011-sv \"  data-project-cat=\"2011-sv \" data-project-color=\"#6d355e\" data-title-color=\"\" data-subtitle-color=\"\">\n\n\t\t\t\t\t\t\t<div class=\"inner-wrap animated\" data-animation=\"none\">\n\n\t\t\t\t\t\t\t\t\n\t\t\t\t\t\t\t\t\t<div class=\"work-item style-2\" data-custom-content=\"off\">\n\n\t\t\t\t\t\t\t\t\t\t<img loading=\"lazy\" decoding=\"async\" class=\"size- skip-lazy\" src=\"https:\/\/www.kuninkaantienmuusikot.fi\/uusi\/wp-content\/uploads\/2018\/11\/1112_P\u00e4rt_artikkeli-500x403.jpg\" alt=\"\" height=\"403\" width=\"500\" srcset=\"https:\/\/www.kuninkaantienmuusikot.fi\/uusi\/wp-content\/uploads\/2018\/11\/1112_P\u00e4rt_artikkeli-500x403.jpg 600w, https:\/\/www.kuninkaantienmuusikot.fi\/uusi\/wp-content\/uploads\/2018\/11\/1112_P\u00e4rt_artikkeli-400x269.jpg 400w\" sizes=\"auto, (min-width: 1000px) 33.3vw, (min-width: 690px) 50vw, 100vw\" \/>\n\t\t\t\t\t\t\t\t\t\t<div class=\"work-info-bg\"><\/div>\n\t\t\t\t\t\t\t\t\t\t<div class=\"work-info\">\n\n\t\t\t\t\t\t\t\t\t\t\t\n\n\t\t\t\t\t\t\t\t\t\t\t\t\n\t\t\t\t\t\t\t\t\t\t\t\t\t<a href=\"https:\/\/www.kuninkaantienmuusikot.fi\/sv\/konsertit\/adams-lament\"><span class=\"screen-reader-text\">Arvo P\u00e4rt: Adam&#8217;s Lament<\/span><\/a>\n\n\t\t\t\t\t\t\t\t\t\t\t\t\n\n\t\t\t\t\t\t\t\t\t\t\t<div class=\"vert-center\">\n\t\t\t\t\t\t\t\t\t\t\t\t\t\t\t\t\t\t\t\t\t\t\t\t\t<p><span>7.12.2011 kl. 19.30 | Mikaelskyrkan, \u00c5bo<\/span><\/p>\t\t\t\t\t\t\t\t\t\t\t\t\t<h3>Arvo P\u00e4rt: Adam&#8217;s Lament<\/h3>\n\n\t\t\t\t\t\t\t\t\t\t\t\t\t<svg class=\"next-arrow\" xmlns=\"http:\/\/www.w3.org\/2000\/svg\" xmlns:xlink=\"http:\/\/www.w3.org\/1999\/xlink\" viewBox=\"0 0 39 12\"><line class=\"top\" x1=\"23\" y1=\"-0.5\" x2=\"29.5\" y2=\"6.5\" stroke=\"#ffffff;\"\/><line class=\"bottom\" x1=\"23\" y1=\"12.5\" x2=\"29.5\" y2=\"5.5\" stroke=\"#ffffff;\"\/><\/svg><span class=\"line\"><\/span><\/span>\n\n\t\t\t\t\t\t\t\t\t\t\t\t\t\t\t\t\t\t\t\t\t\t\t<\/div><!--\/vert-center-->\n\n\t\t\t\t\t\t\t\t\t\t<\/div>\n\t\t\t\t\t\t\t\t\t<\/div><!--work-item-->\n\n\t\t\t\t\t\t\t\t\n\n\t\t\t\t\t\t\t<\/div><!--\/inner-wrap-->\n\t\t\t\t\t\t<\/div><!--\/col-->\n\n\t\t\t\t\t\n\t\t\t\t\t\t\n\t\t\t\t\t\t<div class=\"col span_4  element 2012-sv \"  data-project-cat=\"2012-sv \" data-project-color=\"#6d355e\" data-title-color=\"\" data-subtitle-color=\"\">\n\n\t\t\t\t\t\t\t<div class=\"inner-wrap animated\" data-animation=\"none\">\n\n\t\t\t\t\t\t\t\t\n\t\t\t\t\t\t\t\t\t<div class=\"work-item style-2\" data-custom-content=\"off\">\n\n\t\t\t\t\t\t\t\t\t\t<img loading=\"lazy\" decoding=\"async\" class=\"size- skip-lazy\" src=\"https:\/\/www.kuninkaantienmuusikot.fi\/uusi\/wp-content\/uploads\/2018\/11\/1204_Bach_Taivaaseenastumis_artikkeli-500x403.jpg\" alt=\"\" height=\"403\" width=\"500\" srcset=\"https:\/\/www.kuninkaantienmuusikot.fi\/uusi\/wp-content\/uploads\/2018\/11\/1204_Bach_Taivaaseenastumis_artikkeli-500x403.jpg 600w, https:\/\/www.kuninkaantienmuusikot.fi\/uusi\/wp-content\/uploads\/2018\/11\/1204_Bach_Taivaaseenastumis_artikkeli-400x269.jpg 400w\" sizes=\"auto, (min-width: 1000px) 33.3vw, (min-width: 690px) 50vw, 100vw\" \/>\n\t\t\t\t\t\t\t\t\t\t<div class=\"work-info-bg\"><\/div>\n\t\t\t\t\t\t\t\t\t\t<div class=\"work-info\">\n\n\t\t\t\t\t\t\t\t\t\t\t\n\n\t\t\t\t\t\t\t\t\t\t\t\t\n\t\t\t\t\t\t\t\t\t\t\t\t\t<a href=\"https:\/\/www.kuninkaantienmuusikot.fi\/sv\/konsertit\/taivaaseenastumisoratorio\"><span class=\"screen-reader-text\">Johann Sebastian Bach: Himmelsf\u00e4rdsoratorium<\/span><\/a>\n\n\t\t\t\t\t\t\t\t\t\t\t\t\n\n\t\t\t\t\t\t\t\t\t\t\t<div class=\"vert-center\">\n\t\t\t\t\t\t\t\t\t\t\t\t\t\t\t\t\t\t\t\t\t\t\t\t\t<p><span>8.4.2012 kl. 19 | \u00c5bo domkyrka<\/span><\/p>\t\t\t\t\t\t\t\t\t\t\t\t\t<h3>Johann Sebastian Bach: Himmelsf\u00e4rdsoratorium<\/h3>\n\n\t\t\t\t\t\t\t\t\t\t\t\t\t<svg class=\"next-arrow\" xmlns=\"http:\/\/www.w3.org\/2000\/svg\" xmlns:xlink=\"http:\/\/www.w3.org\/1999\/xlink\" viewBox=\"0 0 39 12\"><line class=\"top\" x1=\"23\" y1=\"-0.5\" x2=\"29.5\" y2=\"6.5\" stroke=\"#ffffff;\"\/><line class=\"bottom\" x1=\"23\" y1=\"12.5\" x2=\"29.5\" y2=\"5.5\" stroke=\"#ffffff;\"\/><\/svg><span class=\"line\"><\/span><\/span>\n\n\t\t\t\t\t\t\t\t\t\t\t\t\t\t\t\t\t\t\t\t\t\t\t<\/div><!--\/vert-center-->\n\n\t\t\t\t\t\t\t\t\t\t<\/div>\n\t\t\t\t\t\t\t\t\t<\/div><!--work-item-->\n\n\t\t\t\t\t\t\t\t\n\n\t\t\t\t\t\t\t<\/div><!--\/inner-wrap-->\n\t\t\t\t\t\t<\/div><!--\/col-->\n\n\t\t\t\t\t\n\t\t\t\t\t\t\n\t\t\t\t\t\t<div class=\"col span_4  element 2012-sv \"  data-project-cat=\"2012-sv \" data-project-color=\"#6d355e\" data-title-color=\"\" data-subtitle-color=\"\">\n\n\t\t\t\t\t\t\t<div class=\"inner-wrap animated\" data-animation=\"none\">\n\n\t\t\t\t\t\t\t\t\n\t\t\t\t\t\t\t\t\t<div class=\"work-item style-2\" data-custom-content=\"off\">\n\n\t\t\t\t\t\t\t\t\t\t<img loading=\"lazy\" decoding=\"async\" class=\"size- skip-lazy\" src=\"https:\/\/www.kuninkaantienmuusikot.fi\/uusi\/wp-content\/uploads\/2018\/11\/1208_Lasiharmonikka_artikkeli-500x403.jpg\" alt=\"\" height=\"403\" width=\"500\" srcset=\"https:\/\/www.kuninkaantienmuusikot.fi\/uusi\/wp-content\/uploads\/2018\/11\/1208_Lasiharmonikka_artikkeli-500x403.jpg 600w, https:\/\/www.kuninkaantienmuusikot.fi\/uusi\/wp-content\/uploads\/2018\/11\/1208_Lasiharmonikka_artikkeli-400x269.jpg 400w\" sizes=\"auto, (min-width: 1000px) 33.3vw, (min-width: 690px) 50vw, 100vw\" \/>\n\t\t\t\t\t\t\t\t\t\t<div class=\"work-info-bg\"><\/div>\n\t\t\t\t\t\t\t\t\t\t<div class=\"work-info\">\n\n\t\t\t\t\t\t\t\t\t\t\t\n\n\t\t\t\t\t\t\t\t\t\t\t\t\n\t\t\t\t\t\t\t\t\t\t\t\t\t<a href=\"https:\/\/www.kuninkaantienmuusikot.fi\/sv\/konsertit\/lasimuseo\"><span class=\"screen-reader-text\">Konsert i Finlands glasmuseum<\/span><\/a>\n\n\t\t\t\t\t\t\t\t\t\t\t\t\n\n\t\t\t\t\t\t\t\t\t\t\t<div class=\"vert-center\">\n\t\t\t\t\t\t\t\t\t\t\t\t\t\t\t\t\t\t\t\t\t\t\t\t\t<p><span>15.8.2012 kl. 19 | Finlands glasmuseum<\/span><\/p>\t\t\t\t\t\t\t\t\t\t\t\t\t<h3>Konsert i Finlands glasmuseum<\/h3>\n\n\t\t\t\t\t\t\t\t\t\t\t\t\t<svg class=\"next-arrow\" xmlns=\"http:\/\/www.w3.org\/2000\/svg\" xmlns:xlink=\"http:\/\/www.w3.org\/1999\/xlink\" viewBox=\"0 0 39 12\"><line class=\"top\" x1=\"23\" y1=\"-0.5\" x2=\"29.5\" y2=\"6.5\" stroke=\"#ffffff;\"\/><line class=\"bottom\" x1=\"23\" y1=\"12.5\" x2=\"29.5\" y2=\"5.5\" stroke=\"#ffffff;\"\/><\/svg><span class=\"line\"><\/span><\/span>\n\n\t\t\t\t\t\t\t\t\t\t\t\t\t\t\t\t\t\t\t\t\t\t\t<\/div><!--\/vert-center-->\n\n\t\t\t\t\t\t\t\t\t\t<\/div>\n\t\t\t\t\t\t\t\t\t<\/div><!--work-item-->\n\n\t\t\t\t\t\t\t\t\n\n\t\t\t\t\t\t\t<\/div><!--\/inner-wrap-->\n\t\t\t\t\t\t<\/div><!--\/col-->\n\n\t\t\t\t\t\n\t\t\t\t\t\t\n\t\t\t\t\t\t<div class=\"col span_4  element 2012-sv \"  data-project-cat=\"2012-sv \" data-project-color=\"#6d355e\" data-title-color=\"\" data-subtitle-color=\"\">\n\n\t\t\t\t\t\t\t<div class=\"inner-wrap animated\" data-animation=\"none\">\n\n\t\t\t\t\t\t\t\t\n\t\t\t\t\t\t\t\t\t<div class=\"work-item style-2\" data-custom-content=\"off\">\n\n\t\t\t\t\t\t\t\t\t\t<img loading=\"lazy\" decoding=\"async\" class=\"size- skip-lazy\" src=\"https:\/\/www.kuninkaantienmuusikot.fi\/uusi\/wp-content\/uploads\/2018\/11\/1208_Lasiharmonikka_artikkeli-500x403.jpg\" alt=\"\" height=\"403\" width=\"500\" srcset=\"https:\/\/www.kuninkaantienmuusikot.fi\/uusi\/wp-content\/uploads\/2018\/11\/1208_Lasiharmonikka_artikkeli-500x403.jpg 600w, https:\/\/www.kuninkaantienmuusikot.fi\/uusi\/wp-content\/uploads\/2018\/11\/1208_Lasiharmonikka_artikkeli-400x269.jpg 400w\" sizes=\"auto, (min-width: 1000px) 33.3vw, (min-width: 690px) 50vw, 100vw\" \/>\n\t\t\t\t\t\t\t\t\t\t<div class=\"work-info-bg\"><\/div>\n\t\t\t\t\t\t\t\t\t\t<div class=\"work-info\">\n\n\t\t\t\t\t\t\t\t\t\t\t\n\n\t\t\t\t\t\t\t\t\t\t\t\t\n\t\t\t\t\t\t\t\t\t\t\t\t\t<a href=\"https:\/\/www.kuninkaantienmuusikot.fi\/sv\/konsertit\/lasiharmonikka\"><span class=\"screen-reader-text\">Konstens natt 2012<\/span><\/a>\n\n\t\t\t\t\t\t\t\t\t\t\t\t\n\n\t\t\t\t\t\t\t\t\t\t\t<div class=\"vert-center\">\n\t\t\t\t\t\t\t\t\t\t\t\t\t\t\t\t\t\t\t\t\t\t\t\t\t<p><span>16.8.2012 kl. 20 | FBK-huset i \u00c5bo<\/span><\/p>\t\t\t\t\t\t\t\t\t\t\t\t\t<h3>Konstens natt 2012<\/h3>\n\n\t\t\t\t\t\t\t\t\t\t\t\t\t<svg class=\"next-arrow\" xmlns=\"http:\/\/www.w3.org\/2000\/svg\" xmlns:xlink=\"http:\/\/www.w3.org\/1999\/xlink\" viewBox=\"0 0 39 12\"><line class=\"top\" x1=\"23\" y1=\"-0.5\" x2=\"29.5\" y2=\"6.5\" stroke=\"#ffffff;\"\/><line class=\"bottom\" x1=\"23\" y1=\"12.5\" x2=\"29.5\" y2=\"5.5\" stroke=\"#ffffff;\"\/><\/svg><span class=\"line\"><\/span><\/span>\n\n\t\t\t\t\t\t\t\t\t\t\t\t\t\t\t\t\t\t\t\t\t\t\t<\/div><!--\/vert-center-->\n\n\t\t\t\t\t\t\t\t\t\t<\/div>\n\t\t\t\t\t\t\t\t\t<\/div><!--work-item-->\n\n\t\t\t\t\t\t\t\t\n\n\t\t\t\t\t\t\t<\/div><!--\/inner-wrap-->\n\t\t\t\t\t\t<\/div><!--\/col-->\n\n\t\t\t\t\t\n\t\t\t\t\t\t\n\t\t\t\t\t\t<div class=\"col span_4  element 2012-sv \"  data-project-cat=\"2012-sv \" data-project-color=\"#6d355e\" data-title-color=\"\" data-subtitle-color=\"\">\n\n\t\t\t\t\t\t\t<div class=\"inner-wrap animated\" data-animation=\"none\">\n\n\t\t\t\t\t\t\t\t\n\t\t\t\t\t\t\t\t\t<div class=\"work-item style-2\" data-custom-content=\"off\">\n\n\t\t\t\t\t\t\t\t\t\t<img loading=\"lazy\" decoding=\"async\" class=\"size- skip-lazy\" src=\"https:\/\/www.kuninkaantienmuusikot.fi\/uusi\/wp-content\/uploads\/2019\/02\/1209_Turunlinna_artikkeli-481x403.jpg\" alt=\"\" height=\"403\" width=\"481\" srcset=\"https:\/\/www.kuninkaantienmuusikot.fi\/uusi\/wp-content\/uploads\/2019\/02\/1209_Turunlinna_artikkeli-481x403.jpg 600w, https:\/\/www.kuninkaantienmuusikot.fi\/uusi\/wp-content\/uploads\/2019\/02\/1209_Turunlinna_artikkeli-400x269.jpg 400w\" sizes=\"auto, (min-width: 1000px) 33.3vw, (min-width: 690px) 50vw, 100vw\" \/>\n\t\t\t\t\t\t\t\t\t\t<div class=\"work-info-bg\"><\/div>\n\t\t\t\t\t\t\t\t\t\t<div class=\"work-info\">\n\n\t\t\t\t\t\t\t\t\t\t\t\n\n\t\t\t\t\t\t\t\t\t\t\t\t\n\t\t\t\t\t\t\t\t\t\t\t\t\t<a href=\"https:\/\/www.kuninkaantienmuusikot.fi\/sv\/konsertit\/turun-linna-2012\"><span class=\"screen-reader-text\">The 64th World Baden-Powell Fellowship Event<\/span><\/a>\n\n\t\t\t\t\t\t\t\t\t\t\t\t\n\n\t\t\t\t\t\t\t\t\t\t\t<div class=\"vert-center\">\n\t\t\t\t\t\t\t\t\t\t\t\t\t\t\t\t\t\t\t\t\t\t\t\t\t<p><span>8.9.2012 kl. 19 | \u00c5bo slott<\/span><\/p>\t\t\t\t\t\t\t\t\t\t\t\t\t<h3>The 64th World Baden-Powell Fellowship Event<\/h3>\n\n\t\t\t\t\t\t\t\t\t\t\t\t\t<svg class=\"next-arrow\" xmlns=\"http:\/\/www.w3.org\/2000\/svg\" xmlns:xlink=\"http:\/\/www.w3.org\/1999\/xlink\" viewBox=\"0 0 39 12\"><line class=\"top\" x1=\"23\" y1=\"-0.5\" x2=\"29.5\" y2=\"6.5\" stroke=\"#ffffff;\"\/><line class=\"bottom\" x1=\"23\" y1=\"12.5\" x2=\"29.5\" y2=\"5.5\" stroke=\"#ffffff;\"\/><\/svg><span class=\"line\"><\/span><\/span>\n\n\t\t\t\t\t\t\t\t\t\t\t\t\t\t\t\t\t\t\t\t\t\t\t<\/div><!--\/vert-center-->\n\n\t\t\t\t\t\t\t\t\t\t<\/div>\n\t\t\t\t\t\t\t\t\t<\/div><!--work-item-->\n\n\t\t\t\t\t\t\t\t\n\n\t\t\t\t\t\t\t<\/div><!--\/inner-wrap-->\n\t\t\t\t\t\t<\/div><!--\/col-->\n\n\t\t\t\t\t\n\t\t\t\t\t\t\n\t\t\t\t\t\t<div class=\"col span_4  element 2012-sv \"  data-project-cat=\"2012-sv \" data-project-color=\"#6d355e\" data-title-color=\"\" data-subtitle-color=\"\">\n\n\t\t\t\t\t\t\t<div class=\"inner-wrap animated\" data-animation=\"none\">\n\n\t\t\t\t\t\t\t\t\n\t\t\t\t\t\t\t\t\t<div class=\"work-item style-2\" data-custom-content=\"off\">\n\n\t\t\t\t\t\t\t\t\t\t<img loading=\"lazy\" decoding=\"async\" class=\"size- skip-lazy\" src=\"https:\/\/www.kuninkaantienmuusikot.fi\/uusi\/wp-content\/uploads\/2019\/02\/1211_Melani_artikkeli-500x403.jpg\" alt=\"\" height=\"403\" width=\"500\" srcset=\"https:\/\/www.kuninkaantienmuusikot.fi\/uusi\/wp-content\/uploads\/2019\/02\/1211_Melani_artikkeli-500x403.jpg 600w, https:\/\/www.kuninkaantienmuusikot.fi\/uusi\/wp-content\/uploads\/2019\/02\/1211_Melani_artikkeli-400x269.jpg 400w\" sizes=\"auto, (min-width: 1000px) 33.3vw, (min-width: 690px) 50vw, 100vw\" \/>\n\t\t\t\t\t\t\t\t\t\t<div class=\"work-info-bg\"><\/div>\n\t\t\t\t\t\t\t\t\t\t<div class=\"work-info\">\n\n\t\t\t\t\t\t\t\t\t\t\t\n\n\t\t\t\t\t\t\t\t\t\t\t\t\n\t\t\t\t\t\t\t\t\t\t\t\t\t<a href=\"https:\/\/www.kuninkaantienmuusikot.fi\/sv\/konsertit\/melani-requiem\"><span class=\"screen-reader-text\">Alessandro Melani: Requiem<\/span><\/a>\n\n\t\t\t\t\t\t\t\t\t\t\t\t\n\n\t\t\t\t\t\t\t\t\t\t\t<div class=\"vert-center\">\n\t\t\t\t\t\t\t\t\t\t\t\t\t\t\t\t\t\t\t\t\t\t\t\t\t<p><span>3.11.2012 kl. 19 | Katolska kyrkan<\/span><\/p>\t\t\t\t\t\t\t\t\t\t\t\t\t<h3>Alessandro Melani: Requiem<\/h3>\n\n\t\t\t\t\t\t\t\t\t\t\t\t\t<svg class=\"next-arrow\" xmlns=\"http:\/\/www.w3.org\/2000\/svg\" xmlns:xlink=\"http:\/\/www.w3.org\/1999\/xlink\" viewBox=\"0 0 39 12\"><line class=\"top\" x1=\"23\" y1=\"-0.5\" x2=\"29.5\" y2=\"6.5\" stroke=\"#ffffff;\"\/><line class=\"bottom\" x1=\"23\" y1=\"12.5\" x2=\"29.5\" y2=\"5.5\" stroke=\"#ffffff;\"\/><\/svg><span class=\"line\"><\/span><\/span>\n\n\t\t\t\t\t\t\t\t\t\t\t\t\t\t\t\t\t\t\t\t\t\t\t<\/div><!--\/vert-center-->\n\n\t\t\t\t\t\t\t\t\t\t<\/div>\n\t\t\t\t\t\t\t\t\t<\/div><!--work-item-->\n\n\t\t\t\t\t\t\t\t\n\n\t\t\t\t\t\t\t<\/div><!--\/inner-wrap-->\n\t\t\t\t\t\t<\/div><!--\/col-->\n\n\t\t\t\t\t\n\t\t\t\t\t\t\n\t\t\t\t\t\t<div class=\"col span_4  element 2013-sv \"  data-project-cat=\"2013-sv \" data-project-color=\"#6d355e\" data-title-color=\"\" data-subtitle-color=\"\">\n\n\t\t\t\t\t\t\t<div class=\"inner-wrap animated\" data-animation=\"none\">\n\n\t\t\t\t\t\t\t\t\n\t\t\t\t\t\t\t\t\t<div class=\"work-item style-2\" data-custom-content=\"off\">\n\n\t\t\t\t\t\t\t\t\t\t<img loading=\"lazy\" decoding=\"async\" class=\"size- skip-lazy\" src=\"https:\/\/www.kuninkaantienmuusikot.fi\/uusi\/wp-content\/uploads\/2009\/03\/Zelenka_MissaDF_0903_artikkeli2-514x403.jpg\" alt=\"\" height=\"403\" width=\"514\" srcset=\"https:\/\/www.kuninkaantienmuusikot.fi\/uusi\/wp-content\/uploads\/2009\/03\/Zelenka_MissaDF_0903_artikkeli2-514x403.jpg 600w, https:\/\/www.kuninkaantienmuusikot.fi\/uusi\/wp-content\/uploads\/2009\/03\/Zelenka_MissaDF_0903_artikkeli2-400x269.jpg 400w\" sizes=\"auto, (min-width: 1000px) 33.3vw, (min-width: 690px) 50vw, 100vw\" \/>\n\t\t\t\t\t\t\t\t\t\t<div class=\"work-info-bg\"><\/div>\n\t\t\t\t\t\t\t\t\t\t<div class=\"work-info\">\n\n\t\t\t\t\t\t\t\t\t\t\t\n\n\t\t\t\t\t\t\t\t\t\t\t\t\n\t\t\t\t\t\t\t\t\t\t\t\t\t<a href=\"https:\/\/www.kuninkaantienmuusikot.fi\/sv\/konsertit\/zipoli\"><span class=\"screen-reader-text\">Domenico Zipoli: Jesuitm\u00e4ssan<\/span><\/a>\n\n\t\t\t\t\t\t\t\t\t\t\t\t\n\n\t\t\t\t\t\t\t\t\t\t\t<div class=\"vert-center\">\n\t\t\t\t\t\t\t\t\t\t\t\t\t\t\t\t\t\t\t\t\t\t\t\t\t<p><span>6.1.2013 kl. 18 | \u00c5bo domkyrka<\/span><\/p>\t\t\t\t\t\t\t\t\t\t\t\t\t<h3>Domenico Zipoli: Jesuitm\u00e4ssan<\/h3>\n\n\t\t\t\t\t\t\t\t\t\t\t\t\t<svg class=\"next-arrow\" xmlns=\"http:\/\/www.w3.org\/2000\/svg\" xmlns:xlink=\"http:\/\/www.w3.org\/1999\/xlink\" viewBox=\"0 0 39 12\"><line class=\"top\" x1=\"23\" y1=\"-0.5\" x2=\"29.5\" y2=\"6.5\" stroke=\"#ffffff;\"\/><line class=\"bottom\" x1=\"23\" y1=\"12.5\" x2=\"29.5\" y2=\"5.5\" stroke=\"#ffffff;\"\/><\/svg><span class=\"line\"><\/span><\/span>\n\n\t\t\t\t\t\t\t\t\t\t\t\t\t\t\t\t\t\t\t\t\t\t\t<\/div><!--\/vert-center-->\n\n\t\t\t\t\t\t\t\t\t\t<\/div>\n\t\t\t\t\t\t\t\t\t<\/div><!--work-item-->\n\n\t\t\t\t\t\t\t\t\n\n\t\t\t\t\t\t\t<\/div><!--\/inner-wrap-->\n\t\t\t\t\t\t<\/div><!--\/col-->\n\n\t\t\t\t\t\n\t\t\t\t\t\t\n\t\t\t\t\t\t<div class=\"col span_4  element 2013-sv \"  data-project-cat=\"2013-sv \" data-project-color=\"#6d355e\" data-title-color=\"\" data-subtitle-color=\"\">\n\n\t\t\t\t\t\t\t<div class=\"inner-wrap animated\" data-animation=\"none\">\n\n\t\t\t\t\t\t\t\t\n\t\t\t\t\t\t\t\t\t<div class=\"work-item style-2\" data-custom-content=\"off\">\n\n\t\t\t\t\t\t\t\t\t\t<img loading=\"lazy\" decoding=\"async\" class=\"size- skip-lazy\" src=\"https:\/\/www.kuninkaantienmuusikot.fi\/uusi\/wp-content\/uploads\/2018\/04\/Pyh\u00e4inp\u00e4iv\u00e4_Bach_0910_artikkeli-500x403.jpg\" alt=\"\" height=\"403\" width=\"500\" srcset=\"https:\/\/www.kuninkaantienmuusikot.fi\/uusi\/wp-content\/uploads\/2018\/04\/Pyh\u00e4inp\u00e4iv\u00e4_Bach_0910_artikkeli-500x403.jpg 600w, https:\/\/www.kuninkaantienmuusikot.fi\/uusi\/wp-content\/uploads\/2018\/04\/Pyh\u00e4inp\u00e4iv\u00e4_Bach_0910_artikkeli-400x269.jpg 400w\" sizes=\"auto, (min-width: 1000px) 33.3vw, (min-width: 690px) 50vw, 100vw\" \/>\n\t\t\t\t\t\t\t\t\t\t<div class=\"work-info-bg\"><\/div>\n\t\t\t\t\t\t\t\t\t\t<div class=\"work-info\">\n\n\t\t\t\t\t\t\t\t\t\t\t\n\n\t\t\t\t\t\t\t\t\t\t\t\t\n\t\t\t\t\t\t\t\t\t\t\t\t\t<a href=\"https:\/\/www.kuninkaantienmuusikot.fi\/sv\/konsertit\/katedraali-soi\"><span class=\"screen-reader-text\">Katedraali soi!-kyrkomusikveckan<\/span><\/a>\n\n\t\t\t\t\t\t\t\t\t\t\t\t\n\n\t\t\t\t\t\t\t\t\t\t\t<div class=\"vert-center\">\n\t\t\t\t\t\t\t\t\t\t\t\t\t\t\t\t\t\t\t\t\t\t\t\t\t<p><span>6.2.2013 kl. 19 | \u00c5bo domkyrka<\/span><\/p>\t\t\t\t\t\t\t\t\t\t\t\t\t<h3>Katedraali soi!-kyrkomusikveckan<\/h3>\n\n\t\t\t\t\t\t\t\t\t\t\t\t\t<svg class=\"next-arrow\" xmlns=\"http:\/\/www.w3.org\/2000\/svg\" xmlns:xlink=\"http:\/\/www.w3.org\/1999\/xlink\" viewBox=\"0 0 39 12\"><line class=\"top\" x1=\"23\" y1=\"-0.5\" x2=\"29.5\" y2=\"6.5\" stroke=\"#ffffff;\"\/><line class=\"bottom\" x1=\"23\" y1=\"12.5\" x2=\"29.5\" y2=\"5.5\" stroke=\"#ffffff;\"\/><\/svg><span class=\"line\"><\/span><\/span>\n\n\t\t\t\t\t\t\t\t\t\t\t\t\t\t\t\t\t\t\t\t\t\t\t<\/div><!--\/vert-center-->\n\n\t\t\t\t\t\t\t\t\t\t<\/div>\n\t\t\t\t\t\t\t\t\t<\/div><!--work-item-->\n\n\t\t\t\t\t\t\t\t\n\n\t\t\t\t\t\t\t<\/div><!--\/inner-wrap-->\n\t\t\t\t\t\t<\/div><!--\/col-->\n\n\t\t\t\t\t\n\t\t\t\t\t\t\n\t\t\t\t\t\t<div class=\"col span_4  element 2013-sv \"  data-project-cat=\"2013-sv \" data-project-color=\"#6d355e\" data-title-color=\"\" data-subtitle-color=\"\">\n\n\t\t\t\t\t\t\t<div class=\"inner-wrap animated\" data-animation=\"none\">\n\n\t\t\t\t\t\t\t\t\n\t\t\t\t\t\t\t\t\t<div class=\"work-item style-2\" data-custom-content=\"off\">\n\n\t\t\t\t\t\t\t\t\t\t<img loading=\"lazy\" decoding=\"async\" class=\"size- skip-lazy\" src=\"https:\/\/www.kuninkaantienmuusikot.fi\/uusi\/wp-content\/uploads\/2013\/03\/1303_Vulpius_artikkeli3-500x403.jpg\" alt=\"\" height=\"403\" width=\"500\" srcset=\"https:\/\/www.kuninkaantienmuusikot.fi\/uusi\/wp-content\/uploads\/2013\/03\/1303_Vulpius_artikkeli3-500x403.jpg 600w, https:\/\/www.kuninkaantienmuusikot.fi\/uusi\/wp-content\/uploads\/2013\/03\/1303_Vulpius_artikkeli3-400x269.jpg 400w\" sizes=\"auto, (min-width: 1000px) 33.3vw, (min-width: 690px) 50vw, 100vw\" \/>\n\t\t\t\t\t\t\t\t\t\t<div class=\"work-info-bg\"><\/div>\n\t\t\t\t\t\t\t\t\t\t<div class=\"work-info\">\n\n\t\t\t\t\t\t\t\t\t\t\t\n\n\t\t\t\t\t\t\t\t\t\t\t\t\n\t\t\t\t\t\t\t\t\t\t\t\t\t<a href=\"https:\/\/www.kuninkaantienmuusikot.fi\/sv\/konsertit\/vulpius-loimaa\"><span class=\"screen-reader-text\">Melchior Vulpius: Pa\u00dfio meid\u00e4n Herran Jesuxen Christuxen<\/span><\/a>\n\n\t\t\t\t\t\t\t\t\t\t\t\t\n\n\t\t\t\t\t\t\t\t\t\t\t<div class=\"vert-center\">\n\t\t\t\t\t\t\t\t\t\t\t\t\t\t\t\t\t\t\t\t\t\t\t\t\t<p><span>20.3.2013 kl. 18 | Loimaa stadskyrka<\/span><\/p>\t\t\t\t\t\t\t\t\t\t\t\t\t<h3>Melchior Vulpius: Pa\u00dfio meid\u00e4n Herran Jesuxen Christuxen<\/h3>\n\n\t\t\t\t\t\t\t\t\t\t\t\t\t<svg class=\"next-arrow\" xmlns=\"http:\/\/www.w3.org\/2000\/svg\" xmlns:xlink=\"http:\/\/www.w3.org\/1999\/xlink\" viewBox=\"0 0 39 12\"><line class=\"top\" x1=\"23\" y1=\"-0.5\" x2=\"29.5\" y2=\"6.5\" stroke=\"#ffffff;\"\/><line class=\"bottom\" x1=\"23\" y1=\"12.5\" x2=\"29.5\" y2=\"5.5\" stroke=\"#ffffff;\"\/><\/svg><span class=\"line\"><\/span><\/span>\n\n\t\t\t\t\t\t\t\t\t\t\t\t\t\t\t\t\t\t\t\t\t\t\t<\/div><!--\/vert-center-->\n\n\t\t\t\t\t\t\t\t\t\t<\/div>\n\t\t\t\t\t\t\t\t\t<\/div><!--work-item-->\n\n\t\t\t\t\t\t\t\t\n\n\t\t\t\t\t\t\t<\/div><!--\/inner-wrap-->\n\t\t\t\t\t\t<\/div><!--\/col-->\n\n\t\t\t\t\t\n\t\t\t\t\t\t\n\t\t\t\t\t\t<div class=\"col span_4  element 2013-sv \"  data-project-cat=\"2013-sv \" data-project-color=\"#6d355e\" data-title-color=\"\" data-subtitle-color=\"\">\n\n\t\t\t\t\t\t\t<div class=\"inner-wrap animated\" data-animation=\"none\">\n\n\t\t\t\t\t\t\t\t\n\t\t\t\t\t\t\t\t\t<div class=\"work-item style-2\" data-custom-content=\"off\">\n\n\t\t\t\t\t\t\t\t\t\t<img loading=\"lazy\" decoding=\"async\" class=\"size- skip-lazy\" src=\"https:\/\/www.kuninkaantienmuusikot.fi\/uusi\/wp-content\/uploads\/2013\/03\/1303_Vulpius_artikkeli3-500x403.jpg\" alt=\"\" height=\"403\" width=\"500\" srcset=\"https:\/\/www.kuninkaantienmuusikot.fi\/uusi\/wp-content\/uploads\/2013\/03\/1303_Vulpius_artikkeli3-500x403.jpg 600w, https:\/\/www.kuninkaantienmuusikot.fi\/uusi\/wp-content\/uploads\/2013\/03\/1303_Vulpius_artikkeli3-400x269.jpg 400w\" sizes=\"auto, (min-width: 1000px) 33.3vw, (min-width: 690px) 50vw, 100vw\" \/>\n\t\t\t\t\t\t\t\t\t\t<div class=\"work-info-bg\"><\/div>\n\t\t\t\t\t\t\t\t\t\t<div class=\"work-info\">\n\n\t\t\t\t\t\t\t\t\t\t\t\n\n\t\t\t\t\t\t\t\t\t\t\t\t\n\t\t\t\t\t\t\t\t\t\t\t\t\t<a href=\"https:\/\/www.kuninkaantienmuusikot.fi\/sv\/konsertit\/vulpius-nousiainen\"><span class=\"screen-reader-text\">Melchior Vulpius: Pa\u00dfio meid\u00e4n Herran Jesuxen Christuxen<\/span><\/a>\n\n\t\t\t\t\t\t\t\t\t\t\t\t\n\n\t\t\t\t\t\t\t\t\t\t\t<div class=\"vert-center\">\n\t\t\t\t\t\t\t\t\t\t\t\t\t\t\t\t\t\t\t\t\t\t\t\t\t<p><span>24.3.2013 kl. 18 | Nousis kyrka<\/span><\/p>\t\t\t\t\t\t\t\t\t\t\t\t\t<h3>Melchior Vulpius: Pa\u00dfio meid\u00e4n Herran Jesuxen Christuxen<\/h3>\n\n\t\t\t\t\t\t\t\t\t\t\t\t\t<svg class=\"next-arrow\" xmlns=\"http:\/\/www.w3.org\/2000\/svg\" xmlns:xlink=\"http:\/\/www.w3.org\/1999\/xlink\" viewBox=\"0 0 39 12\"><line class=\"top\" x1=\"23\" y1=\"-0.5\" x2=\"29.5\" y2=\"6.5\" stroke=\"#ffffff;\"\/><line class=\"bottom\" x1=\"23\" y1=\"12.5\" x2=\"29.5\" y2=\"5.5\" stroke=\"#ffffff;\"\/><\/svg><span class=\"line\"><\/span><\/span>\n\n\t\t\t\t\t\t\t\t\t\t\t\t\t\t\t\t\t\t\t\t\t\t\t<\/div><!--\/vert-center-->\n\n\t\t\t\t\t\t\t\t\t\t<\/div>\n\t\t\t\t\t\t\t\t\t<\/div><!--work-item-->\n\n\t\t\t\t\t\t\t\t\n\n\t\t\t\t\t\t\t<\/div><!--\/inner-wrap-->\n\t\t\t\t\t\t<\/div><!--\/col-->\n\n\t\t\t\t\t\n\t\t\t\t\t\t\n\t\t\t\t\t\t<div class=\"col span_4  element 2013-sv \"  data-project-cat=\"2013-sv \" data-project-color=\"#6d355e\" data-title-color=\"\" data-subtitle-color=\"\">\n\n\t\t\t\t\t\t\t<div class=\"inner-wrap animated\" data-animation=\"none\">\n\n\t\t\t\t\t\t\t\t\n\t\t\t\t\t\t\t\t\t<div class=\"work-item style-2\" data-custom-content=\"off\">\n\n\t\t\t\t\t\t\t\t\t\t<img loading=\"lazy\" decoding=\"async\" class=\"size- skip-lazy\" src=\"https:\/\/www.kuninkaantienmuusikot.fi\/uusi\/wp-content\/uploads\/2013\/03\/1303_Vulpius_artikkeli3-500x403.jpg\" alt=\"\" height=\"403\" width=\"500\" srcset=\"https:\/\/www.kuninkaantienmuusikot.fi\/uusi\/wp-content\/uploads\/2013\/03\/1303_Vulpius_artikkeli3-500x403.jpg 600w, https:\/\/www.kuninkaantienmuusikot.fi\/uusi\/wp-content\/uploads\/2013\/03\/1303_Vulpius_artikkeli3-400x269.jpg 400w\" sizes=\"auto, (min-width: 1000px) 33.3vw, (min-width: 690px) 50vw, 100vw\" \/>\n\t\t\t\t\t\t\t\t\t\t<div class=\"work-info-bg\"><\/div>\n\t\t\t\t\t\t\t\t\t\t<div class=\"work-info\">\n\n\t\t\t\t\t\t\t\t\t\t\t\n\n\t\t\t\t\t\t\t\t\t\t\t\t\n\t\t\t\t\t\t\t\t\t\t\t\t\t<a href=\"https:\/\/www.kuninkaantienmuusikot.fi\/sv\/konsertit\/vulpius-turku\"><span class=\"screen-reader-text\">Melchior Vulpius: Pa\u00dfio meid\u00e4n Herran Jesuxen Christuxen<\/span><\/a>\n\n\t\t\t\t\t\t\t\t\t\t\t\t\n\n\t\t\t\t\t\t\t\t\t\t\t<div class=\"vert-center\">\n\t\t\t\t\t\t\t\t\t\t\t\t\t\t\t\t\t\t\t\t\t\t\t\t\t<p><span>27.3.2013 kl. 18 | \u00c5bo domkyrka<\/span><\/p>\t\t\t\t\t\t\t\t\t\t\t\t\t<h3>Melchior Vulpius: Pa\u00dfio meid\u00e4n Herran Jesuxen Christuxen<\/h3>\n\n\t\t\t\t\t\t\t\t\t\t\t\t\t<svg class=\"next-arrow\" xmlns=\"http:\/\/www.w3.org\/2000\/svg\" xmlns:xlink=\"http:\/\/www.w3.org\/1999\/xlink\" viewBox=\"0 0 39 12\"><line class=\"top\" x1=\"23\" y1=\"-0.5\" x2=\"29.5\" y2=\"6.5\" stroke=\"#ffffff;\"\/><line class=\"bottom\" x1=\"23\" y1=\"12.5\" x2=\"29.5\" y2=\"5.5\" stroke=\"#ffffff;\"\/><\/svg><span class=\"line\"><\/span><\/span>\n\n\t\t\t\t\t\t\t\t\t\t\t\t\t\t\t\t\t\t\t\t\t\t\t<\/div><!--\/vert-center-->\n\n\t\t\t\t\t\t\t\t\t\t<\/div>\n\t\t\t\t\t\t\t\t\t<\/div><!--work-item-->\n\n\t\t\t\t\t\t\t\t\n\n\t\t\t\t\t\t\t<\/div><!--\/inner-wrap-->\n\t\t\t\t\t\t<\/div><!--\/col-->\n\n\t\t\t\t\t\n\t\t\t\t\t\t\n\t\t\t\t\t\t<div class=\"col span_4  element 2013-sv \"  data-project-cat=\"2013-sv \" data-project-color=\"#6d355e\" data-title-color=\"\" data-subtitle-color=\"\">\n\n\t\t\t\t\t\t\t<div class=\"inner-wrap animated\" data-animation=\"none\">\n\n\t\t\t\t\t\t\t\t\n\t\t\t\t\t\t\t\t\t<div class=\"work-item style-2\" data-custom-content=\"off\">\n\n\t\t\t\t\t\t\t\t\t\t<img loading=\"lazy\" decoding=\"async\" class=\"size- skip-lazy\" src=\"https:\/\/www.kuninkaantienmuusikot.fi\/uusi\/wp-content\/uploads\/2013\/03\/1303_Vulpius_artikkeli3-500x403.jpg\" alt=\"\" height=\"403\" width=\"500\" srcset=\"https:\/\/www.kuninkaantienmuusikot.fi\/uusi\/wp-content\/uploads\/2013\/03\/1303_Vulpius_artikkeli3-500x403.jpg 600w, https:\/\/www.kuninkaantienmuusikot.fi\/uusi\/wp-content\/uploads\/2013\/03\/1303_Vulpius_artikkeli3-400x269.jpg 400w\" sizes=\"auto, (min-width: 1000px) 33.3vw, (min-width: 690px) 50vw, 100vw\" \/>\n\t\t\t\t\t\t\t\t\t\t<div class=\"work-info-bg\"><\/div>\n\t\t\t\t\t\t\t\t\t\t<div class=\"work-info\">\n\n\t\t\t\t\t\t\t\t\t\t\t\n\n\t\t\t\t\t\t\t\t\t\t\t\t\n\t\t\t\t\t\t\t\t\t\t\t\t\t<a href=\"https:\/\/www.kuninkaantienmuusikot.fi\/sv\/konsertit\/vulpius-pernio\"><span class=\"screen-reader-text\">Melchior Vulpius: Pa\u00dfio meid\u00e4n Herran Jesuxen Christuxen<\/span><\/a>\n\n\t\t\t\t\t\t\t\t\t\t\t\t\n\n\t\t\t\t\t\t\t\t\t\t\t<div class=\"vert-center\">\n\t\t\t\t\t\t\t\t\t\t\t\t\t\t\t\t\t\t\t\t\t\t\t\t\t<p><span>29.3.2013 kl. 15 | Bj\u00e4rn\u00e5 kyrka<\/span><\/p>\t\t\t\t\t\t\t\t\t\t\t\t\t<h3>Melchior Vulpius: Pa\u00dfio meid\u00e4n Herran Jesuxen Christuxen<\/h3>\n\n\t\t\t\t\t\t\t\t\t\t\t\t\t<svg class=\"next-arrow\" xmlns=\"http:\/\/www.w3.org\/2000\/svg\" xmlns:xlink=\"http:\/\/www.w3.org\/1999\/xlink\" viewBox=\"0 0 39 12\"><line class=\"top\" x1=\"23\" y1=\"-0.5\" x2=\"29.5\" y2=\"6.5\" stroke=\"#ffffff;\"\/><line class=\"bottom\" x1=\"23\" y1=\"12.5\" x2=\"29.5\" y2=\"5.5\" stroke=\"#ffffff;\"\/><\/svg><span class=\"line\"><\/span><\/span>\n\n\t\t\t\t\t\t\t\t\t\t\t\t\t\t\t\t\t\t\t\t\t\t\t<\/div><!--\/vert-center-->\n\n\t\t\t\t\t\t\t\t\t\t<\/div>\n\t\t\t\t\t\t\t\t\t<\/div><!--work-item-->\n\n\t\t\t\t\t\t\t\t\n\n\t\t\t\t\t\t\t<\/div><!--\/inner-wrap-->\n\t\t\t\t\t\t<\/div><!--\/col-->\n\n\t\t\t\t\t\n\t\t\t\t\t\t\n\t\t\t\t\t\t<div class=\"col span_4  element 2013-sv \"  data-project-cat=\"2013-sv \" data-project-color=\"#6d355e\" data-title-color=\"\" data-subtitle-color=\"\">\n\n\t\t\t\t\t\t\t<div class=\"inner-wrap animated\" data-animation=\"none\">\n\n\t\t\t\t\t\t\t\t\n\t\t\t\t\t\t\t\t\t<div class=\"work-item style-2\" data-custom-content=\"off\">\n\n\t\t\t\t\t\t\t\t\t\t<img loading=\"lazy\" decoding=\"async\" class=\"size- skip-lazy\" src=\"https:\/\/www.kuninkaantienmuusikot.fi\/uusi\/wp-content\/uploads\/2019\/02\/1308_Barokkifagotti_artikkeli-500x403.jpg\" alt=\"\" height=\"403\" width=\"500\" srcset=\"https:\/\/www.kuninkaantienmuusikot.fi\/uusi\/wp-content\/uploads\/2019\/02\/1308_Barokkifagotti_artikkeli-500x403.jpg 600w, https:\/\/www.kuninkaantienmuusikot.fi\/uusi\/wp-content\/uploads\/2019\/02\/1308_Barokkifagotti_artikkeli-400x269.jpg 400w\" sizes=\"auto, (min-width: 1000px) 33.3vw, (min-width: 690px) 50vw, 100vw\" \/>\n\t\t\t\t\t\t\t\t\t\t<div class=\"work-info-bg\"><\/div>\n\t\t\t\t\t\t\t\t\t\t<div class=\"work-info\">\n\n\t\t\t\t\t\t\t\t\t\t\t\n\n\t\t\t\t\t\t\t\t\t\t\t\t\n\t\t\t\t\t\t\t\t\t\t\t\t\t<a href=\"https:\/\/www.kuninkaantienmuusikot.fi\/sv\/konsertit\/barokkifagotti\"><span class=\"screen-reader-text\">Konstens natt 2013<\/span><\/a>\n\n\t\t\t\t\t\t\t\t\t\t\t\t\n\n\t\t\t\t\t\t\t\t\t\t\t<div class=\"vert-center\">\n\t\t\t\t\t\t\t\t\t\t\t\t\t\t\t\t\t\t\t\t\t\t\t\t\t<p><span>15.8.2013 kl. 20 | FBK-huset i \u00c5bo<\/span><\/p>\t\t\t\t\t\t\t\t\t\t\t\t\t<h3>Konstens natt 2013<\/h3>\n\n\t\t\t\t\t\t\t\t\t\t\t\t\t<svg class=\"next-arrow\" xmlns=\"http:\/\/www.w3.org\/2000\/svg\" xmlns:xlink=\"http:\/\/www.w3.org\/1999\/xlink\" viewBox=\"0 0 39 12\"><line class=\"top\" x1=\"23\" y1=\"-0.5\" x2=\"29.5\" y2=\"6.5\" stroke=\"#ffffff;\"\/><line class=\"bottom\" x1=\"23\" y1=\"12.5\" x2=\"29.5\" y2=\"5.5\" stroke=\"#ffffff;\"\/><\/svg><span class=\"line\"><\/span><\/span>\n\n\t\t\t\t\t\t\t\t\t\t\t\t\t\t\t\t\t\t\t\t\t\t\t<\/div><!--\/vert-center-->\n\n\t\t\t\t\t\t\t\t\t\t<\/div>\n\t\t\t\t\t\t\t\t\t<\/div><!--work-item-->\n\n\t\t\t\t\t\t\t\t\n\n\t\t\t\t\t\t\t<\/div><!--\/inner-wrap-->\n\t\t\t\t\t\t<\/div><!--\/col-->\n\n\t\t\t\t\t\n\t\t\t\t\t\t\n\t\t\t\t\t\t<div class=\"col span_4  element 2013-sv \"  data-project-cat=\"2013-sv \" data-project-color=\"#6d355e\" data-title-color=\"\" data-subtitle-color=\"\">\n\n\t\t\t\t\t\t\t<div class=\"inner-wrap animated\" data-animation=\"none\">\n\n\t\t\t\t\t\t\t\t\n\t\t\t\t\t\t\t\t\t<div class=\"work-item style-2\" data-custom-content=\"off\">\n\n\t\t\t\t\t\t\t\t\t\t<img loading=\"lazy\" decoding=\"async\" class=\"size- skip-lazy\" src=\"https:\/\/www.kuninkaantienmuusikot.fi\/uusi\/wp-content\/uploads\/2013\/11\/1311_Perti_artikkeli_7-500x403.jpg\" alt=\"\" height=\"403\" width=\"500\" srcset=\"https:\/\/www.kuninkaantienmuusikot.fi\/uusi\/wp-content\/uploads\/2013\/11\/1311_Perti_artikkeli_7-500x403.jpg 600w, https:\/\/www.kuninkaantienmuusikot.fi\/uusi\/wp-content\/uploads\/2013\/11\/1311_Perti_artikkeli_7-400x269.jpg 400w\" sizes=\"auto, (min-width: 1000px) 33.3vw, (min-width: 690px) 50vw, 100vw\" \/>\n\t\t\t\t\t\t\t\t\t\t<div class=\"work-info-bg\"><\/div>\n\t\t\t\t\t\t\t\t\t\t<div class=\"work-info\">\n\n\t\t\t\t\t\t\t\t\t\t\t\n\n\t\t\t\t\t\t\t\t\t\t\t\t\n\t\t\t\t\t\t\t\t\t\t\t\t\t<a href=\"https:\/\/www.kuninkaantienmuusikot.fi\/sv\/konsertit\/perti\"><span class=\"screen-reader-text\">Giacomo Antonio Perti: Requiem<\/span><\/a>\n\n\t\t\t\t\t\t\t\t\t\t\t\t\n\n\t\t\t\t\t\t\t\t\t\t\t<div class=\"vert-center\">\n\t\t\t\t\t\t\t\t\t\t\t\t\t\t\t\t\t\t\t\t\t\t\t\t\t<p><span>2.11.2013 kl. 20 | Martinskyrkan, \u00c5bo<\/span><\/p>\t\t\t\t\t\t\t\t\t\t\t\t\t<h3>Giacomo Antonio Perti: Requiem<\/h3>\n\n\t\t\t\t\t\t\t\t\t\t\t\t\t<svg class=\"next-arrow\" xmlns=\"http:\/\/www.w3.org\/2000\/svg\" xmlns:xlink=\"http:\/\/www.w3.org\/1999\/xlink\" viewBox=\"0 0 39 12\"><line class=\"top\" x1=\"23\" y1=\"-0.5\" x2=\"29.5\" y2=\"6.5\" stroke=\"#ffffff;\"\/><line class=\"bottom\" x1=\"23\" y1=\"12.5\" x2=\"29.5\" y2=\"5.5\" stroke=\"#ffffff;\"\/><\/svg><span class=\"line\"><\/span><\/span>\n\n\t\t\t\t\t\t\t\t\t\t\t\t\t\t\t\t\t\t\t\t\t\t\t<\/div><!--\/vert-center-->\n\n\t\t\t\t\t\t\t\t\t\t<\/div>\n\t\t\t\t\t\t\t\t\t<\/div><!--work-item-->\n\n\t\t\t\t\t\t\t\t\n\n\t\t\t\t\t\t\t<\/div><!--\/inner-wrap-->\n\t\t\t\t\t\t<\/div><!--\/col-->\n\n\t\t\t\t\t\n\t\t\t\t\t\t\n\t\t\t\t\t\t<div class=\"col span_4  element 2014-sv \"  data-project-cat=\"2014-sv \" data-project-color=\"#6d355e\" data-title-color=\"\" data-subtitle-color=\"\">\n\n\t\t\t\t\t\t\t<div class=\"inner-wrap animated\" data-animation=\"none\">\n\n\t\t\t\t\t\t\t\t\n\t\t\t\t\t\t\t\t\t<div class=\"work-item style-2\" data-custom-content=\"off\">\n\n\t\t\t\t\t\t\t\t\t\t<img loading=\"lazy\" decoding=\"async\" class=\"size- skip-lazy\" src=\"https:\/\/www.kuninkaantienmuusikot.fi\/uusi\/wp-content\/uploads\/2014\/01\/1401_Charpentier_artikkeli-500x403.jpg\" alt=\"\" height=\"403\" width=\"500\" srcset=\"https:\/\/www.kuninkaantienmuusikot.fi\/uusi\/wp-content\/uploads\/2014\/01\/1401_Charpentier_artikkeli-500x403.jpg 600w, https:\/\/www.kuninkaantienmuusikot.fi\/uusi\/wp-content\/uploads\/2014\/01\/1401_Charpentier_artikkeli-400x269.jpg 400w\" sizes=\"auto, (min-width: 1000px) 33.3vw, (min-width: 690px) 50vw, 100vw\" \/>\n\t\t\t\t\t\t\t\t\t\t<div class=\"work-info-bg\"><\/div>\n\t\t\t\t\t\t\t\t\t\t<div class=\"work-info\">\n\n\t\t\t\t\t\t\t\t\t\t\t\n\n\t\t\t\t\t\t\t\t\t\t\t\t\n\t\t\t\t\t\t\t\t\t\t\t\t\t<a href=\"https:\/\/www.kuninkaantienmuusikot.fi\/sv\/konsertit\/charpentier\"><span class=\"screen-reader-text\">Marc-Antoine Charpentier: Te Deum<\/span><\/a>\n\n\t\t\t\t\t\t\t\t\t\t\t\t\n\n\t\t\t\t\t\t\t\t\t\t\t<div class=\"vert-center\">\n\t\t\t\t\t\t\t\t\t\t\t\t\t\t\t\t\t\t\t\t\t\t\t\t\t<p><span>6.1.2014 kl. 18 | \u00c5bo domkyrka<\/span><\/p>\t\t\t\t\t\t\t\t\t\t\t\t\t<h3>Marc-Antoine Charpentier: Te Deum<\/h3>\n\n\t\t\t\t\t\t\t\t\t\t\t\t\t<svg class=\"next-arrow\" xmlns=\"http:\/\/www.w3.org\/2000\/svg\" xmlns:xlink=\"http:\/\/www.w3.org\/1999\/xlink\" viewBox=\"0 0 39 12\"><line class=\"top\" x1=\"23\" y1=\"-0.5\" x2=\"29.5\" y2=\"6.5\" stroke=\"#ffffff;\"\/><line class=\"bottom\" x1=\"23\" y1=\"12.5\" x2=\"29.5\" y2=\"5.5\" stroke=\"#ffffff;\"\/><\/svg><span class=\"line\"><\/span><\/span>\n\n\t\t\t\t\t\t\t\t\t\t\t\t\t\t\t\t\t\t\t\t\t\t\t<\/div><!--\/vert-center-->\n\n\t\t\t\t\t\t\t\t\t\t<\/div>\n\t\t\t\t\t\t\t\t\t<\/div><!--work-item-->\n\n\t\t\t\t\t\t\t\t\n\n\t\t\t\t\t\t\t<\/div><!--\/inner-wrap-->\n\t\t\t\t\t\t<\/div><!--\/col-->\n\n\t\t\t\t\t\n\t\t\t\t\t\t\n\t\t\t\t\t\t<div class=\"col span_4  element 2014-sv \"  data-project-cat=\"2014-sv \" data-project-color=\"#6d355e\" data-title-color=\"\" data-subtitle-color=\"\">\n\n\t\t\t\t\t\t\t<div class=\"inner-wrap animated\" data-animation=\"none\">\n\n\t\t\t\t\t\t\t\t\n\t\t\t\t\t\t\t\t\t<div class=\"work-item style-2\" data-custom-content=\"off\">\n\n\t\t\t\t\t\t\t\t\t\t<img loading=\"lazy\" decoding=\"async\" class=\"size- skip-lazy\" src=\"https:\/\/www.kuninkaantienmuusikot.fi\/uusi\/wp-content\/uploads\/2013\/03\/1303_Vulpius_artikkeli3-500x403.jpg\" alt=\"\" height=\"403\" width=\"500\" srcset=\"https:\/\/www.kuninkaantienmuusikot.fi\/uusi\/wp-content\/uploads\/2013\/03\/1303_Vulpius_artikkeli3-500x403.jpg 600w, https:\/\/www.kuninkaantienmuusikot.fi\/uusi\/wp-content\/uploads\/2013\/03\/1303_Vulpius_artikkeli3-400x269.jpg 400w\" sizes=\"auto, (min-width: 1000px) 33.3vw, (min-width: 690px) 50vw, 100vw\" \/>\n\t\t\t\t\t\t\t\t\t\t<div class=\"work-info-bg\"><\/div>\n\t\t\t\t\t\t\t\t\t\t<div class=\"work-info\">\n\n\t\t\t\t\t\t\t\t\t\t\t\n\n\t\t\t\t\t\t\t\t\t\t\t\t\n\t\t\t\t\t\t\t\t\t\t\t\t\t<a href=\"https:\/\/www.kuninkaantienmuusikot.fi\/sv\/konsertit\/vulpius-jyvaskyla\"><span class=\"screen-reader-text\">Melchior Vulpius: Pa\u00dfio meid\u00e4n Herran Jesuxen Christuxen<\/span><\/a>\n\n\t\t\t\t\t\t\t\t\t\t\t\t\n\n\t\t\t\t\t\t\t\t\t\t\t<div class=\"vert-center\">\n\t\t\t\t\t\t\t\t\t\t\t\t\t\t\t\t\t\t\t\t\t\t\t\t\t<p><span>18.4.2014 kl. 15 | Taulum\u00e4ki kyrka, Jyv\u00e4skyl\u00e4<\/span><\/p>\t\t\t\t\t\t\t\t\t\t\t\t\t<h3>Melchior Vulpius: Pa\u00dfio meid\u00e4n Herran Jesuxen Christuxen<\/h3>\n\n\t\t\t\t\t\t\t\t\t\t\t\t\t<svg class=\"next-arrow\" xmlns=\"http:\/\/www.w3.org\/2000\/svg\" xmlns:xlink=\"http:\/\/www.w3.org\/1999\/xlink\" viewBox=\"0 0 39 12\"><line class=\"top\" x1=\"23\" y1=\"-0.5\" x2=\"29.5\" y2=\"6.5\" stroke=\"#ffffff;\"\/><line class=\"bottom\" x1=\"23\" y1=\"12.5\" x2=\"29.5\" y2=\"5.5\" stroke=\"#ffffff;\"\/><\/svg><span class=\"line\"><\/span><\/span>\n\n\t\t\t\t\t\t\t\t\t\t\t\t\t\t\t\t\t\t\t\t\t\t\t<\/div><!--\/vert-center-->\n\n\t\t\t\t\t\t\t\t\t\t<\/div>\n\t\t\t\t\t\t\t\t\t<\/div><!--work-item-->\n\n\t\t\t\t\t\t\t\t\n\n\t\t\t\t\t\t\t<\/div><!--\/inner-wrap-->\n\t\t\t\t\t\t<\/div><!--\/col-->\n\n\t\t\t\t\t\n\t\t\t\t\t\t\n\t\t\t\t\t\t<div class=\"col span_4  element 2014-sv \"  data-project-cat=\"2014-sv \" data-project-color=\"#6d355e\" data-title-color=\"\" data-subtitle-color=\"\">\n\n\t\t\t\t\t\t\t<div class=\"inner-wrap animated\" data-animation=\"none\">\n\n\t\t\t\t\t\t\t\t\n\t\t\t\t\t\t\t\t\t<div class=\"work-item style-2\" data-custom-content=\"off\">\n\n\t\t\t\t\t\t\t\t\t\t<img loading=\"lazy\" decoding=\"async\" class=\"size- skip-lazy\" src=\"https:\/\/www.kuninkaantienmuusikot.fi\/uusi\/wp-content\/uploads\/2009\/03\/Zelenka_MissaDF_0903_artikkeli2-514x403.jpg\" alt=\"\" height=\"403\" width=\"514\" srcset=\"https:\/\/www.kuninkaantienmuusikot.fi\/uusi\/wp-content\/uploads\/2009\/03\/Zelenka_MissaDF_0903_artikkeli2-514x403.jpg 600w, https:\/\/www.kuninkaantienmuusikot.fi\/uusi\/wp-content\/uploads\/2009\/03\/Zelenka_MissaDF_0903_artikkeli2-400x269.jpg 400w\" sizes=\"auto, (min-width: 1000px) 33.3vw, (min-width: 690px) 50vw, 100vw\" \/>\n\t\t\t\t\t\t\t\t\t\t<div class=\"work-info-bg\"><\/div>\n\t\t\t\t\t\t\t\t\t\t<div class=\"work-info\">\n\n\t\t\t\t\t\t\t\t\t\t\t\n\n\t\t\t\t\t\t\t\t\t\t\t\t\n\t\t\t\t\t\t\t\t\t\t\t\t\t<a href=\"https:\/\/www.kuninkaantienmuusikot.fi\/sv\/konsertit\/musikalisk-soiree\"><span class=\"screen-reader-text\">En Musikalisk Soir\u00e9e<\/span><\/a>\n\n\t\t\t\t\t\t\t\t\t\t\t\t\n\n\t\t\t\t\t\t\t\t\t\t\t<div class=\"vert-center\">\n\t\t\t\t\t\t\t\t\t\t\t\t\t\t\t\t\t\t\t\t\t\t\t\t\t<p><span>12.5.2014 kl. 19 | \u00c5bo stadshus, S. W. von Troil-salen<\/span><\/p>\t\t\t\t\t\t\t\t\t\t\t\t\t<h3>En Musikalisk Soir\u00e9e<\/h3>\n\n\t\t\t\t\t\t\t\t\t\t\t\t\t<svg class=\"next-arrow\" xmlns=\"http:\/\/www.w3.org\/2000\/svg\" xmlns:xlink=\"http:\/\/www.w3.org\/1999\/xlink\" viewBox=\"0 0 39 12\"><line class=\"top\" x1=\"23\" y1=\"-0.5\" x2=\"29.5\" y2=\"6.5\" stroke=\"#ffffff;\"\/><line class=\"bottom\" x1=\"23\" y1=\"12.5\" x2=\"29.5\" y2=\"5.5\" stroke=\"#ffffff;\"\/><\/svg><span class=\"line\"><\/span><\/span>\n\n\t\t\t\t\t\t\t\t\t\t\t\t\t\t\t\t\t\t\t\t\t\t\t<\/div><!--\/vert-center-->\n\n\t\t\t\t\t\t\t\t\t\t<\/div>\n\t\t\t\t\t\t\t\t\t<\/div><!--work-item-->\n\n\t\t\t\t\t\t\t\t\n\n\t\t\t\t\t\t\t<\/div><!--\/inner-wrap-->\n\t\t\t\t\t\t<\/div><!--\/col-->\n\n\t\t\t\t\t\n\t\t\t\t\t\t\n\t\t\t\t\t\t<div class=\"col span_4  element 2014-sv \"  data-project-cat=\"2014-sv \" data-project-color=\"#6d355e\" data-title-color=\"\" data-subtitle-color=\"\">\n\n\t\t\t\t\t\t\t<div class=\"inner-wrap animated\" data-animation=\"none\">\n\n\t\t\t\t\t\t\t\t\n\t\t\t\t\t\t\t\t\t<div class=\"work-item style-2\" data-custom-content=\"off\">\n\n\t\t\t\t\t\t\t\t\t\t<img loading=\"lazy\" decoding=\"async\" class=\"size- skip-lazy\" src=\"https:\/\/www.kuninkaantienmuusikot.fi\/uusi\/wp-content\/uploads\/2019\/03\/1408_Kuijken_artikkeli-500x403.jpg\" alt=\"\" height=\"403\" width=\"500\" srcset=\"https:\/\/www.kuninkaantienmuusikot.fi\/uusi\/wp-content\/uploads\/2019\/03\/1408_Kuijken_artikkeli-500x403.jpg 600w, https:\/\/www.kuninkaantienmuusikot.fi\/uusi\/wp-content\/uploads\/2019\/03\/1408_Kuijken_artikkeli-400x269.jpg 400w\" sizes=\"auto, (min-width: 1000px) 33.3vw, (min-width: 690px) 50vw, 100vw\" \/>\n\t\t\t\t\t\t\t\t\t\t<div class=\"work-info-bg\"><\/div>\n\t\t\t\t\t\t\t\t\t\t<div class=\"work-info\">\n\n\t\t\t\t\t\t\t\t\t\t\t\n\n\t\t\t\t\t\t\t\t\t\t\t\t\n\t\t\t\t\t\t\t\t\t\t\t\t\t<a href=\"https:\/\/www.kuninkaantienmuusikot.fi\/sv\/konsertit\/violoncello-da-spalla\"><span class=\"screen-reader-text\">Sigiswald Kuijken &#8211; violoncello da spalla<\/span><\/a>\n\n\t\t\t\t\t\t\t\t\t\t\t\t\n\n\t\t\t\t\t\t\t\t\t\t\t<div class=\"vert-center\">\n\t\t\t\t\t\t\t\t\t\t\t\t\t\t\t\t\t\t\t\t\t\t\t\t\t<p><span>14.8.2014 kl. 20 | FBK-huset i \u00c5bo<\/span><\/p>\t\t\t\t\t\t\t\t\t\t\t\t\t<h3>Sigiswald Kuijken &#8211; violoncello da spalla<\/h3>\n\n\t\t\t\t\t\t\t\t\t\t\t\t\t<svg class=\"next-arrow\" xmlns=\"http:\/\/www.w3.org\/2000\/svg\" xmlns:xlink=\"http:\/\/www.w3.org\/1999\/xlink\" viewBox=\"0 0 39 12\"><line class=\"top\" x1=\"23\" y1=\"-0.5\" x2=\"29.5\" y2=\"6.5\" stroke=\"#ffffff;\"\/><line class=\"bottom\" x1=\"23\" y1=\"12.5\" x2=\"29.5\" y2=\"5.5\" stroke=\"#ffffff;\"\/><\/svg><span class=\"line\"><\/span><\/span>\n\n\t\t\t\t\t\t\t\t\t\t\t\t\t\t\t\t\t\t\t\t\t\t\t<\/div><!--\/vert-center-->\n\n\t\t\t\t\t\t\t\t\t\t<\/div>\n\t\t\t\t\t\t\t\t\t<\/div><!--work-item-->\n\n\t\t\t\t\t\t\t\t\n\n\t\t\t\t\t\t\t<\/div><!--\/inner-wrap-->\n\t\t\t\t\t\t<\/div><!--\/col-->\n\n\t\t\t\t\t\n\t\t\t\t\t\t\n\t\t\t\t\t\t<div class=\"col span_4  element 2014-sv \"  data-project-cat=\"2014-sv \" data-project-color=\"#6d355e\" data-title-color=\"\" data-subtitle-color=\"\">\n\n\t\t\t\t\t\t\t<div class=\"inner-wrap animated\" data-animation=\"none\">\n\n\t\t\t\t\t\t\t\t\n\t\t\t\t\t\t\t\t\t<div class=\"work-item style-2\" data-custom-content=\"off\">\n\n\t\t\t\t\t\t\t\t\t\t<img loading=\"lazy\" decoding=\"async\" class=\"size- skip-lazy\" src=\"https:\/\/www.kuninkaantienmuusikot.fi\/uusi\/wp-content\/uploads\/2009\/03\/Zelenka_MissaDF_0903_artikkeli2-514x403.jpg\" alt=\"\" height=\"403\" width=\"514\" srcset=\"https:\/\/www.kuninkaantienmuusikot.fi\/uusi\/wp-content\/uploads\/2009\/03\/Zelenka_MissaDF_0903_artikkeli2-514x403.jpg 600w, https:\/\/www.kuninkaantienmuusikot.fi\/uusi\/wp-content\/uploads\/2009\/03\/Zelenka_MissaDF_0903_artikkeli2-400x269.jpg 400w\" sizes=\"auto, (min-width: 1000px) 33.3vw, (min-width: 690px) 50vw, 100vw\" \/>\n\t\t\t\t\t\t\t\t\t\t<div class=\"work-info-bg\"><\/div>\n\t\t\t\t\t\t\t\t\t\t<div class=\"work-info\">\n\n\t\t\t\t\t\t\t\t\t\t\t\n\n\t\t\t\t\t\t\t\t\t\t\t\t\n\t\t\t\t\t\t\t\t\t\t\t\t\t<a href=\"https:\/\/www.kuninkaantienmuusikot.fi\/sv\/konsertit\/ritarihuone\"><span class=\"screen-reader-text\">Sigiswald Kuijken<\/span><\/a>\n\n\t\t\t\t\t\t\t\t\t\t\t\t\n\n\t\t\t\t\t\t\t\t\t\t\t<div class=\"vert-center\">\n\t\t\t\t\t\t\t\t\t\t\t\t\t\t\t\t\t\t\t\t\t\t\t\t\t<p><span>15.8.2014 kl. 19 | Riddarhuset, Helsingfors<\/span><\/p>\t\t\t\t\t\t\t\t\t\t\t\t\t<h3>Sigiswald Kuijken<\/h3>\n\n\t\t\t\t\t\t\t\t\t\t\t\t\t<svg class=\"next-arrow\" xmlns=\"http:\/\/www.w3.org\/2000\/svg\" xmlns:xlink=\"http:\/\/www.w3.org\/1999\/xlink\" viewBox=\"0 0 39 12\"><line class=\"top\" x1=\"23\" y1=\"-0.5\" x2=\"29.5\" y2=\"6.5\" stroke=\"#ffffff;\"\/><line class=\"bottom\" x1=\"23\" y1=\"12.5\" x2=\"29.5\" y2=\"5.5\" stroke=\"#ffffff;\"\/><\/svg><span class=\"line\"><\/span><\/span>\n\n\t\t\t\t\t\t\t\t\t\t\t\t\t\t\t\t\t\t\t\t\t\t\t<\/div><!--\/vert-center-->\n\n\t\t\t\t\t\t\t\t\t\t<\/div>\n\t\t\t\t\t\t\t\t\t<\/div><!--work-item-->\n\n\t\t\t\t\t\t\t\t\n\n\t\t\t\t\t\t\t<\/div><!--\/inner-wrap-->\n\t\t\t\t\t\t<\/div><!--\/col-->\n\n\t\t\t\t\t\n\t\t\t\t\t\t\n\t\t\t\t\t\t<div class=\"col span_4  element 2014-sv \"  data-project-cat=\"2014-sv \" data-project-color=\"#6d355e\" data-title-color=\"\" data-subtitle-color=\"\">\n\n\t\t\t\t\t\t\t<div class=\"inner-wrap animated\" data-animation=\"none\">\n\n\t\t\t\t\t\t\t\t\n\t\t\t\t\t\t\t\t\t<div class=\"work-item style-2\" data-custom-content=\"off\">\n\n\t\t\t\t\t\t\t\t\t\t<img loading=\"lazy\" decoding=\"async\" class=\"size- skip-lazy\" src=\"https:\/\/www.kuninkaantienmuusikot.fi\/uusi\/wp-content\/uploads\/2014\/09\/1409_Miekkailukoulu_artikkeli-500x403.jpg\" alt=\"\" height=\"403\" width=\"500\" srcset=\"https:\/\/www.kuninkaantienmuusikot.fi\/uusi\/wp-content\/uploads\/2014\/09\/1409_Miekkailukoulu_artikkeli-500x403.jpg 600w, https:\/\/www.kuninkaantienmuusikot.fi\/uusi\/wp-content\/uploads\/2014\/09\/1409_Miekkailukoulu_artikkeli-400x269.jpg 400w\" sizes=\"auto, (min-width: 1000px) 33.3vw, (min-width: 690px) 50vw, 100vw\" \/>\n\t\t\t\t\t\t\t\t\t\t<div class=\"work-info-bg\"><\/div>\n\t\t\t\t\t\t\t\t\t\t<div class=\"work-info\">\n\n\t\t\t\t\t\t\t\t\t\t\t\n\n\t\t\t\t\t\t\t\t\t\t\t\t\n\t\t\t\t\t\t\t\t\t\t\t\t\t<a href=\"https:\/\/www.kuninkaantienmuusikot.fi\/sv\/konsertit\/miekkailukoulu\"><span class=\"screen-reader-text\">En Musikalisk-Dramatisk Soir\u00e9e<\/span><\/a>\n\n\t\t\t\t\t\t\t\t\t\t\t\t\n\n\t\t\t\t\t\t\t\t\t\t\t<div class=\"vert-center\">\n\t\t\t\t\t\t\t\t\t\t\t\t\t\t\t\t\t\t\t\t\t\t\t\t\t<p><span>22.9.2014 kl. 19 | Katedralskolan i \u00c5bo, festsalen<\/span><\/p>\t\t\t\t\t\t\t\t\t\t\t\t\t<h3>En Musikalisk-Dramatisk Soir\u00e9e<\/h3>\n\n\t\t\t\t\t\t\t\t\t\t\t\t\t<svg class=\"next-arrow\" xmlns=\"http:\/\/www.w3.org\/2000\/svg\" xmlns:xlink=\"http:\/\/www.w3.org\/1999\/xlink\" viewBox=\"0 0 39 12\"><line class=\"top\" x1=\"23\" y1=\"-0.5\" x2=\"29.5\" y2=\"6.5\" stroke=\"#ffffff;\"\/><line class=\"bottom\" x1=\"23\" y1=\"12.5\" x2=\"29.5\" y2=\"5.5\" stroke=\"#ffffff;\"\/><\/svg><span class=\"line\"><\/span><\/span>\n\n\t\t\t\t\t\t\t\t\t\t\t\t\t\t\t\t\t\t\t\t\t\t\t<\/div><!--\/vert-center-->\n\n\t\t\t\t\t\t\t\t\t\t<\/div>\n\t\t\t\t\t\t\t\t\t<\/div><!--work-item-->\n\n\t\t\t\t\t\t\t\t\n\n\t\t\t\t\t\t\t<\/div><!--\/inner-wrap-->\n\t\t\t\t\t\t<\/div><!--\/col-->\n\n\t\t\t\t\t\n\t\t\t\t\t\t\n\t\t\t\t\t\t<div class=\"col span_4  element 2015-sv \"  data-project-cat=\"2015-sv \" data-project-color=\"#6d355e\" data-title-color=\"\" data-subtitle-color=\"\">\n\n\t\t\t\t\t\t\t<div class=\"inner-wrap animated\" data-animation=\"none\">\n\n\t\t\t\t\t\t\t\t\n\t\t\t\t\t\t\t\t\t<div class=\"work-item style-2\" data-custom-content=\"off\">\n\n\t\t\t\t\t\t\t\t\t\t<img loading=\"lazy\" decoding=\"async\" class=\"size- skip-lazy\" src=\"https:\/\/www.kuninkaantienmuusikot.fi\/uusi\/wp-content\/uploads\/2019\/03\/1503_Pergolesi_artikkeli-500x403.jpg\" alt=\"\" height=\"403\" width=\"500\" srcset=\"https:\/\/www.kuninkaantienmuusikot.fi\/uusi\/wp-content\/uploads\/2019\/03\/1503_Pergolesi_artikkeli-500x403.jpg 600w, https:\/\/www.kuninkaantienmuusikot.fi\/uusi\/wp-content\/uploads\/2019\/03\/1503_Pergolesi_artikkeli-400x269.jpg 400w\" sizes=\"auto, (min-width: 1000px) 33.3vw, (min-width: 690px) 50vw, 100vw\" \/>\n\t\t\t\t\t\t\t\t\t\t<div class=\"work-info-bg\"><\/div>\n\t\t\t\t\t\t\t\t\t\t<div class=\"work-info\">\n\n\t\t\t\t\t\t\t\t\t\t\t\n\n\t\t\t\t\t\t\t\t\t\t\t\t\n\t\t\t\t\t\t\t\t\t\t\t\t\t<a href=\"https:\/\/www.kuninkaantienmuusikot.fi\/sv\/konsertit\/pergolesi-stabat-mater\"><span class=\"screen-reader-text\">G.B. Pergolesi: Stabat Mater<\/span><\/a>\n\n\t\t\t\t\t\t\t\t\t\t\t\t\n\n\t\t\t\t\t\t\t\t\t\t\t<div class=\"vert-center\">\n\t\t\t\t\t\t\t\t\t\t\t\t\t\t\t\t\t\t\t\t\t\t\t\t\t<p><span>22.3.2015 kl. 18 | \u00c5bo domkyrka<\/span><\/p>\t\t\t\t\t\t\t\t\t\t\t\t\t<h3>G.B. Pergolesi: Stabat Mater<\/h3>\n\n\t\t\t\t\t\t\t\t\t\t\t\t\t<svg class=\"next-arrow\" xmlns=\"http:\/\/www.w3.org\/2000\/svg\" xmlns:xlink=\"http:\/\/www.w3.org\/1999\/xlink\" viewBox=\"0 0 39 12\"><line class=\"top\" x1=\"23\" y1=\"-0.5\" x2=\"29.5\" y2=\"6.5\" stroke=\"#ffffff;\"\/><line class=\"bottom\" x1=\"23\" y1=\"12.5\" x2=\"29.5\" y2=\"5.5\" stroke=\"#ffffff;\"\/><\/svg><span class=\"line\"><\/span><\/span>\n\n\t\t\t\t\t\t\t\t\t\t\t\t\t\t\t\t\t\t\t\t\t\t\t<\/div><!--\/vert-center-->\n\n\t\t\t\t\t\t\t\t\t\t<\/div>\n\t\t\t\t\t\t\t\t\t<\/div><!--work-item-->\n\n\t\t\t\t\t\t\t\t\n\n\t\t\t\t\t\t\t<\/div><!--\/inner-wrap-->\n\t\t\t\t\t\t<\/div><!--\/col-->\n\n\t\t\t\t\t\n\t\t\t\t\t\t\n\t\t\t\t\t\t<div class=\"col span_4  element 2015-sv \"  data-project-cat=\"2015-sv \" data-project-color=\"#6d355e\" data-title-color=\"\" data-subtitle-color=\"\">\n\n\t\t\t\t\t\t\t<div class=\"inner-wrap animated\" data-animation=\"none\">\n\n\t\t\t\t\t\t\t\t\n\t\t\t\t\t\t\t\t\t<div class=\"work-item style-2\" data-custom-content=\"off\">\n\n\t\t\t\t\t\t\t\t\t\t<img loading=\"lazy\" decoding=\"async\" class=\"size- skip-lazy\" src=\"https:\/\/www.kuninkaantienmuusikot.fi\/uusi\/wp-content\/uploads\/2013\/03\/1303_Vulpius_artikkeli3-500x403.jpg\" alt=\"\" height=\"403\" width=\"500\" srcset=\"https:\/\/www.kuninkaantienmuusikot.fi\/uusi\/wp-content\/uploads\/2013\/03\/1303_Vulpius_artikkeli3-500x403.jpg 600w, https:\/\/www.kuninkaantienmuusikot.fi\/uusi\/wp-content\/uploads\/2013\/03\/1303_Vulpius_artikkeli3-400x269.jpg 400w\" sizes=\"auto, (min-width: 1000px) 33.3vw, (min-width: 690px) 50vw, 100vw\" \/>\n\t\t\t\t\t\t\t\t\t\t<div class=\"work-info-bg\"><\/div>\n\t\t\t\t\t\t\t\t\t\t<div class=\"work-info\">\n\n\t\t\t\t\t\t\t\t\t\t\t\n\n\t\t\t\t\t\t\t\t\t\t\t\t\n\t\t\t\t\t\t\t\t\t\t\t\t\t<a href=\"https:\/\/www.kuninkaantienmuusikot.fi\/sv\/konsertit\/vulpius-vahakyro\"><span class=\"screen-reader-text\">Melchior Vulpius: Pa\u00dfio meid\u00e4n Herran Jesuxen Christuxen<\/span><\/a>\n\n\t\t\t\t\t\t\t\t\t\t\t\t\n\n\t\t\t\t\t\t\t\t\t\t\t<div class=\"vert-center\">\n\t\t\t\t\t\t\t\t\t\t\t\t\t\t\t\t\t\t\t\t\t\t\t\t\t<p><span>29.3.2015 kl. 10 | Lillkyro kyrka<\/span><\/p>\t\t\t\t\t\t\t\t\t\t\t\t\t<h3>Melchior Vulpius: Pa\u00dfio meid\u00e4n Herran Jesuxen Christuxen<\/h3>\n\n\t\t\t\t\t\t\t\t\t\t\t\t\t<svg class=\"next-arrow\" xmlns=\"http:\/\/www.w3.org\/2000\/svg\" xmlns:xlink=\"http:\/\/www.w3.org\/1999\/xlink\" viewBox=\"0 0 39 12\"><line class=\"top\" x1=\"23\" y1=\"-0.5\" x2=\"29.5\" y2=\"6.5\" stroke=\"#ffffff;\"\/><line class=\"bottom\" x1=\"23\" y1=\"12.5\" x2=\"29.5\" y2=\"5.5\" stroke=\"#ffffff;\"\/><\/svg><span class=\"line\"><\/span><\/span>\n\n\t\t\t\t\t\t\t\t\t\t\t\t\t\t\t\t\t\t\t\t\t\t\t<\/div><!--\/vert-center-->\n\n\t\t\t\t\t\t\t\t\t\t<\/div>\n\t\t\t\t\t\t\t\t\t<\/div><!--work-item-->\n\n\t\t\t\t\t\t\t\t\n\n\t\t\t\t\t\t\t<\/div><!--\/inner-wrap-->\n\t\t\t\t\t\t<\/div><!--\/col-->\n\n\t\t\t\t\t\n\t\t\t\t\t\t\n\t\t\t\t\t\t<div class=\"col span_4  element 2015-sv \"  data-project-cat=\"2015-sv \" data-project-color=\"#6d355e\" data-title-color=\"\" data-subtitle-color=\"\">\n\n\t\t\t\t\t\t\t<div class=\"inner-wrap animated\" data-animation=\"none\">\n\n\t\t\t\t\t\t\t\t\n\t\t\t\t\t\t\t\t\t<div class=\"work-item style-2\" data-custom-content=\"off\">\n\n\t\t\t\t\t\t\t\t\t\t<img loading=\"lazy\" decoding=\"async\" class=\"size- skip-lazy\" src=\"https:\/\/www.kuninkaantienmuusikot.fi\/uusi\/wp-content\/uploads\/2019\/03\/1507_Askainen_artikkeli-500x403.jpg\" alt=\"\" height=\"403\" width=\"500\" srcset=\"https:\/\/www.kuninkaantienmuusikot.fi\/uusi\/wp-content\/uploads\/2019\/03\/1507_Askainen_artikkeli-500x403.jpg 600w, https:\/\/www.kuninkaantienmuusikot.fi\/uusi\/wp-content\/uploads\/2019\/03\/1507_Askainen_artikkeli-400x269.jpg 400w\" sizes=\"auto, (min-width: 1000px) 33.3vw, (min-width: 690px) 50vw, 100vw\" \/>\n\t\t\t\t\t\t\t\t\t\t<div class=\"work-info-bg\"><\/div>\n\t\t\t\t\t\t\t\t\t\t<div class=\"work-info\">\n\n\t\t\t\t\t\t\t\t\t\t\t\n\n\t\t\t\t\t\t\t\t\t\t\t\t\n\t\t\t\t\t\t\t\t\t\t\t\t\t<a href=\"https:\/\/www.kuninkaantienmuusikot.fi\/sv\/konsertit\/askainen\"><span class=\"screen-reader-text\">Musik i sommarnatten<\/span><\/a>\n\n\t\t\t\t\t\t\t\t\t\t\t\t\n\n\t\t\t\t\t\t\t\t\t\t\t<div class=\"vert-center\">\n\t\t\t\t\t\t\t\t\t\t\t\t\t\t\t\t\t\t\t\t\t\t\t\t\t<p><span>8.7.2015 kl. 20 | Villn\u00e4s kyrka<\/span><\/p>\t\t\t\t\t\t\t\t\t\t\t\t\t<h3>Musik i sommarnatten<\/h3>\n\n\t\t\t\t\t\t\t\t\t\t\t\t\t<svg class=\"next-arrow\" xmlns=\"http:\/\/www.w3.org\/2000\/svg\" xmlns:xlink=\"http:\/\/www.w3.org\/1999\/xlink\" viewBox=\"0 0 39 12\"><line class=\"top\" x1=\"23\" y1=\"-0.5\" x2=\"29.5\" y2=\"6.5\" stroke=\"#ffffff;\"\/><line class=\"bottom\" x1=\"23\" y1=\"12.5\" x2=\"29.5\" y2=\"5.5\" stroke=\"#ffffff;\"\/><\/svg><span class=\"line\"><\/span><\/span>\n\n\t\t\t\t\t\t\t\t\t\t\t\t\t\t\t\t\t\t\t\t\t\t\t<\/div><!--\/vert-center-->\n\n\t\t\t\t\t\t\t\t\t\t<\/div>\n\t\t\t\t\t\t\t\t\t<\/div><!--work-item-->\n\n\t\t\t\t\t\t\t\t\n\n\t\t\t\t\t\t\t<\/div><!--\/inner-wrap-->\n\t\t\t\t\t\t<\/div><!--\/col-->\n\n\t\t\t\t\t\n\t\t\t\t\t\t\n\t\t\t\t\t\t<div class=\"col span_4  element 2015-sv \"  data-project-cat=\"2015-sv \" data-project-color=\"#6d355e\" data-title-color=\"\" data-subtitle-color=\"\">\n\n\t\t\t\t\t\t\t<div class=\"inner-wrap animated\" data-animation=\"none\">\n\n\t\t\t\t\t\t\t\t\n\t\t\t\t\t\t\t\t\t<div class=\"work-item style-2\" data-custom-content=\"off\">\n\n\t\t\t\t\t\t\t\t\t\t<img loading=\"lazy\" decoding=\"async\" class=\"size- skip-lazy\" src=\"https:\/\/www.kuninkaantienmuusikot.fi\/uusi\/wp-content\/uploads\/2015\/08\/1508_Lira-chitarra_artikkeli-500x403.jpg\" alt=\"\" height=\"403\" width=\"500\" srcset=\"https:\/\/www.kuninkaantienmuusikot.fi\/uusi\/wp-content\/uploads\/2015\/08\/1508_Lira-chitarra_artikkeli-500x403.jpg 600w, https:\/\/www.kuninkaantienmuusikot.fi\/uusi\/wp-content\/uploads\/2015\/08\/1508_Lira-chitarra_artikkeli-400x269.jpg 400w\" sizes=\"auto, (min-width: 1000px) 33.3vw, (min-width: 690px) 50vw, 100vw\" \/>\n\t\t\t\t\t\t\t\t\t\t<div class=\"work-info-bg\"><\/div>\n\t\t\t\t\t\t\t\t\t\t<div class=\"work-info\">\n\n\t\t\t\t\t\t\t\t\t\t\t\n\n\t\t\t\t\t\t\t\t\t\t\t\t\n\t\t\t\t\t\t\t\t\t\t\t\t\t<a href=\"https:\/\/www.kuninkaantienmuusikot.fi\/sv\/konsertit\/lira-chitarra-salo\"><span class=\"screen-reader-text\">Ferdinando Carulli: Concerto pour lyre<\/span><\/a>\n\n\t\t\t\t\t\t\t\t\t\t\t\t\n\n\t\t\t\t\t\t\t\t\t\t\t<div class=\"vert-center\">\n\t\t\t\t\t\t\t\t\t\t\t\t\t\t\t\t\t\t\t\t\t\t\t\t\t<p><span>12.8.2015 kl. 19 | Salo konstmuseum Lokstallet<\/span><\/p>\t\t\t\t\t\t\t\t\t\t\t\t\t<h3>Ferdinando Carulli: Concerto pour lyre<\/h3>\n\n\t\t\t\t\t\t\t\t\t\t\t\t\t<svg class=\"next-arrow\" xmlns=\"http:\/\/www.w3.org\/2000\/svg\" xmlns:xlink=\"http:\/\/www.w3.org\/1999\/xlink\" viewBox=\"0 0 39 12\"><line class=\"top\" x1=\"23\" y1=\"-0.5\" x2=\"29.5\" y2=\"6.5\" stroke=\"#ffffff;\"\/><line class=\"bottom\" x1=\"23\" y1=\"12.5\" x2=\"29.5\" y2=\"5.5\" stroke=\"#ffffff;\"\/><\/svg><span class=\"line\"><\/span><\/span>\n\n\t\t\t\t\t\t\t\t\t\t\t\t\t\t\t\t\t\t\t\t\t\t\t<\/div><!--\/vert-center-->\n\n\t\t\t\t\t\t\t\t\t\t<\/div>\n\t\t\t\t\t\t\t\t\t<\/div><!--work-item-->\n\n\t\t\t\t\t\t\t\t\n\n\t\t\t\t\t\t\t<\/div><!--\/inner-wrap-->\n\t\t\t\t\t\t<\/div><!--\/col-->\n\n\t\t\t\t\t\n\t\t\t\t\t\t\n\t\t\t\t\t\t<div class=\"col span_4  element 2015-sv \"  data-project-cat=\"2015-sv \" data-project-color=\"#6d355e\" data-title-color=\"\" data-subtitle-color=\"\">\n\n\t\t\t\t\t\t\t<div class=\"inner-wrap animated\" data-animation=\"none\">\n\n\t\t\t\t\t\t\t\t\n\t\t\t\t\t\t\t\t\t<div class=\"work-item style-2\" data-custom-content=\"off\">\n\n\t\t\t\t\t\t\t\t\t\t<img loading=\"lazy\" decoding=\"async\" class=\"size- skip-lazy\" src=\"https:\/\/www.kuninkaantienmuusikot.fi\/uusi\/wp-content\/uploads\/2015\/08\/1508_Lira-chitarra_artikkeli-500x403.jpg\" alt=\"\" height=\"403\" width=\"500\" srcset=\"https:\/\/www.kuninkaantienmuusikot.fi\/uusi\/wp-content\/uploads\/2015\/08\/1508_Lira-chitarra_artikkeli-500x403.jpg 600w, https:\/\/www.kuninkaantienmuusikot.fi\/uusi\/wp-content\/uploads\/2015\/08\/1508_Lira-chitarra_artikkeli-400x269.jpg 400w\" sizes=\"auto, (min-width: 1000px) 33.3vw, (min-width: 690px) 50vw, 100vw\" \/>\n\t\t\t\t\t\t\t\t\t\t<div class=\"work-info-bg\"><\/div>\n\t\t\t\t\t\t\t\t\t\t<div class=\"work-info\">\n\n\t\t\t\t\t\t\t\t\t\t\t\n\n\t\t\t\t\t\t\t\t\t\t\t\t\n\t\t\t\t\t\t\t\t\t\t\t\t\t<a href=\"https:\/\/www.kuninkaantienmuusikot.fi\/sv\/konsertit\/lira-chitarra\"><span class=\"screen-reader-text\">Konstens natt 2015<\/span><\/a>\n\n\t\t\t\t\t\t\t\t\t\t\t\t\n\n\t\t\t\t\t\t\t\t\t\t\t<div class=\"vert-center\">\n\t\t\t\t\t\t\t\t\t\t\t\t\t\t\t\t\t\t\t\t\t\t\t\t\t<p><span>13.8.2015 kl. 20 | Cygnaeus skola, \u00c5bo<\/span><\/p>\t\t\t\t\t\t\t\t\t\t\t\t\t<h3>Konstens natt 2015<\/h3>\n\n\t\t\t\t\t\t\t\t\t\t\t\t\t<svg class=\"next-arrow\" xmlns=\"http:\/\/www.w3.org\/2000\/svg\" xmlns:xlink=\"http:\/\/www.w3.org\/1999\/xlink\" viewBox=\"0 0 39 12\"><line class=\"top\" x1=\"23\" y1=\"-0.5\" x2=\"29.5\" y2=\"6.5\" stroke=\"#ffffff;\"\/><line class=\"bottom\" x1=\"23\" y1=\"12.5\" x2=\"29.5\" y2=\"5.5\" stroke=\"#ffffff;\"\/><\/svg><span class=\"line\"><\/span><\/span>\n\n\t\t\t\t\t\t\t\t\t\t\t\t\t\t\t\t\t\t\t\t\t\t\t<\/div><!--\/vert-center-->\n\n\t\t\t\t\t\t\t\t\t\t<\/div>\n\t\t\t\t\t\t\t\t\t<\/div><!--work-item-->\n\n\t\t\t\t\t\t\t\t\n\n\t\t\t\t\t\t\t<\/div><!--\/inner-wrap-->\n\t\t\t\t\t\t<\/div><!--\/col-->\n\n\t\t\t\t\t\n\t\t\t\t\t\t\n\t\t\t\t\t\t<div class=\"col span_4  element 2015-sv \"  data-project-cat=\"2015-sv \" data-project-color=\"#6d355e\" data-title-color=\"\" data-subtitle-color=\"\">\n\n\t\t\t\t\t\t\t<div class=\"inner-wrap animated\" data-animation=\"none\">\n\n\t\t\t\t\t\t\t\t\n\t\t\t\t\t\t\t\t\t<div class=\"work-item style-2\" data-custom-content=\"off\">\n\n\t\t\t\t\t\t\t\t\t\t<img loading=\"lazy\" decoding=\"async\" class=\"size- skip-lazy\" src=\"https:\/\/www.kuninkaantienmuusikot.fi\/uusi\/wp-content\/uploads\/2019\/03\/1511_Gilles_artikkeli-500x403.jpg\" alt=\"\" height=\"403\" width=\"500\" srcset=\"https:\/\/www.kuninkaantienmuusikot.fi\/uusi\/wp-content\/uploads\/2019\/03\/1511_Gilles_artikkeli-500x403.jpg 600w, https:\/\/www.kuninkaantienmuusikot.fi\/uusi\/wp-content\/uploads\/2019\/03\/1511_Gilles_artikkeli-400x269.jpg 400w\" sizes=\"auto, (min-width: 1000px) 33.3vw, (min-width: 690px) 50vw, 100vw\" \/>\n\t\t\t\t\t\t\t\t\t\t<div class=\"work-info-bg\"><\/div>\n\t\t\t\t\t\t\t\t\t\t<div class=\"work-info\">\n\n\t\t\t\t\t\t\t\t\t\t\t\n\n\t\t\t\t\t\t\t\t\t\t\t\t\n\t\t\t\t\t\t\t\t\t\t\t\t\t<a href=\"https:\/\/www.kuninkaantienmuusikot.fi\/sv\/konsertit\/gilles-requiem\"><span class=\"screen-reader-text\">Jean Gilles: Requiem<\/span><\/a>\n\n\t\t\t\t\t\t\t\t\t\t\t\t\n\n\t\t\t\t\t\t\t\t\t\t\t<div class=\"vert-center\">\n\t\t\t\t\t\t\t\t\t\t\t\t\t\t\t\t\t\t\t\t\t\t\t\t\t<p><span>1.11.2015 kl. 19 | \u00c5bo domkyrka<\/span><\/p>\t\t\t\t\t\t\t\t\t\t\t\t\t<h3>Jean Gilles: Requiem<\/h3>\n\n\t\t\t\t\t\t\t\t\t\t\t\t\t<svg class=\"next-arrow\" xmlns=\"http:\/\/www.w3.org\/2000\/svg\" xmlns:xlink=\"http:\/\/www.w3.org\/1999\/xlink\" viewBox=\"0 0 39 12\"><line class=\"top\" x1=\"23\" y1=\"-0.5\" x2=\"29.5\" y2=\"6.5\" stroke=\"#ffffff;\"\/><line class=\"bottom\" x1=\"23\" y1=\"12.5\" x2=\"29.5\" y2=\"5.5\" stroke=\"#ffffff;\"\/><\/svg><span class=\"line\"><\/span><\/span>\n\n\t\t\t\t\t\t\t\t\t\t\t\t\t\t\t\t\t\t\t\t\t\t\t<\/div><!--\/vert-center-->\n\n\t\t\t\t\t\t\t\t\t\t<\/div>\n\t\t\t\t\t\t\t\t\t<\/div><!--work-item-->\n\n\t\t\t\t\t\t\t\t\n\n\t\t\t\t\t\t\t<\/div><!--\/inner-wrap-->\n\t\t\t\t\t\t<\/div><!--\/col-->\n\n\t\t\t\t\t\n\t\t\t\t\t\t\n\t\t\t\t\t\t<div class=\"col span_4  element 2016-sv \"  data-project-cat=\"2016-sv \" data-project-color=\"#6d355e\" data-title-color=\"\" data-subtitle-color=\"\">\n\n\t\t\t\t\t\t\t<div class=\"inner-wrap animated\" data-animation=\"none\">\n\n\t\t\t\t\t\t\t\t\n\t\t\t\t\t\t\t\t\t<div class=\"work-item style-2\" data-custom-content=\"off\">\n\n\t\t\t\t\t\t\t\t\t\t<img loading=\"lazy\" decoding=\"async\" class=\"size- skip-lazy\" src=\"https:\/\/www.kuninkaantienmuusikot.fi\/uusi\/wp-content\/uploads\/2009\/03\/Zelenka_MissaDF_0903_artikkeli2-514x403.jpg\" alt=\"\" height=\"403\" width=\"514\" srcset=\"https:\/\/www.kuninkaantienmuusikot.fi\/uusi\/wp-content\/uploads\/2009\/03\/Zelenka_MissaDF_0903_artikkeli2-514x403.jpg 600w, https:\/\/www.kuninkaantienmuusikot.fi\/uusi\/wp-content\/uploads\/2009\/03\/Zelenka_MissaDF_0903_artikkeli2-400x269.jpg 400w\" sizes=\"auto, (min-width: 1000px) 33.3vw, (min-width: 690px) 50vw, 100vw\" \/>\n\t\t\t\t\t\t\t\t\t\t<div class=\"work-info-bg\"><\/div>\n\t\t\t\t\t\t\t\t\t\t<div class=\"work-info\">\n\n\t\t\t\t\t\t\t\t\t\t\t\n\n\t\t\t\t\t\t\t\t\t\t\t\t\n\t\t\t\t\t\t\t\t\t\t\t\t\t<a href=\"https:\/\/www.kuninkaantienmuusikot.fi\/sv\/konsertit\/iltaehtoollinen\"><span class=\"screen-reader-text\">Nattvardsandakt<\/span><\/a>\n\n\t\t\t\t\t\t\t\t\t\t\t\t\n\n\t\t\t\t\t\t\t\t\t\t\t<div class=\"vert-center\">\n\t\t\t\t\t\t\t\t\t\t\t\t\t\t\t\t\t\t\t\t\t\t\t\t\t<p><span>12.3.2016 kl. 18 | \u00c5bo domkyrka<\/span><\/p>\t\t\t\t\t\t\t\t\t\t\t\t\t<h3>Nattvardsandakt<\/h3>\n\n\t\t\t\t\t\t\t\t\t\t\t\t\t<svg class=\"next-arrow\" xmlns=\"http:\/\/www.w3.org\/2000\/svg\" xmlns:xlink=\"http:\/\/www.w3.org\/1999\/xlink\" viewBox=\"0 0 39 12\"><line class=\"top\" x1=\"23\" y1=\"-0.5\" x2=\"29.5\" y2=\"6.5\" stroke=\"#ffffff;\"\/><line class=\"bottom\" x1=\"23\" y1=\"12.5\" x2=\"29.5\" y2=\"5.5\" stroke=\"#ffffff;\"\/><\/svg><span class=\"line\"><\/span><\/span>\n\n\t\t\t\t\t\t\t\t\t\t\t\t\t\t\t\t\t\t\t\t\t\t\t<\/div><!--\/vert-center-->\n\n\t\t\t\t\t\t\t\t\t\t<\/div>\n\t\t\t\t\t\t\t\t\t<\/div><!--work-item-->\n\n\t\t\t\t\t\t\t\t\n\n\t\t\t\t\t\t\t<\/div><!--\/inner-wrap-->\n\t\t\t\t\t\t<\/div><!--\/col-->\n\n\t\t\t\t\t\n\t\t\t\t\t\t\n\t\t\t\t\t\t<div class=\"col span_4  element 2016-sv \"  data-project-cat=\"2016-sv \" data-project-color=\"#6d355e\" data-title-color=\"\" data-subtitle-color=\"\">\n\n\t\t\t\t\t\t\t<div class=\"inner-wrap animated\" data-animation=\"none\">\n\n\t\t\t\t\t\t\t\t\n\t\t\t\t\t\t\t\t\t<div class=\"work-item style-2\" data-custom-content=\"off\">\n\n\t\t\t\t\t\t\t\t\t\t<img loading=\"lazy\" decoding=\"async\" class=\"size- skip-lazy\" src=\"https:\/\/www.kuninkaantienmuusikot.fi\/uusi\/wp-content\/uploads\/2019\/03\/1603_Kristiina_artikkeli-500x403.jpg\" alt=\"\" height=\"403\" width=\"500\" srcset=\"https:\/\/www.kuninkaantienmuusikot.fi\/uusi\/wp-content\/uploads\/2019\/03\/1603_Kristiina_artikkeli-500x403.jpg 600w, https:\/\/www.kuninkaantienmuusikot.fi\/uusi\/wp-content\/uploads\/2019\/03\/1603_Kristiina_artikkeli-400x269.jpg 400w\" sizes=\"auto, (min-width: 1000px) 33.3vw, (min-width: 690px) 50vw, 100vw\" \/>\n\t\t\t\t\t\t\t\t\t\t<div class=\"work-info-bg\"><\/div>\n\t\t\t\t\t\t\t\t\t\t<div class=\"work-info\">\n\n\t\t\t\t\t\t\t\t\t\t\t\n\n\t\t\t\t\t\t\t\t\t\t\t\t\n\t\t\t\t\t\t\t\t\t\t\t\t\t<a href=\"https:\/\/www.kuninkaantienmuusikot.fi\/sv\/konsertit\/kuningatar-kristiina-roomassa\"><span class=\"screen-reader-text\">Drottning Kristina i Rom<\/span><\/a>\n\n\t\t\t\t\t\t\t\t\t\t\t\t\n\n\t\t\t\t\t\t\t\t\t\t\t<div class=\"vert-center\">\n\t\t\t\t\t\t\t\t\t\t\t\t\t\t\t\t\t\t\t\t\t\t\t\t\t<p><span>12.3.2016 kl. 19 | \u00c5bo domkyrka<\/span><\/p>\t\t\t\t\t\t\t\t\t\t\t\t\t<h3>Drottning Kristina i Rom<\/h3>\n\n\t\t\t\t\t\t\t\t\t\t\t\t\t<svg class=\"next-arrow\" xmlns=\"http:\/\/www.w3.org\/2000\/svg\" xmlns:xlink=\"http:\/\/www.w3.org\/1999\/xlink\" viewBox=\"0 0 39 12\"><line class=\"top\" x1=\"23\" y1=\"-0.5\" x2=\"29.5\" y2=\"6.5\" stroke=\"#ffffff;\"\/><line class=\"bottom\" x1=\"23\" y1=\"12.5\" x2=\"29.5\" y2=\"5.5\" stroke=\"#ffffff;\"\/><\/svg><span class=\"line\"><\/span><\/span>\n\n\t\t\t\t\t\t\t\t\t\t\t\t\t\t\t\t\t\t\t\t\t\t\t<\/div><!--\/vert-center-->\n\n\t\t\t\t\t\t\t\t\t\t<\/div>\n\t\t\t\t\t\t\t\t\t<\/div><!--work-item-->\n\n\t\t\t\t\t\t\t\t\n\n\t\t\t\t\t\t\t<\/div><!--\/inner-wrap-->\n\t\t\t\t\t\t<\/div><!--\/col-->\n\n\t\t\t\t\t\n\t\t\t\t\t\t\n\t\t\t\t\t\t<div class=\"col span_4  element 2016-sv \"  data-project-cat=\"2016-sv \" data-project-color=\"#6d355e\" data-title-color=\"\" data-subtitle-color=\"\">\n\n\t\t\t\t\t\t\t<div class=\"inner-wrap animated\" data-animation=\"none\">\n\n\t\t\t\t\t\t\t\t\n\t\t\t\t\t\t\t\t\t<div class=\"work-item style-2\" data-custom-content=\"off\">\n\n\t\t\t\t\t\t\t\t\t\t<img loading=\"lazy\" decoding=\"async\" class=\"size- skip-lazy\" src=\"https:\/\/www.kuninkaantienmuusikot.fi\/uusi\/wp-content\/uploads\/2016\/05\/1605_Revue_blanche_artikkeli2-500x403.jpg\" alt=\"\" height=\"403\" width=\"500\" srcset=\"https:\/\/www.kuninkaantienmuusikot.fi\/uusi\/wp-content\/uploads\/2016\/05\/1605_Revue_blanche_artikkeli2-500x403.jpg 600w, https:\/\/www.kuninkaantienmuusikot.fi\/uusi\/wp-content\/uploads\/2016\/05\/1605_Revue_blanche_artikkeli2-400x269.jpg 400w\" sizes=\"auto, (min-width: 1000px) 33.3vw, (min-width: 690px) 50vw, 100vw\" \/>\n\t\t\t\t\t\t\t\t\t\t<div class=\"work-info-bg\"><\/div>\n\t\t\t\t\t\t\t\t\t\t<div class=\"work-info\">\n\n\t\t\t\t\t\t\t\t\t\t\t\n\n\t\t\t\t\t\t\t\t\t\t\t\t\n\t\t\t\t\t\t\t\t\t\t\t\t\t<a href=\"https:\/\/www.kuninkaantienmuusikot.fi\/sv\/konsertit\/revue-blanche\"><span class=\"screen-reader-text\">Revue Blanche<\/span><\/a>\n\n\t\t\t\t\t\t\t\t\t\t\t\t\n\n\t\t\t\t\t\t\t\t\t\t\t<div class=\"vert-center\">\n\t\t\t\t\t\t\t\t\t\t\t\t\t\t\t\t\t\t\t\t\t\t\t\t\t<p><span>12.5.2016 kl. 19 | Tempelplatsens kyrka<\/span><\/p>\t\t\t\t\t\t\t\t\t\t\t\t\t<h3>Revue Blanche<\/h3>\n\n\t\t\t\t\t\t\t\t\t\t\t\t\t<svg class=\"next-arrow\" xmlns=\"http:\/\/www.w3.org\/2000\/svg\" xmlns:xlink=\"http:\/\/www.w3.org\/1999\/xlink\" viewBox=\"0 0 39 12\"><line class=\"top\" x1=\"23\" y1=\"-0.5\" x2=\"29.5\" y2=\"6.5\" stroke=\"#ffffff;\"\/><line class=\"bottom\" x1=\"23\" y1=\"12.5\" x2=\"29.5\" y2=\"5.5\" stroke=\"#ffffff;\"\/><\/svg><span class=\"line\"><\/span><\/span>\n\n\t\t\t\t\t\t\t\t\t\t\t\t\t\t\t\t\t\t\t\t\t\t\t<\/div><!--\/vert-center-->\n\n\t\t\t\t\t\t\t\t\t\t<\/div>\n\t\t\t\t\t\t\t\t\t<\/div><!--work-item-->\n\n\t\t\t\t\t\t\t\t\n\n\t\t\t\t\t\t\t<\/div><!--\/inner-wrap-->\n\t\t\t\t\t\t<\/div><!--\/col-->\n\n\t\t\t\t\t\n\t\t\t\t\t\t\n\t\t\t\t\t\t<div class=\"col span_4  element 2016-sv \"  data-project-cat=\"2016-sv \" data-project-color=\"#6d355e\" data-title-color=\"\" data-subtitle-color=\"\">\n\n\t\t\t\t\t\t\t<div class=\"inner-wrap animated\" data-animation=\"none\">\n\n\t\t\t\t\t\t\t\t\n\t\t\t\t\t\t\t\t\t<div class=\"work-item style-2\" data-custom-content=\"off\">\n\n\t\t\t\t\t\t\t\t\t\t<img loading=\"lazy\" decoding=\"async\" class=\"size- skip-lazy\" src=\"https:\/\/www.kuninkaantienmuusikot.fi\/uusi\/wp-content\/uploads\/2019\/03\/1607_K\u00f6kar_artikkeli-500x403.jpg\" alt=\"\" height=\"403\" width=\"500\" srcset=\"https:\/\/www.kuninkaantienmuusikot.fi\/uusi\/wp-content\/uploads\/2019\/03\/1607_K\u00f6kar_artikkeli-500x403.jpg 600w, https:\/\/www.kuninkaantienmuusikot.fi\/uusi\/wp-content\/uploads\/2019\/03\/1607_K\u00f6kar_artikkeli-400x269.jpg 400w\" sizes=\"auto, (min-width: 1000px) 33.3vw, (min-width: 690px) 50vw, 100vw\" \/>\n\t\t\t\t\t\t\t\t\t\t<div class=\"work-info-bg\"><\/div>\n\t\t\t\t\t\t\t\t\t\t<div class=\"work-info\">\n\n\t\t\t\t\t\t\t\t\t\t\t\n\n\t\t\t\t\t\t\t\t\t\t\t\t\n\t\t\t\t\t\t\t\t\t\t\t\t\t<a href=\"https:\/\/www.kuninkaantienmuusikot.fi\/sv\/konsertit\/barocco-francescano\"><span class=\"screen-reader-text\">Barocco francescano<\/span><\/a>\n\n\t\t\t\t\t\t\t\t\t\t\t\t\n\n\t\t\t\t\t\t\t\t\t\t\t<div class=\"vert-center\">\n\t\t\t\t\t\t\t\t\t\t\t\t\t\t\t\t\t\t\t\t\t\t\t\t\t<p><span>2.7.2016 kl. 20 | S:ta Anna kyrka, K\u00f6kar<\/span><\/p>\t\t\t\t\t\t\t\t\t\t\t\t\t<h3>Barocco francescano<\/h3>\n\n\t\t\t\t\t\t\t\t\t\t\t\t\t<svg class=\"next-arrow\" xmlns=\"http:\/\/www.w3.org\/2000\/svg\" xmlns:xlink=\"http:\/\/www.w3.org\/1999\/xlink\" viewBox=\"0 0 39 12\"><line class=\"top\" x1=\"23\" y1=\"-0.5\" x2=\"29.5\" y2=\"6.5\" stroke=\"#ffffff;\"\/><line class=\"bottom\" x1=\"23\" y1=\"12.5\" x2=\"29.5\" y2=\"5.5\" stroke=\"#ffffff;\"\/><\/svg><span class=\"line\"><\/span><\/span>\n\n\t\t\t\t\t\t\t\t\t\t\t\t\t\t\t\t\t\t\t\t\t\t\t<\/div><!--\/vert-center-->\n\n\t\t\t\t\t\t\t\t\t\t<\/div>\n\t\t\t\t\t\t\t\t\t<\/div><!--work-item-->\n\n\t\t\t\t\t\t\t\t\n\n\t\t\t\t\t\t\t<\/div><!--\/inner-wrap-->\n\t\t\t\t\t\t<\/div><!--\/col-->\n\n\t\t\t\t\t\n\t\t\t\t\t\t\n\t\t\t\t\t\t<div class=\"col span_4  element 2016-sv \"  data-project-cat=\"2016-sv \" data-project-color=\"#6d355e\" data-title-color=\"\" data-subtitle-color=\"\">\n\n\t\t\t\t\t\t\t<div class=\"inner-wrap animated\" data-animation=\"none\">\n\n\t\t\t\t\t\t\t\t\n\t\t\t\t\t\t\t\t\t<div class=\"work-item style-2\" data-custom-content=\"off\">\n\n\t\t\t\t\t\t\t\t\t\t<img loading=\"lazy\" decoding=\"async\" class=\"size- skip-lazy\" src=\"https:\/\/www.kuninkaantienmuusikot.fi\/uusi\/wp-content\/uploads\/2018\/11\/1108_Fortepiano_artikkeli-500x403.jpg\" alt=\"\" height=\"403\" width=\"500\" srcset=\"https:\/\/www.kuninkaantienmuusikot.fi\/uusi\/wp-content\/uploads\/2018\/11\/1108_Fortepiano_artikkeli-500x403.jpg 600w, https:\/\/www.kuninkaantienmuusikot.fi\/uusi\/wp-content\/uploads\/2018\/11\/1108_Fortepiano_artikkeli-400x269.jpg 400w\" sizes=\"auto, (min-width: 1000px) 33.3vw, (min-width: 690px) 50vw, 100vw\" \/>\n\t\t\t\t\t\t\t\t\t\t<div class=\"work-info-bg\"><\/div>\n\t\t\t\t\t\t\t\t\t\t<div class=\"work-info\">\n\n\t\t\t\t\t\t\t\t\t\t\t\n\n\t\t\t\t\t\t\t\t\t\t\t\t\n\t\t\t\t\t\t\t\t\t\t\t\t\t<a href=\"https:\/\/www.kuninkaantienmuusikot.fi\/sv\/konsertit\/taiteiden-yo-2016\"><span class=\"screen-reader-text\">Konstens natt 2016 &#8211; En Musikalisk Soir\u00e9e<\/span><\/a>\n\n\t\t\t\t\t\t\t\t\t\t\t\t\n\n\t\t\t\t\t\t\t\t\t\t\t<div class=\"vert-center\">\n\t\t\t\t\t\t\t\t\t\t\t\t\t\t\t\t\t\t\t\t\t\t\t\t\t<p><span>18.8.2016 kl. 19 | Dahlstr\u00f6mska palatset, \u00c5bo<\/span><\/p>\t\t\t\t\t\t\t\t\t\t\t\t\t<h3>Konstens natt 2016 &#8211; En Musikalisk Soir\u00e9e<\/h3>\n\n\t\t\t\t\t\t\t\t\t\t\t\t\t<svg class=\"next-arrow\" xmlns=\"http:\/\/www.w3.org\/2000\/svg\" xmlns:xlink=\"http:\/\/www.w3.org\/1999\/xlink\" viewBox=\"0 0 39 12\"><line class=\"top\" x1=\"23\" y1=\"-0.5\" x2=\"29.5\" y2=\"6.5\" stroke=\"#ffffff;\"\/><line class=\"bottom\" x1=\"23\" y1=\"12.5\" x2=\"29.5\" y2=\"5.5\" stroke=\"#ffffff;\"\/><\/svg><span class=\"line\"><\/span><\/span>\n\n\t\t\t\t\t\t\t\t\t\t\t\t\t\t\t\t\t\t\t\t\t\t\t<\/div><!--\/vert-center-->\n\n\t\t\t\t\t\t\t\t\t\t<\/div>\n\t\t\t\t\t\t\t\t\t<\/div><!--work-item-->\n\n\t\t\t\t\t\t\t\t\n\n\t\t\t\t\t\t\t<\/div><!--\/inner-wrap-->\n\t\t\t\t\t\t<\/div><!--\/col-->\n\n\t\t\t\t\t\n\t\t\t\t\t\t\n\t\t\t\t\t\t<div class=\"col span_4  element 2016-sv \"  data-project-cat=\"2016-sv \" data-project-color=\"#6d355e\" data-title-color=\"\" data-subtitle-color=\"\">\n\n\t\t\t\t\t\t\t<div class=\"inner-wrap animated\" data-animation=\"none\">\n\n\t\t\t\t\t\t\t\t\n\t\t\t\t\t\t\t\t\t<div class=\"work-item style-2\" data-custom-content=\"off\">\n\n\t\t\t\t\t\t\t\t\t\t<img loading=\"lazy\" decoding=\"async\" class=\"size- skip-lazy\" src=\"https:\/\/www.kuninkaantienmuusikot.fi\/uusi\/wp-content\/uploads\/2019\/03\/1609_Dalsbruk_artikkeli-500x403.jpg\" alt=\"\" height=\"403\" width=\"500\" srcset=\"https:\/\/www.kuninkaantienmuusikot.fi\/uusi\/wp-content\/uploads\/2019\/03\/1609_Dalsbruk_artikkeli-500x403.jpg 600w, https:\/\/www.kuninkaantienmuusikot.fi\/uusi\/wp-content\/uploads\/2019\/03\/1609_Dalsbruk_artikkeli-400x269.jpg 400w\" sizes=\"auto, (min-width: 1000px) 33.3vw, (min-width: 690px) 50vw, 100vw\" \/>\n\t\t\t\t\t\t\t\t\t\t<div class=\"work-info-bg\"><\/div>\n\t\t\t\t\t\t\t\t\t\t<div class=\"work-info\">\n\n\t\t\t\t\t\t\t\t\t\t\t\n\n\t\t\t\t\t\t\t\t\t\t\t\t\n\t\t\t\t\t\t\t\t\t\t\t\t\t<a href=\"https:\/\/www.kuninkaantienmuusikot.fi\/sv\/konsertit\/dalsbruk\"><span class=\"screen-reader-text\">Carlo Tessarini: Contrasto Armonico<\/span><\/a>\n\n\t\t\t\t\t\t\t\t\t\t\t\t\n\n\t\t\t\t\t\t\t\t\t\t\t<div class=\"vert-center\">\n\t\t\t\t\t\t\t\t\t\t\t\t\t\t\t\t\t\t\t\t\t\t\t\t\t<p><span>10.9.2016 kl. 18 | Dalsbruks kyrka<\/span><\/p>\t\t\t\t\t\t\t\t\t\t\t\t\t<h3>Carlo Tessarini: Contrasto Armonico<\/h3>\n\n\t\t\t\t\t\t\t\t\t\t\t\t\t<svg class=\"next-arrow\" xmlns=\"http:\/\/www.w3.org\/2000\/svg\" xmlns:xlink=\"http:\/\/www.w3.org\/1999\/xlink\" viewBox=\"0 0 39 12\"><line class=\"top\" x1=\"23\" y1=\"-0.5\" x2=\"29.5\" y2=\"6.5\" stroke=\"#ffffff;\"\/><line class=\"bottom\" x1=\"23\" y1=\"12.5\" x2=\"29.5\" y2=\"5.5\" stroke=\"#ffffff;\"\/><\/svg><span class=\"line\"><\/span><\/span>\n\n\t\t\t\t\t\t\t\t\t\t\t\t\t\t\t\t\t\t\t\t\t\t\t<\/div><!--\/vert-center-->\n\n\t\t\t\t\t\t\t\t\t\t<\/div>\n\t\t\t\t\t\t\t\t\t<\/div><!--work-item-->\n\n\t\t\t\t\t\t\t\t\n\n\t\t\t\t\t\t\t<\/div><!--\/inner-wrap-->\n\t\t\t\t\t\t<\/div><!--\/col-->\n\n\t\t\t\t\t\n\t\t\t\t\t\t\n\t\t\t\t\t\t<div class=\"col span_4  element 2017-sv \"  data-project-cat=\"2017-sv \" data-project-color=\"#6d355e\" data-title-color=\"\" data-subtitle-color=\"\">\n\n\t\t\t\t\t\t\t<div class=\"inner-wrap animated\" data-animation=\"none\">\n\n\t\t\t\t\t\t\t\t\n\t\t\t\t\t\t\t\t\t<div class=\"work-item style-2\" data-custom-content=\"off\">\n\n\t\t\t\t\t\t\t\t\t\t<img loading=\"lazy\" decoding=\"async\" class=\"size- skip-lazy\" src=\"https:\/\/www.kuninkaantienmuusikot.fi\/uusi\/wp-content\/uploads\/2019\/03\/1701_Matteis_artikkeli-500x403.jpg\" alt=\"\" height=\"403\" width=\"500\" srcset=\"https:\/\/www.kuninkaantienmuusikot.fi\/uusi\/wp-content\/uploads\/2019\/03\/1701_Matteis_artikkeli-500x403.jpg 600w, https:\/\/www.kuninkaantienmuusikot.fi\/uusi\/wp-content\/uploads\/2019\/03\/1701_Matteis_artikkeli-400x269.jpg 400w\" sizes=\"auto, (min-width: 1000px) 33.3vw, (min-width: 690px) 50vw, 100vw\" \/>\n\t\t\t\t\t\t\t\t\t\t<div class=\"work-info-bg\"><\/div>\n\t\t\t\t\t\t\t\t\t\t<div class=\"work-info\">\n\n\t\t\t\t\t\t\t\t\t\t\t\n\n\t\t\t\t\t\t\t\t\t\t\t\t\n\t\t\t\t\t\t\t\t\t\t\t\t\t<a href=\"https:\/\/www.kuninkaantienmuusikot.fi\/sv\/konsertit\/en-musikalisk-soiree-hemmet\"><span class=\"screen-reader-text\">En Musikalisk Soir\u00e9e<\/span><\/a>\n\n\t\t\t\t\t\t\t\t\t\t\t\t\n\n\t\t\t\t\t\t\t\t\t\t\t<div class=\"vert-center\">\n\t\t\t\t\t\t\t\t\t\t\t\t\t\t\t\t\t\t\t\t\t\t\t\t\t<p><span>6.1.2017 kl. 18 | Hemmet, Observatoriegatan 2, \u00c5bo<\/span><\/p>\t\t\t\t\t\t\t\t\t\t\t\t\t<h3>En Musikalisk Soir\u00e9e<\/h3>\n\n\t\t\t\t\t\t\t\t\t\t\t\t\t<svg class=\"next-arrow\" xmlns=\"http:\/\/www.w3.org\/2000\/svg\" xmlns:xlink=\"http:\/\/www.w3.org\/1999\/xlink\" viewBox=\"0 0 39 12\"><line class=\"top\" x1=\"23\" y1=\"-0.5\" x2=\"29.5\" y2=\"6.5\" stroke=\"#ffffff;\"\/><line class=\"bottom\" x1=\"23\" y1=\"12.5\" x2=\"29.5\" y2=\"5.5\" stroke=\"#ffffff;\"\/><\/svg><span class=\"line\"><\/span><\/span>\n\n\t\t\t\t\t\t\t\t\t\t\t\t\t\t\t\t\t\t\t\t\t\t\t<\/div><!--\/vert-center-->\n\n\t\t\t\t\t\t\t\t\t\t<\/div>\n\t\t\t\t\t\t\t\t\t<\/div><!--work-item-->\n\n\t\t\t\t\t\t\t\t\n\n\t\t\t\t\t\t\t<\/div><!--\/inner-wrap-->\n\t\t\t\t\t\t<\/div><!--\/col-->\n\n\t\t\t\t\t\n\t\t\t\t\t\t\n\t\t\t\t\t\t<div class=\"col span_4  element 2017-sv \"  data-project-cat=\"2017-sv \" data-project-color=\"#6d355e\" data-title-color=\"\" data-subtitle-color=\"\">\n\n\t\t\t\t\t\t\t<div class=\"inner-wrap animated\" data-animation=\"none\">\n\n\t\t\t\t\t\t\t\t\n\t\t\t\t\t\t\t\t\t<div class=\"work-item style-2\" data-custom-content=\"off\">\n\n\t\t\t\t\t\t\t\t\t\t<img loading=\"lazy\" decoding=\"async\" class=\"size- skip-lazy\" src=\"https:\/\/www.kuninkaantienmuusikot.fi\/uusi\/wp-content\/uploads\/2017\/03\/1703_Longueval_artikkeli2-500x403.jpg\" alt=\"\" height=\"403\" width=\"500\" srcset=\"https:\/\/www.kuninkaantienmuusikot.fi\/uusi\/wp-content\/uploads\/2017\/03\/1703_Longueval_artikkeli2-500x403.jpg 600w, https:\/\/www.kuninkaantienmuusikot.fi\/uusi\/wp-content\/uploads\/2017\/03\/1703_Longueval_artikkeli2-400x269.jpg 400w\" sizes=\"auto, (min-width: 1000px) 33.3vw, (min-width: 690px) 50vw, 100vw\" \/>\n\t\t\t\t\t\t\t\t\t\t<div class=\"work-info-bg\"><\/div>\n\t\t\t\t\t\t\t\t\t\t<div class=\"work-info\">\n\n\t\t\t\t\t\t\t\t\t\t\t\n\n\t\t\t\t\t\t\t\t\t\t\t\t\n\t\t\t\t\t\t\t\t\t\t\t\t\t<a href=\"https:\/\/www.kuninkaantienmuusikot.fi\/sv\/konsertit\/longueval\"><span class=\"screen-reader-text\">Antoine de Longueval: Matteuspassionen<\/span><\/a>\n\n\t\t\t\t\t\t\t\t\t\t\t\t\n\n\t\t\t\t\t\t\t\t\t\t\t<div class=\"vert-center\">\n\t\t\t\t\t\t\t\t\t\t\t\t\t\t\t\t\t\t\t\t\t\t\t\t\t<p><span>11.3.2017 kl. 18 | \u00c5bo domkyrka<\/span><\/p>\t\t\t\t\t\t\t\t\t\t\t\t\t<h3>Antoine de Longueval: Matteuspassionen<\/h3>\n\n\t\t\t\t\t\t\t\t\t\t\t\t\t<svg class=\"next-arrow\" xmlns=\"http:\/\/www.w3.org\/2000\/svg\" xmlns:xlink=\"http:\/\/www.w3.org\/1999\/xlink\" viewBox=\"0 0 39 12\"><line class=\"top\" x1=\"23\" y1=\"-0.5\" x2=\"29.5\" y2=\"6.5\" stroke=\"#ffffff;\"\/><line class=\"bottom\" x1=\"23\" y1=\"12.5\" x2=\"29.5\" y2=\"5.5\" stroke=\"#ffffff;\"\/><\/svg><span class=\"line\"><\/span><\/span>\n\n\t\t\t\t\t\t\t\t\t\t\t\t\t\t\t\t\t\t\t\t\t\t\t<\/div><!--\/vert-center-->\n\n\t\t\t\t\t\t\t\t\t\t<\/div>\n\t\t\t\t\t\t\t\t\t<\/div><!--work-item-->\n\n\t\t\t\t\t\t\t\t\n\n\t\t\t\t\t\t\t<\/div><!--\/inner-wrap-->\n\t\t\t\t\t\t<\/div><!--\/col-->\n\n\t\t\t\t\t\n\t\t\t\t\t\t\n\t\t\t\t\t\t<div class=\"col span_4  element 2017-sv \"  data-project-cat=\"2017-sv \" data-project-color=\"#6d355e\" data-title-color=\"\" data-subtitle-color=\"\">\n\n\t\t\t\t\t\t\t<div class=\"inner-wrap animated\" data-animation=\"none\">\n\n\t\t\t\t\t\t\t\t\n\t\t\t\t\t\t\t\t\t<div class=\"work-item style-2\" data-custom-content=\"off\">\n\n\t\t\t\t\t\t\t\t\t\t<img loading=\"lazy\" decoding=\"async\" class=\"size- skip-lazy\" src=\"https:\/\/www.kuninkaantienmuusikot.fi\/uusi\/wp-content\/uploads\/2017\/03\/1703_Longueval_artikkeli2-500x403.jpg\" alt=\"\" height=\"403\" width=\"500\" srcset=\"https:\/\/www.kuninkaantienmuusikot.fi\/uusi\/wp-content\/uploads\/2017\/03\/1703_Longueval_artikkeli2-500x403.jpg 600w, https:\/\/www.kuninkaantienmuusikot.fi\/uusi\/wp-content\/uploads\/2017\/03\/1703_Longueval_artikkeli2-400x269.jpg 400w\" sizes=\"auto, (min-width: 1000px) 33.3vw, (min-width: 690px) 50vw, 100vw\" \/>\n\t\t\t\t\t\t\t\t\t\t<div class=\"work-info-bg\"><\/div>\n\t\t\t\t\t\t\t\t\t\t<div class=\"work-info\">\n\n\t\t\t\t\t\t\t\t\t\t\t\n\n\t\t\t\t\t\t\t\t\t\t\t\t\n\t\t\t\t\t\t\t\t\t\t\t\t\t<a href=\"https:\/\/www.kuninkaantienmuusikot.fi\/sv\/konsertit\/meiland\"><span class=\"screen-reader-text\">Jakob Meiland: Matteuspassionen<\/span><\/a>\n\n\t\t\t\t\t\t\t\t\t\t\t\t\n\n\t\t\t\t\t\t\t\t\t\t\t<div class=\"vert-center\">\n\t\t\t\t\t\t\t\t\t\t\t\t\t\t\t\t\t\t\t\t\t\t\t\t\t<p><span>8.4.2017 kl. 18 | \u00c5bo domkyrka<\/span><\/p>\t\t\t\t\t\t\t\t\t\t\t\t\t<h3>Jakob Meiland: Matteuspassionen<\/h3>\n\n\t\t\t\t\t\t\t\t\t\t\t\t\t<svg class=\"next-arrow\" xmlns=\"http:\/\/www.w3.org\/2000\/svg\" xmlns:xlink=\"http:\/\/www.w3.org\/1999\/xlink\" viewBox=\"0 0 39 12\"><line class=\"top\" x1=\"23\" y1=\"-0.5\" x2=\"29.5\" y2=\"6.5\" stroke=\"#ffffff;\"\/><line class=\"bottom\" x1=\"23\" y1=\"12.5\" x2=\"29.5\" y2=\"5.5\" stroke=\"#ffffff;\"\/><\/svg><span class=\"line\"><\/span><\/span>\n\n\t\t\t\t\t\t\t\t\t\t\t\t\t\t\t\t\t\t\t\t\t\t\t<\/div><!--\/vert-center-->\n\n\t\t\t\t\t\t\t\t\t\t<\/div>\n\t\t\t\t\t\t\t\t\t<\/div><!--work-item-->\n\n\t\t\t\t\t\t\t\t\n\n\t\t\t\t\t\t\t<\/div><!--\/inner-wrap-->\n\t\t\t\t\t\t<\/div><!--\/col-->\n\n\t\t\t\t\t\n\t\t\t\t\t\t\n\t\t\t\t\t\t<div class=\"col span_4  element 2017-sv \"  data-project-cat=\"2017-sv \" data-project-color=\"#6d355e\" data-title-color=\"\" data-subtitle-color=\"\">\n\n\t\t\t\t\t\t\t<div class=\"inner-wrap animated\" data-animation=\"none\">\n\n\t\t\t\t\t\t\t\t\n\t\t\t\t\t\t\t\t\t<div class=\"work-item style-2\" data-custom-content=\"off\">\n\n\t\t\t\t\t\t\t\t\t\t<img loading=\"lazy\" decoding=\"async\" class=\"size- skip-lazy\" src=\"https:\/\/www.kuninkaantienmuusikot.fi\/uusi\/wp-content\/uploads\/2009\/03\/Zelenka_MissaDF_0903_artikkeli2-514x403.jpg\" alt=\"\" height=\"403\" width=\"514\" srcset=\"https:\/\/www.kuninkaantienmuusikot.fi\/uusi\/wp-content\/uploads\/2009\/03\/Zelenka_MissaDF_0903_artikkeli2-514x403.jpg 600w, https:\/\/www.kuninkaantienmuusikot.fi\/uusi\/wp-content\/uploads\/2009\/03\/Zelenka_MissaDF_0903_artikkeli2-400x269.jpg 400w\" sizes=\"auto, (min-width: 1000px) 33.3vw, (min-width: 690px) 50vw, 100vw\" \/>\n\t\t\t\t\t\t\t\t\t\t<div class=\"work-info-bg\"><\/div>\n\t\t\t\t\t\t\t\t\t\t<div class=\"work-info\">\n\n\t\t\t\t\t\t\t\t\t\t\t\n\n\t\t\t\t\t\t\t\t\t\t\t\t\n\t\t\t\t\t\t\t\t\t\t\t\t\t<a href=\"https:\/\/www.kuninkaantienmuusikot.fi\/sv\/konsertit\/europa-nostra\"><span class=\"screen-reader-text\">Europa Nostra &#8211; European Heritage Congress<\/span><\/a>\n\n\t\t\t\t\t\t\t\t\t\t\t\t\n\n\t\t\t\t\t\t\t\t\t\t\t<div class=\"vert-center\">\n\t\t\t\t\t\t\t\t\t\t\t\t\t\t\t\t\t\t\t\t\t\t\t\t\t<p><span>15.5.2017 kl. 20 | \u00c5bo slott<\/span><\/p>\t\t\t\t\t\t\t\t\t\t\t\t\t<h3>Europa Nostra &#8211; European Heritage Congress<\/h3>\n\n\t\t\t\t\t\t\t\t\t\t\t\t\t<svg class=\"next-arrow\" xmlns=\"http:\/\/www.w3.org\/2000\/svg\" xmlns:xlink=\"http:\/\/www.w3.org\/1999\/xlink\" viewBox=\"0 0 39 12\"><line class=\"top\" x1=\"23\" y1=\"-0.5\" x2=\"29.5\" y2=\"6.5\" stroke=\"#ffffff;\"\/><line class=\"bottom\" x1=\"23\" y1=\"12.5\" x2=\"29.5\" y2=\"5.5\" stroke=\"#ffffff;\"\/><\/svg><span class=\"line\"><\/span><\/span>\n\n\t\t\t\t\t\t\t\t\t\t\t\t\t\t\t\t\t\t\t\t\t\t\t<\/div><!--\/vert-center-->\n\n\t\t\t\t\t\t\t\t\t\t<\/div>\n\t\t\t\t\t\t\t\t\t<\/div><!--work-item-->\n\n\t\t\t\t\t\t\t\t\n\n\t\t\t\t\t\t\t<\/div><!--\/inner-wrap-->\n\t\t\t\t\t\t<\/div><!--\/col-->\n\n\t\t\t\t\t\n\t\t\t\t\t\t\n\t\t\t\t\t\t<div class=\"col span_4  element 2017-sv \"  data-project-cat=\"2017-sv \" data-project-color=\"#6d355e\" data-title-color=\"\" data-subtitle-color=\"\">\n\n\t\t\t\t\t\t\t<div class=\"inner-wrap animated\" data-animation=\"none\">\n\n\t\t\t\t\t\t\t\t\n\t\t\t\t\t\t\t\t\t<div class=\"work-item style-2\" data-custom-content=\"off\">\n\n\t\t\t\t\t\t\t\t\t\t<img loading=\"lazy\" decoding=\"async\" class=\"size- skip-lazy\" src=\"https:\/\/www.kuninkaantienmuusikot.fi\/uusi\/wp-content\/uploads\/2009\/03\/Zelenka_MissaDF_0903_artikkeli2-514x403.jpg\" alt=\"\" height=\"403\" width=\"514\" srcset=\"https:\/\/www.kuninkaantienmuusikot.fi\/uusi\/wp-content\/uploads\/2009\/03\/Zelenka_MissaDF_0903_artikkeli2-514x403.jpg 600w, https:\/\/www.kuninkaantienmuusikot.fi\/uusi\/wp-content\/uploads\/2009\/03\/Zelenka_MissaDF_0903_artikkeli2-400x269.jpg 400w\" sizes=\"auto, (min-width: 1000px) 33.3vw, (min-width: 690px) 50vw, 100vw\" \/>\n\t\t\t\t\t\t\t\t\t\t<div class=\"work-info-bg\"><\/div>\n\t\t\t\t\t\t\t\t\t\t<div class=\"work-info\">\n\n\t\t\t\t\t\t\t\t\t\t\t\n\n\t\t\t\t\t\t\t\t\t\t\t\t\n\t\t\t\t\t\t\t\t\t\t\t\t\t<a href=\"https:\/\/www.kuninkaantienmuusikot.fi\/sv\/konsertit\/naantalin-kaivohuone\"><span class=\"screen-reader-text\">Privat tillst\u00e4llning<\/span><\/a>\n\n\t\t\t\t\t\t\t\t\t\t\t\t\n\n\t\t\t\t\t\t\t\t\t\t\t<div class=\"vert-center\">\n\t\t\t\t\t\t\t\t\t\t\t\t\t\t\t\t\t\t\t\t\t\t\t\t\t<p><span>16.5.2017 kl. 18 | Naantalin Kaivohuone, N\u00e5dendal<\/span><\/p>\t\t\t\t\t\t\t\t\t\t\t\t\t<h3>Privat tillst\u00e4llning<\/h3>\n\n\t\t\t\t\t\t\t\t\t\t\t\t\t<svg class=\"next-arrow\" xmlns=\"http:\/\/www.w3.org\/2000\/svg\" xmlns:xlink=\"http:\/\/www.w3.org\/1999\/xlink\" viewBox=\"0 0 39 12\"><line class=\"top\" x1=\"23\" y1=\"-0.5\" x2=\"29.5\" y2=\"6.5\" stroke=\"#ffffff;\"\/><line class=\"bottom\" x1=\"23\" y1=\"12.5\" x2=\"29.5\" y2=\"5.5\" stroke=\"#ffffff;\"\/><\/svg><span class=\"line\"><\/span><\/span>\n\n\t\t\t\t\t\t\t\t\t\t\t\t\t\t\t\t\t\t\t\t\t\t\t<\/div><!--\/vert-center-->\n\n\t\t\t\t\t\t\t\t\t\t<\/div>\n\t\t\t\t\t\t\t\t\t<\/div><!--work-item-->\n\n\t\t\t\t\t\t\t\t\n\n\t\t\t\t\t\t\t<\/div><!--\/inner-wrap-->\n\t\t\t\t\t\t<\/div><!--\/col-->\n\n\t\t\t\t\t\n\t\t\t\t\t\t\n\t\t\t\t\t\t<div class=\"col span_4  element 2017-sv \"  data-project-cat=\"2017-sv \" data-project-color=\"#6d355e\" data-title-color=\"\" data-subtitle-color=\"\">\n\n\t\t\t\t\t\t\t<div class=\"inner-wrap animated\" data-animation=\"none\">\n\n\t\t\t\t\t\t\t\t\n\t\t\t\t\t\t\t\t\t<div class=\"work-item style-2\" data-custom-content=\"off\">\n\n\t\t\t\t\t\t\t\t\t\t<img loading=\"lazy\" decoding=\"async\" class=\"size- skip-lazy\" src=\"https:\/\/www.kuninkaantienmuusikot.fi\/uusi\/wp-content\/uploads\/2017\/03\/1703_Longueval_artikkeli2-500x403.jpg\" alt=\"\" height=\"403\" width=\"500\" srcset=\"https:\/\/www.kuninkaantienmuusikot.fi\/uusi\/wp-content\/uploads\/2017\/03\/1703_Longueval_artikkeli2-500x403.jpg 600w, https:\/\/www.kuninkaantienmuusikot.fi\/uusi\/wp-content\/uploads\/2017\/03\/1703_Longueval_artikkeli2-400x269.jpg 400w\" sizes=\"auto, (min-width: 1000px) 33.3vw, (min-width: 690px) 50vw, 100vw\" \/>\n\t\t\t\t\t\t\t\t\t\t<div class=\"work-info-bg\"><\/div>\n\t\t\t\t\t\t\t\t\t\t<div class=\"work-info\">\n\n\t\t\t\t\t\t\t\t\t\t\t\n\n\t\t\t\t\t\t\t\t\t\t\t\t\n\t\t\t\t\t\t\t\t\t\t\t\t\t<a href=\"https:\/\/www.kuninkaantienmuusikot.fi\/sv\/konsertit\/walter\"><span class=\"screen-reader-text\">Johann Walter: Matteuspassionen<\/span><\/a>\n\n\t\t\t\t\t\t\t\t\t\t\t\t\n\n\t\t\t\t\t\t\t\t\t\t\t<div class=\"vert-center\">\n\t\t\t\t\t\t\t\t\t\t\t\t\t\t\t\t\t\t\t\t\t\t\t\t\t<p><span>20.5.2017 kl. 18 | \u00c5bo domkyrka<\/span><\/p>\t\t\t\t\t\t\t\t\t\t\t\t\t<h3>Johann Walter: Matteuspassionen<\/h3>\n\n\t\t\t\t\t\t\t\t\t\t\t\t\t<svg class=\"next-arrow\" xmlns=\"http:\/\/www.w3.org\/2000\/svg\" xmlns:xlink=\"http:\/\/www.w3.org\/1999\/xlink\" viewBox=\"0 0 39 12\"><line class=\"top\" x1=\"23\" y1=\"-0.5\" x2=\"29.5\" y2=\"6.5\" stroke=\"#ffffff;\"\/><line class=\"bottom\" x1=\"23\" y1=\"12.5\" x2=\"29.5\" y2=\"5.5\" stroke=\"#ffffff;\"\/><\/svg><span class=\"line\"><\/span><\/span>\n\n\t\t\t\t\t\t\t\t\t\t\t\t\t\t\t\t\t\t\t\t\t\t\t<\/div><!--\/vert-center-->\n\n\t\t\t\t\t\t\t\t\t\t<\/div>\n\t\t\t\t\t\t\t\t\t<\/div><!--work-item-->\n\n\t\t\t\t\t\t\t\t\n\n\t\t\t\t\t\t\t<\/div><!--\/inner-wrap-->\n\t\t\t\t\t\t<\/div><!--\/col-->\n\n\t\t\t\t\t\n\t\t\t\t\t\t\n\t\t\t\t\t\t<div class=\"col span_4  element 2017-sv \"  data-project-cat=\"2017-sv \" data-project-color=\"#6d355e\" data-title-color=\"\" data-subtitle-color=\"\">\n\n\t\t\t\t\t\t\t<div class=\"inner-wrap animated\" data-animation=\"none\">\n\n\t\t\t\t\t\t\t\t\n\t\t\t\t\t\t\t\t\t<div class=\"work-item style-2\" data-custom-content=\"off\">\n\n\t\t\t\t\t\t\t\t\t\t<img loading=\"lazy\" decoding=\"async\" class=\"size- skip-lazy\" src=\"https:\/\/www.kuninkaantienmuusikot.fi\/uusi\/wp-content\/uploads\/2019\/03\/1707_Kustavi_artikkeli-500x403.jpg\" alt=\"\" height=\"403\" width=\"500\" srcset=\"https:\/\/www.kuninkaantienmuusikot.fi\/uusi\/wp-content\/uploads\/2019\/03\/1707_Kustavi_artikkeli-500x403.jpg 600w, https:\/\/www.kuninkaantienmuusikot.fi\/uusi\/wp-content\/uploads\/2019\/03\/1707_Kustavi_artikkeli-400x269.jpg 400w\" sizes=\"auto, (min-width: 1000px) 33.3vw, (min-width: 690px) 50vw, 100vw\" \/>\n\t\t\t\t\t\t\t\t\t\t<div class=\"work-info-bg\"><\/div>\n\t\t\t\t\t\t\t\t\t\t<div class=\"work-info\">\n\n\t\t\t\t\t\t\t\t\t\t\t\n\n\t\t\t\t\t\t\t\t\t\t\t\t\n\t\t\t\t\t\t\t\t\t\t\t\t\t<a href=\"https:\/\/www.kuninkaantienmuusikot.fi\/sv\/konsertit\/kustavi\"><span class=\"screen-reader-text\">Christoph Demantius: Johannespassionen<\/span><\/a>\n\n\t\t\t\t\t\t\t\t\t\t\t\t\n\n\t\t\t\t\t\t\t\t\t\t\t<div class=\"vert-center\">\n\t\t\t\t\t\t\t\t\t\t\t\t\t\t\t\t\t\t\t\t\t\t\t\t\t<p><span>15.7.2017 kl. 21 | Gustavs kyrka<\/span><\/p>\t\t\t\t\t\t\t\t\t\t\t\t\t<h3>Christoph Demantius: Johannespassionen<\/h3>\n\n\t\t\t\t\t\t\t\t\t\t\t\t\t<svg class=\"next-arrow\" xmlns=\"http:\/\/www.w3.org\/2000\/svg\" xmlns:xlink=\"http:\/\/www.w3.org\/1999\/xlink\" viewBox=\"0 0 39 12\"><line class=\"top\" x1=\"23\" y1=\"-0.5\" x2=\"29.5\" y2=\"6.5\" stroke=\"#ffffff;\"\/><line class=\"bottom\" x1=\"23\" y1=\"12.5\" x2=\"29.5\" y2=\"5.5\" stroke=\"#ffffff;\"\/><\/svg><span class=\"line\"><\/span><\/span>\n\n\t\t\t\t\t\t\t\t\t\t\t\t\t\t\t\t\t\t\t\t\t\t\t<\/div><!--\/vert-center-->\n\n\t\t\t\t\t\t\t\t\t\t<\/div>\n\t\t\t\t\t\t\t\t\t<\/div><!--work-item-->\n\n\t\t\t\t\t\t\t\t\n\n\t\t\t\t\t\t\t<\/div><!--\/inner-wrap-->\n\t\t\t\t\t\t<\/div><!--\/col-->\n\n\t\t\t\t\t\n\t\t\t\t\t\t\n\t\t\t\t\t\t<div class=\"col span_4  element 2017-sv \"  data-project-cat=\"2017-sv \" data-project-color=\"#6d355e\" data-title-color=\"\" data-subtitle-color=\"\">\n\n\t\t\t\t\t\t\t<div class=\"inner-wrap animated\" data-animation=\"none\">\n\n\t\t\t\t\t\t\t\t\n\t\t\t\t\t\t\t\t\t<div class=\"work-item style-2\" data-custom-content=\"off\">\n\n\t\t\t\t\t\t\t\t\t\t<img loading=\"lazy\" decoding=\"async\" class=\"size- skip-lazy\" src=\"https:\/\/www.kuninkaantienmuusikot.fi\/uusi\/wp-content\/uploads\/2018\/02\/1707_Watermusic_artikkeli-500x403.jpg\" alt=\"\" height=\"403\" width=\"500\" srcset=\"https:\/\/www.kuninkaantienmuusikot.fi\/uusi\/wp-content\/uploads\/2018\/02\/1707_Watermusic_artikkeli-500x403.jpg 600w, https:\/\/www.kuninkaantienmuusikot.fi\/uusi\/wp-content\/uploads\/2018\/02\/1707_Watermusic_artikkeli-400x269.jpg 400w\" sizes=\"auto, (min-width: 1000px) 33.3vw, (min-width: 690px) 50vw, 100vw\" \/>\n\t\t\t\t\t\t\t\t\t\t<div class=\"work-info-bg\"><\/div>\n\t\t\t\t\t\t\t\t\t\t<div class=\"work-info\">\n\n\t\t\t\t\t\t\t\t\t\t\t\n\n\t\t\t\t\t\t\t\t\t\t\t\t\n\t\t\t\t\t\t\t\t\t\t\t\t\t<a href=\"https:\/\/www.kuninkaantienmuusikot.fi\/sv\/konsertit\/watermusic\"><span class=\"screen-reader-text\">Georg Friedrich H\u00e4ndel: Water Music<\/span><\/a>\n\n\t\t\t\t\t\t\t\t\t\t\t\t\n\n\t\t\t\t\t\t\t\t\t\t\t<div class=\"vert-center\">\n\t\t\t\t\t\t\t\t\t\t\t\t\t\t\t\t\t\t\t\t\t\t\t\t\t<p><span>17.7.2017 kl. 20 | FBK-huset i \u00c5bo<\/span><\/p>\t\t\t\t\t\t\t\t\t\t\t\t\t<h3>Georg Friedrich H\u00e4ndel: Water Music<\/h3>\n\n\t\t\t\t\t\t\t\t\t\t\t\t\t<svg class=\"next-arrow\" xmlns=\"http:\/\/www.w3.org\/2000\/svg\" xmlns:xlink=\"http:\/\/www.w3.org\/1999\/xlink\" viewBox=\"0 0 39 12\"><line class=\"top\" x1=\"23\" y1=\"-0.5\" x2=\"29.5\" y2=\"6.5\" stroke=\"#ffffff;\"\/><line class=\"bottom\" x1=\"23\" y1=\"12.5\" x2=\"29.5\" y2=\"5.5\" stroke=\"#ffffff;\"\/><\/svg><span class=\"line\"><\/span><\/span>\n\n\t\t\t\t\t\t\t\t\t\t\t\t\t\t\t\t\t\t\t\t\t\t\t<\/div><!--\/vert-center-->\n\n\t\t\t\t\t\t\t\t\t\t<\/div>\n\t\t\t\t\t\t\t\t\t<\/div><!--work-item-->\n\n\t\t\t\t\t\t\t\t\n\n\t\t\t\t\t\t\t<\/div><!--\/inner-wrap-->\n\t\t\t\t\t\t<\/div><!--\/col-->\n\n\t\t\t\t\t\n\t\t\t\t\t\t\n\t\t\t\t\t\t<div class=\"col span_4  element 2017-sv \"  data-project-cat=\"2017-sv \" data-project-color=\"#6d355e\" data-title-color=\"\" data-subtitle-color=\"\">\n\n\t\t\t\t\t\t\t<div class=\"inner-wrap animated\" data-animation=\"none\">\n\n\t\t\t\t\t\t\t\t\n\t\t\t\t\t\t\t\t\t<div class=\"work-item style-2\" data-custom-content=\"off\">\n\n\t\t\t\t\t\t\t\t\t\t<img loading=\"lazy\" decoding=\"async\" class=\"size- skip-lazy\" src=\"https:\/\/www.kuninkaantienmuusikot.fi\/uusi\/wp-content\/uploads\/2017\/08\/1708_Trombamarina_artikkeli2-500x403.jpg\" alt=\"\" height=\"403\" width=\"500\" srcset=\"https:\/\/www.kuninkaantienmuusikot.fi\/uusi\/wp-content\/uploads\/2017\/08\/1708_Trombamarina_artikkeli2-500x403.jpg 600w, https:\/\/www.kuninkaantienmuusikot.fi\/uusi\/wp-content\/uploads\/2017\/08\/1708_Trombamarina_artikkeli2-400x269.jpg 400w\" sizes=\"auto, (min-width: 1000px) 33.3vw, (min-width: 690px) 50vw, 100vw\" \/>\n\t\t\t\t\t\t\t\t\t\t<div class=\"work-info-bg\"><\/div>\n\t\t\t\t\t\t\t\t\t\t<div class=\"work-info\">\n\n\t\t\t\t\t\t\t\t\t\t\t\n\n\t\t\t\t\t\t\t\t\t\t\t\t\n\t\t\t\t\t\t\t\t\t\t\t\t\t<a href=\"https:\/\/www.kuninkaantienmuusikot.fi\/sv\/konsertit\/tromba-marina\"><span class=\"screen-reader-text\">Tjuvstart till Konstens natt &#8211; Tromba marina<\/span><\/a>\n\n\t\t\t\t\t\t\t\t\t\t\t\t\n\n\t\t\t\t\t\t\t\t\t\t\t<div class=\"vert-center\">\n\t\t\t\t\t\t\t\t\t\t\t\t\t\t\t\t\t\t\t\t\t\t\t\t\t<p><span>16.8.2017 kl. 20 | \u00c5bo domkyrka<\/span><\/p>\t\t\t\t\t\t\t\t\t\t\t\t\t<h3>Tjuvstart till Konstens natt &#8211; Tromba marina<\/h3>\n\n\t\t\t\t\t\t\t\t\t\t\t\t\t<svg class=\"next-arrow\" xmlns=\"http:\/\/www.w3.org\/2000\/svg\" xmlns:xlink=\"http:\/\/www.w3.org\/1999\/xlink\" viewBox=\"0 0 39 12\"><line class=\"top\" x1=\"23\" y1=\"-0.5\" x2=\"29.5\" y2=\"6.5\" stroke=\"#ffffff;\"\/><line class=\"bottom\" x1=\"23\" y1=\"12.5\" x2=\"29.5\" y2=\"5.5\" stroke=\"#ffffff;\"\/><\/svg><span class=\"line\"><\/span><\/span>\n\n\t\t\t\t\t\t\t\t\t\t\t\t\t\t\t\t\t\t\t\t\t\t\t<\/div><!--\/vert-center-->\n\n\t\t\t\t\t\t\t\t\t\t<\/div>\n\t\t\t\t\t\t\t\t\t<\/div><!--work-item-->\n\n\t\t\t\t\t\t\t\t\n\n\t\t\t\t\t\t\t<\/div><!--\/inner-wrap-->\n\t\t\t\t\t\t<\/div><!--\/col-->\n\n\t\t\t\t\t\n\t\t\t\t\t\t\n\t\t\t\t\t\t<div class=\"col span_4  element 2017-sv \"  data-project-cat=\"2017-sv \" data-project-color=\"#6d355e\" data-title-color=\"\" data-subtitle-color=\"\">\n\n\t\t\t\t\t\t\t<div class=\"inner-wrap animated\" data-animation=\"none\">\n\n\t\t\t\t\t\t\t\t\n\t\t\t\t\t\t\t\t\t<div class=\"work-item style-2\" data-custom-content=\"off\">\n\n\t\t\t\t\t\t\t\t\t\t<img loading=\"lazy\" decoding=\"async\" class=\"size- skip-lazy\" src=\"https:\/\/www.kuninkaantienmuusikot.fi\/uusi\/wp-content\/uploads\/2009\/03\/Zelenka_MissaDF_0903_artikkeli2-514x403.jpg\" alt=\"\" height=\"403\" width=\"514\" srcset=\"https:\/\/www.kuninkaantienmuusikot.fi\/uusi\/wp-content\/uploads\/2009\/03\/Zelenka_MissaDF_0903_artikkeli2-514x403.jpg 600w, https:\/\/www.kuninkaantienmuusikot.fi\/uusi\/wp-content\/uploads\/2009\/03\/Zelenka_MissaDF_0903_artikkeli2-400x269.jpg 400w\" sizes=\"auto, (min-width: 1000px) 33.3vw, (min-width: 690px) 50vw, 100vw\" \/>\n\t\t\t\t\t\t\t\t\t\t<div class=\"work-info-bg\"><\/div>\n\t\t\t\t\t\t\t\t\t\t<div class=\"work-info\">\n\n\t\t\t\t\t\t\t\t\t\t\t\n\n\t\t\t\t\t\t\t\t\t\t\t\t\n\t\t\t\t\t\t\t\t\t\t\t\t\t<a href=\"https:\/\/www.kuninkaantienmuusikot.fi\/sv\/konsertit\/akatemiatalo-200\"><span class=\"screen-reader-text\">Akademihuset 200 \u2013 till Drottning Kristinas \u00e4ra<\/span><\/a>\n\n\t\t\t\t\t\t\t\t\t\t\t\t\n\n\t\t\t\t\t\t\t\t\t\t\t<div class=\"vert-center\">\n\t\t\t\t\t\t\t\t\t\t\t\t\t\t\t\t\t\t\t\t\t\t\t\t\t<p><span>5.11.2017 kl. 12 | Akademihusets Solennitetssal<\/span><\/p>\t\t\t\t\t\t\t\t\t\t\t\t\t<h3>Akademihuset 200 \u2013 till Drottning Kristinas \u00e4ra<\/h3>\n\n\t\t\t\t\t\t\t\t\t\t\t\t\t<svg class=\"next-arrow\" xmlns=\"http:\/\/www.w3.org\/2000\/svg\" xmlns:xlink=\"http:\/\/www.w3.org\/1999\/xlink\" viewBox=\"0 0 39 12\"><line class=\"top\" x1=\"23\" y1=\"-0.5\" x2=\"29.5\" y2=\"6.5\" stroke=\"#ffffff;\"\/><line class=\"bottom\" x1=\"23\" y1=\"12.5\" x2=\"29.5\" y2=\"5.5\" stroke=\"#ffffff;\"\/><\/svg><span class=\"line\"><\/span><\/span>\n\n\t\t\t\t\t\t\t\t\t\t\t\t\t\t\t\t\t\t\t\t\t\t\t<\/div><!--\/vert-center-->\n\n\t\t\t\t\t\t\t\t\t\t<\/div>\n\t\t\t\t\t\t\t\t\t<\/div><!--work-item-->\n\n\t\t\t\t\t\t\t\t\n\n\t\t\t\t\t\t\t<\/div><!--\/inner-wrap-->\n\t\t\t\t\t\t<\/div><!--\/col-->\n\n\t\t\t\t\t\n\t\t\t\t\t\t\n\t\t\t\t\t\t<div class=\"col span_4  element 2017-sv \"  data-project-cat=\"2017-sv \" data-project-color=\"#6d355e\" data-title-color=\"\" data-subtitle-color=\"\">\n\n\t\t\t\t\t\t\t<div class=\"inner-wrap animated\" data-animation=\"none\">\n\n\t\t\t\t\t\t\t\t\n\t\t\t\t\t\t\t\t\t<div class=\"work-item style-2\" data-custom-content=\"off\">\n\n\t\t\t\t\t\t\t\t\t\t<img loading=\"lazy\" decoding=\"async\" class=\"size- skip-lazy\" src=\"https:\/\/www.kuninkaantienmuusikot.fi\/uusi\/wp-content\/uploads\/2009\/03\/Zelenka_MissaDF_0903_artikkeli2-514x403.jpg\" alt=\"\" height=\"403\" width=\"514\" srcset=\"https:\/\/www.kuninkaantienmuusikot.fi\/uusi\/wp-content\/uploads\/2009\/03\/Zelenka_MissaDF_0903_artikkeli2-514x403.jpg 600w, https:\/\/www.kuninkaantienmuusikot.fi\/uusi\/wp-content\/uploads\/2009\/03\/Zelenka_MissaDF_0903_artikkeli2-400x269.jpg 400w\" sizes=\"auto, (min-width: 1000px) 33.3vw, (min-width: 690px) 50vw, 100vw\" \/>\n\t\t\t\t\t\t\t\t\t\t<div class=\"work-info-bg\"><\/div>\n\t\t\t\t\t\t\t\t\t\t<div class=\"work-info\">\n\n\t\t\t\t\t\t\t\t\t\t\t\n\n\t\t\t\t\t\t\t\t\t\t\t\t\n\t\t\t\t\t\t\t\t\t\t\t\t\t<a href=\"https:\/\/www.kuninkaantienmuusikot.fi\/sv\/konsertit\/akatemiatalo-200-iltapaivakonsertti\"><span class=\"screen-reader-text\">Akademihuset 200 \u2013 En liten eftermiddagskonsert<\/span><\/a>\n\n\t\t\t\t\t\t\t\t\t\t\t\t\n\n\t\t\t\t\t\t\t\t\t\t\t<div class=\"vert-center\">\n\t\t\t\t\t\t\t\t\t\t\t\t\t\t\t\t\t\t\t\t\t\t\t\t\t<p><span>5.11.2017 kl. 14.15 | Akademihusets Solennitetssal<\/span><\/p>\t\t\t\t\t\t\t\t\t\t\t\t\t<h3>Akademihuset 200 \u2013 En liten eftermiddagskonsert<\/h3>\n\n\t\t\t\t\t\t\t\t\t\t\t\t\t<svg class=\"next-arrow\" xmlns=\"http:\/\/www.w3.org\/2000\/svg\" xmlns:xlink=\"http:\/\/www.w3.org\/1999\/xlink\" viewBox=\"0 0 39 12\"><line class=\"top\" x1=\"23\" y1=\"-0.5\" x2=\"29.5\" y2=\"6.5\" stroke=\"#ffffff;\"\/><line class=\"bottom\" x1=\"23\" y1=\"12.5\" x2=\"29.5\" y2=\"5.5\" stroke=\"#ffffff;\"\/><\/svg><span class=\"line\"><\/span><\/span>\n\n\t\t\t\t\t\t\t\t\t\t\t\t\t\t\t\t\t\t\t\t\t\t\t<\/div><!--\/vert-center-->\n\n\t\t\t\t\t\t\t\t\t\t<\/div>\n\t\t\t\t\t\t\t\t\t<\/div><!--work-item-->\n\n\t\t\t\t\t\t\t\t\n\n\t\t\t\t\t\t\t<\/div><!--\/inner-wrap-->\n\t\t\t\t\t\t<\/div><!--\/col-->\n\n\t\t\t\t\t\n\t\t\t\t\t\t\n\t\t\t\t\t\t<div class=\"col span_4  element 2017-sv \"  data-project-cat=\"2017-sv \" data-project-color=\"#6d355e\" data-title-color=\"\" data-subtitle-color=\"\">\n\n\t\t\t\t\t\t\t<div class=\"inner-wrap animated\" data-animation=\"none\">\n\n\t\t\t\t\t\t\t\t\n\t\t\t\t\t\t\t\t\t<div class=\"work-item style-2\" data-custom-content=\"off\">\n\n\t\t\t\t\t\t\t\t\t\t<img loading=\"lazy\" decoding=\"async\" class=\"size- skip-lazy\" src=\"https:\/\/www.kuninkaantienmuusikot.fi\/uusi\/wp-content\/uploads\/2009\/03\/Zelenka_MissaDF_0903_artikkeli2-514x403.jpg\" alt=\"\" height=\"403\" width=\"514\" srcset=\"https:\/\/www.kuninkaantienmuusikot.fi\/uusi\/wp-content\/uploads\/2009\/03\/Zelenka_MissaDF_0903_artikkeli2-514x403.jpg 600w, https:\/\/www.kuninkaantienmuusikot.fi\/uusi\/wp-content\/uploads\/2009\/03\/Zelenka_MissaDF_0903_artikkeli2-400x269.jpg 400w\" sizes=\"auto, (min-width: 1000px) 33.3vw, (min-width: 690px) 50vw, 100vw\" \/>\n\t\t\t\t\t\t\t\t\t\t<div class=\"work-info-bg\"><\/div>\n\t\t\t\t\t\t\t\t\t\t<div class=\"work-info\">\n\n\t\t\t\t\t\t\t\t\t\t\t\n\n\t\t\t\t\t\t\t\t\t\t\t\t\n\t\t\t\t\t\t\t\t\t\t\t\t\t<a href=\"https:\/\/www.kuninkaantienmuusikot.fi\/sv\/konsertit\/akatemiatalo-200-juhlaillalliset\"><span class=\"screen-reader-text\">Akademihuset 200 \u2013 jubileumsmiddag<\/span><\/a>\n\n\t\t\t\t\t\t\t\t\t\t\t\t\n\n\t\t\t\t\t\t\t\t\t\t\t<div class=\"vert-center\">\n\t\t\t\t\t\t\t\t\t\t\t\t\t\t\t\t\t\t\t\t\t\t\t\t\t<p><span>14.12.2017 kl. 19 | Akademihusets Solennitetssal <\/span><\/p>\t\t\t\t\t\t\t\t\t\t\t\t\t<h3>Akademihuset 200 \u2013 jubileumsmiddag<\/h3>\n\n\t\t\t\t\t\t\t\t\t\t\t\t\t<svg class=\"next-arrow\" xmlns=\"http:\/\/www.w3.org\/2000\/svg\" xmlns:xlink=\"http:\/\/www.w3.org\/1999\/xlink\" viewBox=\"0 0 39 12\"><line class=\"top\" x1=\"23\" y1=\"-0.5\" x2=\"29.5\" y2=\"6.5\" stroke=\"#ffffff;\"\/><line class=\"bottom\" x1=\"23\" y1=\"12.5\" x2=\"29.5\" y2=\"5.5\" stroke=\"#ffffff;\"\/><\/svg><span class=\"line\"><\/span><\/span>\n\n\t\t\t\t\t\t\t\t\t\t\t\t\t\t\t\t\t\t\t\t\t\t\t<\/div><!--\/vert-center-->\n\n\t\t\t\t\t\t\t\t\t\t<\/div>\n\t\t\t\t\t\t\t\t\t<\/div><!--work-item-->\n\n\t\t\t\t\t\t\t\t\n\n\t\t\t\t\t\t\t<\/div><!--\/inner-wrap-->\n\t\t\t\t\t\t<\/div><!--\/col-->\n\n\t\t\t\t\t\n\t\t\t\t\t\t\n\t\t\t\t\t\t<div class=\"col span_4  element 2018-sv \"  data-project-cat=\"2018-sv \" data-project-color=\"#6d355e\" data-title-color=\"\" data-subtitle-color=\"\">\n\n\t\t\t\t\t\t\t<div class=\"inner-wrap animated\" data-animation=\"none\">\n\n\t\t\t\t\t\t\t\t\n\t\t\t\t\t\t\t\t\t<div class=\"work-item style-2\" data-custom-content=\"off\">\n\n\t\t\t\t\t\t\t\t\t\t<img loading=\"lazy\" decoding=\"async\" class=\"size- skip-lazy\" src=\"https:\/\/www.kuninkaantienmuusikot.fi\/uusi\/wp-content\/uploads\/2018\/02\/1802_Hasse_ooppera_artikkeli-500x403.jpg\" alt=\"\" height=\"403\" width=\"500\" srcset=\"https:\/\/www.kuninkaantienmuusikot.fi\/uusi\/wp-content\/uploads\/2018\/02\/1802_Hasse_ooppera_artikkeli-500x403.jpg 600w, https:\/\/www.kuninkaantienmuusikot.fi\/uusi\/wp-content\/uploads\/2018\/02\/1802_Hasse_ooppera_artikkeli-400x269.jpg 400w\" sizes=\"auto, (min-width: 1000px) 33.3vw, (min-width: 690px) 50vw, 100vw\" \/>\n\t\t\t\t\t\t\t\t\t\t<div class=\"work-info-bg\"><\/div>\n\t\t\t\t\t\t\t\t\t\t<div class=\"work-info\">\n\n\t\t\t\t\t\t\t\t\t\t\t\n\n\t\t\t\t\t\t\t\t\t\t\t\t\n\t\t\t\t\t\t\t\t\t\t\t\t\t<a href=\"https:\/\/www.kuninkaantienmuusikot.fi\/sv\/konsertit\/marcantonio-e-cleopatra\"><span class=\"screen-reader-text\">Johann Adolf Hasse: Marc&#8217;Antonio e Cleopatra<\/span><\/a>\n\n\t\t\t\t\t\t\t\t\t\t\t\t\n\n\t\t\t\t\t\t\t\t\t\t\t<div class=\"vert-center\">\n\t\t\t\t\t\t\t\t\t\t\t\t\t\t\t\t\t\t\t\t\t\t\t\t\t<p><span>8. - 10.2.2018 | \u00c5bo Svenska Teater, Stora scenen<\/span><\/p>\t\t\t\t\t\t\t\t\t\t\t\t\t<h3>Johann Adolf Hasse: Marc&#8217;Antonio e Cleopatra<\/h3>\n\n\t\t\t\t\t\t\t\t\t\t\t\t\t<svg class=\"next-arrow\" xmlns=\"http:\/\/www.w3.org\/2000\/svg\" xmlns:xlink=\"http:\/\/www.w3.org\/1999\/xlink\" viewBox=\"0 0 39 12\"><line class=\"top\" x1=\"23\" y1=\"-0.5\" x2=\"29.5\" y2=\"6.5\" stroke=\"#ffffff;\"\/><line class=\"bottom\" x1=\"23\" y1=\"12.5\" x2=\"29.5\" y2=\"5.5\" stroke=\"#ffffff;\"\/><\/svg><span class=\"line\"><\/span><\/span>\n\n\t\t\t\t\t\t\t\t\t\t\t\t\t\t\t\t\t\t\t\t\t\t\t<\/div><!--\/vert-center-->\n\n\t\t\t\t\t\t\t\t\t\t<\/div>\n\t\t\t\t\t\t\t\t\t<\/div><!--work-item-->\n\n\t\t\t\t\t\t\t\t\n\n\t\t\t\t\t\t\t<\/div><!--\/inner-wrap-->\n\t\t\t\t\t\t<\/div><!--\/col-->\n\n\t\t\t\t\t\n\t\t\t\t\t\t\n\t\t\t\t\t\t<div class=\"col span_4  element 2018-sv \"  data-project-cat=\"2018-sv \" data-project-color=\"#6d355e\" data-title-color=\"\" data-subtitle-color=\"\">\n\n\t\t\t\t\t\t\t<div class=\"inner-wrap animated\" data-animation=\"none\">\n\n\t\t\t\t\t\t\t\t\n\t\t\t\t\t\t\t\t\t<div class=\"work-item style-2\" data-custom-content=\"off\">\n\n\t\t\t\t\t\t\t\t\t\t<img loading=\"lazy\" decoding=\"async\" class=\"size- skip-lazy\" src=\"https:\/\/www.kuninkaantienmuusikot.fi\/uusi\/wp-content\/uploads\/2017\/03\/1703_Longueval_artikkeli2-500x403.jpg\" alt=\"\" height=\"403\" width=\"500\" srcset=\"https:\/\/www.kuninkaantienmuusikot.fi\/uusi\/wp-content\/uploads\/2017\/03\/1703_Longueval_artikkeli2-500x403.jpg 600w, https:\/\/www.kuninkaantienmuusikot.fi\/uusi\/wp-content\/uploads\/2017\/03\/1703_Longueval_artikkeli2-400x269.jpg 400w\" sizes=\"auto, (min-width: 1000px) 33.3vw, (min-width: 690px) 50vw, 100vw\" \/>\n\t\t\t\t\t\t\t\t\t\t<div class=\"work-info-bg\"><\/div>\n\t\t\t\t\t\t\t\t\t\t<div class=\"work-info\">\n\n\t\t\t\t\t\t\t\t\t\t\t\n\n\t\t\t\t\t\t\t\t\t\t\t\t\n\t\t\t\t\t\t\t\t\t\t\t\t\t<a href=\"https:\/\/www.kuninkaantienmuusikot.fi\/sv\/konsertit\/gesius\"><span class=\"screen-reader-text\">Bartholom\u00e4us Gesius: Matteuspassionen<\/span><\/a>\n\n\t\t\t\t\t\t\t\t\t\t\t\t\n\n\t\t\t\t\t\t\t\t\t\t\t<div class=\"vert-center\">\n\t\t\t\t\t\t\t\t\t\t\t\t\t\t\t\t\t\t\t\t\t\t\t\t\t<p><span>11.3.2018 kl. 10 | \u00c5bo domkyrka<\/span><\/p>\t\t\t\t\t\t\t\t\t\t\t\t\t<h3>Bartholom\u00e4us Gesius: Matteuspassionen<\/h3>\n\n\t\t\t\t\t\t\t\t\t\t\t\t\t<svg class=\"next-arrow\" xmlns=\"http:\/\/www.w3.org\/2000\/svg\" xmlns:xlink=\"http:\/\/www.w3.org\/1999\/xlink\" viewBox=\"0 0 39 12\"><line class=\"top\" x1=\"23\" y1=\"-0.5\" x2=\"29.5\" y2=\"6.5\" stroke=\"#ffffff;\"\/><line class=\"bottom\" x1=\"23\" y1=\"12.5\" x2=\"29.5\" y2=\"5.5\" stroke=\"#ffffff;\"\/><\/svg><span class=\"line\"><\/span><\/span>\n\n\t\t\t\t\t\t\t\t\t\t\t\t\t\t\t\t\t\t\t\t\t\t\t<\/div><!--\/vert-center-->\n\n\t\t\t\t\t\t\t\t\t\t<\/div>\n\t\t\t\t\t\t\t\t\t<\/div><!--work-item-->\n\n\t\t\t\t\t\t\t\t\n\n\t\t\t\t\t\t\t<\/div><!--\/inner-wrap-->\n\t\t\t\t\t\t<\/div><!--\/col-->\n\n\t\t\t\t\t\n\t\t\t\t\t\t\n\t\t\t\t\t\t<div class=\"col span_4  element 2018-sv \"  data-project-cat=\"2018-sv \" data-project-color=\"#6d355e\" data-title-color=\"\" data-subtitle-color=\"\">\n\n\t\t\t\t\t\t\t<div class=\"inner-wrap animated\" data-animation=\"none\">\n\n\t\t\t\t\t\t\t\t\n\t\t\t\t\t\t\t\t\t<div class=\"work-item style-2\" data-custom-content=\"off\">\n\n\t\t\t\t\t\t\t\t\t\t<img loading=\"lazy\" decoding=\"async\" class=\"size- skip-lazy\" src=\"https:\/\/www.kuninkaantienmuusikot.fi\/uusi\/wp-content\/uploads\/2019\/03\/1805_MediciCodex_artikkeli-500x403.jpg\" alt=\"\" height=\"403\" width=\"500\" srcset=\"https:\/\/www.kuninkaantienmuusikot.fi\/uusi\/wp-content\/uploads\/2019\/03\/1805_MediciCodex_artikkeli-500x403.jpg 600w, https:\/\/www.kuninkaantienmuusikot.fi\/uusi\/wp-content\/uploads\/2019\/03\/1805_MediciCodex_artikkeli-400x269.jpg 400w\" sizes=\"auto, (min-width: 1000px) 33.3vw, (min-width: 690px) 50vw, 100vw\" \/>\n\t\t\t\t\t\t\t\t\t\t<div class=\"work-info-bg\"><\/div>\n\t\t\t\t\t\t\t\t\t\t<div class=\"work-info\">\n\n\t\t\t\t\t\t\t\t\t\t\t\n\n\t\t\t\t\t\t\t\t\t\t\t\t\n\t\t\t\t\t\t\t\t\t\t\t\t\t<a href=\"https:\/\/www.kuninkaantienmuusikot.fi\/sv\/konsertit\/medici-codex\"><span class=\"screen-reader-text\">Medici Codex 1518<\/span><\/a>\n\n\t\t\t\t\t\t\t\t\t\t\t\t\n\n\t\t\t\t\t\t\t\t\t\t\t<div class=\"vert-center\">\n\t\t\t\t\t\t\t\t\t\t\t\t\t\t\t\t\t\t\t\t\t\t\t\t\t<p><span>10.5.2018 kl. 19 | \u00c5bo domkyrka<\/span><\/p>\t\t\t\t\t\t\t\t\t\t\t\t\t<h3>Medici Codex 1518<\/h3>\n\n\t\t\t\t\t\t\t\t\t\t\t\t\t<svg class=\"next-arrow\" xmlns=\"http:\/\/www.w3.org\/2000\/svg\" xmlns:xlink=\"http:\/\/www.w3.org\/1999\/xlink\" viewBox=\"0 0 39 12\"><line class=\"top\" x1=\"23\" y1=\"-0.5\" x2=\"29.5\" y2=\"6.5\" stroke=\"#ffffff;\"\/><line class=\"bottom\" x1=\"23\" y1=\"12.5\" x2=\"29.5\" y2=\"5.5\" stroke=\"#ffffff;\"\/><\/svg><span class=\"line\"><\/span><\/span>\n\n\t\t\t\t\t\t\t\t\t\t\t\t\t\t\t\t\t\t\t\t\t\t\t<\/div><!--\/vert-center-->\n\n\t\t\t\t\t\t\t\t\t\t<\/div>\n\t\t\t\t\t\t\t\t\t<\/div><!--work-item-->\n\n\t\t\t\t\t\t\t\t\n\n\t\t\t\t\t\t\t<\/div><!--\/inner-wrap-->\n\t\t\t\t\t\t<\/div><!--\/col-->\n\n\t\t\t\t\t\n\t\t\t\t\t\t\n\t\t\t\t\t\t<div class=\"col span_4  element 2018-sv \"  data-project-cat=\"2018-sv \" data-project-color=\"#6d355e\" data-title-color=\"\" data-subtitle-color=\"\">\n\n\t\t\t\t\t\t\t<div class=\"inner-wrap animated\" data-animation=\"none\">\n\n\t\t\t\t\t\t\t\t\n\t\t\t\t\t\t\t\t\t<div class=\"work-item style-2\" data-custom-content=\"off\">\n\n\t\t\t\t\t\t\t\t\t\t<img loading=\"lazy\" decoding=\"async\" class=\"size- skip-lazy\" src=\"https:\/\/www.kuninkaantienmuusikot.fi\/uusi\/wp-content\/uploads\/2019\/03\/1806_Visse_artikkeli-500x403.jpg\" alt=\"\" height=\"403\" width=\"500\" srcset=\"https:\/\/www.kuninkaantienmuusikot.fi\/uusi\/wp-content\/uploads\/2019\/03\/1806_Visse_artikkeli-500x403.jpg 600w, https:\/\/www.kuninkaantienmuusikot.fi\/uusi\/wp-content\/uploads\/2019\/03\/1806_Visse_artikkeli-400x269.jpg 400w\" sizes=\"auto, (min-width: 1000px) 33.3vw, (min-width: 690px) 50vw, 100vw\" \/>\n\t\t\t\t\t\t\t\t\t\t<div class=\"work-info-bg\"><\/div>\n\t\t\t\t\t\t\t\t\t\t<div class=\"work-info\">\n\n\t\t\t\t\t\t\t\t\t\t\t\n\n\t\t\t\t\t\t\t\t\t\t\t\t\n\t\t\t\t\t\t\t\t\t\t\t\t\t<a href=\"https:\/\/www.kuninkaantienmuusikot.fi\/sv\/konsertit\/dominique-visse\"><span class=\"screen-reader-text\">Kungsv\u00e4gens musiker &#038; Dominique Visse<\/span><\/a>\n\n\t\t\t\t\t\t\t\t\t\t\t\t\n\n\t\t\t\t\t\t\t\t\t\t\t<div class=\"vert-center\">\n\t\t\t\t\t\t\t\t\t\t\t\t\t\t\t\t\t\t\t\t\t\t\t\t\t<p><span>30.6.2018 klo. 19 | \u00c5bo domkyrka<\/span><\/p>\t\t\t\t\t\t\t\t\t\t\t\t\t<h3>Kungsv\u00e4gens musiker &#038; Dominique Visse<\/h3>\n\n\t\t\t\t\t\t\t\t\t\t\t\t\t<svg class=\"next-arrow\" xmlns=\"http:\/\/www.w3.org\/2000\/svg\" xmlns:xlink=\"http:\/\/www.w3.org\/1999\/xlink\" viewBox=\"0 0 39 12\"><line class=\"top\" x1=\"23\" y1=\"-0.5\" x2=\"29.5\" y2=\"6.5\" stroke=\"#ffffff;\"\/><line class=\"bottom\" x1=\"23\" y1=\"12.5\" x2=\"29.5\" y2=\"5.5\" stroke=\"#ffffff;\"\/><\/svg><span class=\"line\"><\/span><\/span>\n\n\t\t\t\t\t\t\t\t\t\t\t\t\t\t\t\t\t\t\t\t\t\t\t<\/div><!--\/vert-center-->\n\n\t\t\t\t\t\t\t\t\t\t<\/div>\n\t\t\t\t\t\t\t\t\t<\/div><!--work-item-->\n\n\t\t\t\t\t\t\t\t\n\n\t\t\t\t\t\t\t<\/div><!--\/inner-wrap-->\n\t\t\t\t\t\t<\/div><!--\/col-->\n\n\t\t\t\t\t\n\t\t\t\t\t\t\n\t\t\t\t\t\t<div class=\"col span_4  element 2018-sv \"  data-project-cat=\"2018-sv \" data-project-color=\"#6d355e\" data-title-color=\"\" data-subtitle-color=\"\">\n\n\t\t\t\t\t\t\t<div class=\"inner-wrap animated\" data-animation=\"none\">\n\n\t\t\t\t\t\t\t\t\n\t\t\t\t\t\t\t\t\t<div class=\"work-item style-2\" data-custom-content=\"off\">\n\n\t\t\t\t\t\t\t\t\t\t<img loading=\"lazy\" decoding=\"async\" class=\"size- skip-lazy\" src=\"https:\/\/www.kuninkaantienmuusikot.fi\/uusi\/wp-content\/uploads\/2018\/11\/1108_Fortepiano_artikkeli-500x403.jpg\" alt=\"\" height=\"403\" width=\"500\" srcset=\"https:\/\/www.kuninkaantienmuusikot.fi\/uusi\/wp-content\/uploads\/2018\/11\/1108_Fortepiano_artikkeli-500x403.jpg 600w, https:\/\/www.kuninkaantienmuusikot.fi\/uusi\/wp-content\/uploads\/2018\/11\/1108_Fortepiano_artikkeli-400x269.jpg 400w\" sizes=\"auto, (min-width: 1000px) 33.3vw, (min-width: 690px) 50vw, 100vw\" \/>\n\t\t\t\t\t\t\t\t\t\t<div class=\"work-info-bg\"><\/div>\n\t\t\t\t\t\t\t\t\t\t<div class=\"work-info\">\n\n\t\t\t\t\t\t\t\t\t\t\t\n\n\t\t\t\t\t\t\t\t\t\t\t\t\n\t\t\t\t\t\t\t\t\t\t\t\t\t<a href=\"https:\/\/www.kuninkaantienmuusikot.fi\/sv\/konsertit\/soderlangvik\"><span class=\"screen-reader-text\">Matin\u00e9 p\u00e5 S\u00f6derl\u00e5ngvik g\u00e5rd<\/span><\/a>\n\n\t\t\t\t\t\t\t\t\t\t\t\t\n\n\t\t\t\t\t\t\t\t\t\t\t<div class=\"vert-center\">\n\t\t\t\t\t\t\t\t\t\t\t\t\t\t\t\t\t\t\t\t\t\t\t\t\t<p><span>20.7.2018 kl. 16 | S\u00f6derl\u00e5ngvik g\u00e5rd<\/span><\/p>\t\t\t\t\t\t\t\t\t\t\t\t\t<h3>Matin\u00e9 p\u00e5 S\u00f6derl\u00e5ngvik g\u00e5rd<\/h3>\n\n\t\t\t\t\t\t\t\t\t\t\t\t\t<svg class=\"next-arrow\" xmlns=\"http:\/\/www.w3.org\/2000\/svg\" xmlns:xlink=\"http:\/\/www.w3.org\/1999\/xlink\" viewBox=\"0 0 39 12\"><line class=\"top\" x1=\"23\" y1=\"-0.5\" x2=\"29.5\" y2=\"6.5\" stroke=\"#ffffff;\"\/><line class=\"bottom\" x1=\"23\" y1=\"12.5\" x2=\"29.5\" y2=\"5.5\" stroke=\"#ffffff;\"\/><\/svg><span class=\"line\"><\/span><\/span>\n\n\t\t\t\t\t\t\t\t\t\t\t\t\t\t\t\t\t\t\t\t\t\t\t<\/div><!--\/vert-center-->\n\n\t\t\t\t\t\t\t\t\t\t<\/div>\n\t\t\t\t\t\t\t\t\t<\/div><!--work-item-->\n\n\t\t\t\t\t\t\t\t\n\n\t\t\t\t\t\t\t<\/div><!--\/inner-wrap-->\n\t\t\t\t\t\t<\/div><!--\/col-->\n\n\t\t\t\t\t\n\t\t\t\t\t\t\n\t\t\t\t\t\t<div class=\"col span_4  element 2018-sv \"  data-project-cat=\"2018-sv \" data-project-color=\"#6d355e\" data-title-color=\"\" data-subtitle-color=\"\">\n\n\t\t\t\t\t\t\t<div class=\"inner-wrap animated\" data-animation=\"none\">\n\n\t\t\t\t\t\t\t\t\n\t\t\t\t\t\t\t\t\t<div class=\"work-item style-2\" data-custom-content=\"off\">\n\n\t\t\t\t\t\t\t\t\t\t<img loading=\"lazy\" decoding=\"async\" class=\"size- skip-lazy\" src=\"https:\/\/www.kuninkaantienmuusikot.fi\/uusi\/wp-content\/uploads\/2019\/03\/1808_VallatonTaiteenkumous_artikkeli-500x403.jpg\" alt=\"\" height=\"403\" width=\"500\" srcset=\"https:\/\/www.kuninkaantienmuusikot.fi\/uusi\/wp-content\/uploads\/2019\/03\/1808_VallatonTaiteenkumous_artikkeli-500x403.jpg 600w, https:\/\/www.kuninkaantienmuusikot.fi\/uusi\/wp-content\/uploads\/2019\/03\/1808_VallatonTaiteenkumous_artikkeli-400x269.jpg 400w\" sizes=\"auto, (min-width: 1000px) 33.3vw, (min-width: 690px) 50vw, 100vw\" \/>\n\t\t\t\t\t\t\t\t\t\t<div class=\"work-info-bg\"><\/div>\n\t\t\t\t\t\t\t\t\t\t<div class=\"work-info\">\n\n\t\t\t\t\t\t\t\t\t\t\t\n\n\t\t\t\t\t\t\t\t\t\t\t\t\n\t\t\t\t\t\t\t\t\t\t\t\t\t<a href=\"https:\/\/www.kuninkaantienmuusikot.fi\/sv\/konsertit\/vallaton-taiteenkumous\"><span class=\"screen-reader-text\">Vallaton taiteenkumous &#8211; Den ostyriga konstomv\u00e4lvningen<\/span><\/a>\n\n\t\t\t\t\t\t\t\t\t\t\t\t\n\n\t\t\t\t\t\t\t\t\t\t\t<div class=\"vert-center\">\n\t\t\t\t\t\t\t\t\t\t\t\t\t\t\t\t\t\t\t\t\t\t\t\t\t<p><span>30.8.2018 kl. 16 - 21 | Linnateatteri, \u00c5bo<\/span><\/p>\t\t\t\t\t\t\t\t\t\t\t\t\t<h3>Vallaton taiteenkumous &#8211; Den ostyriga konstomv\u00e4lvningen<\/h3>\n\n\t\t\t\t\t\t\t\t\t\t\t\t\t<svg class=\"next-arrow\" xmlns=\"http:\/\/www.w3.org\/2000\/svg\" xmlns:xlink=\"http:\/\/www.w3.org\/1999\/xlink\" viewBox=\"0 0 39 12\"><line class=\"top\" x1=\"23\" y1=\"-0.5\" x2=\"29.5\" y2=\"6.5\" stroke=\"#ffffff;\"\/><line class=\"bottom\" x1=\"23\" y1=\"12.5\" x2=\"29.5\" y2=\"5.5\" stroke=\"#ffffff;\"\/><\/svg><span class=\"line\"><\/span><\/span>\n\n\t\t\t\t\t\t\t\t\t\t\t\t\t\t\t\t\t\t\t\t\t\t\t<\/div><!--\/vert-center-->\n\n\t\t\t\t\t\t\t\t\t\t<\/div>\n\t\t\t\t\t\t\t\t\t<\/div><!--work-item-->\n\n\t\t\t\t\t\t\t\t\n\n\t\t\t\t\t\t\t<\/div><!--\/inner-wrap-->\n\t\t\t\t\t\t<\/div><!--\/col-->\n\n\t\t\t\t\t\n\t\t\t\t\t\t\n\t\t\t\t\t\t<div class=\"col span_4  element 2018-sv \"  data-project-cat=\"2018-sv \" data-project-color=\"#6d355e\" data-title-color=\"\" data-subtitle-color=\"\">\n\n\t\t\t\t\t\t\t<div class=\"inner-wrap animated\" data-animation=\"none\">\n\n\t\t\t\t\t\t\t\t\n\t\t\t\t\t\t\t\t\t<div class=\"work-item style-2\" data-custom-content=\"off\">\n\n\t\t\t\t\t\t\t\t\t\t<img loading=\"lazy\" decoding=\"async\" class=\"size- skip-lazy\" src=\"https:\/\/www.kuninkaantienmuusikot.fi\/uusi\/wp-content\/uploads\/2018\/11\/1811_Roman_artikkeli-500x403.jpg\" alt=\"\" height=\"403\" width=\"500\" srcset=\"https:\/\/www.kuninkaantienmuusikot.fi\/uusi\/wp-content\/uploads\/2018\/11\/1811_Roman_artikkeli-500x403.jpg 600w, https:\/\/www.kuninkaantienmuusikot.fi\/uusi\/wp-content\/uploads\/2018\/11\/1811_Roman_artikkeli-400x269.jpg 400w\" sizes=\"auto, (min-width: 1000px) 33.3vw, (min-width: 690px) 50vw, 100vw\" \/>\n\t\t\t\t\t\t\t\t\t\t<div class=\"work-info-bg\"><\/div>\n\t\t\t\t\t\t\t\t\t\t<div class=\"work-info\">\n\n\t\t\t\t\t\t\t\t\t\t\t\n\n\t\t\t\t\t\t\t\t\t\t\t\t\n\t\t\t\t\t\t\t\t\t\t\t\t\t<a href=\"https:\/\/www.kuninkaantienmuusikot.fi\/sv\/konsertit\/roman_sinfonia\"><span class=\"screen-reader-text\">Johan Helmich Roman: Sinfonia<\/span><\/a>\n\n\t\t\t\t\t\t\t\t\t\t\t\t\n\n\t\t\t\t\t\t\t\t\t\t\t<div class=\"vert-center\">\n\t\t\t\t\t\t\t\t\t\t\t\t\t\t\t\t\t\t\t\t\t\t\t\t\t<p><span>25.11.2018 kl. 18 | Sigurd Sn\u00e5re-salen, Eken\u00e4s<\/span><\/p>\t\t\t\t\t\t\t\t\t\t\t\t\t<h3>Johan Helmich Roman: Sinfonia<\/h3>\n\n\t\t\t\t\t\t\t\t\t\t\t\t\t<svg class=\"next-arrow\" xmlns=\"http:\/\/www.w3.org\/2000\/svg\" xmlns:xlink=\"http:\/\/www.w3.org\/1999\/xlink\" viewBox=\"0 0 39 12\"><line class=\"top\" x1=\"23\" y1=\"-0.5\" x2=\"29.5\" y2=\"6.5\" stroke=\"#ffffff;\"\/><line class=\"bottom\" x1=\"23\" y1=\"12.5\" x2=\"29.5\" y2=\"5.5\" stroke=\"#ffffff;\"\/><\/svg><span class=\"line\"><\/span><\/span>\n\n\t\t\t\t\t\t\t\t\t\t\t\t\t\t\t\t\t\t\t\t\t\t\t<\/div><!--\/vert-center-->\n\n\t\t\t\t\t\t\t\t\t\t<\/div>\n\t\t\t\t\t\t\t\t\t<\/div><!--work-item-->\n\n\t\t\t\t\t\t\t\t\n\n\t\t\t\t\t\t\t<\/div><!--\/inner-wrap-->\n\t\t\t\t\t\t<\/div><!--\/col-->\n\n\t\t\t\t\t\n\t\t\t\t\t\t\n\t\t\t\t\t\t<div class=\"col span_4  element 2019-sv \"  data-project-cat=\"2019-sv \" data-project-color=\"#6d355e\" data-title-color=\"\" data-subtitle-color=\"\">\n\n\t\t\t\t\t\t\t<div class=\"inner-wrap animated\" data-animation=\"none\">\n\n\t\t\t\t\t\t\t\t\n\t\t\t\t\t\t\t\t\t<div class=\"work-item style-2\" data-custom-content=\"off\">\n\n\t\t\t\t\t\t\t\t\t\t<img loading=\"lazy\" decoding=\"async\" class=\"size- skip-lazy\" src=\"https:\/\/www.kuninkaantienmuusikot.fi\/uusi\/wp-content\/uploads\/2018\/07\/1901_Palestrina_artikkeli3-500x403.jpg\" alt=\"\" height=\"403\" width=\"500\" srcset=\"https:\/\/www.kuninkaantienmuusikot.fi\/uusi\/wp-content\/uploads\/2018\/07\/1901_Palestrina_artikkeli3-500x403.jpg 600w, https:\/\/www.kuninkaantienmuusikot.fi\/uusi\/wp-content\/uploads\/2018\/07\/1901_Palestrina_artikkeli3-400x269.jpg 400w\" sizes=\"auto, (min-width: 1000px) 33.3vw, (min-width: 690px) 50vw, 100vw\" \/>\n\t\t\t\t\t\t\t\t\t\t<div class=\"work-info-bg\"><\/div>\n\t\t\t\t\t\t\t\t\t\t<div class=\"work-info\">\n\n\t\t\t\t\t\t\t\t\t\t\t\n\n\t\t\t\t\t\t\t\t\t\t\t\t\n\t\t\t\t\t\t\t\t\t\t\t\t\t<a href=\"https:\/\/www.kuninkaantienmuusikot.fi\/sv\/konsertit\/palestrina\"><span class=\"screen-reader-text\">G. P. da Palestrina: Missa sine nomine<\/span><\/a>\n\n\t\t\t\t\t\t\t\t\t\t\t\t\n\n\t\t\t\t\t\t\t\t\t\t\t<div class=\"vert-center\">\n\t\t\t\t\t\t\t\t\t\t\t\t\t\t\t\t\t\t\t\t\t\t\t\t\t<p><span>6.1.2019 kl. 19 | \u00c5bo domkyrka<\/span><\/p>\t\t\t\t\t\t\t\t\t\t\t\t\t<h3>G. P. da Palestrina: Missa sine nomine<\/h3>\n\n\t\t\t\t\t\t\t\t\t\t\t\t\t<svg class=\"next-arrow\" xmlns=\"http:\/\/www.w3.org\/2000\/svg\" xmlns:xlink=\"http:\/\/www.w3.org\/1999\/xlink\" viewBox=\"0 0 39 12\"><line class=\"top\" x1=\"23\" y1=\"-0.5\" x2=\"29.5\" y2=\"6.5\" stroke=\"#ffffff;\"\/><line class=\"bottom\" x1=\"23\" y1=\"12.5\" x2=\"29.5\" y2=\"5.5\" stroke=\"#ffffff;\"\/><\/svg><span class=\"line\"><\/span><\/span>\n\n\t\t\t\t\t\t\t\t\t\t\t\t\t\t\t\t\t\t\t\t\t\t\t<\/div><!--\/vert-center-->\n\n\t\t\t\t\t\t\t\t\t\t<\/div>\n\t\t\t\t\t\t\t\t\t<\/div><!--work-item-->\n\n\t\t\t\t\t\t\t\t\n\n\t\t\t\t\t\t\t<\/div><!--\/inner-wrap-->\n\t\t\t\t\t\t<\/div><!--\/col-->\n\n\t\t\t\t\t\n\t\t\t\t\t\t\n\t\t\t\t\t\t<div class=\"col span_4  element 2019-sv \"  data-project-cat=\"2019-sv \" data-project-color=\"#6d355e\" data-title-color=\"\" data-subtitle-color=\"\">\n\n\t\t\t\t\t\t\t<div class=\"inner-wrap animated\" data-animation=\"none\">\n\n\t\t\t\t\t\t\t\t\n\t\t\t\t\t\t\t\t\t<div class=\"work-item style-2\" data-custom-content=\"off\">\n\n\t\t\t\t\t\t\t\t\t\t<img loading=\"lazy\" decoding=\"async\" class=\"size- skip-lazy\" src=\"https:\/\/www.kuninkaantienmuusikot.fi\/uusi\/wp-content\/uploads\/2009\/03\/Zelenka_MissaDF_0903_artikkeli2-514x403.jpg\" alt=\"\" height=\"403\" width=\"514\" srcset=\"https:\/\/www.kuninkaantienmuusikot.fi\/uusi\/wp-content\/uploads\/2009\/03\/Zelenka_MissaDF_0903_artikkeli2-514x403.jpg 600w, https:\/\/www.kuninkaantienmuusikot.fi\/uusi\/wp-content\/uploads\/2009\/03\/Zelenka_MissaDF_0903_artikkeli2-400x269.jpg 400w\" sizes=\"auto, (min-width: 1000px) 33.3vw, (min-width: 690px) 50vw, 100vw\" \/>\n\t\t\t\t\t\t\t\t\t\t<div class=\"work-info-bg\"><\/div>\n\t\t\t\t\t\t\t\t\t\t<div class=\"work-info\">\n\n\t\t\t\t\t\t\t\t\t\t\t\n\n\t\t\t\t\t\t\t\t\t\t\t\t\n\t\t\t\t\t\t\t\t\t\t\t\t\t<a href=\"https:\/\/www.kuninkaantienmuusikot.fi\/sv\/konsertit\/naisten-viulu-1\"><span class=\"screen-reader-text\">Kvinnornas violin I<\/span><\/a>\n\n\t\t\t\t\t\t\t\t\t\t\t\t\n\n\t\t\t\t\t\t\t\t\t\t\t<div class=\"vert-center\">\n\t\t\t\t\t\t\t\t\t\t\t\t\t\t\t\t\t\t\t\t\t\t\t\t\t<p><span>18.1.2019 kl. 14 | Hemmet, Villa Vinden<\/span><\/p>\t\t\t\t\t\t\t\t\t\t\t\t\t<h3>Kvinnornas violin I<\/h3>\n\n\t\t\t\t\t\t\t\t\t\t\t\t\t<svg class=\"next-arrow\" xmlns=\"http:\/\/www.w3.org\/2000\/svg\" xmlns:xlink=\"http:\/\/www.w3.org\/1999\/xlink\" viewBox=\"0 0 39 12\"><line class=\"top\" x1=\"23\" y1=\"-0.5\" x2=\"29.5\" y2=\"6.5\" stroke=\"#ffffff;\"\/><line class=\"bottom\" x1=\"23\" y1=\"12.5\" x2=\"29.5\" y2=\"5.5\" stroke=\"#ffffff;\"\/><\/svg><span class=\"line\"><\/span><\/span>\n\n\t\t\t\t\t\t\t\t\t\t\t\t\t\t\t\t\t\t\t\t\t\t\t<\/div><!--\/vert-center-->\n\n\t\t\t\t\t\t\t\t\t\t<\/div>\n\t\t\t\t\t\t\t\t\t<\/div><!--work-item-->\n\n\t\t\t\t\t\t\t\t\n\n\t\t\t\t\t\t\t<\/div><!--\/inner-wrap-->\n\t\t\t\t\t\t<\/div><!--\/col-->\n\n\t\t\t\t\t\n\t\t\t\t\t\t\n\t\t\t\t\t\t<div class=\"col span_4  element 2019-sv \"  data-project-cat=\"2019-sv \" data-project-color=\"#6d355e\" data-title-color=\"\" data-subtitle-color=\"\">\n\n\t\t\t\t\t\t\t<div class=\"inner-wrap animated\" data-animation=\"none\">\n\n\t\t\t\t\t\t\t\t\n\t\t\t\t\t\t\t\t\t<div class=\"work-item style-2\" data-custom-content=\"off\">\n\n\t\t\t\t\t\t\t\t\t\t<img loading=\"lazy\" decoding=\"async\" class=\"size- skip-lazy\" src=\"https:\/\/www.kuninkaantienmuusikot.fi\/uusi\/wp-content\/uploads\/2009\/03\/Zelenka_MissaDF_0903_artikkeli2-514x403.jpg\" alt=\"\" height=\"403\" width=\"514\" srcset=\"https:\/\/www.kuninkaantienmuusikot.fi\/uusi\/wp-content\/uploads\/2009\/03\/Zelenka_MissaDF_0903_artikkeli2-514x403.jpg 600w, https:\/\/www.kuninkaantienmuusikot.fi\/uusi\/wp-content\/uploads\/2009\/03\/Zelenka_MissaDF_0903_artikkeli2-400x269.jpg 400w\" sizes=\"auto, (min-width: 1000px) 33.3vw, (min-width: 690px) 50vw, 100vw\" \/>\n\t\t\t\t\t\t\t\t\t\t<div class=\"work-info-bg\"><\/div>\n\t\t\t\t\t\t\t\t\t\t<div class=\"work-info\">\n\n\t\t\t\t\t\t\t\t\t\t\t\n\n\t\t\t\t\t\t\t\t\t\t\t\t\n\t\t\t\t\t\t\t\t\t\t\t\t\t<a href=\"https:\/\/www.kuninkaantienmuusikot.fi\/sv\/konsertit\/naisten-viulu-2\"><span class=\"screen-reader-text\">Kvinnornas violin II<\/span><\/a>\n\n\t\t\t\t\t\t\t\t\t\t\t\t\n\n\t\t\t\t\t\t\t\t\t\t\t<div class=\"vert-center\">\n\t\t\t\t\t\t\t\t\t\t\t\t\t\t\t\t\t\t\t\t\t\t\t\t\t<p><span>18.1.2019 kl. 17 | Hemmet, Villa Vinden<\/span><\/p>\t\t\t\t\t\t\t\t\t\t\t\t\t<h3>Kvinnornas violin II<\/h3>\n\n\t\t\t\t\t\t\t\t\t\t\t\t\t<svg class=\"next-arrow\" xmlns=\"http:\/\/www.w3.org\/2000\/svg\" xmlns:xlink=\"http:\/\/www.w3.org\/1999\/xlink\" viewBox=\"0 0 39 12\"><line class=\"top\" x1=\"23\" y1=\"-0.5\" x2=\"29.5\" y2=\"6.5\" stroke=\"#ffffff;\"\/><line class=\"bottom\" x1=\"23\" y1=\"12.5\" x2=\"29.5\" y2=\"5.5\" stroke=\"#ffffff;\"\/><\/svg><span class=\"line\"><\/span><\/span>\n\n\t\t\t\t\t\t\t\t\t\t\t\t\t\t\t\t\t\t\t\t\t\t\t<\/div><!--\/vert-center-->\n\n\t\t\t\t\t\t\t\t\t\t<\/div>\n\t\t\t\t\t\t\t\t\t<\/div><!--work-item-->\n\n\t\t\t\t\t\t\t\t\n\n\t\t\t\t\t\t\t<\/div><!--\/inner-wrap-->\n\t\t\t\t\t\t<\/div><!--\/col-->\n\n\t\t\t\t\t\n\t\t\t\t\t\t\n\t\t\t\t\t\t<div class=\"col span_4  element 2019-sv \"  data-project-cat=\"2019-sv \" data-project-color=\"#6d355e\" data-title-color=\"\" data-subtitle-color=\"\">\n\n\t\t\t\t\t\t\t<div class=\"inner-wrap animated\" data-animation=\"none\">\n\n\t\t\t\t\t\t\t\t\n\t\t\t\t\t\t\t\t\t<div class=\"work-item style-2\" data-custom-content=\"off\">\n\n\t\t\t\t\t\t\t\t\t\t<img loading=\"lazy\" decoding=\"async\" class=\"size- skip-lazy\" src=\"https:\/\/www.kuninkaantienmuusikot.fi\/uusi\/wp-content\/uploads\/2019\/03\/1901_Naistenviulu_artikkeli-500x403.jpg\" alt=\"\" height=\"403\" width=\"500\" srcset=\"https:\/\/www.kuninkaantienmuusikot.fi\/uusi\/wp-content\/uploads\/2019\/03\/1901_Naistenviulu_artikkeli-500x403.jpg 600w, https:\/\/www.kuninkaantienmuusikot.fi\/uusi\/wp-content\/uploads\/2019\/03\/1901_Naistenviulu_artikkeli-400x269.jpg 400w\" sizes=\"auto, (min-width: 1000px) 33.3vw, (min-width: 690px) 50vw, 100vw\" \/>\n\t\t\t\t\t\t\t\t\t\t<div class=\"work-info-bg\"><\/div>\n\t\t\t\t\t\t\t\t\t\t<div class=\"work-info\">\n\n\t\t\t\t\t\t\t\t\t\t\t\n\n\t\t\t\t\t\t\t\t\t\t\t\t\n\t\t\t\t\t\t\t\t\t\t\t\t\t<a href=\"https:\/\/www.kuninkaantienmuusikot.fi\/sv\/konsertit\/pardessus-de-viole\"><span class=\"screen-reader-text\">Kvinnornas violin &#8211; pardessus de viole<\/span><\/a>\n\n\t\t\t\t\t\t\t\t\t\t\t\t\n\n\t\t\t\t\t\t\t\t\t\t\t<div class=\"vert-center\">\n\t\t\t\t\t\t\t\t\t\t\t\t\t\t\t\t\t\t\t\t\t\t\t\t\t<p><span>19.1.2019 kl. 17 | Hemmet, Villa Vinden<\/span><\/p>\t\t\t\t\t\t\t\t\t\t\t\t\t<h3>Kvinnornas violin &#8211; pardessus de viole<\/h3>\n\n\t\t\t\t\t\t\t\t\t\t\t\t\t<svg class=\"next-arrow\" xmlns=\"http:\/\/www.w3.org\/2000\/svg\" xmlns:xlink=\"http:\/\/www.w3.org\/1999\/xlink\" viewBox=\"0 0 39 12\"><line class=\"top\" x1=\"23\" y1=\"-0.5\" x2=\"29.5\" y2=\"6.5\" stroke=\"#ffffff;\"\/><line class=\"bottom\" x1=\"23\" y1=\"12.5\" x2=\"29.5\" y2=\"5.5\" stroke=\"#ffffff;\"\/><\/svg><span class=\"line\"><\/span><\/span>\n\n\t\t\t\t\t\t\t\t\t\t\t\t\t\t\t\t\t\t\t\t\t\t\t<\/div><!--\/vert-center-->\n\n\t\t\t\t\t\t\t\t\t\t<\/div>\n\t\t\t\t\t\t\t\t\t<\/div><!--work-item-->\n\n\t\t\t\t\t\t\t\t\n\n\t\t\t\t\t\t\t<\/div><!--\/inner-wrap-->\n\t\t\t\t\t\t<\/div><!--\/col-->\n\n\t\t\t\t\t\n\t\t\t\t\t\t\n\t\t\t\t\t\t<div class=\"col span_4  element 2019-sv \"  data-project-cat=\"2019-sv \" data-project-color=\"#6d355e\" data-title-color=\"\" data-subtitle-color=\"\">\n\n\t\t\t\t\t\t\t<div class=\"inner-wrap animated\" data-animation=\"none\">\n\n\t\t\t\t\t\t\t\t\n\t\t\t\t\t\t\t\t\t<div class=\"work-item style-2\" data-custom-content=\"off\">\n\n\t\t\t\t\t\t\t\t\t\t<img loading=\"lazy\" decoding=\"async\" class=\"size- skip-lazy\" src=\"https:\/\/www.kuninkaantienmuusikot.fi\/uusi\/wp-content\/uploads\/2019\/03\/1908_Tyo_oranssi_artikkeli-500x403.jpg\" alt=\"\" height=\"403\" width=\"500\" srcset=\"https:\/\/www.kuninkaantienmuusikot.fi\/uusi\/wp-content\/uploads\/2019\/03\/1908_Tyo_oranssi_artikkeli-500x403.jpg 600w, https:\/\/www.kuninkaantienmuusikot.fi\/uusi\/wp-content\/uploads\/2019\/03\/1908_Tyo_oranssi_artikkeli-400x269.jpg 400w\" sizes=\"auto, (min-width: 1000px) 33.3vw, (min-width: 690px) 50vw, 100vw\" \/>\n\t\t\t\t\t\t\t\t\t\t<div class=\"work-info-bg\"><\/div>\n\t\t\t\t\t\t\t\t\t\t<div class=\"work-info\">\n\n\t\t\t\t\t\t\t\t\t\t\t\n\n\t\t\t\t\t\t\t\t\t\t\t\t\n\t\t\t\t\t\t\t\t\t\t\t\t\t<a href=\"https:\/\/www.kuninkaantienmuusikot.fi\/sv\/konsertit\/turun-taiteiden-yo-2019\"><span class=\"screen-reader-text\">Konstens natt i \u00c5bo 2019 \u2013 jubileums\u00e5r<\/span><\/a>\n\n\t\t\t\t\t\t\t\t\t\t\t\t\n\n\t\t\t\t\t\t\t\t\t\t\t<div class=\"vert-center\">\n\t\t\t\t\t\t\t\t\t\t\t\t\t\t\t\t\t\t\t\t\t\t\t\t\t<p><span>15.8.2019 | \u00c5bo<\/span><\/p>\t\t\t\t\t\t\t\t\t\t\t\t\t<h3>Konstens natt i \u00c5bo 2019 \u2013 jubileums\u00e5r<\/h3>\n\n\t\t\t\t\t\t\t\t\t\t\t\t\t<svg class=\"next-arrow\" xmlns=\"http:\/\/www.w3.org\/2000\/svg\" xmlns:xlink=\"http:\/\/www.w3.org\/1999\/xlink\" viewBox=\"0 0 39 12\"><line class=\"top\" x1=\"23\" y1=\"-0.5\" x2=\"29.5\" y2=\"6.5\" stroke=\"#ffffff;\"\/><line class=\"bottom\" x1=\"23\" y1=\"12.5\" x2=\"29.5\" y2=\"5.5\" stroke=\"#ffffff;\"\/><\/svg><span class=\"line\"><\/span><\/span>\n\n\t\t\t\t\t\t\t\t\t\t\t\t\t\t\t\t\t\t\t\t\t\t\t<\/div><!--\/vert-center-->\n\n\t\t\t\t\t\t\t\t\t\t<\/div>\n\t\t\t\t\t\t\t\t\t<\/div><!--work-item-->\n\n\t\t\t\t\t\t\t\t\n\n\t\t\t\t\t\t\t<\/div><!--\/inner-wrap-->\n\t\t\t\t\t\t<\/div><!--\/col-->\n\n\t\t\t\t\t\n\t\t\t\t\t\t\n\t\t\t\t\t\t<div class=\"col span_4  element 2019-sv \"  data-project-cat=\"2019-sv \" data-project-color=\"#6d355e\" data-title-color=\"\" data-subtitle-color=\"\">\n\n\t\t\t\t\t\t\t<div class=\"inner-wrap animated\" data-animation=\"none\">\n\n\t\t\t\t\t\t\t\t\n\t\t\t\t\t\t\t\t\t<div class=\"work-item style-2\" data-custom-content=\"off\">\n\n\t\t\t\t\t\t\t\t\t\t<img loading=\"lazy\" decoding=\"async\" class=\"size- skip-lazy\" src=\"https:\/\/www.kuninkaantienmuusikot.fi\/uusi\/wp-content\/uploads\/2019\/03\/1808_VallatonTaiteenkumous_artikkeli-500x403.jpg\" alt=\"\" height=\"403\" width=\"500\" srcset=\"https:\/\/www.kuninkaantienmuusikot.fi\/uusi\/wp-content\/uploads\/2019\/03\/1808_VallatonTaiteenkumous_artikkeli-500x403.jpg 600w, https:\/\/www.kuninkaantienmuusikot.fi\/uusi\/wp-content\/uploads\/2019\/03\/1808_VallatonTaiteenkumous_artikkeli-400x269.jpg 400w\" sizes=\"auto, (min-width: 1000px) 33.3vw, (min-width: 690px) 50vw, 100vw\" \/>\n\t\t\t\t\t\t\t\t\t\t<div class=\"work-info-bg\"><\/div>\n\t\t\t\t\t\t\t\t\t\t<div class=\"work-info\">\n\n\t\t\t\t\t\t\t\t\t\t\t\n\n\t\t\t\t\t\t\t\t\t\t\t\t\n\t\t\t\t\t\t\t\t\t\t\t\t\t<a href=\"https:\/\/www.kuninkaantienmuusikot.fi\/sv\/konsertit\/vallaton-taiteenkumous-2019\"><span class=\"screen-reader-text\">Vallaton taiteenkumous 2019 &#8211; Den ostyriga konstomv\u00e4lvningen<\/span><\/a>\n\n\t\t\t\t\t\t\t\t\t\t\t\t\n\n\t\t\t\t\t\t\t\t\t\t\t<div class=\"vert-center\">\n\t\t\t\t\t\t\t\t\t\t\t\t\t\t\t\t\t\t\t\t\t\t\t\t\t<p><span>15.9.2019 kl. 13\u201317 | \u00c5bo Konsthall<\/span><\/p>\t\t\t\t\t\t\t\t\t\t\t\t\t<h3>Vallaton taiteenkumous 2019 &#8211; Den ostyriga konstomv\u00e4lvningen<\/h3>\n\n\t\t\t\t\t\t\t\t\t\t\t\t\t<svg class=\"next-arrow\" xmlns=\"http:\/\/www.w3.org\/2000\/svg\" xmlns:xlink=\"http:\/\/www.w3.org\/1999\/xlink\" viewBox=\"0 0 39 12\"><line class=\"top\" x1=\"23\" y1=\"-0.5\" x2=\"29.5\" y2=\"6.5\" stroke=\"#ffffff;\"\/><line class=\"bottom\" x1=\"23\" y1=\"12.5\" x2=\"29.5\" y2=\"5.5\" stroke=\"#ffffff;\"\/><\/svg><span class=\"line\"><\/span><\/span>\n\n\t\t\t\t\t\t\t\t\t\t\t\t\t\t\t\t\t\t\t\t\t\t\t<\/div><!--\/vert-center-->\n\n\t\t\t\t\t\t\t\t\t\t<\/div>\n\t\t\t\t\t\t\t\t\t<\/div><!--work-item-->\n\n\t\t\t\t\t\t\t\t\n\n\t\t\t\t\t\t\t<\/div><!--\/inner-wrap-->\n\t\t\t\t\t\t<\/div><!--\/col-->\n\n\t\t\t\t\t\n\t\t\t\t\t\t\n\t\t\t\t\t\t<div class=\"col span_4  element 2017-sv \"  data-project-cat=\"2017-sv \" data-project-color=\"#6d355e\" data-title-color=\"\" data-subtitle-color=\"\">\n\n\t\t\t\t\t\t\t<div class=\"inner-wrap animated\" data-animation=\"none\">\n\n\t\t\t\t\t\t\t\t\n\t\t\t\t\t\t\t\t\t<div class=\"work-item style-2\" data-custom-content=\"off\">\n\n\t\t\t\t\t\t\t\t\t\t<img loading=\"lazy\" decoding=\"async\" class=\"size- skip-lazy\" src=\"https:\/\/www.kuninkaantienmuusikot.fi\/uusi\/wp-content\/uploads\/2009\/03\/Zelenka_MissaDF_0903_artikkeli2-514x403.jpg\" alt=\"\" height=\"403\" width=\"514\" srcset=\"https:\/\/www.kuninkaantienmuusikot.fi\/uusi\/wp-content\/uploads\/2009\/03\/Zelenka_MissaDF_0903_artikkeli2-514x403.jpg 600w, https:\/\/www.kuninkaantienmuusikot.fi\/uusi\/wp-content\/uploads\/2009\/03\/Zelenka_MissaDF_0903_artikkeli2-400x269.jpg 400w\" sizes=\"auto, (min-width: 1000px) 33.3vw, (min-width: 690px) 50vw, 100vw\" \/>\n\t\t\t\t\t\t\t\t\t\t<div class=\"work-info-bg\"><\/div>\n\t\t\t\t\t\t\t\t\t\t<div class=\"work-info\">\n\n\t\t\t\t\t\t\t\t\t\t\t\n\n\t\t\t\t\t\t\t\t\t\t\t\t\n\t\t\t\t\t\t\t\t\t\t\t\t\t<a href=\"https:\/\/www.kuninkaantienmuusikot.fi\/sv\/konsertit\/hemmet-130-vuotta\"><span class=\"screen-reader-text\">Stiftelsen Hemmet i \u00c5bo 130 \u00e5r<\/span><\/a>\n\n\t\t\t\t\t\t\t\t\t\t\t\t\n\n\t\t\t\t\t\t\t\t\t\t\t<div class=\"vert-center\">\n\t\t\t\t\t\t\t\t\t\t\t\t\t\t\t\t\t\t\t\t\t\t\t\t\t<p><span>6.1.2017 kl. 16 | Hemmet, Observatoriegatan 2, \u00c5bo<\/span><\/p>\t\t\t\t\t\t\t\t\t\t\t\t\t<h3>Stiftelsen Hemmet i \u00c5bo 130 \u00e5r<\/h3>\n\n\t\t\t\t\t\t\t\t\t\t\t\t\t<svg class=\"next-arrow\" xmlns=\"http:\/\/www.w3.org\/2000\/svg\" xmlns:xlink=\"http:\/\/www.w3.org\/1999\/xlink\" viewBox=\"0 0 39 12\"><line class=\"top\" x1=\"23\" y1=\"-0.5\" x2=\"29.5\" y2=\"6.5\" stroke=\"#ffffff;\"\/><line class=\"bottom\" x1=\"23\" y1=\"12.5\" x2=\"29.5\" y2=\"5.5\" stroke=\"#ffffff;\"\/><\/svg><span class=\"line\"><\/span><\/span>\n\n\t\t\t\t\t\t\t\t\t\t\t\t\t\t\t\t\t\t\t\t\t\t\t<\/div><!--\/vert-center-->\n\n\t\t\t\t\t\t\t\t\t\t<\/div>\n\t\t\t\t\t\t\t\t\t<\/div><!--work-item-->\n\n\t\t\t\t\t\t\t\t\n\n\t\t\t\t\t\t\t<\/div><!--\/inner-wrap-->\n\t\t\t\t\t\t<\/div><!--\/col-->\n\n\t\t\t\t\t\n\t\t\t\t\t\t\n\t\t\t\t\t\t<div class=\"col span_4  element 2019-sv \"  data-project-cat=\"2019-sv \" data-project-color=\"#6d355e\" data-title-color=\"\" data-subtitle-color=\"\">\n\n\t\t\t\t\t\t\t<div class=\"inner-wrap animated\" data-animation=\"none\">\n\n\t\t\t\t\t\t\t\t\n\t\t\t\t\t\t\t\t\t<div class=\"work-item style-2\" data-custom-content=\"off\">\n\n\t\t\t\t\t\t\t\t\t\t<img loading=\"lazy\" decoding=\"async\" class=\"size- skip-lazy\" src=\"https:\/\/www.kuninkaantienmuusikot.fi\/uusi\/wp-content\/uploads\/2019\/04\/1905_Furuvik_artikkeli-500x403.jpg\" alt=\"\" height=\"403\" width=\"500\" srcset=\"https:\/\/www.kuninkaantienmuusikot.fi\/uusi\/wp-content\/uploads\/2019\/04\/1905_Furuvik_artikkeli-500x403.jpg 600w, https:\/\/www.kuninkaantienmuusikot.fi\/uusi\/wp-content\/uploads\/2019\/04\/1905_Furuvik_artikkeli-400x269.jpg 400w\" sizes=\"auto, (min-width: 1000px) 33.3vw, (min-width: 690px) 50vw, 100vw\" \/>\n\t\t\t\t\t\t\t\t\t\t<div class=\"work-info-bg\"><\/div>\n\t\t\t\t\t\t\t\t\t\t<div class=\"work-info\">\n\n\t\t\t\t\t\t\t\t\t\t\t\n\n\t\t\t\t\t\t\t\t\t\t\t\t\n\t\t\t\t\t\t\t\t\t\t\t\t\t<a href=\"https:\/\/www.kuninkaantienmuusikot.fi\/sv\/konsertit\/kartanokonsertti-1\"><span class=\"screen-reader-text\">Herrg\u00e5rdskonsert I<\/span><\/a>\n\n\t\t\t\t\t\t\t\t\t\t\t\t\n\n\t\t\t\t\t\t\t\t\t\t\t<div class=\"vert-center\">\n\t\t\t\t\t\t\t\t\t\t\t\t\t\t\t\t\t\t\t\t\t\t\t\t\t<p><span>28.5.2019 kl. 18 | Furuvik g\u00e5rd, Pargas<\/span><\/p>\t\t\t\t\t\t\t\t\t\t\t\t\t<h3>Herrg\u00e5rdskonsert I<\/h3>\n\n\t\t\t\t\t\t\t\t\t\t\t\t\t<svg class=\"next-arrow\" xmlns=\"http:\/\/www.w3.org\/2000\/svg\" xmlns:xlink=\"http:\/\/www.w3.org\/1999\/xlink\" viewBox=\"0 0 39 12\"><line class=\"top\" x1=\"23\" y1=\"-0.5\" x2=\"29.5\" y2=\"6.5\" stroke=\"#ffffff;\"\/><line class=\"bottom\" x1=\"23\" y1=\"12.5\" x2=\"29.5\" y2=\"5.5\" stroke=\"#ffffff;\"\/><\/svg><span class=\"line\"><\/span><\/span>\n\n\t\t\t\t\t\t\t\t\t\t\t\t\t\t\t\t\t\t\t\t\t\t\t<\/div><!--\/vert-center-->\n\n\t\t\t\t\t\t\t\t\t\t<\/div>\n\t\t\t\t\t\t\t\t\t<\/div><!--work-item-->\n\n\t\t\t\t\t\t\t\t\n\n\t\t\t\t\t\t\t<\/div><!--\/inner-wrap-->\n\t\t\t\t\t\t<\/div><!--\/col-->\n\n\t\t\t\t\t\n\t\t\t\t\t\t\n\t\t\t\t\t\t<div class=\"col span_4  element 2019-sv \"  data-project-cat=\"2019-sv \" data-project-color=\"#6d355e\" data-title-color=\"\" data-subtitle-color=\"\">\n\n\t\t\t\t\t\t\t<div class=\"inner-wrap animated\" data-animation=\"none\">\n\n\t\t\t\t\t\t\t\t\n\t\t\t\t\t\t\t\t\t<div class=\"work-item style-2\" data-custom-content=\"off\">\n\n\t\t\t\t\t\t\t\t\t\t<img loading=\"lazy\" decoding=\"async\" class=\"size- skip-lazy\" src=\"https:\/\/www.kuninkaantienmuusikot.fi\/uusi\/wp-content\/uploads\/2019\/04\/1905_Furuvik_artikkeli-500x403.jpg\" alt=\"\" height=\"403\" width=\"500\" srcset=\"https:\/\/www.kuninkaantienmuusikot.fi\/uusi\/wp-content\/uploads\/2019\/04\/1905_Furuvik_artikkeli-500x403.jpg 600w, https:\/\/www.kuninkaantienmuusikot.fi\/uusi\/wp-content\/uploads\/2019\/04\/1905_Furuvik_artikkeli-400x269.jpg 400w\" sizes=\"auto, (min-width: 1000px) 33.3vw, (min-width: 690px) 50vw, 100vw\" \/>\n\t\t\t\t\t\t\t\t\t\t<div class=\"work-info-bg\"><\/div>\n\t\t\t\t\t\t\t\t\t\t<div class=\"work-info\">\n\n\t\t\t\t\t\t\t\t\t\t\t\n\n\t\t\t\t\t\t\t\t\t\t\t\t\n\t\t\t\t\t\t\t\t\t\t\t\t\t<a href=\"https:\/\/www.kuninkaantienmuusikot.fi\/sv\/konsertit\/kartanokonsertti-2\"><span class=\"screen-reader-text\">Herrg\u00e5rdskonsert II<\/span><\/a>\n\n\t\t\t\t\t\t\t\t\t\t\t\t\n\n\t\t\t\t\t\t\t\t\t\t\t<div class=\"vert-center\">\n\t\t\t\t\t\t\t\t\t\t\t\t\t\t\t\t\t\t\t\t\t\t\t\t\t<p><span>30.5.2019 kl. 18 | Alberga herrg\u00e5rd, Esbo<\/span><\/p>\t\t\t\t\t\t\t\t\t\t\t\t\t<h3>Herrg\u00e5rdskonsert II<\/h3>\n\n\t\t\t\t\t\t\t\t\t\t\t\t\t<svg class=\"next-arrow\" xmlns=\"http:\/\/www.w3.org\/2000\/svg\" xmlns:xlink=\"http:\/\/www.w3.org\/1999\/xlink\" viewBox=\"0 0 39 12\"><line class=\"top\" x1=\"23\" y1=\"-0.5\" x2=\"29.5\" y2=\"6.5\" stroke=\"#ffffff;\"\/><line class=\"bottom\" x1=\"23\" y1=\"12.5\" x2=\"29.5\" y2=\"5.5\" stroke=\"#ffffff;\"\/><\/svg><span class=\"line\"><\/span><\/span>\n\n\t\t\t\t\t\t\t\t\t\t\t\t\t\t\t\t\t\t\t\t\t\t\t<\/div><!--\/vert-center-->\n\n\t\t\t\t\t\t\t\t\t\t<\/div>\n\t\t\t\t\t\t\t\t\t<\/div><!--work-item-->\n\n\t\t\t\t\t\t\t\t\n\n\t\t\t\t\t\t\t<\/div><!--\/inner-wrap-->\n\t\t\t\t\t\t<\/div><!--\/col-->\n\n\t\t\t\t\t\n\t\t\t\t\t\t\n\t\t\t\t\t\t<div class=\"col span_4  element 2019-sv \"  data-project-cat=\"2019-sv \" data-project-color=\"#6d355e\" data-title-color=\"\" data-subtitle-color=\"\">\n\n\t\t\t\t\t\t\t<div class=\"inner-wrap animated\" data-animation=\"none\">\n\n\t\t\t\t\t\t\t\t\n\t\t\t\t\t\t\t\t\t<div class=\"work-item style-2\" data-custom-content=\"off\">\n\n\t\t\t\t\t\t\t\t\t\t<img loading=\"lazy\" decoding=\"async\" class=\"size- skip-lazy\" src=\"https:\/\/www.kuninkaantienmuusikot.fi\/uusi\/wp-content\/uploads\/2022\/09\/Kruunu_artikkeli_500x440-500x403.jpg\" alt=\"\" height=\"403\" width=\"500\" srcset=\"https:\/\/www.kuninkaantienmuusikot.fi\/uusi\/wp-content\/uploads\/2022\/09\/Kruunu_artikkeli_500x440-500x403.jpg 600w, https:\/\/www.kuninkaantienmuusikot.fi\/uusi\/wp-content\/uploads\/2022\/09\/Kruunu_artikkeli_500x440-400x269.jpg 400w\" sizes=\"auto, (min-width: 1000px) 33.3vw, (min-width: 690px) 50vw, 100vw\" \/>\n\t\t\t\t\t\t\t\t\t\t<div class=\"work-info-bg\"><\/div>\n\t\t\t\t\t\t\t\t\t\t<div class=\"work-info\">\n\n\t\t\t\t\t\t\t\t\t\t\t\n\n\t\t\t\t\t\t\t\t\t\t\t\t\n\t\t\t\t\t\t\t\t\t\t\t\t\t<a href=\"https:\/\/www.kuninkaantienmuusikot.fi\/sv\/konsertit\/ritarihuone-2019\"><span class=\"screen-reader-text\">Kungsv\u00e4gens musiker &#038; Les Abbagliati<\/span><\/a>\n\n\t\t\t\t\t\t\t\t\t\t\t\t\n\n\t\t\t\t\t\t\t\t\t\t\t<div class=\"vert-center\">\n\t\t\t\t\t\t\t\t\t\t\t\t\t\t\t\t\t\t\t\t\t\t\t\t\t<p><span>16.10.2019 kl. 19 | Riddarhuset, Helsingfors<\/span><\/p>\t\t\t\t\t\t\t\t\t\t\t\t\t<h3>Kungsv\u00e4gens musiker &#038; Les Abbagliati<\/h3>\n\n\t\t\t\t\t\t\t\t\t\t\t\t\t<svg class=\"next-arrow\" xmlns=\"http:\/\/www.w3.org\/2000\/svg\" xmlns:xlink=\"http:\/\/www.w3.org\/1999\/xlink\" viewBox=\"0 0 39 12\"><line class=\"top\" x1=\"23\" y1=\"-0.5\" x2=\"29.5\" y2=\"6.5\" stroke=\"#ffffff;\"\/><line class=\"bottom\" x1=\"23\" y1=\"12.5\" x2=\"29.5\" y2=\"5.5\" stroke=\"#ffffff;\"\/><\/svg><span class=\"line\"><\/span><\/span>\n\n\t\t\t\t\t\t\t\t\t\t\t\t\t\t\t\t\t\t\t\t\t\t\t<\/div><!--\/vert-center-->\n\n\t\t\t\t\t\t\t\t\t\t<\/div>\n\t\t\t\t\t\t\t\t\t<\/div><!--work-item-->\n\n\t\t\t\t\t\t\t\t\n\n\t\t\t\t\t\t\t<\/div><!--\/inner-wrap-->\n\t\t\t\t\t\t<\/div><!--\/col-->\n\n\t\t\t\t\t\n\t\t\t\t\t\t\n\t\t\t\t\t\t<div class=\"col span_4  element 2019-sv \"  data-project-cat=\"2019-sv \" data-project-color=\"#6d355e\" data-title-color=\"\" data-subtitle-color=\"\">\n\n\t\t\t\t\t\t\t<div class=\"inner-wrap animated\" data-animation=\"none\">\n\n\t\t\t\t\t\t\t\t\n\t\t\t\t\t\t\t\t\t<div class=\"work-item style-2\" data-custom-content=\"off\">\n\n\t\t\t\t\t\t\t\t\t\t<img loading=\"lazy\" decoding=\"async\" class=\"size- skip-lazy\" src=\"https:\/\/www.kuninkaantienmuusikot.fi\/uusi\/wp-content\/uploads\/2019\/12\/1910_Abbagliati_artikkeli-500x403.jpg\" alt=\"\" height=\"403\" width=\"500\" srcset=\"https:\/\/www.kuninkaantienmuusikot.fi\/uusi\/wp-content\/uploads\/2019\/12\/1910_Abbagliati_artikkeli-500x403.jpg 600w, https:\/\/www.kuninkaantienmuusikot.fi\/uusi\/wp-content\/uploads\/2019\/12\/1910_Abbagliati_artikkeli-400x269.jpg 400w\" sizes=\"auto, (min-width: 1000px) 33.3vw, (min-width: 690px) 50vw, 100vw\" \/>\n\t\t\t\t\t\t\t\t\t\t<div class=\"work-info-bg\"><\/div>\n\t\t\t\t\t\t\t\t\t\t<div class=\"work-info\">\n\n\t\t\t\t\t\t\t\t\t\t\t\n\n\t\t\t\t\t\t\t\t\t\t\t\t\n\t\t\t\t\t\t\t\t\t\t\t\t\t<a href=\"https:\/\/www.kuninkaantienmuusikot.fi\/sv\/konsertit\/les-abbagliati\"><span class=\"screen-reader-text\">Kungsv\u00e4gens musiker &#038; Les Abbagliati<\/span><\/a>\n\n\t\t\t\t\t\t\t\t\t\t\t\t\n\n\t\t\t\t\t\t\t\t\t\t\t<div class=\"vert-center\">\n\t\t\t\t\t\t\t\t\t\t\t\t\t\t\t\t\t\t\t\t\t\t\t\t\t<p><span>17.10.2019 kl. 19 | FBK-huset i \u00c5bo<\/span><\/p>\t\t\t\t\t\t\t\t\t\t\t\t\t<h3>Kungsv\u00e4gens musiker &#038; Les Abbagliati<\/h3>\n\n\t\t\t\t\t\t\t\t\t\t\t\t\t<svg class=\"next-arrow\" xmlns=\"http:\/\/www.w3.org\/2000\/svg\" xmlns:xlink=\"http:\/\/www.w3.org\/1999\/xlink\" viewBox=\"0 0 39 12\"><line class=\"top\" x1=\"23\" y1=\"-0.5\" x2=\"29.5\" y2=\"6.5\" stroke=\"#ffffff;\"\/><line class=\"bottom\" x1=\"23\" y1=\"12.5\" x2=\"29.5\" y2=\"5.5\" stroke=\"#ffffff;\"\/><\/svg><span class=\"line\"><\/span><\/span>\n\n\t\t\t\t\t\t\t\t\t\t\t\t\t\t\t\t\t\t\t\t\t\t\t<\/div><!--\/vert-center-->\n\n\t\t\t\t\t\t\t\t\t\t<\/div>\n\t\t\t\t\t\t\t\t\t<\/div><!--work-item-->\n\n\t\t\t\t\t\t\t\t\n\n\t\t\t\t\t\t\t<\/div><!--\/inner-wrap-->\n\t\t\t\t\t\t<\/div><!--\/col-->\n\n\t\t\t\t\t\n\t\t\t\t\t\t\n\t\t\t\t\t\t<div class=\"col span_4  element 2020-sv \"  data-project-cat=\"2020-sv \" data-project-color=\"#6d355e\" data-title-color=\"\" data-subtitle-color=\"\">\n\n\t\t\t\t\t\t\t<div class=\"inner-wrap animated\" data-animation=\"none\">\n\n\t\t\t\t\t\t\t\t\n\t\t\t\t\t\t\t\t\t<div class=\"work-item style-2\" data-custom-content=\"off\">\n\n\t\t\t\t\t\t\t\t\t\t<img loading=\"lazy\" decoding=\"async\" class=\"size- skip-lazy\" src=\"https:\/\/www.kuninkaantienmuusikot.fi\/uusi\/wp-content\/uploads\/2019\/12\/2001_Carissimi_artikkeli-500x403.jpg\" alt=\"\" height=\"403\" width=\"500\" srcset=\"https:\/\/www.kuninkaantienmuusikot.fi\/uusi\/wp-content\/uploads\/2019\/12\/2001_Carissimi_artikkeli-500x403.jpg 600w, https:\/\/www.kuninkaantienmuusikot.fi\/uusi\/wp-content\/uploads\/2019\/12\/2001_Carissimi_artikkeli-400x269.jpg 400w\" sizes=\"auto, (min-width: 1000px) 33.3vw, (min-width: 690px) 50vw, 100vw\" \/>\n\t\t\t\t\t\t\t\t\t\t<div class=\"work-info-bg\"><\/div>\n\t\t\t\t\t\t\t\t\t\t<div class=\"work-info\">\n\n\t\t\t\t\t\t\t\t\t\t\t\n\n\t\t\t\t\t\t\t\t\t\t\t\t\n\t\t\t\t\t\t\t\t\t\t\t\t\t<a href=\"https:\/\/www.kuninkaantienmuusikot.fi\/sv\/konsertit\/carissimi\"><span class=\"screen-reader-text\">Giacomo Carissimi: Romerskt oratorium<\/span><\/a>\n\n\t\t\t\t\t\t\t\t\t\t\t\t\n\n\t\t\t\t\t\t\t\t\t\t\t<div class=\"vert-center\">\n\t\t\t\t\t\t\t\t\t\t\t\t\t\t\t\t\t\t\t\t\t\t\t\t\t<p><span>6.1.2020 kl. 19 | \u00c5bo domkyrka<\/span><\/p>\t\t\t\t\t\t\t\t\t\t\t\t\t<h3>Giacomo Carissimi: Romerskt oratorium<\/h3>\n\n\t\t\t\t\t\t\t\t\t\t\t\t\t<svg class=\"next-arrow\" xmlns=\"http:\/\/www.w3.org\/2000\/svg\" xmlns:xlink=\"http:\/\/www.w3.org\/1999\/xlink\" viewBox=\"0 0 39 12\"><line class=\"top\" x1=\"23\" y1=\"-0.5\" x2=\"29.5\" y2=\"6.5\" stroke=\"#ffffff;\"\/><line class=\"bottom\" x1=\"23\" y1=\"12.5\" x2=\"29.5\" y2=\"5.5\" stroke=\"#ffffff;\"\/><\/svg><span class=\"line\"><\/span><\/span>\n\n\t\t\t\t\t\t\t\t\t\t\t\t\t\t\t\t\t\t\t\t\t\t\t<\/div><!--\/vert-center-->\n\n\t\t\t\t\t\t\t\t\t\t<\/div>\n\t\t\t\t\t\t\t\t\t<\/div><!--work-item-->\n\n\t\t\t\t\t\t\t\t\n\n\t\t\t\t\t\t\t<\/div><!--\/inner-wrap-->\n\t\t\t\t\t\t<\/div><!--\/col-->\n\n\t\t\t\t\t\n\t\t\t\t\t\t\n\t\t\t\t\t\t<div class=\"col span_4  element 2020-sv \"  data-project-cat=\"2020-sv \" data-project-color=\"#6d355e\" data-title-color=\"\" data-subtitle-color=\"\">\n\n\t\t\t\t\t\t\t<div class=\"inner-wrap animated\" data-animation=\"none\">\n\n\t\t\t\t\t\t\t\t\n\t\t\t\t\t\t\t\t\t<div class=\"work-item style-2\" data-custom-content=\"off\">\n\n\t\t\t\t\t\t\t\t\t\t<img loading=\"lazy\" decoding=\"async\" class=\"size- skip-lazy\" src=\"https:\/\/www.kuninkaantienmuusikot.fi\/uusi\/wp-content\/uploads\/2019\/12\/2002_Mozart_artikkeli-500x403.jpg\" alt=\"\" height=\"403\" width=\"500\" srcset=\"https:\/\/www.kuninkaantienmuusikot.fi\/uusi\/wp-content\/uploads\/2019\/12\/2002_Mozart_artikkeli-500x403.jpg 600w, https:\/\/www.kuninkaantienmuusikot.fi\/uusi\/wp-content\/uploads\/2019\/12\/2002_Mozart_artikkeli-400x269.jpg 400w\" sizes=\"auto, (min-width: 1000px) 33.3vw, (min-width: 690px) 50vw, 100vw\" \/>\n\t\t\t\t\t\t\t\t\t\t<div class=\"work-info-bg\"><\/div>\n\t\t\t\t\t\t\t\t\t\t<div class=\"work-info\">\n\n\t\t\t\t\t\t\t\t\t\t\t\n\n\t\t\t\t\t\t\t\t\t\t\t\t\n\t\t\t\t\t\t\t\t\t\t\t\t\t<a href=\"https:\/\/www.kuninkaantienmuusikot.fi\/sv\/konsertit\/nachtmusik\"><span class=\"screen-reader-text\">W. A. Mozart: Eine kleine Nachtmusik<\/span><\/a>\n\n\t\t\t\t\t\t\t\t\t\t\t\t\n\n\t\t\t\t\t\t\t\t\t\t\t<div class=\"vert-center\">\n\t\t\t\t\t\t\t\t\t\t\t\t\t\t\t\t\t\t\t\t\t\t\t\t\t<p><span>22.2.2020 kl. 16 | \u00c5bo domkyrka<\/span><\/p>\t\t\t\t\t\t\t\t\t\t\t\t\t<h3>W. A. Mozart: Eine kleine Nachtmusik<\/h3>\n\n\t\t\t\t\t\t\t\t\t\t\t\t\t<svg class=\"next-arrow\" xmlns=\"http:\/\/www.w3.org\/2000\/svg\" xmlns:xlink=\"http:\/\/www.w3.org\/1999\/xlink\" viewBox=\"0 0 39 12\"><line class=\"top\" x1=\"23\" y1=\"-0.5\" x2=\"29.5\" y2=\"6.5\" stroke=\"#ffffff;\"\/><line class=\"bottom\" x1=\"23\" y1=\"12.5\" x2=\"29.5\" y2=\"5.5\" stroke=\"#ffffff;\"\/><\/svg><span class=\"line\"><\/span><\/span>\n\n\t\t\t\t\t\t\t\t\t\t\t\t\t\t\t\t\t\t\t\t\t\t\t<\/div><!--\/vert-center-->\n\n\t\t\t\t\t\t\t\t\t\t<\/div>\n\t\t\t\t\t\t\t\t\t<\/div><!--work-item-->\n\n\t\t\t\t\t\t\t\t\n\n\t\t\t\t\t\t\t<\/div><!--\/inner-wrap-->\n\t\t\t\t\t\t<\/div><!--\/col-->\n\n\t\t\t\t\t\n\t\t\t\t\t\t\n\t\t\t\t\t\t<div class=\"col span_4  element 2020-sv \"  data-project-cat=\"2020-sv \" data-project-color=\"#6d355e\" data-title-color=\"\" data-subtitle-color=\"\">\n\n\t\t\t\t\t\t\t<div class=\"inner-wrap animated\" data-animation=\"none\">\n\n\t\t\t\t\t\t\t\t\n\t\t\t\t\t\t\t\t\t<div class=\"work-item style-2\" data-custom-content=\"off\">\n\n\t\t\t\t\t\t\t\t\t\t<img loading=\"lazy\" decoding=\"async\" class=\"size- skip-lazy\" src=\"https:\/\/www.kuninkaantienmuusikot.fi\/uusi\/wp-content\/uploads\/2019\/12\/2008_Tyo_vihrea_artikkeli-500x403.jpg\" alt=\"\" height=\"403\" width=\"500\" srcset=\"https:\/\/www.kuninkaantienmuusikot.fi\/uusi\/wp-content\/uploads\/2019\/12\/2008_Tyo_vihrea_artikkeli-500x403.jpg 600w, https:\/\/www.kuninkaantienmuusikot.fi\/uusi\/wp-content\/uploads\/2019\/12\/2008_Tyo_vihrea_artikkeli-400x269.jpg 400w\" sizes=\"auto, (min-width: 1000px) 33.3vw, (min-width: 690px) 50vw, 100vw\" \/>\n\t\t\t\t\t\t\t\t\t\t<div class=\"work-info-bg\"><\/div>\n\t\t\t\t\t\t\t\t\t\t<div class=\"work-info\">\n\n\t\t\t\t\t\t\t\t\t\t\t\n\n\t\t\t\t\t\t\t\t\t\t\t\t\n\t\t\t\t\t\t\t\t\t\t\t\t\t<a href=\"https:\/\/www.kuninkaantienmuusikot.fi\/sv\/konsertit\/taiteiden-yo-2020\"><span class=\"screen-reader-text\">Konstens natt i \u00c5bo 2020<\/span><\/a>\n\n\t\t\t\t\t\t\t\t\t\t\t\t\n\n\t\t\t\t\t\t\t\t\t\t\t<div class=\"vert-center\">\n\t\t\t\t\t\t\t\t\t\t\t\t\t\t\t\t\t\t\t\t\t\t\t\t\t<p><span>13.8.2020 | \u00c5bo<\/span><\/p>\t\t\t\t\t\t\t\t\t\t\t\t\t<h3>Konstens natt i \u00c5bo 2020<\/h3>\n\n\t\t\t\t\t\t\t\t\t\t\t\t\t<svg class=\"next-arrow\" xmlns=\"http:\/\/www.w3.org\/2000\/svg\" xmlns:xlink=\"http:\/\/www.w3.org\/1999\/xlink\" viewBox=\"0 0 39 12\"><line class=\"top\" x1=\"23\" y1=\"-0.5\" x2=\"29.5\" y2=\"6.5\" stroke=\"#ffffff;\"\/><line class=\"bottom\" x1=\"23\" y1=\"12.5\" x2=\"29.5\" y2=\"5.5\" stroke=\"#ffffff;\"\/><\/svg><span class=\"line\"><\/span><\/span>\n\n\t\t\t\t\t\t\t\t\t\t\t\t\t\t\t\t\t\t\t\t\t\t\t<\/div><!--\/vert-center-->\n\n\t\t\t\t\t\t\t\t\t\t<\/div>\n\t\t\t\t\t\t\t\t\t<\/div><!--work-item-->\n\n\t\t\t\t\t\t\t\t\n\n\t\t\t\t\t\t\t<\/div><!--\/inner-wrap-->\n\t\t\t\t\t\t<\/div><!--\/col-->\n\n\t\t\t\t\t\n\t\t\t\t\t\t\n\t\t\t\t\t\t<div class=\"col span_4  element 2020-sv \"  data-project-cat=\"2020-sv \" data-project-color=\"#6d355e\" data-title-color=\"\" data-subtitle-color=\"\">\n\n\t\t\t\t\t\t\t<div class=\"inner-wrap animated\" data-animation=\"none\">\n\n\t\t\t\t\t\t\t\t\n\t\t\t\t\t\t\t\t\t<div class=\"work-item style-2\" data-custom-content=\"off\">\n\n\t\t\t\t\t\t\t\t\t\t<img loading=\"lazy\" decoding=\"async\" class=\"size- skip-lazy\" src=\"https:\/\/www.kuninkaantienmuusikot.fi\/uusi\/wp-content\/uploads\/2020\/08\/2009_Passeggio_artikkeli-500x403.jpg\" alt=\"\" height=\"403\" width=\"500\" srcset=\"https:\/\/www.kuninkaantienmuusikot.fi\/uusi\/wp-content\/uploads\/2020\/08\/2009_Passeggio_artikkeli-500x403.jpg 600w, https:\/\/www.kuninkaantienmuusikot.fi\/uusi\/wp-content\/uploads\/2020\/08\/2009_Passeggio_artikkeli-400x269.jpg 400w\" sizes=\"auto, (min-width: 1000px) 33.3vw, (min-width: 690px) 50vw, 100vw\" \/>\n\t\t\t\t\t\t\t\t\t\t<div class=\"work-info-bg\"><\/div>\n\t\t\t\t\t\t\t\t\t\t<div class=\"work-info\">\n\n\t\t\t\t\t\t\t\t\t\t\t\n\n\t\t\t\t\t\t\t\t\t\t\t\t\n\t\t\t\t\t\t\t\t\t\t\t\t\t<a href=\"https:\/\/www.kuninkaantienmuusikot.fi\/sv\/konsertit\/turunpaiva\"><span class=\"screen-reader-text\">A passeggio \u2013 promenadkonsert<\/span><\/a>\n\n\t\t\t\t\t\t\t\t\t\t\t\t\n\n\t\t\t\t\t\t\t\t\t\t\t<div class=\"vert-center\">\n\t\t\t\t\t\t\t\t\t\t\t\t\t\t\t\t\t\t\t\t\t\t\t\t\t<p><span>20.9.2020 kl. 15 | \u00c5bo domkyrka<\/span><\/p>\t\t\t\t\t\t\t\t\t\t\t\t\t<h3>A passeggio \u2013 promenadkonsert<\/h3>\n\n\t\t\t\t\t\t\t\t\t\t\t\t\t<svg class=\"next-arrow\" xmlns=\"http:\/\/www.w3.org\/2000\/svg\" xmlns:xlink=\"http:\/\/www.w3.org\/1999\/xlink\" viewBox=\"0 0 39 12\"><line class=\"top\" x1=\"23\" y1=\"-0.5\" x2=\"29.5\" y2=\"6.5\" stroke=\"#ffffff;\"\/><line class=\"bottom\" x1=\"23\" y1=\"12.5\" x2=\"29.5\" y2=\"5.5\" stroke=\"#ffffff;\"\/><\/svg><span class=\"line\"><\/span><\/span>\n\n\t\t\t\t\t\t\t\t\t\t\t\t\t\t\t\t\t\t\t\t\t\t\t<\/div><!--\/vert-center-->\n\n\t\t\t\t\t\t\t\t\t\t<\/div>\n\t\t\t\t\t\t\t\t\t<\/div><!--work-item-->\n\n\t\t\t\t\t\t\t\t\n\n\t\t\t\t\t\t\t<\/div><!--\/inner-wrap-->\n\t\t\t\t\t\t<\/div><!--\/col-->\n\n\t\t\t\t\t\n\t\t\t\t\t\t\n\t\t\t\t\t\t<div class=\"col span_4  element 2021-sv \"  data-project-cat=\"2021-sv \" data-project-color=\"#6d355e\" data-title-color=\"\" data-subtitle-color=\"\">\n\n\t\t\t\t\t\t\t<div class=\"inner-wrap animated\" data-animation=\"none\">\n\n\t\t\t\t\t\t\t\t\n\t\t\t\t\t\t\t\t\t<div class=\"work-item style-2\" data-custom-content=\"off\">\n\n\t\t\t\t\t\t\t\t\t\t<img loading=\"lazy\" decoding=\"async\" class=\"size- skip-lazy\" src=\"https:\/\/www.kuninkaantienmuusikot.fi\/uusi\/wp-content\/uploads\/2020\/10\/2108_Tyo_punainen_artikkeli2-500x403.jpg\" alt=\"\" height=\"403\" width=\"500\" srcset=\"https:\/\/www.kuninkaantienmuusikot.fi\/uusi\/wp-content\/uploads\/2020\/10\/2108_Tyo_punainen_artikkeli2-500x403.jpg 600w, https:\/\/www.kuninkaantienmuusikot.fi\/uusi\/wp-content\/uploads\/2020\/10\/2108_Tyo_punainen_artikkeli2-400x269.jpg 400w\" sizes=\"auto, (min-width: 1000px) 33.3vw, (min-width: 690px) 50vw, 100vw\" \/>\n\t\t\t\t\t\t\t\t\t\t<div class=\"work-info-bg\"><\/div>\n\t\t\t\t\t\t\t\t\t\t<div class=\"work-info\">\n\n\t\t\t\t\t\t\t\t\t\t\t\n\n\t\t\t\t\t\t\t\t\t\t\t\t\n\t\t\t\t\t\t\t\t\t\t\t\t\t<a href=\"https:\/\/www.kuninkaantienmuusikot.fi\/sv\/konsertit\/turun-taiteiden-yo-2021\"><span class=\"screen-reader-text\">Konstens natt i \u00c5bo 2021<\/span><\/a>\n\n\t\t\t\t\t\t\t\t\t\t\t\t\n\n\t\t\t\t\t\t\t\t\t\t\t<div class=\"vert-center\">\n\t\t\t\t\t\t\t\t\t\t\t\t\t\t\t\t\t\t\t\t\t\t\t\t\t<p><span>12.8.2021 | \u00c5bo<\/span><\/p>\t\t\t\t\t\t\t\t\t\t\t\t\t<h3>Konstens natt i \u00c5bo 2021<\/h3>\n\n\t\t\t\t\t\t\t\t\t\t\t\t\t<svg class=\"next-arrow\" xmlns=\"http:\/\/www.w3.org\/2000\/svg\" xmlns:xlink=\"http:\/\/www.w3.org\/1999\/xlink\" viewBox=\"0 0 39 12\"><line class=\"top\" x1=\"23\" y1=\"-0.5\" x2=\"29.5\" y2=\"6.5\" stroke=\"#ffffff;\"\/><line class=\"bottom\" x1=\"23\" y1=\"12.5\" x2=\"29.5\" y2=\"5.5\" stroke=\"#ffffff;\"\/><\/svg><span class=\"line\"><\/span><\/span>\n\n\t\t\t\t\t\t\t\t\t\t\t\t\t\t\t\t\t\t\t\t\t\t\t<\/div><!--\/vert-center-->\n\n\t\t\t\t\t\t\t\t\t\t<\/div>\n\t\t\t\t\t\t\t\t\t<\/div><!--work-item-->\n\n\t\t\t\t\t\t\t\t\n\n\t\t\t\t\t\t\t<\/div><!--\/inner-wrap-->\n\t\t\t\t\t\t<\/div><!--\/col-->\n\n\t\t\t\t\t\n\t\t\t\t\t\t\n\t\t\t\t\t\t<div class=\"col span_4  element 2022-sv \"  data-project-cat=\"2022-sv \" data-project-color=\"#6d355e\" data-title-color=\"\" data-subtitle-color=\"\">\n\n\t\t\t\t\t\t\t<div class=\"inner-wrap animated\" data-animation=\"none\">\n\n\t\t\t\t\t\t\t\t\n\t\t\t\t\t\t\t\t\t<div class=\"work-item style-2\" data-custom-content=\"off\">\n\n\t\t\t\t\t\t\t\t\t\t<img loading=\"lazy\" decoding=\"async\" class=\"size- skip-lazy\" src=\"https:\/\/www.kuninkaantienmuusikot.fi\/uusi\/wp-content\/uploads\/2021\/09\/2208_Tyo_sininen_artikkeli-500x403.png\" alt=\"\" height=\"403\" width=\"500\" srcset=\"https:\/\/www.kuninkaantienmuusikot.fi\/uusi\/wp-content\/uploads\/2021\/09\/2208_Tyo_sininen_artikkeli-500x403.png 600w, https:\/\/www.kuninkaantienmuusikot.fi\/uusi\/wp-content\/uploads\/2021\/09\/2208_Tyo_sininen_artikkeli-400x269.png 400w\" sizes=\"auto, (min-width: 1000px) 33.3vw, (min-width: 690px) 50vw, 100vw\" \/>\n\t\t\t\t\t\t\t\t\t\t<div class=\"work-info-bg\"><\/div>\n\t\t\t\t\t\t\t\t\t\t<div class=\"work-info\">\n\n\t\t\t\t\t\t\t\t\t\t\t\n\n\t\t\t\t\t\t\t\t\t\t\t\t\n\t\t\t\t\t\t\t\t\t\t\t\t\t<a href=\"https:\/\/www.kuninkaantienmuusikot.fi\/sv\/konsertit\/turun-taiteiden-yo-2022\"><span class=\"screen-reader-text\">Konstens natt i \u00c5bo 2022<\/span><\/a>\n\n\t\t\t\t\t\t\t\t\t\t\t\t\n\n\t\t\t\t\t\t\t\t\t\t\t<div class=\"vert-center\">\n\t\t\t\t\t\t\t\t\t\t\t\t\t\t\t\t\t\t\t\t\t\t\t\t\t<p><span>11.8.2022 | \u00c5bo<\/span><\/p>\t\t\t\t\t\t\t\t\t\t\t\t\t<h3>Konstens natt i \u00c5bo 2022<\/h3>\n\n\t\t\t\t\t\t\t\t\t\t\t\t\t<svg class=\"next-arrow\" xmlns=\"http:\/\/www.w3.org\/2000\/svg\" xmlns:xlink=\"http:\/\/www.w3.org\/1999\/xlink\" viewBox=\"0 0 39 12\"><line class=\"top\" x1=\"23\" y1=\"-0.5\" x2=\"29.5\" y2=\"6.5\" stroke=\"#ffffff;\"\/><line class=\"bottom\" x1=\"23\" y1=\"12.5\" x2=\"29.5\" y2=\"5.5\" stroke=\"#ffffff;\"\/><\/svg><span class=\"line\"><\/span><\/span>\n\n\t\t\t\t\t\t\t\t\t\t\t\t\t\t\t\t\t\t\t\t\t\t\t<\/div><!--\/vert-center-->\n\n\t\t\t\t\t\t\t\t\t\t<\/div>\n\t\t\t\t\t\t\t\t\t<\/div><!--work-item-->\n\n\t\t\t\t\t\t\t\t\n\n\t\t\t\t\t\t\t<\/div><!--\/inner-wrap-->\n\t\t\t\t\t\t<\/div><!--\/col-->\n\n\t\t\t\t\t\n\t\t\t\t\t\t\n\t\t\t\t\t\t<div class=\"col span_4  element 2022-sv \"  data-project-cat=\"2022-sv \" data-project-color=\"#6d355e\" data-title-color=\"\" data-subtitle-color=\"\">\n\n\t\t\t\t\t\t\t<div class=\"inner-wrap animated\" data-animation=\"none\">\n\n\t\t\t\t\t\t\t\t\n\t\t\t\t\t\t\t\t\t<div class=\"work-item style-2\" data-custom-content=\"off\">\n\n\t\t\t\t\t\t\t\t\t\t<img decoding=\"async\" class=\"size- skip-lazy\" src=\"https:\/\/www.kuninkaantienmuusikot.fi\/uusi\/wp-content\/uploads\/2022\/02\/2203_JJBach_artikkeli.jpg\" alt=\"\" height=\"\" width=\"\" srcset=\"https:\/\/www.kuninkaantienmuusikot.fi\/uusi\/wp-content\/uploads\/2022\/02\/2203_JJBach_artikkeli.jpg 600w, https:\/\/www.kuninkaantienmuusikot.fi\/uusi\/wp-content\/uploads\/2022\/02\/2203_JJBach_artikkeli-400x269.jpg 400w\" sizes=\"(min-width: 1000px) 33.3vw, (min-width: 690px) 50vw, 100vw\" \/>\n\t\t\t\t\t\t\t\t\t\t<div class=\"work-info-bg\"><\/div>\n\t\t\t\t\t\t\t\t\t\t<div class=\"work-info\">\n\n\t\t\t\t\t\t\t\t\t\t\t\n\n\t\t\t\t\t\t\t\t\t\t\t\t\n\t\t\t\t\t\t\t\t\t\t\t\t\t<a href=\"https:\/\/www.kuninkaantienmuusikot.fi\/sv\/konsertit\/johann-jacob-bach\"><span class=\"screen-reader-text\">Johann Jacob Bach<\/span><\/a>\n\n\t\t\t\t\t\t\t\t\t\t\t\t\n\n\t\t\t\t\t\t\t\t\t\t\t<div class=\"vert-center\">\n\t\t\t\t\t\t\t\t\t\t\t\t\t\t\t\t\t\t\t\t\t\t\t\t\t<p><span>21.3.2022 kl. 19 | \u00c5bo domkyrka<\/span><\/p>\t\t\t\t\t\t\t\t\t\t\t\t\t<h3>Johann Jacob Bach<\/h3>\n\n\t\t\t\t\t\t\t\t\t\t\t\t\t<svg class=\"next-arrow\" xmlns=\"http:\/\/www.w3.org\/2000\/svg\" xmlns:xlink=\"http:\/\/www.w3.org\/1999\/xlink\" viewBox=\"0 0 39 12\"><line class=\"top\" x1=\"23\" y1=\"-0.5\" x2=\"29.5\" y2=\"6.5\" stroke=\"#ffffff;\"\/><line class=\"bottom\" x1=\"23\" y1=\"12.5\" x2=\"29.5\" y2=\"5.5\" stroke=\"#ffffff;\"\/><\/svg><span class=\"line\"><\/span><\/span>\n\n\t\t\t\t\t\t\t\t\t\t\t\t\t\t\t\t\t\t\t\t\t\t\t<\/div><!--\/vert-center-->\n\n\t\t\t\t\t\t\t\t\t\t<\/div>\n\t\t\t\t\t\t\t\t\t<\/div><!--work-item-->\n\n\t\t\t\t\t\t\t\t\n\n\t\t\t\t\t\t\t<\/div><!--\/inner-wrap-->\n\t\t\t\t\t\t<\/div><!--\/col-->\n\n\t\t\t\t\t\n\t\t\t\t\t\t\n\t\t\t\t\t\t<div class=\"col span_4  element 2022-sv \"  data-project-cat=\"2022-sv \" data-project-color=\"#6d355e\" data-title-color=\"\" data-subtitle-color=\"\">\n\n\t\t\t\t\t\t\t<div class=\"inner-wrap animated\" data-animation=\"none\">\n\n\t\t\t\t\t\t\t\t\n\t\t\t\t\t\t\t\t\t<div class=\"work-item style-2\" data-custom-content=\"off\">\n\n\t\t\t\t\t\t\t\t\t\t<img decoding=\"async\" class=\"size- skip-lazy\" src=\"https:\/\/www.kuninkaantienmuusikot.fi\/uusi\/wp-content\/uploads\/2022\/02\/2204_Haydn_artikkeli3.jpg\" alt=\"\" height=\"\" width=\"\" srcset=\"https:\/\/www.kuninkaantienmuusikot.fi\/uusi\/wp-content\/uploads\/2022\/02\/2204_Haydn_artikkeli3.jpg 600w, https:\/\/www.kuninkaantienmuusikot.fi\/uusi\/wp-content\/uploads\/2022\/02\/2204_Haydn_artikkeli3-400x269.jpg 400w\" sizes=\"(min-width: 1000px) 33.3vw, (min-width: 690px) 50vw, 100vw\" \/>\n\t\t\t\t\t\t\t\t\t\t<div class=\"work-info-bg\"><\/div>\n\t\t\t\t\t\t\t\t\t\t<div class=\"work-info\">\n\n\t\t\t\t\t\t\t\t\t\t\t\n\n\t\t\t\t\t\t\t\t\t\t\t\t\n\t\t\t\t\t\t\t\t\t\t\t\t\t<a href=\"https:\/\/www.kuninkaantienmuusikot.fi\/sv\/konsertit\/haydn\"><span class=\"screen-reader-text\">Joseph Haydn: Jesu sju sista ord p\u00e5 korset<\/span><\/a>\n\n\t\t\t\t\t\t\t\t\t\t\t\t\n\n\t\t\t\t\t\t\t\t\t\t\t<div class=\"vert-center\">\n\t\t\t\t\t\t\t\t\t\t\t\t\t\t\t\t\t\t\t\t\t\t\t\t\t<p><span>16.4.2022 kl. 18 | \u00c5bo domkyrka<\/span><\/p>\t\t\t\t\t\t\t\t\t\t\t\t\t<h3>Joseph Haydn: Jesu sju sista ord p\u00e5 korset<\/h3>\n\n\t\t\t\t\t\t\t\t\t\t\t\t\t<svg class=\"next-arrow\" xmlns=\"http:\/\/www.w3.org\/2000\/svg\" xmlns:xlink=\"http:\/\/www.w3.org\/1999\/xlink\" viewBox=\"0 0 39 12\"><line class=\"top\" x1=\"23\" y1=\"-0.5\" x2=\"29.5\" y2=\"6.5\" stroke=\"#ffffff;\"\/><line class=\"bottom\" x1=\"23\" y1=\"12.5\" x2=\"29.5\" y2=\"5.5\" stroke=\"#ffffff;\"\/><\/svg><span class=\"line\"><\/span><\/span>\n\n\t\t\t\t\t\t\t\t\t\t\t\t\t\t\t\t\t\t\t\t\t\t\t<\/div><!--\/vert-center-->\n\n\t\t\t\t\t\t\t\t\t\t<\/div>\n\t\t\t\t\t\t\t\t\t<\/div><!--work-item-->\n\n\t\t\t\t\t\t\t\t\n\n\t\t\t\t\t\t\t<\/div><!--\/inner-wrap-->\n\t\t\t\t\t\t<\/div><!--\/col-->\n\n\t\t\t\t\t\n\t\t\t\t\t\t\n\t\t\t\t\t\t<div class=\"col span_4  element 2023-sv \"  data-project-cat=\"2023-sv \" data-project-color=\"#6d355e\" data-title-color=\"\" data-subtitle-color=\"\">\n\n\t\t\t\t\t\t\t<div class=\"inner-wrap animated\" data-animation=\"none\">\n\n\t\t\t\t\t\t\t\t\n\t\t\t\t\t\t\t\t\t<div class=\"work-item style-2\" data-custom-content=\"off\">\n\n\t\t\t\t\t\t\t\t\t\t<img decoding=\"async\" class=\"size- skip-lazy\" src=\"https:\/\/www.kuninkaantienmuusikot.fi\/uusi\/wp-content\/uploads\/2022\/02\/2304_Wassermusik_artikkeli.jpg\" alt=\"\" height=\"\" width=\"\" srcset=\"https:\/\/www.kuninkaantienmuusikot.fi\/uusi\/wp-content\/uploads\/2022\/02\/2304_Wassermusik_artikkeli.jpg 600w, https:\/\/www.kuninkaantienmuusikot.fi\/uusi\/wp-content\/uploads\/2022\/02\/2304_Wassermusik_artikkeli-400x269.jpg 400w\" sizes=\"(min-width: 1000px) 33.3vw, (min-width: 690px) 50vw, 100vw\" \/>\n\t\t\t\t\t\t\t\t\t\t<div class=\"work-info-bg\"><\/div>\n\t\t\t\t\t\t\t\t\t\t<div class=\"work-info\">\n\n\t\t\t\t\t\t\t\t\t\t\t\n\n\t\t\t\t\t\t\t\t\t\t\t\t\n\t\t\t\t\t\t\t\t\t\t\t\t\t<a href=\"https:\/\/www.kuninkaantienmuusikot.fi\/sv\/konsertit\/wassermusik\"><span class=\"screen-reader-text\">Georg Philipp Telemann: Vattenmusik \u2013 Wassermusik 300 \u00e5r<\/span><\/a>\n\n\t\t\t\t\t\t\t\t\t\t\t\t\n\n\t\t\t\t\t\t\t\t\t\t\t<div class=\"vert-center\">\n\t\t\t\t\t\t\t\t\t\t\t\t\t\t\t\t\t\t\t\t\t\t\t\t\t<p><span>13.4.2023 klo 19 | \u00c5bo domkyrka<\/span><\/p>\t\t\t\t\t\t\t\t\t\t\t\t\t<h3>Georg Philipp Telemann: Vattenmusik \u2013 Wassermusik 300 \u00e5r<\/h3>\n\n\t\t\t\t\t\t\t\t\t\t\t\t\t<svg class=\"next-arrow\" xmlns=\"http:\/\/www.w3.org\/2000\/svg\" xmlns:xlink=\"http:\/\/www.w3.org\/1999\/xlink\" viewBox=\"0 0 39 12\"><line class=\"top\" x1=\"23\" y1=\"-0.5\" x2=\"29.5\" y2=\"6.5\" stroke=\"#ffffff;\"\/><line class=\"bottom\" x1=\"23\" y1=\"12.5\" x2=\"29.5\" y2=\"5.5\" stroke=\"#ffffff;\"\/><\/svg><span class=\"line\"><\/span><\/span>\n\n\t\t\t\t\t\t\t\t\t\t\t\t\t\t\t\t\t\t\t\t\t\t\t<\/div><!--\/vert-center-->\n\n\t\t\t\t\t\t\t\t\t\t<\/div>\n\t\t\t\t\t\t\t\t\t<\/div><!--work-item-->\n\n\t\t\t\t\t\t\t\t\n\n\t\t\t\t\t\t\t<\/div><!--\/inner-wrap-->\n\t\t\t\t\t\t<\/div><!--\/col-->\n\n\t\t\t\t\t\n\t\t\t\t\t\t\n\t\t\t\t\t\t<div class=\"col span_4  element 2022-sv \"  data-project-cat=\"2022-sv \" data-project-color=\"#6d355e\" data-title-color=\"\" data-subtitle-color=\"\">\n\n\t\t\t\t\t\t\t<div class=\"inner-wrap animated\" data-animation=\"none\">\n\n\t\t\t\t\t\t\t\t\n\t\t\t\t\t\t\t\t\t<div class=\"work-item style-2\" data-custom-content=\"off\">\n\n\t\t\t\t\t\t\t\t\t\t<img decoding=\"async\" class=\"size- skip-lazy\" src=\"https:\/\/www.kuninkaantienmuusikot.fi\/uusi\/wp-content\/uploads\/2022\/03\/2205_Vallaton_artikkeli2.jpg\" alt=\"\" height=\"\" width=\"\" srcset=\"https:\/\/www.kuninkaantienmuusikot.fi\/uusi\/wp-content\/uploads\/2022\/03\/2205_Vallaton_artikkeli2.jpg 600w, https:\/\/www.kuninkaantienmuusikot.fi\/uusi\/wp-content\/uploads\/2022\/03\/2205_Vallaton_artikkeli2-400x269.jpg 400w\" sizes=\"(min-width: 1000px) 33.3vw, (min-width: 690px) 50vw, 100vw\" \/>\n\t\t\t\t\t\t\t\t\t\t<div class=\"work-info-bg\"><\/div>\n\t\t\t\t\t\t\t\t\t\t<div class=\"work-info\">\n\n\t\t\t\t\t\t\t\t\t\t\t\n\n\t\t\t\t\t\t\t\t\t\t\t\t\n\t\t\t\t\t\t\t\t\t\t\t\t\t<a href=\"https:\/\/www.kuninkaantienmuusikot.fi\/sv\/konsertit\/vallaton-2022\"><span class=\"screen-reader-text\">Vallaton KUMOUS<\/span><\/a>\n\n\t\t\t\t\t\t\t\t\t\t\t\t\n\n\t\t\t\t\t\t\t\t\t\t\t<div class=\"vert-center\">\n\t\t\t\t\t\t\t\t\t\t\t\t\t\t\t\t\t\t\t\t\t\t\t\t\t<p><span>Inst\u00e4lld: 14.5.2022 | Konstens hus i \u00c5bo<\/span><\/p>\t\t\t\t\t\t\t\t\t\t\t\t\t<h3>Vallaton KUMOUS<\/h3>\n\n\t\t\t\t\t\t\t\t\t\t\t\t\t<svg class=\"next-arrow\" xmlns=\"http:\/\/www.w3.org\/2000\/svg\" xmlns:xlink=\"http:\/\/www.w3.org\/1999\/xlink\" viewBox=\"0 0 39 12\"><line class=\"top\" x1=\"23\" y1=\"-0.5\" x2=\"29.5\" y2=\"6.5\" stroke=\"#ffffff;\"\/><line class=\"bottom\" x1=\"23\" y1=\"12.5\" x2=\"29.5\" y2=\"5.5\" stroke=\"#ffffff;\"\/><\/svg><span class=\"line\"><\/span><\/span>\n\n\t\t\t\t\t\t\t\t\t\t\t\t\t\t\t\t\t\t\t\t\t\t\t<\/div><!--\/vert-center-->\n\n\t\t\t\t\t\t\t\t\t\t<\/div>\n\t\t\t\t\t\t\t\t\t<\/div><!--work-item-->\n\n\t\t\t\t\t\t\t\t\n\n\t\t\t\t\t\t\t<\/div><!--\/inner-wrap-->\n\t\t\t\t\t\t<\/div><!--\/col-->\n\n\t\t\t\t\t\n\t\t\t\t\t\t\n\t\t\t\t\t\t<div class=\"col span_4  element 2022 2022-sv \"  data-project-cat=\"2022 2022-sv \" data-project-color=\"#6d355e\" data-title-color=\"\" data-subtitle-color=\"\">\n\n\t\t\t\t\t\t\t<div class=\"inner-wrap animated\" data-animation=\"none\">\n\n\t\t\t\t\t\t\t\t\n\t\t\t\t\t\t\t\t\t<div class=\"work-item style-2\" data-custom-content=\"off\">\n\n\t\t\t\t\t\t\t\t\t\t<img decoding=\"async\" class=\"size- skip-lazy\" src=\"https:\/\/www.kuninkaantienmuusikot.fi\/uusi\/wp-content\/uploads\/2022\/06\/2208_Katariina_artikkeli.jpg\" alt=\"\" height=\"\" width=\"\" srcset=\"https:\/\/www.kuninkaantienmuusikot.fi\/uusi\/wp-content\/uploads\/2022\/06\/2208_Katariina_artikkeli.jpg 600w, https:\/\/www.kuninkaantienmuusikot.fi\/uusi\/wp-content\/uploads\/2022\/06\/2208_Katariina_artikkeli-400x269.jpg 400w\" sizes=\"(min-width: 1000px) 33.3vw, (min-width: 690px) 50vw, 100vw\" \/>\n\t\t\t\t\t\t\t\t\t\t<div class=\"work-info-bg\"><\/div>\n\t\t\t\t\t\t\t\t\t\t<div class=\"work-info\">\n\n\t\t\t\t\t\t\t\t\t\t\t\n\n\t\t\t\t\t\t\t\t\t\t\t\t\n\t\t\t\t\t\t\t\t\t\t\t\t\t<a href=\"https:\/\/www.kuninkaantienmuusikot.fi\/sv\/konsertit\/piispanpaivat\"><span class=\"screen-reader-text\">Katarina av Alexandria<\/span><\/a>\n\n\t\t\t\t\t\t\t\t\t\t\t\t\n\n\t\t\t\t\t\t\t\t\t\t\t<div class=\"vert-center\">\n\t\t\t\t\t\t\t\t\t\t\t\t\t\t\t\t\t\t\t\t\t\t\t\t\t<p><span>6.8.2022 kl. 18 | Kust\u00f6 kyrka<\/span><\/p>\t\t\t\t\t\t\t\t\t\t\t\t\t<h3>Katarina av Alexandria<\/h3>\n\n\t\t\t\t\t\t\t\t\t\t\t\t\t<svg class=\"next-arrow\" xmlns=\"http:\/\/www.w3.org\/2000\/svg\" xmlns:xlink=\"http:\/\/www.w3.org\/1999\/xlink\" viewBox=\"0 0 39 12\"><line class=\"top\" x1=\"23\" y1=\"-0.5\" x2=\"29.5\" y2=\"6.5\" stroke=\"#ffffff;\"\/><line class=\"bottom\" x1=\"23\" y1=\"12.5\" x2=\"29.5\" y2=\"5.5\" stroke=\"#ffffff;\"\/><\/svg><span class=\"line\"><\/span><\/span>\n\n\t\t\t\t\t\t\t\t\t\t\t\t\t\t\t\t\t\t\t\t\t\t\t<\/div><!--\/vert-center-->\n\n\t\t\t\t\t\t\t\t\t\t<\/div>\n\t\t\t\t\t\t\t\t\t<\/div><!--work-item-->\n\n\t\t\t\t\t\t\t\t\n\n\t\t\t\t\t\t\t<\/div><!--\/inner-wrap-->\n\t\t\t\t\t\t<\/div><!--\/col-->\n\n\t\t\t\t\t\n\t\t\t\t\t\t\n\t\t\t\t\t\t<div class=\"col span_4  element 2023-sv \"  data-project-cat=\"2023-sv \" data-project-color=\"#6d355e\" data-title-color=\"\" data-subtitle-color=\"\">\n\n\t\t\t\t\t\t\t<div class=\"inner-wrap animated\" data-animation=\"none\">\n\n\t\t\t\t\t\t\t\t\n\t\t\t\t\t\t\t\t\t<div class=\"work-item style-2\" data-custom-content=\"off\">\n\n\t\t\t\t\t\t\t\t\t\t<img decoding=\"async\" class=\"size- skip-lazy\" src=\"https:\/\/www.kuninkaantienmuusikot.fi\/uusi\/wp-content\/uploads\/2022\/09\/2301_Ruttomotetit_artikkeli2.jpg\" alt=\"\" height=\"\" width=\"\" srcset=\"https:\/\/www.kuninkaantienmuusikot.fi\/uusi\/wp-content\/uploads\/2022\/09\/2301_Ruttomotetit_artikkeli2.jpg 600w, https:\/\/www.kuninkaantienmuusikot.fi\/uusi\/wp-content\/uploads\/2022\/09\/2301_Ruttomotetit_artikkeli2-400x269.jpg 400w\" sizes=\"(min-width: 1000px) 33.3vw, (min-width: 690px) 50vw, 100vw\" \/>\n\t\t\t\t\t\t\t\t\t\t<div class=\"work-info-bg\"><\/div>\n\t\t\t\t\t\t\t\t\t\t<div class=\"work-info\">\n\n\t\t\t\t\t\t\t\t\t\t\t\n\n\t\t\t\t\t\t\t\t\t\t\t\t\n\t\t\t\t\t\t\t\t\t\t\t\t\t<a href=\"https:\/\/www.kuninkaantienmuusikot.fi\/sv\/konsertit\/ruttomotetit\"><span class=\"screen-reader-text\">Pestmotetterna<\/span><\/a>\n\n\t\t\t\t\t\t\t\t\t\t\t\t\n\n\t\t\t\t\t\t\t\t\t\t\t<div class=\"vert-center\">\n\t\t\t\t\t\t\t\t\t\t\t\t\t\t\t\t\t\t\t\t\t\t\t\t\t<p><span>6.1.2023 kl. 19 | \u00c5bo domkyrka<\/span><\/p>\t\t\t\t\t\t\t\t\t\t\t\t\t<h3>Pestmotetterna<\/h3>\n\n\t\t\t\t\t\t\t\t\t\t\t\t\t<svg class=\"next-arrow\" xmlns=\"http:\/\/www.w3.org\/2000\/svg\" xmlns:xlink=\"http:\/\/www.w3.org\/1999\/xlink\" viewBox=\"0 0 39 12\"><line class=\"top\" x1=\"23\" y1=\"-0.5\" x2=\"29.5\" y2=\"6.5\" stroke=\"#ffffff;\"\/><line class=\"bottom\" x1=\"23\" y1=\"12.5\" x2=\"29.5\" y2=\"5.5\" stroke=\"#ffffff;\"\/><\/svg><span class=\"line\"><\/span><\/span>\n\n\t\t\t\t\t\t\t\t\t\t\t\t\t\t\t\t\t\t\t\t\t\t\t<\/div><!--\/vert-center-->\n\n\t\t\t\t\t\t\t\t\t\t<\/div>\n\t\t\t\t\t\t\t\t\t<\/div><!--work-item-->\n\n\t\t\t\t\t\t\t\t\n\n\t\t\t\t\t\t\t<\/div><!--\/inner-wrap-->\n\t\t\t\t\t\t<\/div><!--\/col-->\n\n\t\t\t\t\t\n\t\t\t\t\t\t\n\t\t\t\t\t\t<div class=\"col span_4  element 2023-sv \"  data-project-cat=\"2023-sv \" data-project-color=\"#6d355e\" data-title-color=\"\" data-subtitle-color=\"\">\n\n\t\t\t\t\t\t\t<div class=\"inner-wrap animated\" data-animation=\"none\">\n\n\t\t\t\t\t\t\t\t\n\t\t\t\t\t\t\t\t\t<div class=\"work-item style-2\" data-custom-content=\"off\">\n\n\t\t\t\t\t\t\t\t\t\t<img loading=\"lazy\" decoding=\"async\" class=\"size- skip-lazy\" src=\"https:\/\/www.kuninkaantienmuusikot.fi\/uusi\/wp-content\/uploads\/2018\/04\/Pyh\u00e4inp\u00e4iv\u00e4_Bach_0910_artikkeli-500x403.jpg\" alt=\"\" height=\"403\" width=\"500\" srcset=\"https:\/\/www.kuninkaantienmuusikot.fi\/uusi\/wp-content\/uploads\/2018\/04\/Pyh\u00e4inp\u00e4iv\u00e4_Bach_0910_artikkeli-500x403.jpg 600w, https:\/\/www.kuninkaantienmuusikot.fi\/uusi\/wp-content\/uploads\/2018\/04\/Pyh\u00e4inp\u00e4iv\u00e4_Bach_0910_artikkeli-400x269.jpg 400w\" sizes=\"auto, (min-width: 1000px) 33.3vw, (min-width: 690px) 50vw, 100vw\" \/>\n\t\t\t\t\t\t\t\t\t\t<div class=\"work-info-bg\"><\/div>\n\t\t\t\t\t\t\t\t\t\t<div class=\"work-info\">\n\n\t\t\t\t\t\t\t\t\t\t\t\n\n\t\t\t\t\t\t\t\t\t\t\t\t\n\t\t\t\t\t\t\t\t\t\t\t\t\t<a href=\"https:\/\/www.kuninkaantienmuusikot.fi\/sv\/konsertit\/musikalische-opfer\"><span class=\"screen-reader-text\">Das Musikalische Opfer<\/span><\/a>\n\n\t\t\t\t\t\t\t\t\t\t\t\t\n\n\t\t\t\t\t\t\t\t\t\t\t<div class=\"vert-center\">\n\t\t\t\t\t\t\t\t\t\t\t\t\t\t\t\t\t\t\t\t\t\t\t\t\t<p><span>21.3.2023 kl. 19 | \u00c5bo domkyrka<\/span><\/p>\t\t\t\t\t\t\t\t\t\t\t\t\t<h3>Das Musikalische Opfer<\/h3>\n\n\t\t\t\t\t\t\t\t\t\t\t\t\t<svg class=\"next-arrow\" xmlns=\"http:\/\/www.w3.org\/2000\/svg\" xmlns:xlink=\"http:\/\/www.w3.org\/1999\/xlink\" viewBox=\"0 0 39 12\"><line class=\"top\" x1=\"23\" y1=\"-0.5\" x2=\"29.5\" y2=\"6.5\" stroke=\"#ffffff;\"\/><line class=\"bottom\" x1=\"23\" y1=\"12.5\" x2=\"29.5\" y2=\"5.5\" stroke=\"#ffffff;\"\/><\/svg><span class=\"line\"><\/span><\/span>\n\n\t\t\t\t\t\t\t\t\t\t\t\t\t\t\t\t\t\t\t\t\t\t\t<\/div><!--\/vert-center-->\n\n\t\t\t\t\t\t\t\t\t\t<\/div>\n\t\t\t\t\t\t\t\t\t<\/div><!--work-item-->\n\n\t\t\t\t\t\t\t\t\n\n\t\t\t\t\t\t\t<\/div><!--\/inner-wrap-->\n\t\t\t\t\t\t<\/div><!--\/col-->\n\n\t\t\t\t\t\n\t\t\t\t\t\t\n\t\t\t\t\t\t<div class=\"col span_4  element 2022 2023 2023-sv tulevat-uusi \"  data-project-cat=\"2022 2023 2023-sv tulevat-uusi \" data-project-color=\"#6d355e\" data-title-color=\"\" data-subtitle-color=\"\">\n\n\t\t\t\t\t\t\t<div class=\"inner-wrap animated\" data-animation=\"none\">\n\n\t\t\t\t\t\t\t\t\n\t\t\t\t\t\t\t\t\t<div class=\"work-item style-2\" data-custom-content=\"off\">\n\n\t\t\t\t\t\t\t\t\t\t<img decoding=\"async\" class=\"size- skip-lazy\" src=\"https:\/\/www.kuninkaantienmuusikot.fi\/uusi\/wp-content\/uploads\/2022\/09\/2308_Tyo_vihrea_artikkeli.png\" alt=\"\" height=\"\" width=\"\" srcset=\"https:\/\/www.kuninkaantienmuusikot.fi\/uusi\/wp-content\/uploads\/2022\/09\/2308_Tyo_vihrea_artikkeli.png 600w, https:\/\/www.kuninkaantienmuusikot.fi\/uusi\/wp-content\/uploads\/2022\/09\/2308_Tyo_vihrea_artikkeli-400x269.png 400w\" sizes=\"(min-width: 1000px) 33.3vw, (min-width: 690px) 50vw, 100vw\" \/>\n\t\t\t\t\t\t\t\t\t\t<div class=\"work-info-bg\"><\/div>\n\t\t\t\t\t\t\t\t\t\t<div class=\"work-info\">\n\n\t\t\t\t\t\t\t\t\t\t\t\n\n\t\t\t\t\t\t\t\t\t\t\t\t\n\t\t\t\t\t\t\t\t\t\t\t\t\t<a href=\"https:\/\/www.kuninkaantienmuusikot.fi\/sv\/konsertit\/turun-taiteiden-yo-2023\"><span class=\"screen-reader-text\">Konstens natt i \u00c5bo 2023<\/span><\/a>\n\n\t\t\t\t\t\t\t\t\t\t\t\t\n\n\t\t\t\t\t\t\t\t\t\t\t<div class=\"vert-center\">\n\t\t\t\t\t\t\t\t\t\t\t\t\t\t\t\t\t\t\t\t\t\t\t\t\t<p><span>17.8.2023 | \u00c5bo<\/span><\/p>\t\t\t\t\t\t\t\t\t\t\t\t\t<h3>Konstens natt i \u00c5bo 2023<\/h3>\n\n\t\t\t\t\t\t\t\t\t\t\t\t\t<svg class=\"next-arrow\" xmlns=\"http:\/\/www.w3.org\/2000\/svg\" xmlns:xlink=\"http:\/\/www.w3.org\/1999\/xlink\" viewBox=\"0 0 39 12\"><line class=\"top\" x1=\"23\" y1=\"-0.5\" x2=\"29.5\" y2=\"6.5\" stroke=\"#ffffff;\"\/><line class=\"bottom\" x1=\"23\" y1=\"12.5\" x2=\"29.5\" y2=\"5.5\" stroke=\"#ffffff;\"\/><\/svg><span class=\"line\"><\/span><\/span>\n\n\t\t\t\t\t\t\t\t\t\t\t\t\t\t\t\t\t\t\t\t\t\t\t<\/div><!--\/vert-center-->\n\n\t\t\t\t\t\t\t\t\t\t<\/div>\n\t\t\t\t\t\t\t\t\t<\/div><!--work-item-->\n\n\t\t\t\t\t\t\t\t\n\n\t\t\t\t\t\t\t<\/div><!--\/inner-wrap-->\n\t\t\t\t\t\t<\/div><!--\/col-->\n\n\t\t\t\t\t\n\t\t\t\t\t\t\n\t\t\t\t\t\t<div class=\"col span_4  element 2023 2023-sv etusivu-uusi tulevat-uusi \"  data-project-cat=\"2023 2023-sv etusivu-uusi tulevat-uusi \" data-project-color=\"#6d355e\" data-title-color=\"\" data-subtitle-color=\"\">\n\n\t\t\t\t\t\t\t<div class=\"inner-wrap animated\" data-animation=\"none\">\n\n\t\t\t\t\t\t\t\t\n\t\t\t\t\t\t\t\t\t<div class=\"work-item style-2\" data-custom-content=\"off\">\n\n\t\t\t\t\t\t\t\t\t\t<img decoding=\"async\" class=\"size- skip-lazy\" src=\"https:\/\/www.kuninkaantienmuusikot.fi\/uusi\/wp-content\/uploads\/2023\/05\/2310_Virsikirja_artikkeli.jpg\" alt=\"\" height=\"\" width=\"\" srcset=\"https:\/\/www.kuninkaantienmuusikot.fi\/uusi\/wp-content\/uploads\/2023\/05\/2310_Virsikirja_artikkeli.jpg 600w, https:\/\/www.kuninkaantienmuusikot.fi\/uusi\/wp-content\/uploads\/2023\/05\/2310_Virsikirja_artikkeli-400x269.jpg 400w\" sizes=\"(min-width: 1000px) 33.3vw, (min-width: 690px) 50vw, 100vw\" \/>\n\t\t\t\t\t\t\t\t\t\t<div class=\"work-info-bg\"><\/div>\n\t\t\t\t\t\t\t\t\t\t<div class=\"work-info\">\n\n\t\t\t\t\t\t\t\t\t\t\t\n\n\t\t\t\t\t\t\t\t\t\t\t\t\n\t\t\t\t\t\t\t\t\t\t\t\t\t<a href=\"https:\/\/www.kuninkaantienmuusikot.fi\/sv\/konsertit\/virsikirja-500\"><span class=\"screen-reader-text\">F\u00f6rsta psalmboken 500 \u00e5r<\/span><\/a>\n\n\t\t\t\t\t\t\t\t\t\t\t\t\n\n\t\t\t\t\t\t\t\t\t\t\t<div class=\"vert-center\">\n\t\t\t\t\t\t\t\t\t\t\t\t\t\t\t\t\t\t\t\t\t\t\t\t\t<p><span>14.10.2023 kl. 18 | \u00c5bo domkyrka<\/span><\/p>\t\t\t\t\t\t\t\t\t\t\t\t\t<h3>F\u00f6rsta psalmboken 500 \u00e5r<\/h3>\n\n\t\t\t\t\t\t\t\t\t\t\t\t\t<svg class=\"next-arrow\" xmlns=\"http:\/\/www.w3.org\/2000\/svg\" xmlns:xlink=\"http:\/\/www.w3.org\/1999\/xlink\" viewBox=\"0 0 39 12\"><line class=\"top\" x1=\"23\" y1=\"-0.5\" x2=\"29.5\" y2=\"6.5\" stroke=\"#ffffff;\"\/><line class=\"bottom\" x1=\"23\" y1=\"12.5\" x2=\"29.5\" y2=\"5.5\" stroke=\"#ffffff;\"\/><\/svg><span class=\"line\"><\/span><\/span>\n\n\t\t\t\t\t\t\t\t\t\t\t\t\t\t\t\t\t\t\t\t\t\t\t<\/div><!--\/vert-center-->\n\n\t\t\t\t\t\t\t\t\t\t<\/div>\n\t\t\t\t\t\t\t\t\t<\/div><!--work-item-->\n\n\t\t\t\t\t\t\t\t\n\n\t\t\t\t\t\t\t<\/div><!--\/inner-wrap-->\n\t\t\t\t\t\t<\/div><!--\/col-->\n\n\t\t\t\t\t\n\t\t\t\t\t\t\n\t\t\t\t\t\t<div class=\"col span_4  element 2024-sv \"  data-project-cat=\"2024-sv \" data-project-color=\"#6d355e\" data-title-color=\"\" data-subtitle-color=\"\">\n\n\t\t\t\t\t\t\t<div class=\"inner-wrap animated\" data-animation=\"none\">\n\n\t\t\t\t\t\t\t\t\n\t\t\t\t\t\t\t\t\t<div class=\"work-item style-2\" data-custom-content=\"off\">\n\n\t\t\t\t\t\t\t\t\t\t<img decoding=\"async\" class=\"size- skip-lazy\" src=\"https:\/\/www.kuninkaantienmuusikot.fi\/uusi\/wp-content\/uploads\/2023\/09\/2401_Striggio_artikkeli.jpg\" alt=\"\" height=\"\" width=\"\" srcset=\"https:\/\/www.kuninkaantienmuusikot.fi\/uusi\/wp-content\/uploads\/2023\/09\/2401_Striggio_artikkeli.jpg 600w, https:\/\/www.kuninkaantienmuusikot.fi\/uusi\/wp-content\/uploads\/2023\/09\/2401_Striggio_artikkeli-400x269.jpg 400w\" sizes=\"(min-width: 1000px) 33.3vw, (min-width: 690px) 50vw, 100vw\" \/>\n\t\t\t\t\t\t\t\t\t\t<div class=\"work-info-bg\"><\/div>\n\t\t\t\t\t\t\t\t\t\t<div class=\"work-info\">\n\n\t\t\t\t\t\t\t\t\t\t\t\n\n\t\t\t\t\t\t\t\t\t\t\t\t\n\t\t\t\t\t\t\t\t\t\t\t\t\t<a href=\"https:\/\/www.kuninkaantienmuusikot.fi\/sv\/konsertit\/striggio\"><span class=\"screen-reader-text\">Alessandro Striggio: Stora m\u00e4ssan<\/span><\/a>\n\n\t\t\t\t\t\t\t\t\t\t\t\t\n\n\t\t\t\t\t\t\t\t\t\t\t<div class=\"vert-center\">\n\t\t\t\t\t\t\t\t\t\t\t\t\t\t\t\t\t\t\t\t\t\t\t\t\t<p><span>6.1.2024 kl. 19 | \u00c5bo domkyrka<\/span><\/p>\t\t\t\t\t\t\t\t\t\t\t\t\t<h3>Alessandro Striggio: Stora m\u00e4ssan<\/h3>\n\n\t\t\t\t\t\t\t\t\t\t\t\t\t<svg class=\"next-arrow\" xmlns=\"http:\/\/www.w3.org\/2000\/svg\" xmlns:xlink=\"http:\/\/www.w3.org\/1999\/xlink\" viewBox=\"0 0 39 12\"><line class=\"top\" x1=\"23\" y1=\"-0.5\" x2=\"29.5\" y2=\"6.5\" stroke=\"#ffffff;\"\/><line class=\"bottom\" x1=\"23\" y1=\"12.5\" x2=\"29.5\" y2=\"5.5\" stroke=\"#ffffff;\"\/><\/svg><span class=\"line\"><\/span><\/span>\n\n\t\t\t\t\t\t\t\t\t\t\t\t\t\t\t\t\t\t\t\t\t\t\t<\/div><!--\/vert-center-->\n\n\t\t\t\t\t\t\t\t\t\t<\/div>\n\t\t\t\t\t\t\t\t\t<\/div><!--work-item-->\n\n\t\t\t\t\t\t\t\t\n\n\t\t\t\t\t\t\t<\/div><!--\/inner-wrap-->\n\t\t\t\t\t\t<\/div><!--\/col-->\n\n\t\t\t\t\t\n\t\t\t\t\t\t\n\t\t\t\t\t\t<div class=\"col span_4  element 2024-sv \"  data-project-cat=\"2024-sv \" data-project-color=\"#6d355e\" data-title-color=\"\" data-subtitle-color=\"\">\n\n\t\t\t\t\t\t\t<div class=\"inner-wrap animated\" data-animation=\"none\">\n\n\t\t\t\t\t\t\t\t\n\t\t\t\t\t\t\t\t\t<div class=\"work-item style-2\" data-custom-content=\"off\">\n\n\t\t\t\t\t\t\t\t\t\t<img decoding=\"async\" class=\"size- skip-lazy\" src=\"https:\/\/www.kuninkaantienmuusikot.fi\/uusi\/wp-content\/uploads\/2024\/01\/2403_Falconieri_artikkeli.jpg\" alt=\"\" height=\"\" width=\"\" srcset=\"https:\/\/www.kuninkaantienmuusikot.fi\/uusi\/wp-content\/uploads\/2024\/01\/2403_Falconieri_artikkeli.jpg 600w, https:\/\/www.kuninkaantienmuusikot.fi\/uusi\/wp-content\/uploads\/2024\/01\/2403_Falconieri_artikkeli-400x269.jpg 400w\" sizes=\"(min-width: 1000px) 33.3vw, (min-width: 690px) 50vw, 100vw\" \/>\n\t\t\t\t\t\t\t\t\t\t<div class=\"work-info-bg\"><\/div>\n\t\t\t\t\t\t\t\t\t\t<div class=\"work-info\">\n\n\t\t\t\t\t\t\t\t\t\t\t\n\n\t\t\t\t\t\t\t\t\t\t\t\t\n\t\t\t\t\t\t\t\t\t\t\t\t\t<a href=\"https:\/\/www.kuninkaantienmuusikot.fi\/sv\/konsertit\/falconieri\"><span class=\"screen-reader-text\">Andrea Falconieri &#8221;Il napoletano&#8221;<\/span><\/a>\n\n\t\t\t\t\t\t\t\t\t\t\t\t\n\n\t\t\t\t\t\t\t\t\t\t\t<div class=\"vert-center\">\n\t\t\t\t\t\t\t\t\t\t\t\t\t\t\t\t\t\t\t\t\t\t\t\t\t<p><span>21.3.2024 kl. 19 | \u00c5bo domkyrka<\/span><\/p>\t\t\t\t\t\t\t\t\t\t\t\t\t<h3>Andrea Falconieri &#8221;Il napoletano&#8221;<\/h3>\n\n\t\t\t\t\t\t\t\t\t\t\t\t\t<svg class=\"next-arrow\" xmlns=\"http:\/\/www.w3.org\/2000\/svg\" xmlns:xlink=\"http:\/\/www.w3.org\/1999\/xlink\" viewBox=\"0 0 39 12\"><line class=\"top\" x1=\"23\" y1=\"-0.5\" x2=\"29.5\" y2=\"6.5\" stroke=\"#ffffff;\"\/><line class=\"bottom\" x1=\"23\" y1=\"12.5\" x2=\"29.5\" y2=\"5.5\" stroke=\"#ffffff;\"\/><\/svg><span class=\"line\"><\/span><\/span>\n\n\t\t\t\t\t\t\t\t\t\t\t\t\t\t\t\t\t\t\t\t\t\t\t<\/div><!--\/vert-center-->\n\n\t\t\t\t\t\t\t\t\t\t<\/div>\n\t\t\t\t\t\t\t\t\t<\/div><!--work-item-->\n\n\t\t\t\t\t\t\t\t\n\n\t\t\t\t\t\t\t<\/div><!--\/inner-wrap-->\n\t\t\t\t\t\t<\/div><!--\/col-->\n\n\t\t\t\t\t\n\t\t\t\t\t\t\n\t\t\t\t\t\t<div class=\"col span_4  element 2024-sv \"  data-project-cat=\"2024-sv \" data-project-color=\"#6d355e\" data-title-color=\"\" data-subtitle-color=\"\">\n\n\t\t\t\t\t\t\t<div class=\"inner-wrap animated\" data-animation=\"none\">\n\n\t\t\t\t\t\t\t\t\n\t\t\t\t\t\t\t\t\t<div class=\"work-item style-2\" data-custom-content=\"off\">\n\n\t\t\t\t\t\t\t\t\t\t<img decoding=\"async\" class=\"size- skip-lazy\" src=\"https:\/\/www.kuninkaantienmuusikot.fi\/uusi\/wp-content\/uploads\/2024\/01\/2403_Steuerlein_artikkeli.jpg\" alt=\"\" height=\"\" width=\"\" srcset=\"https:\/\/www.kuninkaantienmuusikot.fi\/uusi\/wp-content\/uploads\/2024\/01\/2403_Steuerlein_artikkeli.jpg 600w, https:\/\/www.kuninkaantienmuusikot.fi\/uusi\/wp-content\/uploads\/2024\/01\/2403_Steuerlein_artikkeli-400x269.jpg 400w\" sizes=\"(min-width: 1000px) 33.3vw, (min-width: 690px) 50vw, 100vw\" \/>\n\t\t\t\t\t\t\t\t\t\t<div class=\"work-info-bg\"><\/div>\n\t\t\t\t\t\t\t\t\t\t<div class=\"work-info\">\n\n\t\t\t\t\t\t\t\t\t\t\t\n\n\t\t\t\t\t\t\t\t\t\t\t\t\n\t\t\t\t\t\t\t\t\t\t\t\t\t<a href=\"https:\/\/www.kuninkaantienmuusikot.fi\/sv\/konsertit\/steuerlein\"><span class=\"screen-reader-text\">Johann Steuerlein: Johannespassionen<\/span><\/a>\n\n\t\t\t\t\t\t\t\t\t\t\t\t\n\n\t\t\t\t\t\t\t\t\t\t\t<div class=\"vert-center\">\n\t\t\t\t\t\t\t\t\t\t\t\t\t\t\t\t\t\t\t\t\t\t\t\t\t<p><span>27.3.2024 kl. 19 | \u00c5bo domkyrka<\/span><\/p>\t\t\t\t\t\t\t\t\t\t\t\t\t<h3>Johann Steuerlein: Johannespassionen<\/h3>\n\n\t\t\t\t\t\t\t\t\t\t\t\t\t<svg class=\"next-arrow\" xmlns=\"http:\/\/www.w3.org\/2000\/svg\" xmlns:xlink=\"http:\/\/www.w3.org\/1999\/xlink\" viewBox=\"0 0 39 12\"><line class=\"top\" x1=\"23\" y1=\"-0.5\" x2=\"29.5\" y2=\"6.5\" stroke=\"#ffffff;\"\/><line class=\"bottom\" x1=\"23\" y1=\"12.5\" x2=\"29.5\" y2=\"5.5\" stroke=\"#ffffff;\"\/><\/svg><span class=\"line\"><\/span><\/span>\n\n\t\t\t\t\t\t\t\t\t\t\t\t\t\t\t\t\t\t\t\t\t\t\t<\/div><!--\/vert-center-->\n\n\t\t\t\t\t\t\t\t\t\t<\/div>\n\t\t\t\t\t\t\t\t\t<\/div><!--work-item-->\n\n\t\t\t\t\t\t\t\t\n\n\t\t\t\t\t\t\t<\/div><!--\/inner-wrap-->\n\t\t\t\t\t\t<\/div><!--\/col-->\n\n\t\t\t\t\t\n\t\t\t\t\t\t\n\t\t\t\t\t\t<div class=\"col span_4  element 2024-sv \"  data-project-cat=\"2024-sv \" data-project-color=\"#6d355e\" data-title-color=\"\" data-subtitle-color=\"\">\n\n\t\t\t\t\t\t\t<div class=\"inner-wrap animated\" data-animation=\"none\">\n\n\t\t\t\t\t\t\t\t\n\t\t\t\t\t\t\t\t\t<div class=\"work-item style-2\" data-custom-content=\"off\">\n\n\t\t\t\t\t\t\t\t\t\t<img decoding=\"async\" class=\"size- skip-lazy\" src=\"https:\/\/www.kuninkaantienmuusikot.fi\/uusi\/wp-content\/uploads\/2024\/01\/2403_Steuerlein_artikkeli.jpg\" alt=\"\" height=\"\" width=\"\" srcset=\"https:\/\/www.kuninkaantienmuusikot.fi\/uusi\/wp-content\/uploads\/2024\/01\/2403_Steuerlein_artikkeli.jpg 600w, https:\/\/www.kuninkaantienmuusikot.fi\/uusi\/wp-content\/uploads\/2024\/01\/2403_Steuerlein_artikkeli-400x269.jpg 400w\" sizes=\"(min-width: 1000px) 33.3vw, (min-width: 690px) 50vw, 100vw\" \/>\n\t\t\t\t\t\t\t\t\t\t<div class=\"work-info-bg\"><\/div>\n\t\t\t\t\t\t\t\t\t\t<div class=\"work-info\">\n\n\t\t\t\t\t\t\t\t\t\t\t\n\n\t\t\t\t\t\t\t\t\t\t\t\t\n\t\t\t\t\t\t\t\t\t\t\t\t\t<a href=\"https:\/\/www.kuninkaantienmuusikot.fi\/sv\/konsertit\/steuerlein-mynamaki\"><span class=\"screen-reader-text\">Johann Steuerlein: Johannespassionen<\/span><\/a>\n\n\t\t\t\t\t\t\t\t\t\t\t\t\n\n\t\t\t\t\t\t\t\t\t\t\t<div class=\"vert-center\">\n\t\t\t\t\t\t\t\t\t\t\t\t\t\t\t\t\t\t\t\t\t\t\t\t\t<p><span>29.3.2024 kl. 15 | Virmo S:t Lars kyrka<\/span><\/p>\t\t\t\t\t\t\t\t\t\t\t\t\t<h3>Johann Steuerlein: Johannespassionen<\/h3>\n\n\t\t\t\t\t\t\t\t\t\t\t\t\t<svg class=\"next-arrow\" xmlns=\"http:\/\/www.w3.org\/2000\/svg\" xmlns:xlink=\"http:\/\/www.w3.org\/1999\/xlink\" viewBox=\"0 0 39 12\"><line class=\"top\" x1=\"23\" y1=\"-0.5\" x2=\"29.5\" y2=\"6.5\" stroke=\"#ffffff;\"\/><line class=\"bottom\" x1=\"23\" y1=\"12.5\" x2=\"29.5\" y2=\"5.5\" stroke=\"#ffffff;\"\/><\/svg><span class=\"line\"><\/span><\/span>\n\n\t\t\t\t\t\t\t\t\t\t\t\t\t\t\t\t\t\t\t\t\t\t\t<\/div><!--\/vert-center-->\n\n\t\t\t\t\t\t\t\t\t\t<\/div>\n\t\t\t\t\t\t\t\t\t<\/div><!--work-item-->\n\n\t\t\t\t\t\t\t\t\n\n\t\t\t\t\t\t\t<\/div><!--\/inner-wrap-->\n\t\t\t\t\t\t<\/div><!--\/col-->\n\n\t\t\t\t\t\n\t\t\t\t\t\t\n\t\t\t\t\t\t<div class=\"col span_4  element 2024-sv \"  data-project-cat=\"2024-sv \" data-project-color=\"#6d355e\" data-title-color=\"\" data-subtitle-color=\"\">\n\n\t\t\t\t\t\t\t<div class=\"inner-wrap animated\" data-animation=\"none\">\n\n\t\t\t\t\t\t\t\t\n\t\t\t\t\t\t\t\t\t<div class=\"work-item style-2\" data-custom-content=\"off\">\n\n\t\t\t\t\t\t\t\t\t\t<img decoding=\"async\" class=\"size- skip-lazy\" src=\"https:\/\/www.kuninkaantienmuusikot.fi\/uusi\/wp-content\/uploads\/2024\/01\/2408_Tyo_musta_artikkeli.jpg\" alt=\"\" height=\"\" width=\"\" srcset=\"https:\/\/www.kuninkaantienmuusikot.fi\/uusi\/wp-content\/uploads\/2024\/01\/2408_Tyo_musta_artikkeli.jpg 600w, https:\/\/www.kuninkaantienmuusikot.fi\/uusi\/wp-content\/uploads\/2024\/01\/2408_Tyo_musta_artikkeli-400x269.jpg 400w\" sizes=\"(min-width: 1000px) 33.3vw, (min-width: 690px) 50vw, 100vw\" \/>\n\t\t\t\t\t\t\t\t\t\t<div class=\"work-info-bg\"><\/div>\n\t\t\t\t\t\t\t\t\t\t<div class=\"work-info\">\n\n\t\t\t\t\t\t\t\t\t\t\t\n\n\t\t\t\t\t\t\t\t\t\t\t\t\n\t\t\t\t\t\t\t\t\t\t\t\t\t<a href=\"https:\/\/www.kuninkaantienmuusikot.fi\/sv\/konsertit\/turun-taiteiden-yo-2024\"><span class=\"screen-reader-text\">Konstens natt i \u00c5bo 2024<\/span><\/a>\n\n\t\t\t\t\t\t\t\t\t\t\t\t\n\n\t\t\t\t\t\t\t\t\t\t\t<div class=\"vert-center\">\n\t\t\t\t\t\t\t\t\t\t\t\t\t\t\t\t\t\t\t\t\t\t\t\t\t<p><span>15.8.2024 | \u00c5bo<\/span><\/p>\t\t\t\t\t\t\t\t\t\t\t\t\t<h3>Konstens natt i \u00c5bo 2024<\/h3>\n\n\t\t\t\t\t\t\t\t\t\t\t\t\t<svg class=\"next-arrow\" xmlns=\"http:\/\/www.w3.org\/2000\/svg\" xmlns:xlink=\"http:\/\/www.w3.org\/1999\/xlink\" viewBox=\"0 0 39 12\"><line class=\"top\" x1=\"23\" y1=\"-0.5\" x2=\"29.5\" y2=\"6.5\" stroke=\"#ffffff;\"\/><line class=\"bottom\" x1=\"23\" y1=\"12.5\" x2=\"29.5\" y2=\"5.5\" stroke=\"#ffffff;\"\/><\/svg><span class=\"line\"><\/span><\/span>\n\n\t\t\t\t\t\t\t\t\t\t\t\t\t\t\t\t\t\t\t\t\t\t\t<\/div><!--\/vert-center-->\n\n\t\t\t\t\t\t\t\t\t\t<\/div>\n\t\t\t\t\t\t\t\t\t<\/div><!--work-item-->\n\n\t\t\t\t\t\t\t\t\n\n\t\t\t\t\t\t\t<\/div><!--\/inner-wrap-->\n\t\t\t\t\t\t<\/div><!--\/col-->\n\n\t\t\t\t\t\n\t\t\t\t\t\t\n\t\t\t\t\t\t<div class=\"col span_4  element 2024-sv \"  data-project-cat=\"2024-sv \" data-project-color=\"#6d355e\" data-title-color=\"\" data-subtitle-color=\"\">\n\n\t\t\t\t\t\t\t<div class=\"inner-wrap animated\" data-animation=\"none\">\n\n\t\t\t\t\t\t\t\t\n\t\t\t\t\t\t\t\t\t<div class=\"work-item style-2\" data-custom-content=\"off\">\n\n\t\t\t\t\t\t\t\t\t\t<img decoding=\"async\" class=\"size- skip-lazy\" src=\"https:\/\/www.kuninkaantienmuusikot.fi\/uusi\/wp-content\/uploads\/2024\/04\/2409_Bononcini_artikkeli.jpg\" alt=\"\" height=\"\" width=\"\" srcset=\"https:\/\/www.kuninkaantienmuusikot.fi\/uusi\/wp-content\/uploads\/2024\/04\/2409_Bononcini_artikkeli.jpg 600w, https:\/\/www.kuninkaantienmuusikot.fi\/uusi\/wp-content\/uploads\/2024\/04\/2409_Bononcini_artikkeli-400x269.jpg 400w\" sizes=\"(min-width: 1000px) 33.3vw, (min-width: 690px) 50vw, 100vw\" \/>\n\t\t\t\t\t\t\t\t\t\t<div class=\"work-info-bg\"><\/div>\n\t\t\t\t\t\t\t\t\t\t<div class=\"work-info\">\n\n\t\t\t\t\t\t\t\t\t\t\t\n\n\t\t\t\t\t\t\t\t\t\t\t\t\n\t\t\t\t\t\t\t\t\t\t\t\t\t<a href=\"https:\/\/www.kuninkaantienmuusikot.fi\/sv\/konsertit\/bononcini\"><span class=\"screen-reader-text\">Giovanni Bononcini \u2013 V\u00e4rldens vackraste aria<\/span><\/a>\n\n\t\t\t\t\t\t\t\t\t\t\t\t\n\n\t\t\t\t\t\t\t\t\t\t\t<div class=\"vert-center\">\n\t\t\t\t\t\t\t\t\t\t\t\t\t\t\t\t\t\t\t\t\t\t\t\t\t<p><span>14.9.2024 kl. 19.30 | \u00c5bo domkyrka<\/span><\/p>\t\t\t\t\t\t\t\t\t\t\t\t\t<h3>Giovanni Bononcini \u2013 V\u00e4rldens vackraste aria<\/h3>\n\n\t\t\t\t\t\t\t\t\t\t\t\t\t<svg class=\"next-arrow\" xmlns=\"http:\/\/www.w3.org\/2000\/svg\" xmlns:xlink=\"http:\/\/www.w3.org\/1999\/xlink\" viewBox=\"0 0 39 12\"><line class=\"top\" x1=\"23\" y1=\"-0.5\" x2=\"29.5\" y2=\"6.5\" stroke=\"#ffffff;\"\/><line class=\"bottom\" x1=\"23\" y1=\"12.5\" x2=\"29.5\" y2=\"5.5\" stroke=\"#ffffff;\"\/><\/svg><span class=\"line\"><\/span><\/span>\n\n\t\t\t\t\t\t\t\t\t\t\t\t\t\t\t\t\t\t\t\t\t\t\t<\/div><!--\/vert-center-->\n\n\t\t\t\t\t\t\t\t\t\t<\/div>\n\t\t\t\t\t\t\t\t\t<\/div><!--work-item-->\n\n\t\t\t\t\t\t\t\t\n\n\t\t\t\t\t\t\t<\/div><!--\/inner-wrap-->\n\t\t\t\t\t\t<\/div><!--\/col-->\n\n\t\t\t\t\t\n\t\t\t\t\t\t\n\t\t\t\t\t\t<div class=\"col span_4  element 2024-sv \"  data-project-cat=\"2024-sv \" data-project-color=\"#6d355e\" data-title-color=\"\" data-subtitle-color=\"\">\n\n\t\t\t\t\t\t\t<div class=\"inner-wrap animated\" data-animation=\"none\">\n\n\t\t\t\t\t\t\t\t\n\t\t\t\t\t\t\t\t\t<div class=\"work-item style-2\" data-custom-content=\"off\">\n\n\t\t\t\t\t\t\t\t\t\t<img decoding=\"async\" class=\"size- skip-lazy\" src=\"https:\/\/www.kuninkaantienmuusikot.fi\/uusi\/wp-content\/uploads\/2023\/05\/2310_Virsikirja_artikkeli.jpg\" alt=\"\" height=\"\" width=\"\" srcset=\"https:\/\/www.kuninkaantienmuusikot.fi\/uusi\/wp-content\/uploads\/2023\/05\/2310_Virsikirja_artikkeli.jpg 600w, https:\/\/www.kuninkaantienmuusikot.fi\/uusi\/wp-content\/uploads\/2023\/05\/2310_Virsikirja_artikkeli-400x269.jpg 400w\" sizes=\"(min-width: 1000px) 33.3vw, (min-width: 690px) 50vw, 100vw\" \/>\n\t\t\t\t\t\t\t\t\t\t<div class=\"work-info-bg\"><\/div>\n\t\t\t\t\t\t\t\t\t\t<div class=\"work-info\">\n\n\t\t\t\t\t\t\t\t\t\t\t\n\n\t\t\t\t\t\t\t\t\t\t\t\t\n\t\t\t\t\t\t\t\t\t\t\t\t\t<a href=\"https:\/\/www.kuninkaantienmuusikot.fi\/sv\/konsertit\/virsikirja-500-pori\"><span class=\"screen-reader-text\">F\u00f6rsta psalmboken 500 \u00e5r<\/span><\/a>\n\n\t\t\t\t\t\t\t\t\t\t\t\t\n\n\t\t\t\t\t\t\t\t\t\t\t<div class=\"vert-center\">\n\t\t\t\t\t\t\t\t\t\t\t\t\t\t\t\t\t\t\t\t\t\t\t\t\t<p><span>1.9.2024 kl. 18 | Telj\u00e4n kyrka, Bj\u00f6rneborg<\/span><\/p>\t\t\t\t\t\t\t\t\t\t\t\t\t<h3>F\u00f6rsta psalmboken 500 \u00e5r<\/h3>\n\n\t\t\t\t\t\t\t\t\t\t\t\t\t<svg class=\"next-arrow\" xmlns=\"http:\/\/www.w3.org\/2000\/svg\" xmlns:xlink=\"http:\/\/www.w3.org\/1999\/xlink\" viewBox=\"0 0 39 12\"><line class=\"top\" x1=\"23\" y1=\"-0.5\" x2=\"29.5\" y2=\"6.5\" stroke=\"#ffffff;\"\/><line class=\"bottom\" x1=\"23\" y1=\"12.5\" x2=\"29.5\" y2=\"5.5\" stroke=\"#ffffff;\"\/><\/svg><span class=\"line\"><\/span><\/span>\n\n\t\t\t\t\t\t\t\t\t\t\t\t\t\t\t\t\t\t\t\t\t\t\t<\/div><!--\/vert-center-->\n\n\t\t\t\t\t\t\t\t\t\t<\/div>\n\t\t\t\t\t\t\t\t\t<\/div><!--work-item-->\n\n\t\t\t\t\t\t\t\t\n\n\t\t\t\t\t\t\t<\/div><!--\/inner-wrap-->\n\t\t\t\t\t\t<\/div><!--\/col-->\n\n\t\t\t\t\t\n\t\t\t\t\t\t\n\t\t\t\t\t\t<div class=\"col span_4  element 2025-sv \"  data-project-cat=\"2025-sv \" data-project-color=\"#6d355e\" data-title-color=\"\" data-subtitle-color=\"\">\n\n\t\t\t\t\t\t\t<div class=\"inner-wrap animated\" data-animation=\"none\">\n\n\t\t\t\t\t\t\t\t\n\t\t\t\t\t\t\t\t\t<div class=\"work-item style-2\" data-custom-content=\"off\">\n\n\t\t\t\t\t\t\t\t\t\t<img decoding=\"async\" class=\"size- skip-lazy\" src=\"https:\/\/www.kuninkaantienmuusikot.fi\/uusi\/wp-content\/uploads\/2024\/07\/2501_Vivaldi_artikkeli.jpg\" alt=\"\" height=\"\" width=\"\" srcset=\"https:\/\/www.kuninkaantienmuusikot.fi\/uusi\/wp-content\/uploads\/2024\/07\/2501_Vivaldi_artikkeli.jpg 600w, https:\/\/www.kuninkaantienmuusikot.fi\/uusi\/wp-content\/uploads\/2024\/07\/2501_Vivaldi_artikkeli-400x269.jpg 400w\" sizes=\"(min-width: 1000px) 33.3vw, (min-width: 690px) 50vw, 100vw\" \/>\n\t\t\t\t\t\t\t\t\t\t<div class=\"work-info-bg\"><\/div>\n\t\t\t\t\t\t\t\t\t\t<div class=\"work-info\">\n\n\t\t\t\t\t\t\t\t\t\t\t\n\n\t\t\t\t\t\t\t\t\t\t\t\t\n\t\t\t\t\t\t\t\t\t\t\t\t\t<a href=\"https:\/\/www.kuninkaantienmuusikot.fi\/sv\/konsertit\/vivaldi\"><span class=\"screen-reader-text\">Antonio Vivaldi: Le Quattro Stagioni<\/span><\/a>\n\n\t\t\t\t\t\t\t\t\t\t\t\t\n\n\t\t\t\t\t\t\t\t\t\t\t<div class=\"vert-center\">\n\t\t\t\t\t\t\t\t\t\t\t\t\t\t\t\t\t\t\t\t\t\t\t\t\t<p><span>5.1.2025 klo 19.00 | Turun tuomiokirkko<\/span><\/p>\t\t\t\t\t\t\t\t\t\t\t\t\t<h3>Antonio Vivaldi: Le Quattro Stagioni<\/h3>\n\n\t\t\t\t\t\t\t\t\t\t\t\t\t<svg class=\"next-arrow\" xmlns=\"http:\/\/www.w3.org\/2000\/svg\" xmlns:xlink=\"http:\/\/www.w3.org\/1999\/xlink\" viewBox=\"0 0 39 12\"><line class=\"top\" x1=\"23\" y1=\"-0.5\" x2=\"29.5\" y2=\"6.5\" stroke=\"#ffffff;\"\/><line class=\"bottom\" x1=\"23\" y1=\"12.5\" x2=\"29.5\" y2=\"5.5\" stroke=\"#ffffff;\"\/><\/svg><span class=\"line\"><\/span><\/span>\n\n\t\t\t\t\t\t\t\t\t\t\t\t\t\t\t\t\t\t\t\t\t\t\t<\/div><!--\/vert-center-->\n\n\t\t\t\t\t\t\t\t\t\t<\/div>\n\t\t\t\t\t\t\t\t\t<\/div><!--work-item-->\n\n\t\t\t\t\t\t\t\t\n\n\t\t\t\t\t\t\t<\/div><!--\/inner-wrap-->\n\t\t\t\t\t\t<\/div><!--\/col-->\n\n\t\t\t\t\t\n\t\t\t\t\t\t\n\t\t\t\t\t\t<div class=\"col span_4  element 2024-sv \"  data-project-cat=\"2024-sv \" data-project-color=\"#6d355e\" data-title-color=\"\" data-subtitle-color=\"\">\n\n\t\t\t\t\t\t\t<div class=\"inner-wrap animated\" data-animation=\"none\">\n\n\t\t\t\t\t\t\t\t\n\t\t\t\t\t\t\t\t\t<div class=\"work-item style-2\" data-custom-content=\"off\">\n\n\t\t\t\t\t\t\t\t\t\t<img decoding=\"async\" class=\"size- skip-lazy\" src=\"https:\/\/www.kuninkaantienmuusikot.fi\/uusi\/wp-content\/uploads\/2024\/09\/2412_Hymnarium_artikkeli2.jpg\" alt=\"\" height=\"\" width=\"\" srcset=\"https:\/\/www.kuninkaantienmuusikot.fi\/uusi\/wp-content\/uploads\/2024\/09\/2412_Hymnarium_artikkeli2.jpg 600w, https:\/\/www.kuninkaantienmuusikot.fi\/uusi\/wp-content\/uploads\/2024\/09\/2412_Hymnarium_artikkeli2-400x269.jpg 400w\" sizes=\"(min-width: 1000px) 33.3vw, (min-width: 690px) 50vw, 100vw\" \/>\n\t\t\t\t\t\t\t\t\t\t<div class=\"work-info-bg\"><\/div>\n\t\t\t\t\t\t\t\t\t\t<div class=\"work-info\">\n\n\t\t\t\t\t\t\t\t\t\t\t\n\n\t\t\t\t\t\t\t\t\t\t\t\t\n\t\t\t\t\t\t\t\t\t\t\t\t\t<a href=\"https:\/\/www.kuninkaantienmuusikot.fi\/sv\/konsertit\/hymnarium\"><span class=\"screen-reader-text\">Hymnarium<\/span><\/a>\n\n\t\t\t\t\t\t\t\t\t\t\t\t\n\n\t\t\t\t\t\t\t\t\t\t\t<div class=\"vert-center\">\n\t\t\t\t\t\t\t\t\t\t\t\t\t\t\t\t\t\t\t\t\t\t\t\t\t<p><span>7.12.2024 kl. 17.00 | Helige andes kapell<\/span><\/p>\t\t\t\t\t\t\t\t\t\t\t\t\t<h3>Hymnarium<\/h3>\n\n\t\t\t\t\t\t\t\t\t\t\t\t\t<svg class=\"next-arrow\" xmlns=\"http:\/\/www.w3.org\/2000\/svg\" xmlns:xlink=\"http:\/\/www.w3.org\/1999\/xlink\" viewBox=\"0 0 39 12\"><line class=\"top\" x1=\"23\" y1=\"-0.5\" x2=\"29.5\" y2=\"6.5\" stroke=\"#ffffff;\"\/><line class=\"bottom\" x1=\"23\" y1=\"12.5\" x2=\"29.5\" y2=\"5.5\" stroke=\"#ffffff;\"\/><\/svg><span class=\"line\"><\/span><\/span>\n\n\t\t\t\t\t\t\t\t\t\t\t\t\t\t\t\t\t\t\t\t\t\t\t<\/div><!--\/vert-center-->\n\n\t\t\t\t\t\t\t\t\t\t<\/div>\n\t\t\t\t\t\t\t\t\t<\/div><!--work-item-->\n\n\t\t\t\t\t\t\t\t\n\n\t\t\t\t\t\t\t<\/div><!--\/inner-wrap-->\n\t\t\t\t\t\t<\/div><!--\/col-->\n\n\t\t\t\t\t\n\t\t\t\t\t\t\n\t\t\t\t\t\t<div class=\"col span_4  element 2025-sv \"  data-project-cat=\"2025-sv \" data-project-color=\"#6d355e\" data-title-color=\"\" data-subtitle-color=\"\">\n\n\t\t\t\t\t\t\t<div class=\"inner-wrap animated\" data-animation=\"none\">\n\n\t\t\t\t\t\t\t\t\n\t\t\t\t\t\t\t\t\t<div class=\"work-item style-2\" data-custom-content=\"off\">\n\n\t\t\t\t\t\t\t\t\t\t<img decoding=\"async\" class=\"size- skip-lazy\" src=\"https:\/\/www.kuninkaantienmuusikot.fi\/uusi\/wp-content\/uploads\/2024\/09\/2503_Schubert_artikkeli2.jpg\" alt=\"\" height=\"\" width=\"\" srcset=\"https:\/\/www.kuninkaantienmuusikot.fi\/uusi\/wp-content\/uploads\/2024\/09\/2503_Schubert_artikkeli2.jpg 600w, https:\/\/www.kuninkaantienmuusikot.fi\/uusi\/wp-content\/uploads\/2024\/09\/2503_Schubert_artikkeli2-400x269.jpg 400w\" sizes=\"(min-width: 1000px) 33.3vw, (min-width: 690px) 50vw, 100vw\" \/>\n\t\t\t\t\t\t\t\t\t\t<div class=\"work-info-bg\"><\/div>\n\t\t\t\t\t\t\t\t\t\t<div class=\"work-info\">\n\n\t\t\t\t\t\t\t\t\t\t\t\n\n\t\t\t\t\t\t\t\t\t\t\t\t\n\t\t\t\t\t\t\t\t\t\t\t\t\t<a href=\"https:\/\/www.kuninkaantienmuusikot.fi\/sv\/konsertit\/deutsche-messe\"><span class=\"screen-reader-text\">Franz Schubert: Deutsche Messe<\/span><\/a>\n\n\t\t\t\t\t\t\t\t\t\t\t\t\n\n\t\t\t\t\t\t\t\t\t\t\t<div class=\"vert-center\">\n\t\t\t\t\t\t\t\t\t\t\t\t\t\t\t\t\t\t\t\t\t\t\t\t\t<p><span>21.3.2025 kl. 19.00 | \u00c5bo domkyrka<\/span><\/p>\t\t\t\t\t\t\t\t\t\t\t\t\t<h3>Franz Schubert: Deutsche Messe<\/h3>\n\n\t\t\t\t\t\t\t\t\t\t\t\t\t<svg class=\"next-arrow\" xmlns=\"http:\/\/www.w3.org\/2000\/svg\" xmlns:xlink=\"http:\/\/www.w3.org\/1999\/xlink\" viewBox=\"0 0 39 12\"><line class=\"top\" x1=\"23\" y1=\"-0.5\" x2=\"29.5\" y2=\"6.5\" stroke=\"#ffffff;\"\/><line class=\"bottom\" x1=\"23\" y1=\"12.5\" x2=\"29.5\" y2=\"5.5\" stroke=\"#ffffff;\"\/><\/svg><span class=\"line\"><\/span><\/span>\n\n\t\t\t\t\t\t\t\t\t\t\t\t\t\t\t\t\t\t\t\t\t\t\t<\/div><!--\/vert-center-->\n\n\t\t\t\t\t\t\t\t\t\t<\/div>\n\t\t\t\t\t\t\t\t\t<\/div><!--work-item-->\n\n\t\t\t\t\t\t\t\t\n\n\t\t\t\t\t\t\t<\/div><!--\/inner-wrap-->\n\t\t\t\t\t\t<\/div><!--\/col-->\n\n\t\t\t\t\t\n\t\t\t\t\t\t\n\t\t\t\t\t\t<div class=\"col span_4  element 2025-sv \"  data-project-cat=\"2025-sv \" data-project-color=\"#6d355e\" data-title-color=\"\" data-subtitle-color=\"\">\n\n\t\t\t\t\t\t\t<div class=\"inner-wrap animated\" data-animation=\"none\">\n\n\t\t\t\t\t\t\t\t\n\t\t\t\t\t\t\t\t\t<div class=\"work-item style-2\" data-custom-content=\"off\">\n\n\t\t\t\t\t\t\t\t\t\t<img decoding=\"async\" class=\"size- skip-lazy\" src=\"https:\/\/www.kuninkaantienmuusikot.fi\/uusi\/wp-content\/uploads\/2024\/10\/2508_TYo_kelt_artikkeli.jpg\" alt=\"\" height=\"\" width=\"\" srcset=\"https:\/\/www.kuninkaantienmuusikot.fi\/uusi\/wp-content\/uploads\/2024\/10\/2508_TYo_kelt_artikkeli.jpg 600w, https:\/\/www.kuninkaantienmuusikot.fi\/uusi\/wp-content\/uploads\/2024\/10\/2508_TYo_kelt_artikkeli-400x269.jpg 400w\" sizes=\"(min-width: 1000px) 33.3vw, (min-width: 690px) 50vw, 100vw\" \/>\n\t\t\t\t\t\t\t\t\t\t<div class=\"work-info-bg\"><\/div>\n\t\t\t\t\t\t\t\t\t\t<div class=\"work-info\">\n\n\t\t\t\t\t\t\t\t\t\t\t\n\n\t\t\t\t\t\t\t\t\t\t\t\t\n\t\t\t\t\t\t\t\t\t\t\t\t\t<a href=\"https:\/\/www.kuninkaantienmuusikot.fi\/sv\/konsertit\/turun-taiteiden-yo-2025\"><span class=\"screen-reader-text\">Konstens natt i \u00c5bo 2025<\/span><\/a>\n\n\t\t\t\t\t\t\t\t\t\t\t\t\n\n\t\t\t\t\t\t\t\t\t\t\t<div class=\"vert-center\">\n\t\t\t\t\t\t\t\t\t\t\t\t\t\t\t\t\t\t\t\t\t\t\t\t\t<p><span>14.8.2025 | \u00c5bo<\/span><\/p>\t\t\t\t\t\t\t\t\t\t\t\t\t<h3>Konstens natt i \u00c5bo 2025<\/h3>\n\n\t\t\t\t\t\t\t\t\t\t\t\t\t<svg class=\"next-arrow\" xmlns=\"http:\/\/www.w3.org\/2000\/svg\" xmlns:xlink=\"http:\/\/www.w3.org\/1999\/xlink\" viewBox=\"0 0 39 12\"><line class=\"top\" x1=\"23\" y1=\"-0.5\" x2=\"29.5\" y2=\"6.5\" stroke=\"#ffffff;\"\/><line class=\"bottom\" x1=\"23\" y1=\"12.5\" x2=\"29.5\" y2=\"5.5\" stroke=\"#ffffff;\"\/><\/svg><span class=\"line\"><\/span><\/span>\n\n\t\t\t\t\t\t\t\t\t\t\t\t\t\t\t\t\t\t\t\t\t\t\t<\/div><!--\/vert-center-->\n\n\t\t\t\t\t\t\t\t\t\t<\/div>\n\t\t\t\t\t\t\t\t\t<\/div><!--work-item-->\n\n\t\t\t\t\t\t\t\t\n\n\t\t\t\t\t\t\t<\/div><!--\/inner-wrap-->\n\t\t\t\t\t\t<\/div><!--\/col-->\n\n\t\t\t\t\t\n\t\t\t\t\t\t\n\t\t\t\t\t\t<div class=\"col span_4  element 2024-sv \"  data-project-cat=\"2024-sv \" data-project-color=\"#6d355e\" data-title-color=\"\" data-subtitle-color=\"\">\n\n\t\t\t\t\t\t\t<div class=\"inner-wrap animated\" data-animation=\"none\">\n\n\t\t\t\t\t\t\t\t\n\t\t\t\t\t\t\t\t\t<div class=\"work-item style-2\" data-custom-content=\"off\">\n\n\t\t\t\t\t\t\t\t\t\t<img decoding=\"async\" class=\"size- skip-lazy\" src=\"https:\/\/www.kuninkaantienmuusikot.fi\/uusi\/wp-content\/uploads\/2024\/09\/2412_Hymnarium_artikkeli2.jpg\" alt=\"\" height=\"\" width=\"\" srcset=\"https:\/\/www.kuninkaantienmuusikot.fi\/uusi\/wp-content\/uploads\/2024\/09\/2412_Hymnarium_artikkeli2.jpg 600w, https:\/\/www.kuninkaantienmuusikot.fi\/uusi\/wp-content\/uploads\/2024\/09\/2412_Hymnarium_artikkeli2-400x269.jpg 400w\" sizes=\"(min-width: 1000px) 33.3vw, (min-width: 690px) 50vw, 100vw\" \/>\n\t\t\t\t\t\t\t\t\t\t<div class=\"work-info-bg\"><\/div>\n\t\t\t\t\t\t\t\t\t\t<div class=\"work-info\">\n\n\t\t\t\t\t\t\t\t\t\t\t\n\n\t\t\t\t\t\t\t\t\t\t\t\t\n\t\t\t\t\t\t\t\t\t\t\t\t\t<a href=\"https:\/\/www.kuninkaantienmuusikot.fi\/sv\/konsertit\/hymnarium-extrakonsert\"><span class=\"screen-reader-text\">Hymnarium &#8211; Extrakonsert<\/span><\/a>\n\n\t\t\t\t\t\t\t\t\t\t\t\t\n\n\t\t\t\t\t\t\t\t\t\t\t<div class=\"vert-center\">\n\t\t\t\t\t\t\t\t\t\t\t\t\t\t\t\t\t\t\t\t\t\t\t\t\t<p><span>7.12.2024 kl. 18.30 | Helige andes kapell<\/span><\/p>\t\t\t\t\t\t\t\t\t\t\t\t\t<h3>Hymnarium &#8211; Extrakonsert<\/h3>\n\n\t\t\t\t\t\t\t\t\t\t\t\t\t<svg class=\"next-arrow\" xmlns=\"http:\/\/www.w3.org\/2000\/svg\" xmlns:xlink=\"http:\/\/www.w3.org\/1999\/xlink\" viewBox=\"0 0 39 12\"><line class=\"top\" x1=\"23\" y1=\"-0.5\" x2=\"29.5\" y2=\"6.5\" stroke=\"#ffffff;\"\/><line class=\"bottom\" x1=\"23\" y1=\"12.5\" x2=\"29.5\" y2=\"5.5\" stroke=\"#ffffff;\"\/><\/svg><span class=\"line\"><\/span><\/span>\n\n\t\t\t\t\t\t\t\t\t\t\t\t\t\t\t\t\t\t\t\t\t\t\t<\/div><!--\/vert-center-->\n\n\t\t\t\t\t\t\t\t\t\t<\/div>\n\t\t\t\t\t\t\t\t\t<\/div><!--work-item-->\n\n\t\t\t\t\t\t\t\t\n\n\t\t\t\t\t\t\t<\/div><!--\/inner-wrap-->\n\t\t\t\t\t\t<\/div><!--\/col-->\n\n\t\t\t\t\t\n\t\t\t\t\t\t\n\t\t\t\t\t\t<div class=\"col span_4  element 2025-sv \"  data-project-cat=\"2025-sv \" data-project-color=\"#6d355e\" data-title-color=\"\" data-subtitle-color=\"\">\n\n\t\t\t\t\t\t\t<div class=\"inner-wrap animated\" data-animation=\"none\">\n\n\t\t\t\t\t\t\t\t\n\t\t\t\t\t\t\t\t\t<div class=\"work-item style-2\" data-custom-content=\"off\">\n\n\t\t\t\t\t\t\t\t\t\t<img decoding=\"async\" class=\"size- skip-lazy\" src=\"https:\/\/www.kuninkaantienmuusikot.fi\/uusi\/wp-content\/uploads\/2025\/01\/2504_Meiland_artikkeli.jpg\" alt=\"\" height=\"\" width=\"\" srcset=\"https:\/\/www.kuninkaantienmuusikot.fi\/uusi\/wp-content\/uploads\/2025\/01\/2504_Meiland_artikkeli.jpg 600w, https:\/\/www.kuninkaantienmuusikot.fi\/uusi\/wp-content\/uploads\/2025\/01\/2504_Meiland_artikkeli-400x269.jpg 400w\" sizes=\"(min-width: 1000px) 33.3vw, (min-width: 690px) 50vw, 100vw\" \/>\n\t\t\t\t\t\t\t\t\t\t<div class=\"work-info-bg\"><\/div>\n\t\t\t\t\t\t\t\t\t\t<div class=\"work-info\">\n\n\t\t\t\t\t\t\t\t\t\t\t\n\n\t\t\t\t\t\t\t\t\t\t\t\t\n\t\t\t\t\t\t\t\t\t\t\t\t\t<a href=\"https:\/\/www.kuninkaantienmuusikot.fi\/sv\/konsertit\/meiland_2025\"><span class=\"screen-reader-text\">Jakob Meiland: Markuspassionen<\/span><\/a>\n\n\t\t\t\t\t\t\t\t\t\t\t\t\n\n\t\t\t\t\t\t\t\t\t\t\t<div class=\"vert-center\">\n\t\t\t\t\t\t\t\t\t\t\t\t\t\t\t\t\t\t\t\t\t\t\t\t\t<p><span>15.4.2025 kl. 19 | \u00c5bo domkyrka<\/span><\/p>\t\t\t\t\t\t\t\t\t\t\t\t\t<h3>Jakob Meiland: Markuspassionen<\/h3>\n\n\t\t\t\t\t\t\t\t\t\t\t\t\t<svg class=\"next-arrow\" xmlns=\"http:\/\/www.w3.org\/2000\/svg\" xmlns:xlink=\"http:\/\/www.w3.org\/1999\/xlink\" viewBox=\"0 0 39 12\"><line class=\"top\" x1=\"23\" y1=\"-0.5\" x2=\"29.5\" y2=\"6.5\" stroke=\"#ffffff;\"\/><line class=\"bottom\" x1=\"23\" y1=\"12.5\" x2=\"29.5\" y2=\"5.5\" stroke=\"#ffffff;\"\/><\/svg><span class=\"line\"><\/span><\/span>\n\n\t\t\t\t\t\t\t\t\t\t\t\t\t\t\t\t\t\t\t\t\t\t\t<\/div><!--\/vert-center-->\n\n\t\t\t\t\t\t\t\t\t\t<\/div>\n\t\t\t\t\t\t\t\t\t<\/div><!--work-item-->\n\n\t\t\t\t\t\t\t\t\n\n\t\t\t\t\t\t\t<\/div><!--\/inner-wrap-->\n\t\t\t\t\t\t<\/div><!--\/col-->\n\n\t\t\t\t\t\n\t\t\t\t\t\t\n\t\t\t\t\t\t<div class=\"col span_4  element 2026-sv \"  data-project-cat=\"2026-sv \" data-project-color=\"#6d355e\" data-title-color=\"\" data-subtitle-color=\"\">\n\n\t\t\t\t\t\t\t<div class=\"inner-wrap animated\" data-animation=\"none\">\n\n\t\t\t\t\t\t\t\t\n\t\t\t\t\t\t\t\t\t<div class=\"work-item style-2\" data-custom-content=\"off\">\n\n\t\t\t\t\t\t\t\t\t\t<img decoding=\"async\" class=\"size- skip-lazy\" src=\"https:\/\/www.kuninkaantienmuusikot.fi\/uusi\/wp-content\/uploads\/2025\/10\/2601_Allegri_artikkeli2.jpg\" alt=\"\" height=\"\" width=\"\" srcset=\"https:\/\/www.kuninkaantienmuusikot.fi\/uusi\/wp-content\/uploads\/2025\/10\/2601_Allegri_artikkeli2.jpg 600w, https:\/\/www.kuninkaantienmuusikot.fi\/uusi\/wp-content\/uploads\/2025\/10\/2601_Allegri_artikkeli2-400x269.jpg 400w\" sizes=\"(min-width: 1000px) 33.3vw, (min-width: 690px) 50vw, 100vw\" \/>\n\t\t\t\t\t\t\t\t\t\t<div class=\"work-info-bg\"><\/div>\n\t\t\t\t\t\t\t\t\t\t<div class=\"work-info\">\n\n\t\t\t\t\t\t\t\t\t\t\t\n\n\t\t\t\t\t\t\t\t\t\t\t\t\n\t\t\t\t\t\t\t\t\t\t\t\t\t<a href=\"https:\/\/www.kuninkaantienmuusikot.fi\/sv\/konsertit\/allegri\"><span class=\"screen-reader-text\">Gregorio Allegri: Miserere<\/span><\/a>\n\n\t\t\t\t\t\t\t\t\t\t\t\t\n\n\t\t\t\t\t\t\t\t\t\t\t<div class=\"vert-center\">\n\t\t\t\t\t\t\t\t\t\t\t\t\t\t\t\t\t\t\t\t\t\t\t\t\t<p><span>5.1.2026 kl. 19.00 | \u00c5bo domkyrka<\/span><\/p>\t\t\t\t\t\t\t\t\t\t\t\t\t<h3>Gregorio Allegri: Miserere<\/h3>\n\n\t\t\t\t\t\t\t\t\t\t\t\t\t<svg class=\"next-arrow\" xmlns=\"http:\/\/www.w3.org\/2000\/svg\" xmlns:xlink=\"http:\/\/www.w3.org\/1999\/xlink\" viewBox=\"0 0 39 12\"><line class=\"top\" x1=\"23\" y1=\"-0.5\" x2=\"29.5\" y2=\"6.5\" stroke=\"#ffffff;\"\/><line class=\"bottom\" x1=\"23\" y1=\"12.5\" x2=\"29.5\" y2=\"5.5\" stroke=\"#ffffff;\"\/><\/svg><span class=\"line\"><\/span><\/span>\n\n\t\t\t\t\t\t\t\t\t\t\t\t\t\t\t\t\t\t\t\t\t\t\t<\/div><!--\/vert-center-->\n\n\t\t\t\t\t\t\t\t\t\t<\/div>\n\t\t\t\t\t\t\t\t\t<\/div><!--work-item-->\n\n\t\t\t\t\t\t\t\t\n\n\t\t\t\t\t\t\t<\/div><!--\/inner-wrap-->\n\t\t\t\t\t\t<\/div><!--\/col-->\n\n\t\t\t\t\t\n\t\t\t\t\t\t\n\t\t\t\t\t\t<div class=\"col span_4  element 2025-sv \"  data-project-cat=\"2025-sv \" data-project-color=\"#6d355e\" data-title-color=\"\" data-subtitle-color=\"\">\n\n\t\t\t\t\t\t\t<div class=\"inner-wrap animated\" data-animation=\"none\">\n\n\t\t\t\t\t\t\t\t\n\t\t\t\t\t\t\t\t\t<div class=\"work-item style-2\" data-custom-content=\"off\">\n\n\t\t\t\t\t\t\t\t\t\t<img decoding=\"async\" class=\"size- skip-lazy\" src=\"https:\/\/www.kuninkaantienmuusikot.fi\/uusi\/wp-content\/uploads\/2025\/07\/2511_Clemens_artikkeli.jpg\" alt=\"\" height=\"\" width=\"\" srcset=\"https:\/\/www.kuninkaantienmuusikot.fi\/uusi\/wp-content\/uploads\/2025\/07\/2511_Clemens_artikkeli.jpg 600w, https:\/\/www.kuninkaantienmuusikot.fi\/uusi\/wp-content\/uploads\/2025\/07\/2511_Clemens_artikkeli-400x269.jpg 400w\" sizes=\"(min-width: 1000px) 33.3vw, (min-width: 690px) 50vw, 100vw\" \/>\n\t\t\t\t\t\t\t\t\t\t<div class=\"work-info-bg\"><\/div>\n\t\t\t\t\t\t\t\t\t\t<div class=\"work-info\">\n\n\t\t\t\t\t\t\t\t\t\t\t\n\n\t\t\t\t\t\t\t\t\t\t\t\t\n\t\t\t\t\t\t\t\t\t\t\t\t\t<a href=\"https:\/\/www.kuninkaantienmuusikot.fi\/sv\/konsertit\/clemens\"><span class=\"screen-reader-text\">Jacobus Clemens non Papa: Requiem<\/span><\/a>\n\n\t\t\t\t\t\t\t\t\t\t\t\t\n\n\t\t\t\t\t\t\t\t\t\t\t<div class=\"vert-center\">\n\t\t\t\t\t\t\t\t\t\t\t\t\t\t\t\t\t\t\t\t\t\t\t\t\t<p><span>8.11.2025 kl. 19.30 | \u00c5bo domkyrka<\/span><\/p>\t\t\t\t\t\t\t\t\t\t\t\t\t<h3>Jacobus Clemens non Papa: Requiem<\/h3>\n\n\t\t\t\t\t\t\t\t\t\t\t\t\t<svg class=\"next-arrow\" xmlns=\"http:\/\/www.w3.org\/2000\/svg\" xmlns:xlink=\"http:\/\/www.w3.org\/1999\/xlink\" viewBox=\"0 0 39 12\"><line class=\"top\" x1=\"23\" y1=\"-0.5\" x2=\"29.5\" y2=\"6.5\" stroke=\"#ffffff;\"\/><line class=\"bottom\" x1=\"23\" y1=\"12.5\" x2=\"29.5\" y2=\"5.5\" stroke=\"#ffffff;\"\/><\/svg><span class=\"line\"><\/span><\/span>\n\n\t\t\t\t\t\t\t\t\t\t\t\t\t\t\t\t\t\t\t\t\t\t\t<\/div><!--\/vert-center-->\n\n\t\t\t\t\t\t\t\t\t\t<\/div>\n\t\t\t\t\t\t\t\t\t<\/div><!--work-item-->\n\n\t\t\t\t\t\t\t\t\n\n\t\t\t\t\t\t\t<\/div><!--\/inner-wrap-->\n\t\t\t\t\t\t<\/div><!--\/col-->\n\n\t\t\t\t\t\n\t\t\t\t\t\t\n\t\t\t\t\t\t<div class=\"col span_4  element 2026-sv \"  data-project-cat=\"2026-sv \" data-project-color=\"#6d355e\" data-title-color=\"\" data-subtitle-color=\"\">\n\n\t\t\t\t\t\t\t<div class=\"inner-wrap animated\" data-animation=\"none\">\n\n\t\t\t\t\t\t\t\t\n\t\t\t\t\t\t\t\t\t<div class=\"work-item style-2\" data-custom-content=\"off\">\n\n\t\t\t\t\t\t\t\t\t\t<img decoding=\"async\" class=\"size- skip-lazy\" src=\"https:\/\/www.kuninkaantienmuusikot.fi\/uusi\/wp-content\/uploads\/2024\/09\/2503_Schubert_artikkeli2.jpg\" alt=\"\" height=\"\" width=\"\" srcset=\"https:\/\/www.kuninkaantienmuusikot.fi\/uusi\/wp-content\/uploads\/2024\/09\/2503_Schubert_artikkeli2.jpg 600w, https:\/\/www.kuninkaantienmuusikot.fi\/uusi\/wp-content\/uploads\/2024\/09\/2503_Schubert_artikkeli2-400x269.jpg 400w\" sizes=\"(min-width: 1000px) 33.3vw, (min-width: 690px) 50vw, 100vw\" \/>\n\t\t\t\t\t\t\t\t\t\t<div class=\"work-info-bg\"><\/div>\n\t\t\t\t\t\t\t\t\t\t<div class=\"work-info\">\n\n\t\t\t\t\t\t\t\t\t\t\t\n\n\t\t\t\t\t\t\t\t\t\t\t\t\n\t\t\t\t\t\t\t\t\t\t\t\t\t<a href=\"https:\/\/www.kuninkaantienmuusikot.fi\/sv\/konsertit\/deutsche-messe-tallinn\"><span class=\"screen-reader-text\">Franz Schubert: Deutsche Messe<\/span><\/a>\n\n\t\t\t\t\t\t\t\t\t\t\t\t\n\n\t\t\t\t\t\t\t\t\t\t\t<div class=\"vert-center\">\n\t\t\t\t\t\t\t\t\t\t\t\t\t\t\t\t\t\t\t\t\t\t\t\t\t<p><span>25.1.2026 kl. 16.00 | Jaani kirik, Tallinn<\/span><\/p>\t\t\t\t\t\t\t\t\t\t\t\t\t<h3>Franz Schubert: Deutsche Messe<\/h3>\n\n\t\t\t\t\t\t\t\t\t\t\t\t\t<svg class=\"next-arrow\" xmlns=\"http:\/\/www.w3.org\/2000\/svg\" xmlns:xlink=\"http:\/\/www.w3.org\/1999\/xlink\" viewBox=\"0 0 39 12\"><line class=\"top\" x1=\"23\" y1=\"-0.5\" x2=\"29.5\" y2=\"6.5\" stroke=\"#ffffff;\"\/><line class=\"bottom\" x1=\"23\" y1=\"12.5\" x2=\"29.5\" y2=\"5.5\" stroke=\"#ffffff;\"\/><\/svg><span class=\"line\"><\/span><\/span>\n\n\t\t\t\t\t\t\t\t\t\t\t\t\t\t\t\t\t\t\t\t\t\t\t<\/div><!--\/vert-center-->\n\n\t\t\t\t\t\t\t\t\t\t<\/div>\n\t\t\t\t\t\t\t\t\t<\/div><!--work-item-->\n\n\t\t\t\t\t\t\t\t\n\n\t\t\t\t\t\t\t<\/div><!--\/inner-wrap-->\n\t\t\t\t\t\t<\/div><!--\/col-->\n\n\t\t\t\t\t\n\t\t\t\t\t\t\n\t\t\t\t\t\t<div class=\"col span_4  element 2026-sv \"  data-project-cat=\"2026-sv \" data-project-color=\"#6d355e\" data-title-color=\"\" data-subtitle-color=\"\">\n\n\t\t\t\t\t\t\t<div class=\"inner-wrap animated\" data-animation=\"none\">\n\n\t\t\t\t\t\t\t\t\n\t\t\t\t\t\t\t\t\t<div class=\"work-item style-2\" data-custom-content=\"off\">\n\n\t\t\t\t\t\t\t\t\t\t<img decoding=\"async\" class=\"size- skip-lazy\" src=\"https:\/\/www.kuninkaantienmuusikot.fi\/uusi\/wp-content\/uploads\/2025\/10\/2602_Nachtmusik_artikkeli.jpg\" alt=\"\" height=\"\" width=\"\" srcset=\"https:\/\/www.kuninkaantienmuusikot.fi\/uusi\/wp-content\/uploads\/2025\/10\/2602_Nachtmusik_artikkeli.jpg 600w, https:\/\/www.kuninkaantienmuusikot.fi\/uusi\/wp-content\/uploads\/2025\/10\/2602_Nachtmusik_artikkeli-400x269.jpg 400w\" sizes=\"(min-width: 1000px) 33.3vw, (min-width: 690px) 50vw, 100vw\" \/>\n\t\t\t\t\t\t\t\t\t\t<div class=\"work-info-bg\"><\/div>\n\t\t\t\t\t\t\t\t\t\t<div class=\"work-info\">\n\n\t\t\t\t\t\t\t\t\t\t\t\n\n\t\t\t\t\t\t\t\t\t\t\t\t\n\t\t\t\t\t\t\t\t\t\t\t\t\t<a href=\"https:\/\/www.kuninkaantienmuusikot.fi\/sv\/konsertit\/katedraali-soi-2026\"><span class=\"screen-reader-text\">W. A. Mozart: Eine kleine Nachtmusik<\/span><\/a>\n\n\t\t\t\t\t\t\t\t\t\t\t\t\n\n\t\t\t\t\t\t\t\t\t\t\t<div class=\"vert-center\">\n\t\t\t\t\t\t\t\t\t\t\t\t\t\t\t\t\t\t\t\t\t\t\t\t\t<p><span>6.2.2026 kl. 19.00 | \u00c5bo domkyrka<\/span><\/p>\t\t\t\t\t\t\t\t\t\t\t\t\t<h3>W. A. Mozart: Eine kleine Nachtmusik<\/h3>\n\n\t\t\t\t\t\t\t\t\t\t\t\t\t<svg class=\"next-arrow\" xmlns=\"http:\/\/www.w3.org\/2000\/svg\" xmlns:xlink=\"http:\/\/www.w3.org\/1999\/xlink\" viewBox=\"0 0 39 12\"><line class=\"top\" x1=\"23\" y1=\"-0.5\" x2=\"29.5\" y2=\"6.5\" stroke=\"#ffffff;\"\/><line class=\"bottom\" x1=\"23\" y1=\"12.5\" x2=\"29.5\" y2=\"5.5\" stroke=\"#ffffff;\"\/><\/svg><span class=\"line\"><\/span><\/span>\n\n\t\t\t\t\t\t\t\t\t\t\t\t\t\t\t\t\t\t\t\t\t\t\t<\/div><!--\/vert-center-->\n\n\t\t\t\t\t\t\t\t\t\t<\/div>\n\t\t\t\t\t\t\t\t\t<\/div><!--work-item-->\n\n\t\t\t\t\t\t\t\t\n\n\t\t\t\t\t\t\t<\/div><!--\/inner-wrap-->\n\t\t\t\t\t\t<\/div><!--\/col-->\n\n\t\t\t\t\t\n\t\t\t\t\t\t\n\t\t\t\t\t\t<div class=\"col span_4  element 2026-sv \"  data-project-cat=\"2026-sv \" data-project-color=\"#6d355e\" data-title-color=\"\" data-subtitle-color=\"\">\n\n\t\t\t\t\t\t\t<div class=\"inner-wrap animated\" data-animation=\"none\">\n\n\t\t\t\t\t\t\t\t\n\t\t\t\t\t\t\t\t\t<div class=\"work-item style-2\" data-custom-content=\"off\">\n\n\t\t\t\t\t\t\t\t\t\t<img decoding=\"async\" class=\"size- skip-lazy\" src=\"https:\/\/www.kuninkaantienmuusikot.fi\/uusi\/wp-content\/uploads\/2025\/10\/2603_Passiot_artikkeli.jpg\" alt=\"\" height=\"\" width=\"\" srcset=\"https:\/\/www.kuninkaantienmuusikot.fi\/uusi\/wp-content\/uploads\/2025\/10\/2603_Passiot_artikkeli.jpg 600w, https:\/\/www.kuninkaantienmuusikot.fi\/uusi\/wp-content\/uploads\/2025\/10\/2603_Passiot_artikkeli-400x269.jpg 400w\" sizes=\"(min-width: 1000px) 33.3vw, (min-width: 690px) 50vw, 100vw\" \/>\n\t\t\t\t\t\t\t\t\t\t<div class=\"work-info-bg\"><\/div>\n\t\t\t\t\t\t\t\t\t\t<div class=\"work-info\">\n\n\t\t\t\t\t\t\t\t\t\t\t\n\n\t\t\t\t\t\t\t\t\t\t\t\t\n\t\t\t\t\t\t\t\t\t\t\t\t\t<a href=\"https:\/\/www.kuninkaantienmuusikot.fi\/sv\/konsertit\/matteus-passio-2026\"><span class=\"screen-reader-text\">Paulus Bucaenus: Matteuspassionen<\/span><\/a>\n\n\t\t\t\t\t\t\t\t\t\t\t\t\n\n\t\t\t\t\t\t\t\t\t\t\t<div class=\"vert-center\">\n\t\t\t\t\t\t\t\t\t\t\t\t\t\t\t\t\t\t\t\t\t\t\t\t\t<p><span>29.3.2026 kl.18.00 | Virmo S:t Lars kyrka<\/span><\/p>\t\t\t\t\t\t\t\t\t\t\t\t\t<h3>Paulus Bucaenus: Matteuspassionen<\/h3>\n\n\t\t\t\t\t\t\t\t\t\t\t\t\t<svg class=\"next-arrow\" xmlns=\"http:\/\/www.w3.org\/2000\/svg\" xmlns:xlink=\"http:\/\/www.w3.org\/1999\/xlink\" viewBox=\"0 0 39 12\"><line class=\"top\" x1=\"23\" y1=\"-0.5\" x2=\"29.5\" y2=\"6.5\" stroke=\"#ffffff;\"\/><line class=\"bottom\" x1=\"23\" y1=\"12.5\" x2=\"29.5\" y2=\"5.5\" stroke=\"#ffffff;\"\/><\/svg><span class=\"line\"><\/span><\/span>\n\n\t\t\t\t\t\t\t\t\t\t\t\t\t\t\t\t\t\t\t\t\t\t\t<\/div><!--\/vert-center-->\n\n\t\t\t\t\t\t\t\t\t\t<\/div>\n\t\t\t\t\t\t\t\t\t<\/div><!--work-item-->\n\n\t\t\t\t\t\t\t\t\n\n\t\t\t\t\t\t\t<\/div><!--\/inner-wrap-->\n\t\t\t\t\t\t<\/div><!--\/col-->\n\n\t\t\t\t\t\n\t\t\t\t\t\t\n\t\t\t\t\t\t<div class=\"col span_4  element 2026-sv \"  data-project-cat=\"2026-sv \" data-project-color=\"#6d355e\" data-title-color=\"\" data-subtitle-color=\"\">\n\n\t\t\t\t\t\t\t<div class=\"inner-wrap animated\" data-animation=\"none\">\n\n\t\t\t\t\t\t\t\t\n\t\t\t\t\t\t\t\t\t<div class=\"work-item style-2\" data-custom-content=\"off\">\n\n\t\t\t\t\t\t\t\t\t\t<img decoding=\"async\" class=\"size- skip-lazy\" src=\"https:\/\/www.kuninkaantienmuusikot.fi\/uusi\/wp-content\/uploads\/2025\/10\/2603_Passiot_artikkeli.jpg\" alt=\"\" height=\"\" width=\"\" srcset=\"https:\/\/www.kuninkaantienmuusikot.fi\/uusi\/wp-content\/uploads\/2025\/10\/2603_Passiot_artikkeli.jpg 600w, https:\/\/www.kuninkaantienmuusikot.fi\/uusi\/wp-content\/uploads\/2025\/10\/2603_Passiot_artikkeli-400x269.jpg 400w\" sizes=\"(min-width: 1000px) 33.3vw, (min-width: 690px) 50vw, 100vw\" \/>\n\t\t\t\t\t\t\t\t\t\t<div class=\"work-info-bg\"><\/div>\n\t\t\t\t\t\t\t\t\t\t<div class=\"work-info\">\n\n\t\t\t\t\t\t\t\t\t\t\t\n\n\t\t\t\t\t\t\t\t\t\t\t\t\n\t\t\t\t\t\t\t\t\t\t\t\t\t<a href=\"https:\/\/www.kuninkaantienmuusikot.fi\/sv\/konsertit\/markus-passio-2026\"><span class=\"screen-reader-text\">Samuel Besler: Markuspassionen<\/span><\/a>\n\n\t\t\t\t\t\t\t\t\t\t\t\t\n\n\t\t\t\t\t\t\t\t\t\t\t<div class=\"vert-center\">\n\t\t\t\t\t\t\t\t\t\t\t\t\t\t\t\t\t\t\t\t\t\t\t\t\t<p><span>31.3.2026 kl. 19.00 | Reso kyrka<\/span><\/p>\t\t\t\t\t\t\t\t\t\t\t\t\t<h3>Samuel Besler: Markuspassionen<\/h3>\n\n\t\t\t\t\t\t\t\t\t\t\t\t\t<svg class=\"next-arrow\" xmlns=\"http:\/\/www.w3.org\/2000\/svg\" xmlns:xlink=\"http:\/\/www.w3.org\/1999\/xlink\" viewBox=\"0 0 39 12\"><line class=\"top\" x1=\"23\" y1=\"-0.5\" x2=\"29.5\" y2=\"6.5\" stroke=\"#ffffff;\"\/><line class=\"bottom\" x1=\"23\" y1=\"12.5\" x2=\"29.5\" y2=\"5.5\" stroke=\"#ffffff;\"\/><\/svg><span class=\"line\"><\/span><\/span>\n\n\t\t\t\t\t\t\t\t\t\t\t\t\t\t\t\t\t\t\t\t\t\t\t<\/div><!--\/vert-center-->\n\n\t\t\t\t\t\t\t\t\t\t<\/div>\n\t\t\t\t\t\t\t\t\t<\/div><!--work-item-->\n\n\t\t\t\t\t\t\t\t\n\n\t\t\t\t\t\t\t<\/div><!--\/inner-wrap-->\n\t\t\t\t\t\t<\/div><!--\/col-->\n\n\t\t\t\t\t\n\t\t\t\t\t\t\n\t\t\t\t\t\t<div class=\"col span_4  element 2026-sv \"  data-project-cat=\"2026-sv \" data-project-color=\"#6d355e\" data-title-color=\"\" data-subtitle-color=\"\">\n\n\t\t\t\t\t\t\t<div class=\"inner-wrap animated\" data-animation=\"none\">\n\n\t\t\t\t\t\t\t\t\n\t\t\t\t\t\t\t\t\t<div class=\"work-item style-2\" data-custom-content=\"off\">\n\n\t\t\t\t\t\t\t\t\t\t<img decoding=\"async\" class=\"size- skip-lazy\" src=\"https:\/\/www.kuninkaantienmuusikot.fi\/uusi\/wp-content\/uploads\/2025\/10\/2603_Passiot_artikkeli.jpg\" alt=\"\" height=\"\" width=\"\" srcset=\"https:\/\/www.kuninkaantienmuusikot.fi\/uusi\/wp-content\/uploads\/2025\/10\/2603_Passiot_artikkeli.jpg 600w, https:\/\/www.kuninkaantienmuusikot.fi\/uusi\/wp-content\/uploads\/2025\/10\/2603_Passiot_artikkeli-400x269.jpg 400w\" sizes=\"(min-width: 1000px) 33.3vw, (min-width: 690px) 50vw, 100vw\" \/>\n\t\t\t\t\t\t\t\t\t\t<div class=\"work-info-bg\"><\/div>\n\t\t\t\t\t\t\t\t\t\t<div class=\"work-info\">\n\n\t\t\t\t\t\t\t\t\t\t\t\n\n\t\t\t\t\t\t\t\t\t\t\t\t\n\t\t\t\t\t\t\t\t\t\t\t\t\t<a href=\"https:\/\/www.kuninkaantienmuusikot.fi\/sv\/konsertit\/luukas-passio-2026\"><span class=\"screen-reader-text\">Heinrich Sch\u00fctz: Lukaspassionen<\/span><\/a>\n\n\t\t\t\t\t\t\t\t\t\t\t\t\n\n\t\t\t\t\t\t\t\t\t\t\t<div class=\"vert-center\">\n\t\t\t\t\t\t\t\t\t\t\t\t\t\t\t\t\t\t\t\t\t\t\t\t\t<p><span>1.4.2026 kl. 19.00 | S:ta Katarina kyrka<\/span><\/p>\t\t\t\t\t\t\t\t\t\t\t\t\t<h3>Heinrich Sch\u00fctz: Lukaspassionen<\/h3>\n\n\t\t\t\t\t\t\t\t\t\t\t\t\t<svg class=\"next-arrow\" xmlns=\"http:\/\/www.w3.org\/2000\/svg\" xmlns:xlink=\"http:\/\/www.w3.org\/1999\/xlink\" viewBox=\"0 0 39 12\"><line class=\"top\" x1=\"23\" y1=\"-0.5\" x2=\"29.5\" y2=\"6.5\" stroke=\"#ffffff;\"\/><line class=\"bottom\" x1=\"23\" y1=\"12.5\" x2=\"29.5\" y2=\"5.5\" stroke=\"#ffffff;\"\/><\/svg><span class=\"line\"><\/span><\/span>\n\n\t\t\t\t\t\t\t\t\t\t\t\t\t\t\t\t\t\t\t\t\t\t\t<\/div><!--\/vert-center-->\n\n\t\t\t\t\t\t\t\t\t\t<\/div>\n\t\t\t\t\t\t\t\t\t<\/div><!--work-item-->\n\n\t\t\t\t\t\t\t\t\n\n\t\t\t\t\t\t\t<\/div><!--\/inner-wrap-->\n\t\t\t\t\t\t<\/div><!--\/col-->\n\n\t\t\t\t\t\n\t\t\t\t<\/div><!--\/portfolio-->\n\t\t\t<\/div><!--\/portfolio wrap-->\n\n\t\t\t[\/vc_column][\/vc_row]\n","protected":false},"excerpt":{"rendered":"<p>[vc_row type=&#8221;in_container&#8221; full_screen_row_position=&#8221;middle&#8221; column_margin=&#8221;default&#8221; column_direction=&#8221;default&#8221; column_direction_tablet=&#8221;default&#8221; column_direction_phone=&#8221;default&#8221; scene_position=&#8221;center&#8221; top_padding=&#8221;5%&#8221; bottom_padding=&#8221;5%&#8221; text_color=&#8221;dark&#8221; text_align=&#8221;left&#8221; row_border_radius=&#8221;none&#8221; row_border_radius_applies=&#8221;bg&#8221; row_position_desktop=&#8221;default&#8221; row_position_tablet=&#8221;inherit&#8221; row_position_phone=&#8221;inherit&#8221; overflow=&#8221;visible&#8221; overlay_strength=&#8221;0.3&#8243; gradient_direction=&#8221;left_to_right&#8221; shape_divider_position=&#8221;bottom&#8221; bg_image_animation=&#8221;none&#8221; shape_type=&#8221;&#8221; gradient_type=&#8221;default&#8221;][vc_column column_padding=&#8221;no-extra-padding&#8221; column_padding_tablet=&#8221;inherit&#8221; column_padding_phone=&#8221;inherit&#8221; column_padding_position=&#8221;all&#8221; flex_gap_desktop=&#8221;10px&#8221; column_element_direction_desktop=&#8221;default&#8221;&#8230;<\/p>\n","protected":false},"author":1,"featured_media":0,"parent":0,"menu_order":0,"comment_status":"closed","ping_status":"closed","template":"","meta":{"footnotes":""},"class_list":["post-90","page","type-page","status-publish"],"_links":{"self":[{"href":"https:\/\/www.kuninkaantienmuusikot.fi\/sv\/wp-json\/wp\/v2\/pages\/90","targetHints":{"allow":["GET"]}}],"collection":[{"href":"https:\/\/www.kuninkaantienmuusikot.fi\/sv\/wp-json\/wp\/v2\/pages"}],"about":[{"href":"https:\/\/www.kuninkaantienmuusikot.fi\/sv\/wp-json\/wp\/v2\/types\/page"}],"author":[{"embeddable":true,"href":"https:\/\/www.kuninkaantienmuusikot.fi\/sv\/wp-json\/wp\/v2\/users\/1"}],"replies":[{"embeddable":true,"href":"https:\/\/www.kuninkaantienmuusikot.fi\/sv\/wp-json\/wp\/v2\/comments?post=90"}],"version-history":[{"count":30,"href":"https:\/\/www.kuninkaantienmuusikot.fi\/sv\/wp-json\/wp\/v2\/pages\/90\/revisions"}],"predecessor-version":[{"id":4046,"href":"https:\/\/www.kuninkaantienmuusikot.fi\/sv\/wp-json\/wp\/v2\/pages\/90\/revisions\/4046"}],"wp:attachment":[{"href":"https:\/\/www.kuninkaantienmuusikot.fi\/sv\/wp-json\/wp\/v2\/media?parent=90"}],"curies":[{"name":"wp","href":"https:\/\/api.w.org\/{rel}","templated":true}]}}